{"id":5718,"date":"2014-07-18T17:46:51","date_gmt":"2014-07-18T17:46:51","guid":{"rendered":"http:\/\/www.fieam.org.br\/site\/sesi\/?page_id=5718"},"modified":"2014-07-18T17:46:51","modified_gmt":"2014-07-18T17:46:51","slug":"saude-ocupacional-2","status":"publish","type":"page","link":"https:\/\/fieam.org.br\/sesi\/saude-ocupacional-2\/","title":{"rendered":"Sa\u00fade Ocupacional"},"content":{"rendered":"<p><img fetchpriority=\"high\" decoding=\"async\" class=\"alignleft\" src=\"http:\/\/www.fieam.org.br\/2015\/sesi\/wp-content\/uploads\/sites\/2\/2014\/07\/Sa\u00fade-Ocupacional.jpg\" alt=\"PantherMedia A21138822\" width=\"279\" height=\"418\"><\/p>\n<h3 style=\"color: #009\">DSEV &#8211; Diagn\u00f3stico de Sa\u00fade e Estilo de Vida<\/h3>\n<p>O Diagn\u00f3stico de Sa\u00fade e Estilo de Vida \u00e9 realizado por meio de entrevista com os trabalhadores para saber o que cada um tem a dizer sobre sua sa\u00fade, condi\u00e7\u00f5es de trabalho e estilo de vida. O trabalhador participa ainda do circuito de sa\u00fade. Esse mapeamento visa diagnosticar precocemente as doen\u00e7as cr\u00f4nicas n\u00e3o transmiss\u00edveis (DNTs), tais como hipertens\u00e3o e diabetes, na an\u00e1lise das condi\u00e7\u00f5es associadas ao risco elevado dessas doen\u00e7as, como tabagismo, obesidade, sedentarismo e estresse, permitindo o acesso a solu\u00e7\u00f5es que possibilitem a preven\u00e7\u00e3o das DNTs.<\/p>\n<h3 style=\"color: #009\">Programas de Sa\u00fade<\/h3>\n<h4 style=\"color: #009\">Programa Sa\u00fade da Mulher<\/h4>\n<p>Programa voltado para a\u00e7\u00f5es de preven\u00e7\u00e3o e diagn\u00f3stico do c\u00e2ncer de colo de \u00fatero e de mama. O atendimento \u00e9 realizado na pr\u00f3pria empresa, por meio das seguintes atividades: Sensibiliza\u00e7\u00e3o; Anamnese Social; Coleta Citol\u00f3gica; Consulta com M\u00e9dico.<\/p>\n<h4 style=\"color: #009\">Programa SESI Sa\u00fade Psicossocial<\/h4>\n<p>Busca oferecer um espa\u00e7o de escuta e apoio psicol\u00f3gico ao trabalhador, atuando na promo\u00e7\u00e3o da sa\u00fade psicossocial, na preven\u00e7\u00e3o de doen\u00e7as relacionadas aos fatores psicossociais e na interven\u00e7\u00e3o das causas desse adoecimento.<\/p>\n<h4 style=\"color: #009\">Programa Homem Saud\u00e1vel<\/h4>\n<p>Tem objetivo de melhorar a qualidade de vida do homem industri\u00e1rio, por meio de sensibiliza\u00e7\u00f5es para mudan\u00e7a de h\u00e1bitos e estilos de vida, com vista a reduzir a morbidade provocada pela incid\u00eancia de c\u00e2ncer de pr\u00f3stata e do \u00f3rg\u00e3o sexual masculino, bem como abordar a sexualidade masculina, conscientizando da import\u00e2ncia da realiza\u00e7\u00e3o dos exames preventivos.<\/p>\n<h4 style=\"color: #009\">Programas de Cumprimento Legal: Atendimento \u00e0s NR&#8217;s relacionadas a PPRA\/PCMSO, PCMAT\/ PCMSO, PPRA<\/h4>\n<p>O SESI colabora com a empresa industrial no cumprimento das Normas Regulamentadoras por meio de a\u00e7\u00f5es preventivas de Seguran\u00e7a do Trabalho e Sa\u00fade do Trabalhador.<\/p>\n<h4 style=\"color: #009\">Programa de Preven\u00e7\u00e3o de Riscos Ambientais (PPRA)<\/h4>\n<p>Programa que visa identificar, avaliar e classificar os riscos ambientais (f\u00edsicos, qu\u00edmicos, biol\u00f3gicos) e elaborar um planode a\u00e7\u00e3o para a empresa, visando a constante antecipa\u00e7\u00e3o, reconhecimento, caracteriza\u00e7\u00e3o e monitoramento dos perigos e fatores de riscos relacionados \u00e0 atividade laboral.<\/p>\n<h4 style=\"color: #009\">Programa de Controle M\u00e9dico de Sa\u00fade Ocupacional (PCMSO)<\/h4>\n<p>O programa \u00e9 um conjunto de a\u00e7\u00f5es voltadas para a promo\u00e7\u00e3o da sa\u00fade e qualidade de vida dos trabalhadores baseado no perfil dessa popula\u00e7\u00e3o, nos perigos e fatores de riscos identificados no ambiente trabalho. O SESI\/ AM realiza a gest\u00e3o, elabora\u00e7\u00e3o e coordena\u00e7\u00e3o do Programa de Controle M\u00e9dico de Sa\u00fade Ocupacional (PCMSO), execu\u00e7\u00e3o de exames cl\u00ednicos ocupacionais e exames complementares (laboratoriais, toxicol\u00f3gicos, audiometria, espirometria, radiol\u00f3gicos, entre outros).<\/p>\n<h4 style=\"color: #009\">Servi\u00e7os de Assessoria e Consultoria em Ergonomia e Seguran\u00e7a do Trabalho<\/h4>\n<p>Assessora as empresas na implementa\u00e7\u00e3o de melhorias no ambiente de trabalho, com objetivo de minimizar os riscos ergon\u00f4micos, cumprir a legisla\u00e7\u00e3o e padr\u00f5es de SST, a fim de prevenir os acidentes e doen\u00e7as do trabalho e, consequentemente, os afastamentos deles advindos. Servi\u00e7os de Assessoria e Consultoria em Alimenta\u00e7\u00e3o e Nutri\u00e7\u00e3oAssessora as empresas quanto aos procedimentos operacionais obrigat\u00f3rios que uma unidade de alimenta\u00e7\u00e3o e nutri\u00e7\u00e3o, segundo a NR 216 ANVISA, deve possuir.<\/p>\n<h4 style=\"color: #009\">Medicina do Trabalho &#8211; Consulta m\u00e9dica admissional, peri\u00f3dico, demissional, retorno ao trabalho e mudan\u00e7a de fun\u00e7\u00e3o.<\/h4>\n<p>Consultas voltadas \u00e0 sa\u00fade ocupacional para preven\u00e7\u00e3o e diagn\u00f3stico de doen\u00e7a do trabalho, tendo como base o PCMSO. Os atendimentos s\u00e3o realizados no pr\u00f3prio SESI ou na empresa (m\u00ednimo de 20 trabalhadores). Ao final de cada consulta \u00e9 emitido o ASO (Atestado de Sa\u00fade Ocupacional) para cada trabalhador.<\/p>\n<h4 style=\"color: #009\">Execu\u00e7\u00e3o de gesto vacinal<\/h4>\n<p>A vacina \u00e9 uma das principais aliadas dos programas de Sa\u00fade do Trabalhador, pois possibilita, a partir de a\u00e7\u00f5es simples e com custo reduzido, a promo\u00e7\u00e3o da sa\u00fade dos trabalhadores com diminui\u00e7\u00e3o do risco de absente\u00edsmo. O SESI, em parceria com o Programa Nacional de Imuniza\u00e7\u00e3o (PNI) do Minist\u00e9rio da Sa\u00fade, possibilita aos trabalhadores aplica\u00e7\u00e3o de vacinas de rotinas (Febre Amarela, Antitet\u00e2nica, Tr\u00edplice Viral e Hepatite B).<\/p>\n<h3 style=\"color: #009\">Sa\u00fade e Seguran\u00e7a do Trabalho<\/h3>\n<h4 style=\"color: #009\">Ergonomia<\/h4>\n<h4 style=\"color: #009\">An\u00e1lise Ergon\u00f4mica do Trabalho \u2013 AET<\/h4>\n<p>Avalia os postos de trabalho, sugerindo melhorias que atendam \u00e0s necessidades da empresa quanto \u00e0 preserva\u00e7\u00e3o da sa\u00fade f\u00edsica e mental do trabalhador com foco na seguran\u00e7a, condi\u00e7\u00f5es de trabalho e produtividade visando proporcionar qualidade de vida.<\/p>\n<h4 style=\"color: #009\">Laudos T\u00e9cnicos de Seguran\u00e7a no trabalho<\/h4>\n<p><strong>Laudos Periciais (Insalubridade, Periculosidade e LTCAT)<\/strong><\/p>\n<p>A emiss\u00e3o de laudos tem a finalidade de atender \u00e0s exig\u00eancias das Normas Regulamentadoras 15 (atividades e opera\u00e7\u00f5es insalubres), e da Norma Regulamentadora 16 (atividades e opera\u00e7\u00f5es perigosas), visando a caracteriza\u00e7\u00e3o da insalubridade e\/ou periculosidade.<\/p>\n<p>O documento \u00e9 exigido pela legisla\u00e7\u00e3o previdenci\u00e1ria (INSS) para fins de caracteriza\u00e7\u00e3o de condi\u00e7\u00e3o especial de atividades laborais, com an\u00e1lise quantitativa e qualitativa da exposi\u00e7\u00e3o dos trabalhadores aos riscos existentes no ambiente laboral (agentes f\u00edsicos, agentes qu\u00edmicos e agentes biol\u00f3gicos).<\/p>\n<p>O LTCAT &#8211; Laudo T\u00e9cnico de Condi\u00e7\u00f5es Ambientais do Trabalho visa atender a legisla\u00e7\u00e3o previdenci\u00e1ria do INSS (Decreto 3048, de 6 de maio de 1999), cuja elabora\u00e7\u00e3o tem objetivo de identificar os agentes nocivos (f\u00edsicos, qu\u00edmicos e biol\u00f3gicos) para fins de concess\u00e3o de aposentadoria especial. Esses documentos s\u00e3o elaborados especificamente por Engenheiros de Seguran\u00e7a.<\/p>\n<h4 style=\"color: #009\">Meio Ambiente<\/h4>\n<p>Avalia\u00e7\u00e3o Qu\u00edmicaAvalia os riscos qu\u00edmicos provenientes dos processos industriais realizados no ambiente de trabalho em fun\u00e7\u00e3o de sua natureza, concentra\u00e7\u00e3o ou intensidade e tipo de exposi\u00e7\u00e3o.<\/p>\n<h4 style=\"color: #009\">Avalia\u00e7\u00e3o de Vibra\u00e7\u00e3o<\/h4>\n<p>Avalia, quantifica e monitora exposi\u00e7\u00e3o ocupacional por meio de vibra\u00e7\u00f5es do corpo inteiro, m\u00e3os e bra\u00e7os para atendimento \u00e0s exig\u00eancias da Lei n\u00ba 6.514 de 22\/12\/1977, Portaria n\u00ba. 3.214 de 8 de junho de 1978 que aprova as Normas Regulamentadoras n\u00ba 9 e n\u00ba 15. PPEOB &#8211; Programa de Preven\u00e7\u00e3o de Exposi\u00e7\u00e3o ao Benzeno. Este programa \u00e9 aplic\u00e1vel para empresas que produzem, transportam, armazenam, utilizam ou manipulam BENZENO e misturas l\u00edquidas acima de 1% (um por cento). Foi estabelecido por meio da Portaria n\u00b0 14 de 20 de dezembro de 1995, da Secretaria de Seguran\u00e7a e Sa\u00fade no Trabalho e tem como objetivo controlar a exposi\u00e7\u00e3o ocupacional dos trabalhadores ao Benzeno.<\/p>\n<h4 style=\"color: #009\">Avalia\u00e7\u00e3o de Ru\u00eddo Externo<\/h4>\n<p>Quantifica e avalia o n\u00edvel de press\u00e3o sonora (ru\u00eddo) dos processos\/atividades de empresas industriais e de servi\u00e7os, de acordo com os m\u00e9todos e procedimentos fixados na Norma Brasileira Regulamentadora \u2013 NBR 10151:2000 Ac\u00fastica \u2013 Avalia\u00e7\u00e3o do ru\u00eddo em \u00e1reas habitadas, visando o conforto da comunidade. Avalia\u00e7\u00e3o da Qualidade do Ar de Ambientes Climatizados. Avalia a Qualidade do Ar de Ambientes Climatizados para atender os requisitos legais aplic\u00e1veis estabelecidos na Resolu\u00e7\u00e3o n\u00ba 09, de 16 de janeiro de 2003, da ANVISA \u2013 Ag\u00eancia Nacional de Vigil\u00e2ncia Sanit\u00e1ria.<\/p>\n<h3 style=\"color: #009\">&nbsp;<\/h3>\n<p>Informa\u00e7\u00f5es:<\/p>\n<p><strong>ATENDIMENTO CLIENTE EMPRESA<br \/>\n<\/strong><strong>Rela\u00e7\u00f5es com o Mercado \u2013 RCM (SESI\/SENAI\/IEL)<br \/>\n<\/strong>Av. Rodrigo Ot\u00e1vio, 2394 \u2013 Distrito Industrial.<br \/>\nContact Center: WhatsApp: (92) 3182-9925<br \/>\nE-mail: <strong><u>mercado@fieam.org.br<\/u><\/strong><\/p>\n","protected":false},"excerpt":{"rendered":"<p>DSEV &#8211; Diagn\u00f3stico de Sa\u00fade e Estilo de Vida O Diagn\u00f3stico de Sa\u00fade e Estilo de Vida \u00e9 realizado por meio de entrevista com os trabalhadores para saber o que cada um tem a dizer sobre sua sa\u00fade, condi\u00e7\u00f5es de trabalho e estilo de vida. O trabalhador participa ainda do circuito de sa\u00fade. Esse mapeamento [&hellip;]<\/p>\n","protected":false},"author":1,"featured_media":0,"parent":0,"menu_order":0,"comment_status":"open","ping_status":"closed","template":"","meta":{"footnotes":""},"class_list":["post-5718","page","type-page","status-publish","hentry"],"yoast_head":"<!-- This site is optimized with the Yoast SEO plugin v26.8 - https:\/\/yoast.com\/product\/yoast-seo-wordpress\/ -->\n<title>Sa\u00fade Ocupacional - SESI<\/title>\n<meta name=\"robots\" content=\"index, follow, max-snippet:-1, max-image-preview:large, max-video-preview:-1\" \/>\n<link rel=\"canonical\" href=\"https:\/\/fieam.org.br\/sesi\/saude-ocupacional-2\/\" \/>\n<meta property=\"og:locale\" content=\"pt_BR\" \/>\n<meta property=\"og:type\" content=\"article\" \/>\n<meta property=\"og:title\" content=\"Sa\u00fade Ocupacional - SESI\" \/>\n<meta property=\"og:description\" content=\"DSEV &#8211; Diagn\u00f3stico de Sa\u00fade e Estilo de Vida O Diagn\u00f3stico de Sa\u00fade e Estilo de Vida \u00e9 realizado por meio de entrevista com os trabalhadores para saber o que cada um tem a dizer sobre sua sa\u00fade, condi\u00e7\u00f5es de trabalho e estilo de vida. O trabalhador participa ainda do circuito de sa\u00fade. Esse mapeamento [&hellip;]\" \/>\n<meta property=\"og:url\" content=\"https:\/\/fieam.org.br\/sesi\/saude-ocupacional-2\/\" \/>\n<meta property=\"og:site_name\" content=\"SESI\" \/>\n<meta name=\"twitter:card\" content=\"summary_large_image\" \/>\n<meta name=\"twitter:label1\" content=\"Est. tempo de leitura\" \/>\n\t<meta name=\"twitter:data1\" content=\"6 minutos\" \/>\n<script type=\"application\/ld+json\" class=\"yoast-schema-graph\">{\"@context\":\"https:\/\/schema.org\",\"@graph\":[{\"@type\":\"WebPage\",\"@id\":\"https:\/\/fieam.org.br\/sesi\/saude-ocupacional-2\/\",\"url\":\"https:\/\/fieam.org.br\/sesi\/saude-ocupacional-2\/\",\"name\":\"Sa\u00fade Ocupacional - SESI\",\"isPartOf\":{\"@id\":\"https:\/\/fieam.org.br\/sesi\/#website\"},\"datePublished\":\"2014-07-18T17:46:51+00:00\",\"breadcrumb\":{\"@id\":\"https:\/\/fieam.org.br\/sesi\/saude-ocupacional-2\/#breadcrumb\"},\"inLanguage\":\"pt-BR\",\"potentialAction\":[{\"@type\":\"ReadAction\",\"target\":[\"https:\/\/fieam.org.br\/sesi\/saude-ocupacional-2\/\"]}]},{\"@type\":\"BreadcrumbList\",\"@id\":\"https:\/\/fieam.org.br\/sesi\/saude-ocupacional-2\/#breadcrumb\",\"itemListElement\":[{\"@type\":\"ListItem\",\"position\":1,\"name\":\"In\u00edcio\",\"item\":\"https:\/\/fieam.org.br\/sesi\/\"},{\"@type\":\"ListItem\",\"position\":2,\"name\":\"Sa\u00fade Ocupacional\"}]},{\"@type\":\"WebSite\",\"@id\":\"https:\/\/fieam.org.br\/sesi\/#website\",\"url\":\"https:\/\/fieam.org.br\/sesi\/\",\"name\":\"SESI\",\"description\":\"Site Oficial!\",\"publisher\":{\"@id\":\"https:\/\/fieam.org.br\/sesi\/#organization\"},\"potentialAction\":[{\"@type\":\"SearchAction\",\"target\":{\"@type\":\"EntryPoint\",\"urlTemplate\":\"https:\/\/fieam.org.br\/sesi\/?s={search_term_string}\"},\"query-input\":{\"@type\":\"PropertyValueSpecification\",\"valueRequired\":true,\"valueName\":\"search_term_string\"}}],\"inLanguage\":\"pt-BR\"},{\"@type\":\"Organization\",\"@id\":\"https:\/\/fieam.org.br\/sesi\/#organization\",\"name\":\"SESI\",\"url\":\"https:\/\/fieam.org.br\/sesi\/\",\"logo\":{\"@type\":\"ImageObject\",\"inLanguage\":\"pt-BR\",\"@id\":\"https:\/\/fieam.org.br\/sesi\/#\/schema\/logo\/image\/\",\"url\":\"https:\/\/fieam.org.br\/sesi\/wp-content\/uploads\/sites\/14\/2024\/03\/cropped-fav.png\",\"contentUrl\":\"https:\/\/fieam.org.br\/sesi\/wp-content\/uploads\/sites\/14\/2024\/03\/cropped-fav.png\",\"width\":610,\"height\":589,\"caption\":\"SESI\"},\"image\":{\"@id\":\"https:\/\/fieam.org.br\/sesi\/#\/schema\/logo\/image\/\"}}]}<\/script>\n<!-- \/ Yoast SEO plugin. -->","yoast_head_json":{"title":"Sa\u00fade Ocupacional - SESI","robots":{"index":"index","follow":"follow","max-snippet":"max-snippet:-1","max-image-preview":"max-image-preview:large","max-video-preview":"max-video-preview:-1"},"canonical":"https:\/\/fieam.org.br\/sesi\/saude-ocupacional-2\/","og_locale":"pt_BR","og_type":"article","og_title":"Sa\u00fade Ocupacional - SESI","og_description":"DSEV &#8211; Diagn\u00f3stico de Sa\u00fade e Estilo de Vida O Diagn\u00f3stico de Sa\u00fade e Estilo de Vida \u00e9 realizado por meio de entrevista com os trabalhadores para saber o que cada um tem a dizer sobre sua sa\u00fade, condi\u00e7\u00f5es de trabalho e estilo de vida. O trabalhador participa ainda do circuito de sa\u00fade. Esse mapeamento [&hellip;]","og_url":"https:\/\/fieam.org.br\/sesi\/saude-ocupacional-2\/","og_site_name":"SESI","twitter_card":"summary_large_image","twitter_misc":{"Est. tempo de leitura":"6 minutos"},"schema":{"@context":"https:\/\/schema.org","@graph":[{"@type":"WebPage","@id":"https:\/\/fieam.org.br\/sesi\/saude-ocupacional-2\/","url":"https:\/\/fieam.org.br\/sesi\/saude-ocupacional-2\/","name":"Sa\u00fade Ocupacional - SESI","isPartOf":{"@id":"https:\/\/fieam.org.br\/sesi\/#website"},"datePublished":"2014-07-18T17:46:51+00:00","breadcrumb":{"@id":"https:\/\/fieam.org.br\/sesi\/saude-ocupacional-2\/#breadcrumb"},"inLanguage":"pt-BR","potentialAction":[{"@type":"ReadAction","target":["https:\/\/fieam.org.br\/sesi\/saude-ocupacional-2\/"]}]},{"@type":"BreadcrumbList","@id":"https:\/\/fieam.org.br\/sesi\/saude-ocupacional-2\/#breadcrumb","itemListElement":[{"@type":"ListItem","position":1,"name":"In\u00edcio","item":"https:\/\/fieam.org.br\/sesi\/"},{"@type":"ListItem","position":2,"name":"Sa\u00fade Ocupacional"}]},{"@type":"WebSite","@id":"https:\/\/fieam.org.br\/sesi\/#website","url":"https:\/\/fieam.org.br\/sesi\/","name":"SESI","description":"Site Oficial!","publisher":{"@id":"https:\/\/fieam.org.br\/sesi\/#organization"},"potentialAction":[{"@type":"SearchAction","target":{"@type":"EntryPoint","urlTemplate":"https:\/\/fieam.org.br\/sesi\/?s={search_term_string}"},"query-input":{"@type":"PropertyValueSpecification","valueRequired":true,"valueName":"search_term_string"}}],"inLanguage":"pt-BR"},{"@type":"Organization","@id":"https:\/\/fieam.org.br\/sesi\/#organization","name":"SESI","url":"https:\/\/fieam.org.br\/sesi\/","logo":{"@type":"ImageObject","inLanguage":"pt-BR","@id":"https:\/\/fieam.org.br\/sesi\/#\/schema\/logo\/image\/","url":"https:\/\/fieam.org.br\/sesi\/wp-content\/uploads\/sites\/14\/2024\/03\/cropped-fav.png","contentUrl":"https:\/\/fieam.org.br\/sesi\/wp-content\/uploads\/sites\/14\/2024\/03\/cropped-fav.png","width":610,"height":589,"caption":"SESI"},"image":{"@id":"https:\/\/fieam.org.br\/sesi\/#\/schema\/logo\/image\/"}}]}},"_links":{"self":[{"href":"https:\/\/fieam.org.br\/sesi\/wp-json\/wp\/v2\/pages\/5718","targetHints":{"allow":["GET"]}}],"collection":[{"href":"https:\/\/fieam.org.br\/sesi\/wp-json\/wp\/v2\/pages"}],"about":[{"href":"https:\/\/fieam.org.br\/sesi\/wp-json\/wp\/v2\/types\/page"}],"author":[{"embeddable":true,"href":"https:\/\/fieam.org.br\/sesi\/wp-json\/wp\/v2\/users\/1"}],"replies":[{"embeddable":true,"href":"https:\/\/fieam.org.br\/sesi\/wp-json\/wp\/v2\/comments?post=5718"}],"version-history":[{"count":0,"href":"https:\/\/fieam.org.br\/sesi\/wp-json\/wp\/v2\/pages\/5718\/revisions"}],"wp:attachment":[{"href":"https:\/\/fieam.org.br\/sesi\/wp-json\/wp\/v2\/media?parent=5718"}],"curies":[{"name":"wp","href":"https:\/\/api.w.org\/{rel}","templated":true}]}}