{"id":4788,"date":"2024-02-28T23:37:09","date_gmt":"2024-02-28T23:37:09","guid":{"rendered":"https:\/\/marketingmassivo.com.br\/sesi\/?page_id=4788"},"modified":"2026-06-24T14:11:06","modified_gmt":"2026-06-24T14:11:06","slug":"trabalhe-conosco","status":"publish","type":"page","link":"https:\/\/fieam.org.br\/sesi\/trabalhe-conosco\/","title":{"rendered":"Trabalhe Conosco"},"content":{"rendered":"\t\t<div data-elementor-type=\"wp-page\" data-elementor-id=\"4788\" class=\"elementor elementor-4788\" data-elementor-post-type=\"page\">\n\t\t\t\t\t\t<section class=\"elementor-section elementor-top-section elementor-element elementor-element-2ddae612 elementor-section-boxed elementor-section-height-default elementor-section-height-default\" data-id=\"2ddae612\" data-element_type=\"section\" data-e-type=\"section\" data-settings=\"{&quot;background_background&quot;:&quot;classic&quot;,&quot;ekit_has_onepagescroll_dot&quot;:&quot;yes&quot;}\">\n\t\t\t\t\t\t\t<div class=\"elementor-background-overlay\"><\/div>\n\t\t\t\t\t\t\t<div class=\"elementor-container elementor-column-gap-default\">\n\t\t\t\t\t<div class=\"elementor-column elementor-col-100 elementor-top-column elementor-element elementor-element-5a270926\" data-id=\"5a270926\" data-element_type=\"column\" data-e-type=\"column\">\n\t\t\t<div class=\"elementor-widget-wrap elementor-element-populated\">\n\t\t\t\t\t\t<div class=\"elementor-element elementor-element-41d3045c elementor-widget__width-auto elementor-invisible elementor-widget elementor-widget-image\" data-id=\"41d3045c\" data-element_type=\"widget\" data-e-type=\"widget\" data-settings=\"{&quot;_animation&quot;:&quot;rotateIn&quot;,&quot;_animation_delay&quot;:&quot;720&quot;,&quot;ekit_we_effect_on&quot;:&quot;none&quot;}\" data-widget_type=\"image.default\">\n\t\t\t\t<div class=\"elementor-widget-container\">\n\t\t\t\t\t\t\t\t\t\t\t\t\t\t\t<img decoding=\"async\" width=\"45\" height=\"38\" src=\"https:\/\/fieam.org.br\/sesi\/wp-content\/uploads\/sites\/14\/2024\/02\/setas.png\" class=\"attachment-full size-full wp-image-4668\" alt=\"\" \/>\t\t\t\t\t\t\t\t\t\t\t\t\t\t\t<\/div>\n\t\t\t\t<\/div>\n\t\t\t\t<div class=\"elementor-element elementor-element-47779439 elementor-invisible elementor-widget elementor-widget-heading\" data-id=\"47779439\" data-element_type=\"widget\" data-e-type=\"widget\" data-settings=\"{&quot;_animation&quot;:&quot;fadeInDown&quot;,&quot;ekit_we_effect_on&quot;:&quot;none&quot;}\" data-widget_type=\"heading.default\">\n\t\t\t\t<div class=\"elementor-widget-container\">\n\t\t\t\t\t<h2 class=\"elementor-heading-title elementor-size-default\">Trabalhe Conosco<\/h2>\t\t\t\t<\/div>\n\t\t\t\t<\/div>\n\t\t\t\t<div class=\"elementor-element elementor-element-1e8b08d4 elementor-invisible elementor-widget elementor-widget-heading\" data-id=\"1e8b08d4\" data-element_type=\"widget\" data-e-type=\"widget\" data-settings=\"{&quot;_animation&quot;:&quot;fadeInUp&quot;,&quot;ekit_we_effect_on&quot;:&quot;none&quot;}\" data-widget_type=\"heading.default\">\n\t\t\t\t<div class=\"elementor-widget-container\">\n\t\t\t\t\t<div class=\"elementor-heading-title elementor-size-default\">O Servi\u00e7o Social da Ind\u00fastria (SESI)<\/div>\t\t\t\t<\/div>\n\t\t\t\t<\/div>\n\t\t\t\t\t<\/div>\n\t\t<\/div>\n\t\t\t\t\t<\/div>\n\t\t<\/section>\n\t\t<div class=\"elementor-element elementor-element-e7ff119 e-flex e-con-boxed e-con e-parent\" data-id=\"e7ff119\" data-element_type=\"container\" data-e-type=\"container\" data-settings=\"{&quot;ekit_has_onepagescroll_dot&quot;:&quot;yes&quot;}\">\n\t\t\t\t\t<div class=\"e-con-inner\">\n\t\t\t\t<div class=\"elementor-element elementor-element-b0b1d43 premium-blog-align-left elementor-widget elementor-widget-premium-addon-blog\" data-id=\"b0b1d43\" data-element_type=\"widget\" data-e-type=\"widget\" data-settings=\"{&quot;premium_blog_columns_number&quot;:&quot;25%&quot;,&quot;premium_blog_grid&quot;:&quot;yes&quot;,&quot;premium_blog_layout&quot;:&quot;even&quot;,&quot;premium_blog_columns_number_tablet&quot;:&quot;50%&quot;,&quot;premium_blog_columns_number_mobile&quot;:&quot;100%&quot;,&quot;scroll_to_offset&quot;:&quot;yes&quot;,&quot;ekit_we_effect_on&quot;:&quot;none&quot;}\" data-widget_type=\"premium-addon-blog.default\">\n\t\t\t\t<div class=\"elementor-widget-container\">\n\t\t\t\t\t\n\t\t\n\n\t\t\t\t<div class=\"premium-blog-wrap  premium-blog-even\" data-page=\"4788\" data-pagination=\"true\">\n\t\t\t\t\t\t\t\t\t<div class=\"premium-blog-post-outer-container\" data-total=\"35\">\n\t\t\t<div class=\"premium-blog-post-container premium-blog-skin-classic\">\n\t\t\t\t\t\t\t\t\t<div class=\"premium-blog-thumb-effect-wrapper\">\n\t\t\t\t\t\t<div class=\"premium-blog-thumbnail-container premium-blog-zoomin-effect\">\n\t\t\t\t\t\t\t<img fetchpriority=\"high\" decoding=\"async\" width=\"466\" height=\"466\" src=\"https:\/\/fieam.org.br\/sesi\/wp-content\/uploads\/sites\/14\/2025\/06\/SELECAO-DE-TALENTOS-SENAI-copia-2.png\" class=\"attachment-full size-full wp-image-22091\" alt=\"\" srcset=\"https:\/\/fieam.org.br\/sesi\/wp-content\/uploads\/sites\/14\/2025\/06\/SELECAO-DE-TALENTOS-SENAI-copia-2.png 466w, https:\/\/fieam.org.br\/sesi\/wp-content\/uploads\/sites\/14\/2025\/06\/SELECAO-DE-TALENTOS-SENAI-copia-2-300x300.png 300w, https:\/\/fieam.org.br\/sesi\/wp-content\/uploads\/sites\/14\/2025\/06\/SELECAO-DE-TALENTOS-SENAI-copia-2-150x150.png 150w\" sizes=\"(max-width: 466px) 100vw, 466px\" \/>\t\t\t\t\t\t<\/div>\n\t\t\t\t\t\t\t\t\t\t\t\t\t<div class=\"premium-blog-thumbnail-overlay\">\n\t\t\t\t\t\t\t\t<a class=\"elementor-icon\" href=\"https:\/\/fieam.org.br\/sesi\/comunicado-processo-seletivo-externo-no-036-2026-cargo-fisioterapeuta\/\" target=\"_blank\">\n\t\t\t\t\t\t\t\t\t<span class=\"elementor-screen-only\">COMUNICADO PROCESSO SELETIVO EXTERNO \u2013 N\u00ba 036-2026 \/CARGO: FISIOTERAPEUTA<\/span>\n\t\t\t\t\t\t\t\t<\/a>\n\t\t\t\t\t\t\t<\/div>\n\n\t\t\t\t\t\t\t\t\t\t\t\t\t\t\t\t\t\t<\/div>\n\t\t\t\t\t\t\t\t\t\t\t\t<div class=\"premium-blog-content-wrapper \">\n\n\t\t\t\t\t<div class=\"premium-blog-inner-container\">\n\n\t\t\t\t\t\t\t\t\t\t\t\t\t\t<h2 class=\"premium-blog-entry-title\">\n\t\t\t<a href=\"https:\/\/fieam.org.br\/sesi\/comunicado-processo-seletivo-externo-no-036-2026-cargo-fisioterapeuta\/\" target=\"_blank\">\n\t\t\t\tCOMUNICADO PROCESSO SELETIVO EXTERNO \u2013 N\u00ba 036-2026 \/CARGO: FISIOTERAPEUTA\t\t\t<\/a>\n\t\t<\/h2>\n\t\t\t\t<div class=\"premium-blog-entry-meta\">\n\t\t\t\t\t\t\t<div class=\"premium-blog-post-author premium-blog-meta-data\">\n\t\t\t\t\t<i class=\"fa fa-user fa-fw\" aria-hidden=\"true\"><\/i>\n\t\t\t\t\t<a href=\"https:\/\/fieam.org.br\/sesi\/author\/ericafrazao\/\" rel=\"author\">ericafrazao<\/a>\t\t\t\t<\/div>\n\t\t\t\n\t\t\t\t\t\t\t<span class=\"premium-blog-meta-separator\">\u2022<\/span>\n\t\t\t\t<div class=\"premium-blog-post-time premium-blog-meta-data\">\n\t\t\t\t\t<i class=\"fa fa-calendar-alt\" aria-hidden=\"true\"><\/i>\n\t\t\t\t\t<span>31\/08\/2026<\/span>\n\t\t\t\t<\/div>\n\t\t\t\n\t\t\t\t\t\t\t<span class=\"premium-blog-meta-separator\">\u2022<\/span>\n\t\t\t\t<div class=\"premium-blog-post-categories premium-blog-meta-data\">\n\t\t\t\t\t<i class=\"fa fa-align-left fa-fw\" aria-hidden=\"true\"><\/i>\n\t\t\t\t\t<a href=\"https:\/\/fieam.org.br\/sesi\/noticias\/banner-destaque\/\" rel=\"category tag\">Banner Destaque<\/a>, <a href=\"https:\/\/fieam.org.br\/sesi\/noticias\/selecao\/\" rel=\"category tag\">selecao<\/a>\t\t\t\t<\/div>\n\t\t\t\n\t\t\t\t\t\t\t<span class=\"premium-blog-meta-separator\">\u2022<\/span>\n\t\t\t\t<div class=\"premium-blog-post-comments premium-blog-meta-data\">\n\t\t\t\t\t<i class=\"fa fa-comments-o fa-fw\" aria-hidden=\"true\"><\/i>\n\t\t\t\t\t<a href=\"https:\/\/fieam.org.br\/sesi\/comunicado-processo-seletivo-externo-no-036-2026-cargo-fisioterapeuta\/#respond\">No Comments<\/a>\t\t\t\t<\/div>\n\t\t\t\t\t<\/div>\n\t\t\n\t\t\t\t\t<\/div>\n\n\t\t\t\t\t\t\t<div class=\"premium-blog-content-inner-wrapper\">\n\t\t<p class=\"premium-blog-post-content\">COMUNICADO PROCESSO SELETIVO EXTERNO \u2013\u00a0\u00a0N\u00ba 036-2026 CARGO: FISIOTERAPEUTA MODALIDADE DO CONTRATO: DETERMINADO CARGA HOR\u00c1RIA MENSAL: 180 HORAS O Servi\u00e7o Social da Ind\u00fastria \u2026<\/p>\t\t<\/div>\n\t\t\t\t\t\t\t\n\t\t\t\t<\/div>\n\t\t\t<\/div>\n\t\t<\/div>\n\n\t\t\t\t<div class=\"premium-blog-post-outer-container\" data-total=\"35\">\n\t\t\t<div class=\"premium-blog-post-container premium-blog-skin-classic\">\n\t\t\t\t\t\t\t\t\t<div class=\"premium-blog-thumb-effect-wrapper\">\n\t\t\t\t\t\t<div class=\"premium-blog-thumbnail-container premium-blog-zoomin-effect\">\n\t\t\t\t\t\t\t<img fetchpriority=\"high\" decoding=\"async\" width=\"466\" height=\"466\" src=\"https:\/\/fieam.org.br\/sesi\/wp-content\/uploads\/sites\/14\/2025\/06\/SELECAO-DE-TALENTOS-SENAI-copia-2.png\" class=\"attachment-full size-full wp-image-22091\" alt=\"\" srcset=\"https:\/\/fieam.org.br\/sesi\/wp-content\/uploads\/sites\/14\/2025\/06\/SELECAO-DE-TALENTOS-SENAI-copia-2.png 466w, https:\/\/fieam.org.br\/sesi\/wp-content\/uploads\/sites\/14\/2025\/06\/SELECAO-DE-TALENTOS-SENAI-copia-2-300x300.png 300w, https:\/\/fieam.org.br\/sesi\/wp-content\/uploads\/sites\/14\/2025\/06\/SELECAO-DE-TALENTOS-SENAI-copia-2-150x150.png 150w\" sizes=\"(max-width: 466px) 100vw, 466px\" \/>\t\t\t\t\t\t<\/div>\n\t\t\t\t\t\t\t\t\t\t\t\t\t<div class=\"premium-blog-thumbnail-overlay\">\n\t\t\t\t\t\t\t\t<a class=\"elementor-icon\" href=\"https:\/\/fieam.org.br\/sesi\/comunicado-processo-seletivo-externo-no-035-2026-cargo-ergonomista\/\" target=\"_blank\">\n\t\t\t\t\t\t\t\t\t<span class=\"elementor-screen-only\">COMUNICADO PROCESSO SELETIVO EXTERNO \u2013 N\u00ba 035-2026 \/CARGO: ERGONOMISTA<\/span>\n\t\t\t\t\t\t\t\t<\/a>\n\t\t\t\t\t\t\t<\/div>\n\n\t\t\t\t\t\t\t\t\t\t\t\t\t\t\t\t\t\t<\/div>\n\t\t\t\t\t\t\t\t\t\t\t\t<div class=\"premium-blog-content-wrapper \">\n\n\t\t\t\t\t<div class=\"premium-blog-inner-container\">\n\n\t\t\t\t\t\t\t\t\t\t\t\t\t\t<h2 class=\"premium-blog-entry-title\">\n\t\t\t<a href=\"https:\/\/fieam.org.br\/sesi\/comunicado-processo-seletivo-externo-no-035-2026-cargo-ergonomista\/\" target=\"_blank\">\n\t\t\t\tCOMUNICADO PROCESSO SELETIVO EXTERNO \u2013 N\u00ba 035-2026 \/CARGO: ERGONOMISTA\t\t\t<\/a>\n\t\t<\/h2>\n\t\t\t\t<div class=\"premium-blog-entry-meta\">\n\t\t\t\t\t\t\t<div class=\"premium-blog-post-author premium-blog-meta-data\">\n\t\t\t\t\t<i class=\"fa fa-user fa-fw\" aria-hidden=\"true\"><\/i>\n\t\t\t\t\t<a href=\"https:\/\/fieam.org.br\/sesi\/author\/ericafrazao\/\" rel=\"author\">ericafrazao<\/a>\t\t\t\t<\/div>\n\t\t\t\n\t\t\t\t\t\t\t<span class=\"premium-blog-meta-separator\">\u2022<\/span>\n\t\t\t\t<div class=\"premium-blog-post-time premium-blog-meta-data\">\n\t\t\t\t\t<i class=\"fa fa-calendar-alt\" aria-hidden=\"true\"><\/i>\n\t\t\t\t\t<span>31\/08\/2026<\/span>\n\t\t\t\t<\/div>\n\t\t\t\n\t\t\t\t\t\t\t<span class=\"premium-blog-meta-separator\">\u2022<\/span>\n\t\t\t\t<div class=\"premium-blog-post-categories premium-blog-meta-data\">\n\t\t\t\t\t<i class=\"fa fa-align-left fa-fw\" aria-hidden=\"true\"><\/i>\n\t\t\t\t\t<a href=\"https:\/\/fieam.org.br\/sesi\/noticias\/banner-destaque\/\" rel=\"category tag\">Banner Destaque<\/a>, <a href=\"https:\/\/fieam.org.br\/sesi\/noticias\/selecao\/\" rel=\"category tag\">selecao<\/a>\t\t\t\t<\/div>\n\t\t\t\n\t\t\t\t\t\t\t<span class=\"premium-blog-meta-separator\">\u2022<\/span>\n\t\t\t\t<div class=\"premium-blog-post-comments premium-blog-meta-data\">\n\t\t\t\t\t<i class=\"fa fa-comments-o fa-fw\" aria-hidden=\"true\"><\/i>\n\t\t\t\t\t<a href=\"https:\/\/fieam.org.br\/sesi\/comunicado-processo-seletivo-externo-no-035-2026-cargo-ergonomista\/#respond\">No Comments<\/a>\t\t\t\t<\/div>\n\t\t\t\t\t<\/div>\n\t\t\n\t\t\t\t\t<\/div>\n\n\t\t\t\t\t\t\t<div class=\"premium-blog-content-inner-wrapper\">\n\t\t<p class=\"premium-blog-post-content\">COMUNICADO PROCESSO SELETIVO EXTERNO \u2013\u00a0 N\u00ba 035-2026 CARGO: ERGONOMISTA MODALIDADE DO CONTRATO: DETERMINADO CARGA HOR\u00c1RIA MENSAL: 220 HORAS O Servi\u00e7o Social da \u2026<\/p>\t\t<\/div>\n\t\t\t\t\t\t\t\n\t\t\t\t<\/div>\n\t\t\t<\/div>\n\t\t<\/div>\n\n\t\t\t\t<div class=\"premium-blog-post-outer-container\" data-total=\"35\">\n\t\t\t<div class=\"premium-blog-post-container premium-blog-skin-classic\">\n\t\t\t\t\t\t\t\t\t<div class=\"premium-blog-thumb-effect-wrapper\">\n\t\t\t\t\t\t<div class=\"premium-blog-thumbnail-container premium-blog-zoomin-effect\">\n\t\t\t\t\t\t\t<img fetchpriority=\"high\" decoding=\"async\" width=\"466\" height=\"466\" src=\"https:\/\/fieam.org.br\/sesi\/wp-content\/uploads\/sites\/14\/2025\/06\/SELECAO-DE-TALENTOS-SENAI-copia-2.png\" class=\"attachment-full size-full wp-image-22091\" alt=\"\" srcset=\"https:\/\/fieam.org.br\/sesi\/wp-content\/uploads\/sites\/14\/2025\/06\/SELECAO-DE-TALENTOS-SENAI-copia-2.png 466w, https:\/\/fieam.org.br\/sesi\/wp-content\/uploads\/sites\/14\/2025\/06\/SELECAO-DE-TALENTOS-SENAI-copia-2-300x300.png 300w, https:\/\/fieam.org.br\/sesi\/wp-content\/uploads\/sites\/14\/2025\/06\/SELECAO-DE-TALENTOS-SENAI-copia-2-150x150.png 150w\" sizes=\"(max-width: 466px) 100vw, 466px\" \/>\t\t\t\t\t\t<\/div>\n\t\t\t\t\t\t\t\t\t\t\t\t\t<div class=\"premium-blog-thumbnail-overlay\">\n\t\t\t\t\t\t\t\t<a class=\"elementor-icon\" href=\"https:\/\/fieam.org.br\/sesi\/comunicado-processo-seletivo-externo-no-034-2026-cargo-fisioterapeuta\/\" target=\"_blank\">\n\t\t\t\t\t\t\t\t\t<span class=\"elementor-screen-only\">COMUNICADO PROCESSO SELETIVO EXTERNO \u2013 N\u00ba 034-2026 \/CARGO: FISIOTERAPEUTA<\/span>\n\t\t\t\t\t\t\t\t<\/a>\n\t\t\t\t\t\t\t<\/div>\n\n\t\t\t\t\t\t\t\t\t\t\t\t\t\t\t\t\t\t<\/div>\n\t\t\t\t\t\t\t\t\t\t\t\t<div class=\"premium-blog-content-wrapper \">\n\n\t\t\t\t\t<div class=\"premium-blog-inner-container\">\n\n\t\t\t\t\t\t\t\t\t\t\t\t\t\t<h2 class=\"premium-blog-entry-title\">\n\t\t\t<a href=\"https:\/\/fieam.org.br\/sesi\/comunicado-processo-seletivo-externo-no-034-2026-cargo-fisioterapeuta\/\" target=\"_blank\">\n\t\t\t\tCOMUNICADO PROCESSO SELETIVO EXTERNO \u2013 N\u00ba 034-2026 \/CARGO: FISIOTERAPEUTA\t\t\t<\/a>\n\t\t<\/h2>\n\t\t\t\t<div class=\"premium-blog-entry-meta\">\n\t\t\t\t\t\t\t<div class=\"premium-blog-post-author premium-blog-meta-data\">\n\t\t\t\t\t<i class=\"fa fa-user fa-fw\" aria-hidden=\"true\"><\/i>\n\t\t\t\t\t<a href=\"https:\/\/fieam.org.br\/sesi\/author\/ericafrazao\/\" rel=\"author\">ericafrazao<\/a>\t\t\t\t<\/div>\n\t\t\t\n\t\t\t\t\t\t\t<span class=\"premium-blog-meta-separator\">\u2022<\/span>\n\t\t\t\t<div class=\"premium-blog-post-time premium-blog-meta-data\">\n\t\t\t\t\t<i class=\"fa fa-calendar-alt\" aria-hidden=\"true\"><\/i>\n\t\t\t\t\t<span>31\/08\/2026<\/span>\n\t\t\t\t<\/div>\n\t\t\t\n\t\t\t\t\t\t\t<span class=\"premium-blog-meta-separator\">\u2022<\/span>\n\t\t\t\t<div class=\"premium-blog-post-categories premium-blog-meta-data\">\n\t\t\t\t\t<i class=\"fa fa-align-left fa-fw\" aria-hidden=\"true\"><\/i>\n\t\t\t\t\t<a href=\"https:\/\/fieam.org.br\/sesi\/noticias\/banner-destaque\/\" rel=\"category tag\">Banner Destaque<\/a>, <a href=\"https:\/\/fieam.org.br\/sesi\/noticias\/selecao\/\" rel=\"category tag\">selecao<\/a>\t\t\t\t<\/div>\n\t\t\t\n\t\t\t\t\t\t\t<span class=\"premium-blog-meta-separator\">\u2022<\/span>\n\t\t\t\t<div class=\"premium-blog-post-comments premium-blog-meta-data\">\n\t\t\t\t\t<i class=\"fa fa-comments-o fa-fw\" aria-hidden=\"true\"><\/i>\n\t\t\t\t\t<a href=\"https:\/\/fieam.org.br\/sesi\/comunicado-processo-seletivo-externo-no-034-2026-cargo-fisioterapeuta\/#respond\">No Comments<\/a>\t\t\t\t<\/div>\n\t\t\t\t\t<\/div>\n\t\t\n\t\t\t\t\t<\/div>\n\n\t\t\t\t\t\t\t<div class=\"premium-blog-content-inner-wrapper\">\n\t\t<p class=\"premium-blog-post-content\">COMUNICADO PROCESSO SELETIVO EXTERNO \u2013 N\u00ba 034-2026 CARGO: FISIOTERAPEUTA MODALIDADE DO CONTRATO: DETERMINADO CARGA HOR\u00c1RIA MENSAL: 180 HORAS O Servi\u00e7o Social da \u2026<\/p>\t\t<\/div>\n\t\t\t\t\t\t\t\n\t\t\t\t<\/div>\n\t\t\t<\/div>\n\t\t<\/div>\n\n\t\t\t\t<div class=\"premium-blog-post-outer-container\" data-total=\"35\">\n\t\t\t<div class=\"premium-blog-post-container premium-blog-skin-classic\">\n\t\t\t\t\t\t\t\t\t<div class=\"premium-blog-thumb-effect-wrapper\">\n\t\t\t\t\t\t<div class=\"premium-blog-thumbnail-container premium-blog-zoomin-effect\">\n\t\t\t\t\t\t\t<img fetchpriority=\"high\" decoding=\"async\" width=\"466\" height=\"466\" src=\"https:\/\/fieam.org.br\/sesi\/wp-content\/uploads\/sites\/14\/2025\/06\/SELECAO-DE-TALENTOS-SENAI-copia-2.png\" class=\"attachment-full size-full wp-image-22091\" alt=\"\" srcset=\"https:\/\/fieam.org.br\/sesi\/wp-content\/uploads\/sites\/14\/2025\/06\/SELECAO-DE-TALENTOS-SENAI-copia-2.png 466w, https:\/\/fieam.org.br\/sesi\/wp-content\/uploads\/sites\/14\/2025\/06\/SELECAO-DE-TALENTOS-SENAI-copia-2-300x300.png 300w, https:\/\/fieam.org.br\/sesi\/wp-content\/uploads\/sites\/14\/2025\/06\/SELECAO-DE-TALENTOS-SENAI-copia-2-150x150.png 150w\" sizes=\"(max-width: 466px) 100vw, 466px\" \/>\t\t\t\t\t\t<\/div>\n\t\t\t\t\t\t\t\t\t\t\t\t\t<div class=\"premium-blog-thumbnail-overlay\">\n\t\t\t\t\t\t\t\t<a class=\"elementor-icon\" href=\"https:\/\/fieam.org.br\/sesi\/comunicado-processo-seletivo-externo-no-033-2026-cargo-pat-profissional-de-apoio-tecnico\/\" target=\"_blank\">\n\t\t\t\t\t\t\t\t\t<span class=\"elementor-screen-only\">COMUNICADO PROCESSO SELETIVO EXTERNO \u2013 N\u00ba 033-2026\/CARGO: PAT \u2013 PROFISSIONAL DE APOIO T\u00c9CNICO<\/span>\n\t\t\t\t\t\t\t\t<\/a>\n\t\t\t\t\t\t\t<\/div>\n\n\t\t\t\t\t\t\t\t\t\t\t\t\t\t\t\t\t\t<\/div>\n\t\t\t\t\t\t\t\t\t\t\t\t<div class=\"premium-blog-content-wrapper \">\n\n\t\t\t\t\t<div class=\"premium-blog-inner-container\">\n\n\t\t\t\t\t\t\t\t\t\t\t\t\t\t<h2 class=\"premium-blog-entry-title\">\n\t\t\t<a href=\"https:\/\/fieam.org.br\/sesi\/comunicado-processo-seletivo-externo-no-033-2026-cargo-pat-profissional-de-apoio-tecnico\/\" target=\"_blank\">\n\t\t\t\tCOMUNICADO PROCESSO SELETIVO EXTERNO \u2013 N\u00ba 033-2026\/CARGO: PAT \u2013 PROFISSIONAL DE APOIO T\u00c9CNICO\t\t\t<\/a>\n\t\t<\/h2>\n\t\t\t\t<div class=\"premium-blog-entry-meta\">\n\t\t\t\t\t\t\t<div class=\"premium-blog-post-author premium-blog-meta-data\">\n\t\t\t\t\t<i class=\"fa fa-user fa-fw\" aria-hidden=\"true\"><\/i>\n\t\t\t\t\t<a href=\"https:\/\/fieam.org.br\/sesi\/author\/ericafrazao\/\" rel=\"author\">ericafrazao<\/a>\t\t\t\t<\/div>\n\t\t\t\n\t\t\t\t\t\t\t<span class=\"premium-blog-meta-separator\">\u2022<\/span>\n\t\t\t\t<div class=\"premium-blog-post-time premium-blog-meta-data\">\n\t\t\t\t\t<i class=\"fa fa-calendar-alt\" aria-hidden=\"true\"><\/i>\n\t\t\t\t\t<span>24\/08\/2026<\/span>\n\t\t\t\t<\/div>\n\t\t\t\n\t\t\t\t\t\t\t<span class=\"premium-blog-meta-separator\">\u2022<\/span>\n\t\t\t\t<div class=\"premium-blog-post-categories premium-blog-meta-data\">\n\t\t\t\t\t<i class=\"fa fa-align-left fa-fw\" aria-hidden=\"true\"><\/i>\n\t\t\t\t\t<a href=\"https:\/\/fieam.org.br\/sesi\/noticias\/banner-destaque\/\" rel=\"category tag\">Banner Destaque<\/a>, <a href=\"https:\/\/fieam.org.br\/sesi\/noticias\/selecao\/\" rel=\"category tag\">selecao<\/a>\t\t\t\t<\/div>\n\t\t\t\n\t\t\t\t\t\t\t<span class=\"premium-blog-meta-separator\">\u2022<\/span>\n\t\t\t\t<div class=\"premium-blog-post-comments premium-blog-meta-data\">\n\t\t\t\t\t<i class=\"fa fa-comments-o fa-fw\" aria-hidden=\"true\"><\/i>\n\t\t\t\t\t<a href=\"https:\/\/fieam.org.br\/sesi\/comunicado-processo-seletivo-externo-no-033-2026-cargo-pat-profissional-de-apoio-tecnico\/#respond\">No Comments<\/a>\t\t\t\t<\/div>\n\t\t\t\t\t<\/div>\n\t\t\n\t\t\t\t\t<\/div>\n\n\t\t\t\t\t\t\t<div class=\"premium-blog-content-inner-wrapper\">\n\t\t<p class=\"premium-blog-post-content\">COMUNICADO PROCESSO SELETIVO EXTERNO \u2013 N\u00ba 033-2026 CARGO: PAT \u2013 PROFISSIONAL DE APOIO T\u00c9CNICO OCUPA\u00c7\u00c3O: T\u00c9CNICO DE ENFERMAGEM TIPO DE CONTRATO: EXPERI\u00caNCIA \u2026<\/p>\t\t<\/div>\n\t\t\t\t\t\t\t\n\t\t\t\t<\/div>\n\t\t\t<\/div>\n\t\t<\/div>\n\n\t\t\t\t<div class=\"premium-blog-post-outer-container\" data-total=\"35\">\n\t\t\t<div class=\"premium-blog-post-container premium-blog-skin-classic\">\n\t\t\t\t\t\t\t\t\t<div class=\"premium-blog-thumb-effect-wrapper\">\n\t\t\t\t\t\t<div class=\"premium-blog-thumbnail-container premium-blog-zoomin-effect\">\n\t\t\t\t\t\t\t<img fetchpriority=\"high\" decoding=\"async\" width=\"466\" height=\"466\" src=\"https:\/\/fieam.org.br\/sesi\/wp-content\/uploads\/sites\/14\/2025\/06\/SELECAO-DE-TALENTOS-SENAI-copia-2.png\" class=\"attachment-full size-full wp-image-22091\" alt=\"\" srcset=\"https:\/\/fieam.org.br\/sesi\/wp-content\/uploads\/sites\/14\/2025\/06\/SELECAO-DE-TALENTOS-SENAI-copia-2.png 466w, https:\/\/fieam.org.br\/sesi\/wp-content\/uploads\/sites\/14\/2025\/06\/SELECAO-DE-TALENTOS-SENAI-copia-2-300x300.png 300w, https:\/\/fieam.org.br\/sesi\/wp-content\/uploads\/sites\/14\/2025\/06\/SELECAO-DE-TALENTOS-SENAI-copia-2-150x150.png 150w\" sizes=\"(max-width: 466px) 100vw, 466px\" \/>\t\t\t\t\t\t<\/div>\n\t\t\t\t\t\t\t\t\t\t\t\t\t<div class=\"premium-blog-thumbnail-overlay\">\n\t\t\t\t\t\t\t\t<a class=\"elementor-icon\" href=\"https:\/\/fieam.org.br\/sesi\/comunicado-processo-seletivo-externo-no-032-2026-cargo-per-professor-de-ensino-regular\/\" target=\"_blank\">\n\t\t\t\t\t\t\t\t\t<span class=\"elementor-screen-only\">COMUNICADO PROCESSO SELETIVO EXTERNO \u2013 N\u00ba 032-2026\/CARGO: PER \u2013 PROFESSOR DE ENSINO REGULAR<\/span>\n\t\t\t\t\t\t\t\t<\/a>\n\t\t\t\t\t\t\t<\/div>\n\n\t\t\t\t\t\t\t\t\t\t\t\t\t\t\t\t\t\t<\/div>\n\t\t\t\t\t\t\t\t\t\t\t\t<div class=\"premium-blog-content-wrapper \">\n\n\t\t\t\t\t<div class=\"premium-blog-inner-container\">\n\n\t\t\t\t\t\t\t\t\t\t\t\t\t\t<h2 class=\"premium-blog-entry-title\">\n\t\t\t<a href=\"https:\/\/fieam.org.br\/sesi\/comunicado-processo-seletivo-externo-no-032-2026-cargo-per-professor-de-ensino-regular\/\" target=\"_blank\">\n\t\t\t\tCOMUNICADO PROCESSO SELETIVO EXTERNO \u2013 N\u00ba 032-2026\/CARGO: PER \u2013 PROFESSOR DE ENSINO REGULAR\t\t\t<\/a>\n\t\t<\/h2>\n\t\t\t\t<div class=\"premium-blog-entry-meta\">\n\t\t\t\t\t\t\t<div class=\"premium-blog-post-author premium-blog-meta-data\">\n\t\t\t\t\t<i class=\"fa fa-user fa-fw\" aria-hidden=\"true\"><\/i>\n\t\t\t\t\t<a href=\"https:\/\/fieam.org.br\/sesi\/author\/ericafrazao\/\" rel=\"author\">ericafrazao<\/a>\t\t\t\t<\/div>\n\t\t\t\n\t\t\t\t\t\t\t<span class=\"premium-blog-meta-separator\">\u2022<\/span>\n\t\t\t\t<div class=\"premium-blog-post-time premium-blog-meta-data\">\n\t\t\t\t\t<i class=\"fa fa-calendar-alt\" aria-hidden=\"true\"><\/i>\n\t\t\t\t\t<span>14\/08\/2026<\/span>\n\t\t\t\t<\/div>\n\t\t\t\n\t\t\t\t\t\t\t<span class=\"premium-blog-meta-separator\">\u2022<\/span>\n\t\t\t\t<div class=\"premium-blog-post-categories premium-blog-meta-data\">\n\t\t\t\t\t<i class=\"fa fa-align-left fa-fw\" aria-hidden=\"true\"><\/i>\n\t\t\t\t\t<a href=\"https:\/\/fieam.org.br\/sesi\/noticias\/banner-destaque\/\" rel=\"category tag\">Banner Destaque<\/a>, <a href=\"https:\/\/fieam.org.br\/sesi\/noticias\/selecao\/\" rel=\"category tag\">selecao<\/a>\t\t\t\t<\/div>\n\t\t\t\n\t\t\t\t\t\t\t<span class=\"premium-blog-meta-separator\">\u2022<\/span>\n\t\t\t\t<div class=\"premium-blog-post-comments premium-blog-meta-data\">\n\t\t\t\t\t<i class=\"fa fa-comments-o fa-fw\" aria-hidden=\"true\"><\/i>\n\t\t\t\t\t<a href=\"https:\/\/fieam.org.br\/sesi\/comunicado-processo-seletivo-externo-no-032-2026-cargo-per-professor-de-ensino-regular\/#respond\">No Comments<\/a>\t\t\t\t<\/div>\n\t\t\t\t\t<\/div>\n\t\t\n\t\t\t\t\t<\/div>\n\n\t\t\t\t\t\t\t<div class=\"premium-blog-content-inner-wrapper\">\n\t\t<p class=\"premium-blog-post-content\">CARGO: PER \u2013 PROFESSOR DE ENSINO REGULAR OCUPACAO: EDUCA\u00c7\u00c3O INFANTIL \/ 1\u00ba AO 5\u00ba ANO \/ 6\u00ba AO 9\u00ba ANO \/ ENSINO \u2026<\/p>\t\t<\/div>\n\t\t\t\t\t\t\t\n\t\t\t\t<\/div>\n\t\t\t<\/div>\n\t\t<\/div>\n\n\t\t\t\t<div class=\"premium-blog-post-outer-container\" data-total=\"35\">\n\t\t\t<div class=\"premium-blog-post-container premium-blog-skin-classic\">\n\t\t\t\t\t\t\t\t\t<div class=\"premium-blog-thumb-effect-wrapper\">\n\t\t\t\t\t\t<div class=\"premium-blog-thumbnail-container premium-blog-zoomin-effect\">\n\t\t\t\t\t\t\t<img fetchpriority=\"high\" decoding=\"async\" width=\"466\" height=\"466\" src=\"https:\/\/fieam.org.br\/sesi\/wp-content\/uploads\/sites\/14\/2025\/06\/SELECAO-DE-TALENTOS-SENAI-copia-2.png\" class=\"attachment-full size-full wp-image-22091\" alt=\"\" srcset=\"https:\/\/fieam.org.br\/sesi\/wp-content\/uploads\/sites\/14\/2025\/06\/SELECAO-DE-TALENTOS-SENAI-copia-2.png 466w, https:\/\/fieam.org.br\/sesi\/wp-content\/uploads\/sites\/14\/2025\/06\/SELECAO-DE-TALENTOS-SENAI-copia-2-300x300.png 300w, https:\/\/fieam.org.br\/sesi\/wp-content\/uploads\/sites\/14\/2025\/06\/SELECAO-DE-TALENTOS-SENAI-copia-2-150x150.png 150w\" sizes=\"(max-width: 466px) 100vw, 466px\" \/>\t\t\t\t\t\t<\/div>\n\t\t\t\t\t\t\t\t\t\t\t\t\t<div class=\"premium-blog-thumbnail-overlay\">\n\t\t\t\t\t\t\t\t<a class=\"elementor-icon\" href=\"https:\/\/fieam.org.br\/sesi\/comunicado-processo-seletivo-externo-no-031-2026-cargo-per-professor-de-ensino-regular\/\" target=\"_blank\">\n\t\t\t\t\t\t\t\t\t<span class=\"elementor-screen-only\">COMUNICADO PROCESSO SELETIVO EXTERNO \u2013 N\u00ba 031-2026\/CARGO: PER \u2013 PROFESSOR DE ENSINO REGULAR<\/span>\n\t\t\t\t\t\t\t\t<\/a>\n\t\t\t\t\t\t\t<\/div>\n\n\t\t\t\t\t\t\t\t\t\t\t\t\t\t\t\t\t\t<\/div>\n\t\t\t\t\t\t\t\t\t\t\t\t<div class=\"premium-blog-content-wrapper \">\n\n\t\t\t\t\t<div class=\"premium-blog-inner-container\">\n\n\t\t\t\t\t\t\t\t\t\t\t\t\t\t<h2 class=\"premium-blog-entry-title\">\n\t\t\t<a href=\"https:\/\/fieam.org.br\/sesi\/comunicado-processo-seletivo-externo-no-031-2026-cargo-per-professor-de-ensino-regular\/\" target=\"_blank\">\n\t\t\t\tCOMUNICADO PROCESSO SELETIVO EXTERNO \u2013 N\u00ba 031-2026\/CARGO: PER \u2013 PROFESSOR DE ENSINO REGULAR\t\t\t<\/a>\n\t\t<\/h2>\n\t\t\t\t<div class=\"premium-blog-entry-meta\">\n\t\t\t\t\t\t\t<div class=\"premium-blog-post-author premium-blog-meta-data\">\n\t\t\t\t\t<i class=\"fa fa-user fa-fw\" aria-hidden=\"true\"><\/i>\n\t\t\t\t\t<a href=\"https:\/\/fieam.org.br\/sesi\/author\/ericafrazao\/\" rel=\"author\">ericafrazao<\/a>\t\t\t\t<\/div>\n\t\t\t\n\t\t\t\t\t\t\t<span class=\"premium-blog-meta-separator\">\u2022<\/span>\n\t\t\t\t<div class=\"premium-blog-post-time premium-blog-meta-data\">\n\t\t\t\t\t<i class=\"fa fa-calendar-alt\" aria-hidden=\"true\"><\/i>\n\t\t\t\t\t<span>14\/08\/2026<\/span>\n\t\t\t\t<\/div>\n\t\t\t\n\t\t\t\t\t\t\t<span class=\"premium-blog-meta-separator\">\u2022<\/span>\n\t\t\t\t<div class=\"premium-blog-post-categories premium-blog-meta-data\">\n\t\t\t\t\t<i class=\"fa fa-align-left fa-fw\" aria-hidden=\"true\"><\/i>\n\t\t\t\t\t<a href=\"https:\/\/fieam.org.br\/sesi\/noticias\/banner-destaque\/\" rel=\"category tag\">Banner Destaque<\/a>, <a href=\"https:\/\/fieam.org.br\/sesi\/noticias\/selecao\/\" rel=\"category tag\">selecao<\/a>\t\t\t\t<\/div>\n\t\t\t\n\t\t\t\t\t\t\t<span class=\"premium-blog-meta-separator\">\u2022<\/span>\n\t\t\t\t<div class=\"premium-blog-post-comments premium-blog-meta-data\">\n\t\t\t\t\t<i class=\"fa fa-comments-o fa-fw\" aria-hidden=\"true\"><\/i>\n\t\t\t\t\t<a href=\"https:\/\/fieam.org.br\/sesi\/comunicado-processo-seletivo-externo-no-031-2026-cargo-per-professor-de-ensino-regular\/#respond\">No Comments<\/a>\t\t\t\t<\/div>\n\t\t\t\t\t<\/div>\n\t\t\n\t\t\t\t\t<\/div>\n\n\t\t\t\t\t\t\t<div class=\"premium-blog-content-inner-wrapper\">\n\t\t<p class=\"premium-blog-post-content\">CARGO: PER \u2013 PROFESSOR DE ENSINO REGULAR OCUPA\u00c7\u00c3O: 1\u00ba AO 5\u00ba ANO, 6\u00ba AO 9\u00ba ANO, ENSINO M\u00c9DIO MODALIDADE DO CONTRATO: EXPERI\u00caNCIA \u2026<\/p>\t\t<\/div>\n\t\t\t\t\t\t\t\n\t\t\t\t<\/div>\n\t\t\t<\/div>\n\t\t<\/div>\n\n\t\t\t\t<div class=\"premium-blog-post-outer-container\" data-total=\"35\">\n\t\t\t<div class=\"premium-blog-post-container premium-blog-skin-classic\">\n\t\t\t\t\t\t\t\t\t<div class=\"premium-blog-thumb-effect-wrapper\">\n\t\t\t\t\t\t<div class=\"premium-blog-thumbnail-container premium-blog-zoomin-effect\">\n\t\t\t\t\t\t\t<img fetchpriority=\"high\" decoding=\"async\" width=\"466\" height=\"466\" src=\"https:\/\/fieam.org.br\/sesi\/wp-content\/uploads\/sites\/14\/2025\/06\/SELECAO-DE-TALENTOS-SENAI-copia-2.png\" class=\"attachment-full size-full wp-image-22091\" alt=\"\" srcset=\"https:\/\/fieam.org.br\/sesi\/wp-content\/uploads\/sites\/14\/2025\/06\/SELECAO-DE-TALENTOS-SENAI-copia-2.png 466w, https:\/\/fieam.org.br\/sesi\/wp-content\/uploads\/sites\/14\/2025\/06\/SELECAO-DE-TALENTOS-SENAI-copia-2-300x300.png 300w, https:\/\/fieam.org.br\/sesi\/wp-content\/uploads\/sites\/14\/2025\/06\/SELECAO-DE-TALENTOS-SENAI-copia-2-150x150.png 150w\" sizes=\"(max-width: 466px) 100vw, 466px\" \/>\t\t\t\t\t\t<\/div>\n\t\t\t\t\t\t\t\t\t\t\t\t\t<div class=\"premium-blog-thumbnail-overlay\">\n\t\t\t\t\t\t\t\t<a class=\"elementor-icon\" href=\"https:\/\/fieam.org.br\/sesi\/comunicado-processo-seletivo-externo-no-026-2026-cargo-cargo-isolado-salva-vidas\/\" target=\"_blank\">\n\t\t\t\t\t\t\t\t\t<span class=\"elementor-screen-only\">COMUNICADO PROCESSO SELETIVO EXTERNO \u2013 N\u00ba 026-2026\/CARGO: CARGO ISOLADO \u2013 SALVA VIDAS<\/span>\n\t\t\t\t\t\t\t\t<\/a>\n\t\t\t\t\t\t\t<\/div>\n\n\t\t\t\t\t\t\t\t\t\t\t\t\t\t\t\t\t\t<\/div>\n\t\t\t\t\t\t\t\t\t\t\t\t<div class=\"premium-blog-content-wrapper \">\n\n\t\t\t\t\t<div class=\"premium-blog-inner-container\">\n\n\t\t\t\t\t\t\t\t\t\t\t\t\t\t<h2 class=\"premium-blog-entry-title\">\n\t\t\t<a href=\"https:\/\/fieam.org.br\/sesi\/comunicado-processo-seletivo-externo-no-026-2026-cargo-cargo-isolado-salva-vidas\/\" target=\"_blank\">\n\t\t\t\tCOMUNICADO PROCESSO SELETIVO EXTERNO \u2013 N\u00ba 026-2026\/CARGO: CARGO ISOLADO \u2013 SALVA VIDAS\t\t\t<\/a>\n\t\t<\/h2>\n\t\t\t\t<div class=\"premium-blog-entry-meta\">\n\t\t\t\t\t\t\t<div class=\"premium-blog-post-author premium-blog-meta-data\">\n\t\t\t\t\t<i class=\"fa fa-user fa-fw\" aria-hidden=\"true\"><\/i>\n\t\t\t\t\t<a href=\"https:\/\/fieam.org.br\/sesi\/author\/ericafrazao\/\" rel=\"author\">ericafrazao<\/a>\t\t\t\t<\/div>\n\t\t\t\n\t\t\t\t\t\t\t<span class=\"premium-blog-meta-separator\">\u2022<\/span>\n\t\t\t\t<div class=\"premium-blog-post-time premium-blog-meta-data\">\n\t\t\t\t\t<i class=\"fa fa-calendar-alt\" aria-hidden=\"true\"><\/i>\n\t\t\t\t\t<span>03\/08\/2026<\/span>\n\t\t\t\t<\/div>\n\t\t\t\n\t\t\t\t\t\t\t<span class=\"premium-blog-meta-separator\">\u2022<\/span>\n\t\t\t\t<div class=\"premium-blog-post-categories premium-blog-meta-data\">\n\t\t\t\t\t<i class=\"fa fa-align-left fa-fw\" aria-hidden=\"true\"><\/i>\n\t\t\t\t\t<a href=\"https:\/\/fieam.org.br\/sesi\/noticias\/banner-destaque\/\" rel=\"category tag\">Banner Destaque<\/a>, <a href=\"https:\/\/fieam.org.br\/sesi\/noticias\/selecao\/\" rel=\"category tag\">selecao<\/a>\t\t\t\t<\/div>\n\t\t\t\n\t\t\t\t\t\t\t<span class=\"premium-blog-meta-separator\">\u2022<\/span>\n\t\t\t\t<div class=\"premium-blog-post-comments premium-blog-meta-data\">\n\t\t\t\t\t<i class=\"fa fa-comments-o fa-fw\" aria-hidden=\"true\"><\/i>\n\t\t\t\t\t<a href=\"https:\/\/fieam.org.br\/sesi\/comunicado-processo-seletivo-externo-no-026-2026-cargo-cargo-isolado-salva-vidas\/#respond\">No Comments<\/a>\t\t\t\t<\/div>\n\t\t\t\t\t<\/div>\n\t\t\n\t\t\t\t\t<\/div>\n\n\t\t\t\t\t\t\t<div class=\"premium-blog-content-inner-wrapper\">\n\t\t<p class=\"premium-blog-post-content\">CARGO: CARGO ISOLADO \u2013 SALVA VIDAS MODALIDADE DO CONTRATO: EXPERI\u00caNCIA CARGA HOR\u00c1RIA MENSAL: 20 HORAS O Servi\u00e7o Social da Ind\u00fastria (SESI) \u00e9 \u2026<\/p>\t\t<\/div>\n\t\t\t\t\t\t\t\n\t\t\t\t<\/div>\n\t\t\t<\/div>\n\t\t<\/div>\n\n\t\t\t\t<div class=\"premium-blog-post-outer-container\" data-total=\"35\">\n\t\t\t<div class=\"premium-blog-post-container premium-blog-skin-classic\">\n\t\t\t\t\t\t\t\t\t<div class=\"premium-blog-thumb-effect-wrapper\">\n\t\t\t\t\t\t<div class=\"premium-blog-thumbnail-container premium-blog-zoomin-effect\">\n\t\t\t\t\t\t\t<img fetchpriority=\"high\" decoding=\"async\" width=\"466\" height=\"466\" src=\"https:\/\/fieam.org.br\/sesi\/wp-content\/uploads\/sites\/14\/2025\/06\/SELECAO-DE-TALENTOS-SENAI-copia-2.png\" class=\"attachment-full size-full wp-image-22091\" alt=\"\" srcset=\"https:\/\/fieam.org.br\/sesi\/wp-content\/uploads\/sites\/14\/2025\/06\/SELECAO-DE-TALENTOS-SENAI-copia-2.png 466w, https:\/\/fieam.org.br\/sesi\/wp-content\/uploads\/sites\/14\/2025\/06\/SELECAO-DE-TALENTOS-SENAI-copia-2-300x300.png 300w, https:\/\/fieam.org.br\/sesi\/wp-content\/uploads\/sites\/14\/2025\/06\/SELECAO-DE-TALENTOS-SENAI-copia-2-150x150.png 150w\" sizes=\"(max-width: 466px) 100vw, 466px\" \/>\t\t\t\t\t\t<\/div>\n\t\t\t\t\t\t\t\t\t\t\t\t\t<div class=\"premium-blog-thumbnail-overlay\">\n\t\t\t\t\t\t\t\t<a class=\"elementor-icon\" href=\"https:\/\/fieam.org.br\/sesi\/comunicado-processo-seletivo-externo-no-025-2026-cargo-professor-de-educacao-fisica\/\" target=\"_blank\">\n\t\t\t\t\t\t\t\t\t<span class=\"elementor-screen-only\">COMUNICADO PROCESSO SELETIVO EXTERNO \u2013 N\u00ba 025-2026\/CARGO: PROFESSOR DE EDUCA\u00c7\u00c3O F\u00cdSICA<\/span>\n\t\t\t\t\t\t\t\t<\/a>\n\t\t\t\t\t\t\t<\/div>\n\n\t\t\t\t\t\t\t\t\t\t\t\t\t\t\t\t\t\t<\/div>\n\t\t\t\t\t\t\t\t\t\t\t\t<div class=\"premium-blog-content-wrapper \">\n\n\t\t\t\t\t<div class=\"premium-blog-inner-container\">\n\n\t\t\t\t\t\t\t\t\t\t\t\t\t\t<h2 class=\"premium-blog-entry-title\">\n\t\t\t<a href=\"https:\/\/fieam.org.br\/sesi\/comunicado-processo-seletivo-externo-no-025-2026-cargo-professor-de-educacao-fisica\/\" target=\"_blank\">\n\t\t\t\tCOMUNICADO PROCESSO SELETIVO EXTERNO \u2013 N\u00ba 025-2026\/CARGO: PROFESSOR DE EDUCA\u00c7\u00c3O F\u00cdSICA\t\t\t<\/a>\n\t\t<\/h2>\n\t\t\t\t<div class=\"premium-blog-entry-meta\">\n\t\t\t\t\t\t\t<div class=\"premium-blog-post-author premium-blog-meta-data\">\n\t\t\t\t\t<i class=\"fa fa-user fa-fw\" aria-hidden=\"true\"><\/i>\n\t\t\t\t\t<a href=\"https:\/\/fieam.org.br\/sesi\/author\/ericafrazao\/\" rel=\"author\">ericafrazao<\/a>\t\t\t\t<\/div>\n\t\t\t\n\t\t\t\t\t\t\t<span class=\"premium-blog-meta-separator\">\u2022<\/span>\n\t\t\t\t<div class=\"premium-blog-post-time premium-blog-meta-data\">\n\t\t\t\t\t<i class=\"fa fa-calendar-alt\" aria-hidden=\"true\"><\/i>\n\t\t\t\t\t<span>03\/08\/2026<\/span>\n\t\t\t\t<\/div>\n\t\t\t\n\t\t\t\t\t\t\t<span class=\"premium-blog-meta-separator\">\u2022<\/span>\n\t\t\t\t<div class=\"premium-blog-post-categories premium-blog-meta-data\">\n\t\t\t\t\t<i class=\"fa fa-align-left fa-fw\" aria-hidden=\"true\"><\/i>\n\t\t\t\t\t<a href=\"https:\/\/fieam.org.br\/sesi\/noticias\/banner-destaque\/\" rel=\"category tag\">Banner Destaque<\/a>, <a href=\"https:\/\/fieam.org.br\/sesi\/noticias\/selecao\/\" rel=\"category tag\">selecao<\/a>\t\t\t\t<\/div>\n\t\t\t\n\t\t\t\t\t\t\t<span class=\"premium-blog-meta-separator\">\u2022<\/span>\n\t\t\t\t<div class=\"premium-blog-post-comments premium-blog-meta-data\">\n\t\t\t\t\t<i class=\"fa fa-comments-o fa-fw\" aria-hidden=\"true\"><\/i>\n\t\t\t\t\t<a href=\"https:\/\/fieam.org.br\/sesi\/comunicado-processo-seletivo-externo-no-025-2026-cargo-professor-de-educacao-fisica\/#respond\">No Comments<\/a>\t\t\t\t<\/div>\n\t\t\t\t\t<\/div>\n\t\t\n\t\t\t\t\t<\/div>\n\n\t\t\t\t\t\t\t<div class=\"premium-blog-content-inner-wrapper\">\n\t\t<p class=\"premium-blog-post-content\">CARGO: PROFESSOR DE EDUCA\u00c7\u00c3O F\u00cdSICA DISCIPLINA DE ATUA\u00c7\u00c3O: EDUCA\u00c7\u00c3O F\u00cdSICA CARGA HOR\u00c1RIA MENSAL: 10 HORAS MODALIDADE DO CONTRATO: TEMPO DETERMINADO O Servi\u00e7o \u2026<\/p>\t\t<\/div>\n\t\t\t\t\t\t\t\n\t\t\t\t<\/div>\n\t\t\t<\/div>\n\t\t<\/div>\n\n\t\t\t\t\t\t\t<\/div>\n\n\t\t\t\t\t<div class=\"premium-blog-footer\">\n\t\t\t\t\t\t\t<nav class=\"premium-blog-pagination-container\" role=\"navigation\" aria-label=\"Pagina\u00e7\u00e3o\">\n\t\t\t\t<span aria-current=\"page\" class=\"page-numbers current\">1<\/span>\n<a class=\"page-numbers\" href=\"https:\/\/fieam.org.br\/sesi\/wp-json\/wp\/v2\/pages\/4788\/page\/2\/\">2<\/a>\n<a class=\"page-numbers\" href=\"https:\/\/fieam.org.br\/sesi\/wp-json\/wp\/v2\/pages\/4788\/page\/3\/\">3<\/a>\n<span class=\"page-numbers dots\">&hellip;<\/span>\n<a class=\"page-numbers\" href=\"https:\/\/fieam.org.br\/sesi\/wp-json\/wp\/v2\/pages\/4788\/page\/5\/\">5<\/a>\n<a class=\"next page-numbers\" href=\"https:\/\/fieam.org.br\/sesi\/wp-json\/wp\/v2\/pages\/4788\/page\/2\/\">Pr\u00f3ximo \u00bb<\/a>\t\t\t<\/nav>\n\t\t\t\t\t\t<\/div>\n\t\t\n\t\t\n\t\t\t\t\t\t<\/div>\n\t\t\t\t<\/div>\n\t\t\t\t\t<\/div>\n\t\t\t\t<\/div>\n\t\t\t\t<section class=\"elementor-section elementor-top-section elementor-element elementor-element-39f9f482 elementor-section-boxed elementor-section-height-default elementor-section-height-default\" data-id=\"39f9f482\" data-element_type=\"section\" data-e-type=\"section\" data-settings=\"{&quot;ekit_has_onepagescroll_dot&quot;:&quot;yes&quot;}\">\n\t\t\t\t\t\t<div class=\"elementor-container elementor-column-gap-default\">\n\t\t\t\t\t<div class=\"elementor-column elementor-col-100 elementor-top-column elementor-element elementor-element-7fa10c01\" data-id=\"7fa10c01\" data-element_type=\"column\" data-e-type=\"column\">\n\t\t\t<div class=\"elementor-widget-wrap\">\n\t\t\t\t\t\t\t<\/div>\n\t\t<\/div>\n\t\t\t\t\t<\/div>\n\t\t<\/section>\n\t\t\t\t<\/div>\n\t\t","protected":false},"excerpt":{"rendered":"<p>Trabalhe Conosco O Servi\u00e7o Social da Ind\u00fastria (SESI) COMUNICADO PROCESSO SELETIVO EXTERNO \u2013 N\u00ba 020-2026\/ PSO \u2013 PROFISSIONAL DE SUPORTE OPERACIONAL ericafrazao \u2022 01\/06\/2026 \u2022 Banner Destaque, selecao \u2022 No Comments COMUNICADO PROCESSO SELETIVO EXTERNO \u2013 N\u00ba 020-2026 CARGO: PSO \u2013 PROFISSIONAL DE SUPORTE OPERACIONAL OCUPA\u00c7\u00c3O: SERVI\u00c7OS EDUCACIONAIS DISCIPLINA DE ATUA\u00c7\u00c3O: PEDAGOGIA O \u2026 COMUNICADO [&hellip;]<\/p>\n","protected":false},"author":1,"featured_media":0,"parent":0,"menu_order":0,"comment_status":"closed","ping_status":"closed","template":"","meta":{"footnotes":""},"class_list":["post-4788","page","type-page","status-publish","hentry"],"yoast_head":"<!-- This site is optimized with the Yoast SEO plugin v28.2 - https:\/\/yoast.com\/product\/yoast-seo-wordpress\/ -->\n<title>Trabalhe Conosco - SESI<\/title>\n<meta name=\"robots\" content=\"index, follow, max-snippet:-1, max-image-preview:large, max-video-preview:-1\" \/>\n<link rel=\"canonical\" href=\"https:\/\/fieam.org.br\/sesi\/trabalhe-conosco\/\" \/>\n<meta property=\"og:locale\" content=\"pt_BR\" \/>\n<meta property=\"og:type\" content=\"article\" \/>\n<meta property=\"og:title\" content=\"Trabalhe Conosco - SESI\" \/>\n<meta property=\"og:description\" content=\"Trabalhe Conosco O Servi\u00e7o Social da Ind\u00fastria (SESI) COMUNICADO PROCESSO SELETIVO EXTERNO \u2013 N\u00ba 020-2026\/ PSO \u2013 PROFISSIONAL DE SUPORTE OPERACIONAL ericafrazao \u2022 01\/06\/2026 \u2022 Banner Destaque, selecao \u2022 No Comments COMUNICADO PROCESSO SELETIVO EXTERNO \u2013 N\u00ba 020-2026 CARGO: PSO \u2013 PROFISSIONAL DE SUPORTE OPERACIONAL OCUPA\u00c7\u00c3O: SERVI\u00c7OS EDUCACIONAIS DISCIPLINA DE ATUA\u00c7\u00c3O: PEDAGOGIA O \u2026 COMUNICADO [&hellip;]\" \/>\n<meta property=\"og:url\" content=\"https:\/\/fieam.org.br\/sesi\/trabalhe-conosco\/\" \/>\n<meta property=\"og:site_name\" content=\"SESI\" \/>\n<meta property=\"article:modified_time\" content=\"2026-06-24T14:11:06+00:00\" \/>\n<meta property=\"og:image\" content=\"https:\/\/fieam.org.br\/sesi\/wp-content\/uploads\/sites\/14\/2024\/02\/setas.png\" \/>\n<meta name=\"twitter:card\" content=\"summary_large_image\" \/>\n<meta name=\"twitter:label1\" content=\"Est. tempo de leitura\" \/>\n\t<meta name=\"twitter:data1\" content=\"4 minutos\" \/>\n<script type=\"application\/ld+json\" class=\"yoast-schema-graph\">{\"@context\":\"https:\\\/\\\/schema.org\",\"@graph\":[{\"@type\":\"WebPage\",\"@id\":\"https:\\\/\\\/fieam.org.br\\\/sesi\\\/trabalhe-conosco\\\/\",\"url\":\"https:\\\/\\\/fieam.org.br\\\/sesi\\\/trabalhe-conosco\\\/\",\"name\":\"Trabalhe Conosco - SESI\",\"isPartOf\":{\"@id\":\"https:\\\/\\\/fieam.org.br\\\/sesi\\\/#website\"},\"primaryImageOfPage\":{\"@id\":\"https:\\\/\\\/fieam.org.br\\\/sesi\\\/trabalhe-conosco\\\/#primaryimage\"},\"image\":{\"@id\":\"https:\\\/\\\/fieam.org.br\\\/sesi\\\/trabalhe-conosco\\\/#primaryimage\"},\"thumbnailUrl\":\"https:\\\/\\\/fieam.org.br\\\/sesi\\\/wp-content\\\/uploads\\\/sites\\\/14\\\/2024\\\/02\\\/setas.png\",\"datePublished\":\"2024-02-28T23:37:09+00:00\",\"dateModified\":\"2026-06-24T14:11:06+00:00\",\"breadcrumb\":{\"@id\":\"https:\\\/\\\/fieam.org.br\\\/sesi\\\/trabalhe-conosco\\\/#breadcrumb\"},\"inLanguage\":\"pt-BR\",\"potentialAction\":[{\"@type\":\"ReadAction\",\"target\":[\"https:\\\/\\\/fieam.org.br\\\/sesi\\\/trabalhe-conosco\\\/\"]}]},{\"@type\":\"ImageObject\",\"inLanguage\":\"pt-BR\",\"@id\":\"https:\\\/\\\/fieam.org.br\\\/sesi\\\/trabalhe-conosco\\\/#primaryimage\",\"url\":\"https:\\\/\\\/fieam.org.br\\\/sesi\\\/wp-content\\\/uploads\\\/sites\\\/14\\\/2024\\\/02\\\/setas.png\",\"contentUrl\":\"https:\\\/\\\/fieam.org.br\\\/sesi\\\/wp-content\\\/uploads\\\/sites\\\/14\\\/2024\\\/02\\\/setas.png\",\"width\":45,\"height\":38},{\"@type\":\"BreadcrumbList\",\"@id\":\"https:\\\/\\\/fieam.org.br\\\/sesi\\\/trabalhe-conosco\\\/#breadcrumb\",\"itemListElement\":[{\"@type\":\"ListItem\",\"position\":1,\"name\":\"In\u00edcio\",\"item\":\"https:\\\/\\\/fieam.org.br\\\/sesi\\\/\"},{\"@type\":\"ListItem\",\"position\":2,\"name\":\"Trabalhe Conosco\"}]},{\"@type\":\"WebSite\",\"@id\":\"https:\\\/\\\/fieam.org.br\\\/sesi\\\/#website\",\"url\":\"https:\\\/\\\/fieam.org.br\\\/sesi\\\/\",\"name\":\"SESI\",\"description\":\"Site Oficial!\",\"publisher\":{\"@id\":\"https:\\\/\\\/fieam.org.br\\\/sesi\\\/#organization\"},\"potentialAction\":[{\"@type\":\"SearchAction\",\"target\":{\"@type\":\"EntryPoint\",\"urlTemplate\":\"https:\\\/\\\/fieam.org.br\\\/sesi\\\/?s={search_term_string}\"},\"query-input\":{\"@type\":\"PropertyValueSpecification\",\"valueRequired\":true,\"valueName\":\"search_term_string\"}}],\"inLanguage\":\"pt-BR\"},{\"@type\":\"Organization\",\"@id\":\"https:\\\/\\\/fieam.org.br\\\/sesi\\\/#organization\",\"name\":\"SESI\",\"url\":\"https:\\\/\\\/fieam.org.br\\\/sesi\\\/\",\"logo\":{\"@type\":\"ImageObject\",\"inLanguage\":\"pt-BR\",\"@id\":\"https:\\\/\\\/fieam.org.br\\\/sesi\\\/#\\\/schema\\\/logo\\\/image\\\/\",\"url\":\"https:\\\/\\\/fieam.org.br\\\/sesi\\\/wp-content\\\/uploads\\\/sites\\\/14\\\/2024\\\/03\\\/cropped-fav.png\",\"contentUrl\":\"https:\\\/\\\/fieam.org.br\\\/sesi\\\/wp-content\\\/uploads\\\/sites\\\/14\\\/2024\\\/03\\\/cropped-fav.png\",\"width\":610,\"height\":589,\"caption\":\"SESI\"},\"image\":{\"@id\":\"https:\\\/\\\/fieam.org.br\\\/sesi\\\/#\\\/schema\\\/logo\\\/image\\\/\"}}]}<\/script>\n<!-- \/ Yoast SEO plugin. -->","yoast_head_json":{"title":"Trabalhe Conosco - SESI","robots":{"index":"index","follow":"follow","max-snippet":"max-snippet:-1","max-image-preview":"max-image-preview:large","max-video-preview":"max-video-preview:-1"},"canonical":"https:\/\/fieam.org.br\/sesi\/trabalhe-conosco\/","og_locale":"pt_BR","og_type":"article","og_title":"Trabalhe Conosco - SESI","og_description":"Trabalhe Conosco O Servi\u00e7o Social da Ind\u00fastria (SESI) COMUNICADO PROCESSO SELETIVO EXTERNO \u2013 N\u00ba 020-2026\/ PSO \u2013 PROFISSIONAL DE SUPORTE OPERACIONAL ericafrazao \u2022 01\/06\/2026 \u2022 Banner Destaque, selecao \u2022 No Comments COMUNICADO PROCESSO SELETIVO EXTERNO \u2013 N\u00ba 020-2026 CARGO: PSO \u2013 PROFISSIONAL DE SUPORTE OPERACIONAL OCUPA\u00c7\u00c3O: SERVI\u00c7OS EDUCACIONAIS DISCIPLINA DE ATUA\u00c7\u00c3O: PEDAGOGIA O \u2026 COMUNICADO [&hellip;]","og_url":"https:\/\/fieam.org.br\/sesi\/trabalhe-conosco\/","og_site_name":"SESI","article_modified_time":"2026-06-24T14:11:06+00:00","og_image":[{"url":"https:\/\/fieam.org.br\/sesi\/wp-content\/uploads\/sites\/14\/2024\/02\/setas.png","type":"","width":"","height":""}],"twitter_card":"summary_large_image","twitter_misc":{"Est. tempo de leitura":"4 minutos"},"schema":{"@context":"https:\/\/schema.org","@graph":[{"@type":"WebPage","@id":"https:\/\/fieam.org.br\/sesi\/trabalhe-conosco\/","url":"https:\/\/fieam.org.br\/sesi\/trabalhe-conosco\/","name":"Trabalhe Conosco - SESI","isPartOf":{"@id":"https:\/\/fieam.org.br\/sesi\/#website"},"primaryImageOfPage":{"@id":"https:\/\/fieam.org.br\/sesi\/trabalhe-conosco\/#primaryimage"},"image":{"@id":"https:\/\/fieam.org.br\/sesi\/trabalhe-conosco\/#primaryimage"},"thumbnailUrl":"https:\/\/fieam.org.br\/sesi\/wp-content\/uploads\/sites\/14\/2024\/02\/setas.png","datePublished":"2024-02-28T23:37:09+00:00","dateModified":"2026-06-24T14:11:06+00:00","breadcrumb":{"@id":"https:\/\/fieam.org.br\/sesi\/trabalhe-conosco\/#breadcrumb"},"inLanguage":"pt-BR","potentialAction":[{"@type":"ReadAction","target":["https:\/\/fieam.org.br\/sesi\/trabalhe-conosco\/"]}]},{"@type":"ImageObject","inLanguage":"pt-BR","@id":"https:\/\/fieam.org.br\/sesi\/trabalhe-conosco\/#primaryimage","url":"https:\/\/fieam.org.br\/sesi\/wp-content\/uploads\/sites\/14\/2024\/02\/setas.png","contentUrl":"https:\/\/fieam.org.br\/sesi\/wp-content\/uploads\/sites\/14\/2024\/02\/setas.png","width":45,"height":38},{"@type":"BreadcrumbList","@id":"https:\/\/fieam.org.br\/sesi\/trabalhe-conosco\/#breadcrumb","itemListElement":[{"@type":"ListItem","position":1,"name":"In\u00edcio","item":"https:\/\/fieam.org.br\/sesi\/"},{"@type":"ListItem","position":2,"name":"Trabalhe Conosco"}]},{"@type":"WebSite","@id":"https:\/\/fieam.org.br\/sesi\/#website","url":"https:\/\/fieam.org.br\/sesi\/","name":"SESI","description":"Site Oficial!","publisher":{"@id":"https:\/\/fieam.org.br\/sesi\/#organization"},"potentialAction":[{"@type":"SearchAction","target":{"@type":"EntryPoint","urlTemplate":"https:\/\/fieam.org.br\/sesi\/?s={search_term_string}"},"query-input":{"@type":"PropertyValueSpecification","valueRequired":true,"valueName":"search_term_string"}}],"inLanguage":"pt-BR"},{"@type":"Organization","@id":"https:\/\/fieam.org.br\/sesi\/#organization","name":"SESI","url":"https:\/\/fieam.org.br\/sesi\/","logo":{"@type":"ImageObject","inLanguage":"pt-BR","@id":"https:\/\/fieam.org.br\/sesi\/#\/schema\/logo\/image\/","url":"https:\/\/fieam.org.br\/sesi\/wp-content\/uploads\/sites\/14\/2024\/03\/cropped-fav.png","contentUrl":"https:\/\/fieam.org.br\/sesi\/wp-content\/uploads\/sites\/14\/2024\/03\/cropped-fav.png","width":610,"height":589,"caption":"SESI"},"image":{"@id":"https:\/\/fieam.org.br\/sesi\/#\/schema\/logo\/image\/"}}]}},"_links":{"self":[{"href":"https:\/\/fieam.org.br\/sesi\/wp-json\/wp\/v2\/pages\/4788","targetHints":{"allow":["GET"]}}],"collection":[{"href":"https:\/\/fieam.org.br\/sesi\/wp-json\/wp\/v2\/pages"}],"about":[{"href":"https:\/\/fieam.org.br\/sesi\/wp-json\/wp\/v2\/types\/page"}],"author":[{"embeddable":true,"href":"https:\/\/fieam.org.br\/sesi\/wp-json\/wp\/v2\/users\/1"}],"replies":[{"embeddable":true,"href":"https:\/\/fieam.org.br\/sesi\/wp-json\/wp\/v2\/comments?post=4788"}],"version-history":[{"count":23,"href":"https:\/\/fieam.org.br\/sesi\/wp-json\/wp\/v2\/pages\/4788\/revisions"}],"predecessor-version":[{"id":24328,"href":"https:\/\/fieam.org.br\/sesi\/wp-json\/wp\/v2\/pages\/4788\/revisions\/24328"}],"wp:attachment":[{"href":"https:\/\/fieam.org.br\/sesi\/wp-json\/wp\/v2\/media?parent=4788"}],"curies":[{"name":"wp","href":"https:\/\/api.w.org\/{rel}","templated":true}]}}