{"id":22422,"date":"2025-09-30T12:57:28","date_gmt":"2025-09-30T12:57:28","guid":{"rendered":"https:\/\/fieam.org.br\/sesi\/?page_id=22422"},"modified":"2025-11-14T20:48:01","modified_gmt":"2025-11-14T20:48:01","slug":"gratuidade-regulamentar-2","status":"publish","type":"page","link":"https:\/\/fieam.org.br\/sesi\/gratuidade-regulamentar-2\/","title":{"rendered":"Gratuidade Regulamentar 2"},"content":{"rendered":"\t\t<div data-elementor-type=\"wp-page\" data-elementor-id=\"22422\" class=\"elementor elementor-22422\" data-elementor-post-type=\"page\">\n\t\t\t\t\t\t<section class=\"elementor-section elementor-top-section elementor-element elementor-element-2ddae612 elementor-section-full_width elementor-section-height-default elementor-section-height-default\" data-id=\"2ddae612\" data-element_type=\"section\" data-settings=\"{&quot;background_background&quot;:&quot;classic&quot;,&quot;ekit_has_onepagescroll_dot&quot;:&quot;yes&quot;}\">\n\t\t\t\t\t\t\t<div class=\"elementor-background-overlay\"><\/div>\n\t\t\t\t\t\t\t<div class=\"elementor-container elementor-column-gap-default\">\n\t\t\t\t\t<div class=\"elementor-column elementor-col-100 elementor-top-column elementor-element elementor-element-5a270926\" data-id=\"5a270926\" data-element_type=\"column\">\n\t\t\t<div class=\"elementor-widget-wrap elementor-element-populated\">\n\t\t\t\t\t\t<div class=\"elementor-element elementor-element-41d3045c elementor-widget__width-auto elementor-invisible elementor-widget elementor-widget-image\" data-id=\"41d3045c\" data-element_type=\"widget\" data-settings=\"{&quot;_animation&quot;:&quot;rotateIn&quot;,&quot;_animation_delay&quot;:&quot;720&quot;,&quot;ekit_we_effect_on&quot;:&quot;none&quot;}\" data-widget_type=\"image.default\">\n\t\t\t\t<div class=\"elementor-widget-container\">\n\t\t\t\t\t\t\t\t\t\t\t\t\t\t\t<img decoding=\"async\" width=\"45\" height=\"38\" src=\"https:\/\/fieam.org.br\/sesi\/wp-content\/uploads\/sites\/14\/2024\/02\/setas.png\" class=\"attachment-full size-full wp-image-4668\" alt=\"\" \/>\t\t\t\t\t\t\t\t\t\t\t\t\t\t\t<\/div>\n\t\t\t\t<\/div>\n\t\t\t\t<div class=\"elementor-element elementor-element-47779439 elementor-invisible elementor-widget elementor-widget-heading\" data-id=\"47779439\" data-element_type=\"widget\" data-settings=\"{&quot;_animation&quot;:&quot;fadeInDown&quot;,&quot;ekit_we_effect_on&quot;:&quot;none&quot;}\" data-widget_type=\"heading.default\">\n\t\t\t\t<div class=\"elementor-widget-container\">\n\t\t\t\t\t<h2 class=\"elementor-heading-title elementor-size-default\">Gratuidade Regulamentar<\/h2>\t\t\t\t<\/div>\n\t\t\t\t<\/div>\n\t\t\t\t<div class=\"elementor-element elementor-element-1e8b08d4 elementor-invisible elementor-widget elementor-widget-heading\" data-id=\"1e8b08d4\" data-element_type=\"widget\" data-settings=\"{&quot;_animation&quot;:&quot;fadeInUp&quot;,&quot;ekit_we_effect_on&quot;:&quot;none&quot;}\" data-widget_type=\"heading.default\">\n\t\t\t\t<div class=\"elementor-widget-container\">\n\t\t\t\t\t<div class=\"elementor-heading-title elementor-size-default\">Servi\u00e7o Social da Ind\u00fastria (SESI)<\/div>\t\t\t\t<\/div>\n\t\t\t\t<\/div>\n\t\t\t\t\t<\/div>\n\t\t<\/div>\n\t\t\t\t\t<\/div>\n\t\t<\/section>\n\t\t<div class=\"elementor-element elementor-element-121883d e-flex e-con-boxed e-con e-parent\" data-id=\"121883d\" data-element_type=\"container\" data-settings=\"{&quot;ekit_has_onepagescroll_dot&quot;:&quot;yes&quot;}\">\n\t\t\t\t\t<div class=\"e-con-inner\">\n\t\t<div class=\"elementor-element elementor-element-11bf925 e-con-full e-flex e-con e-child\" data-id=\"11bf925\" data-element_type=\"container\" data-settings=\"{&quot;ekit_has_onepagescroll_dot&quot;:&quot;yes&quot;}\">\n\t\t\t\t<div class=\"elementor-element elementor-element-c08af9e elementor-widget elementor-widget-toggle\" data-id=\"c08af9e\" data-element_type=\"widget\" data-settings=\"{&quot;ekit_we_effect_on&quot;:&quot;none&quot;}\" data-widget_type=\"toggle.default\">\n\t\t\t\t<div class=\"elementor-widget-container\">\n\t\t\t\t\t\t\t<div class=\"elementor-toggle\">\n\t\t\t\t\t\t\t<div class=\"elementor-toggle-item\">\n\t\t\t\t\t<div id=\"elementor-tab-title-2011\" class=\"elementor-tab-title\" data-tab=\"1\" role=\"button\" aria-controls=\"elementor-tab-content-2011\" aria-expanded=\"false\">\n\t\t\t\t\t\t\t\t\t\t\t\t<span class=\"elementor-toggle-icon elementor-toggle-icon-left\" aria-hidden=\"true\">\n\t\t\t\t\t\t\t\t\t\t\t\t\t\t\t<span class=\"elementor-toggle-icon-closed\"><svg class=\"e-font-icon-svg e-fas-caret-right\" viewBox=\"0 0 192 512\" xmlns=\"http:\/\/www.w3.org\/2000\/svg\"><path d=\"M0 384.662V127.338c0-17.818 21.543-26.741 34.142-14.142l128.662 128.662c7.81 7.81 7.81 20.474 0 28.284L34.142 398.804C21.543 411.404 0 402.48 0 384.662z\"><\/path><\/svg><\/span>\n\t\t\t\t\t\t\t\t<span class=\"elementor-toggle-icon-opened\"><svg class=\"elementor-toggle-icon-opened e-font-icon-svg e-fas-caret-up\" viewBox=\"0 0 320 512\" xmlns=\"http:\/\/www.w3.org\/2000\/svg\"><path d=\"M288.662 352H31.338c-17.818 0-26.741-21.543-14.142-34.142l128.662-128.662c7.81-7.81 20.474-7.81 28.284 0l128.662 128.662c12.6 12.599 3.676 34.142-14.142 34.142z\"><\/path><\/svg><\/span>\n\t\t\t\t\t\t\t\t\t\t\t\t\t<\/span>\n\t\t\t\t\t\t\t\t\t\t\t\t<a class=\"elementor-toggle-title\" tabindex=\"0\">ESCOLA SESI ABRAH\u00c3O SABB\u00c1<\/a>\n\t\t\t\t\t<\/div>\n\n\t\t\t\t\t<div id=\"elementor-tab-content-2011\" class=\"elementor-tab-content elementor-clearfix\" data-tab=\"1\" role=\"region\" aria-labelledby=\"elementor-tab-title-2011\"><p><a href=\"https:\/\/fieam.org.br\/sesi\/wp-content\/uploads\/sites\/14\/2025\/11\/Resultado-Processo-Seletivo-SESI-Amazonas-N-001.2025-Escola-SESI-Abrahao-Sabba-1.pdf\">Resultado Processo Seletivo SESI Amazonas N 001.2025 &#8211; Escola SESI Abrah\u00e3o Sabb\u00e1. Clique aqui!<\/a><\/p><p><a href=\"https:\/\/fieam.org.br\/sesi\/wp-content\/uploads\/sites\/14\/2025\/11\/Resultado-Processo-Seletivo-SESI-Amazonas-N-001.2025-Escola-SESI-Abrahao-Sabba-2.pdf\">Resultado final do Processo Seletivo SESI Amazonas N 001.2025 &#8211; Escola SESI Abrah\u00e3o Sabb\u00e1. Clique aqui!<\/a><\/p><p><a href=\"https:\/\/fieam.org.br\/sesi\/wp-content\/uploads\/sites\/14\/2025\/11\/LISTA-FINAL-DE-CLASSIFICADOS-DO-PROCESSO-SELETIVO-SESI-AMAZONAS-No-0012025-ESCOLA-SESI-ABRAHAO-SABBA.pdf\">Lista Final de Classificados do Processo Seletivo SESI Amazonas N\u00ba 0012025 Escola SESI Abrah\u00e3o Sabb\u00e1. Clique aqui!<\/a><\/p><\/div>\n\t\t\t\t<\/div>\n\t\t\t\t\t\t\t<div class=\"elementor-toggle-item\">\n\t\t\t\t\t<div id=\"elementor-tab-title-2012\" class=\"elementor-tab-title\" data-tab=\"2\" role=\"button\" aria-controls=\"elementor-tab-content-2012\" aria-expanded=\"false\">\n\t\t\t\t\t\t\t\t\t\t\t\t<span class=\"elementor-toggle-icon elementor-toggle-icon-left\" aria-hidden=\"true\">\n\t\t\t\t\t\t\t\t\t\t\t\t\t\t\t<span class=\"elementor-toggle-icon-closed\"><svg class=\"e-font-icon-svg e-fas-caret-right\" viewBox=\"0 0 192 512\" xmlns=\"http:\/\/www.w3.org\/2000\/svg\"><path d=\"M0 384.662V127.338c0-17.818 21.543-26.741 34.142-14.142l128.662 128.662c7.81 7.81 7.81 20.474 0 28.284L34.142 398.804C21.543 411.404 0 402.48 0 384.662z\"><\/path><\/svg><\/span>\n\t\t\t\t\t\t\t\t<span class=\"elementor-toggle-icon-opened\"><svg class=\"elementor-toggle-icon-opened e-font-icon-svg e-fas-caret-up\" viewBox=\"0 0 320 512\" xmlns=\"http:\/\/www.w3.org\/2000\/svg\"><path d=\"M288.662 352H31.338c-17.818 0-26.741-21.543-14.142-34.142l128.662-128.662c7.81-7.81 20.474-7.81 28.284 0l128.662 128.662c12.6 12.599 3.676 34.142-14.142 34.142z\"><\/path><\/svg><\/span>\n\t\t\t\t\t\t\t\t\t\t\t\t\t<\/span>\n\t\t\t\t\t\t\t\t\t\t\t\t<a class=\"elementor-toggle-title\" tabindex=\"0\">ESCOLA SESI DAVID N\u00d3VOA ALVAREZ<\/a>\n\t\t\t\t\t<\/div>\n\n\t\t\t\t\t<div id=\"elementor-tab-content-2012\" class=\"elementor-tab-content elementor-clearfix\" data-tab=\"2\" role=\"region\" aria-labelledby=\"elementor-tab-title-2012\"><p><a href=\"https:\/\/fieam.org.br\/sesi\/wp-content\/uploads\/sites\/14\/2025\/11\/Resultado-Processo-Seletivo-SESI-Amazonas-No-001.2025-Escola-SESI-David-Novoa-Alvarez-1.pdf\">Resultado Processo Seletivo SESI Amazonas N\u00ba 001.2025 &#8211; Escola SESI David N\u00f3voa Alvarez. Clique aqui!\u00a0<\/a><\/p><p><a href=\"https:\/\/fieam.org.br\/sesi\/wp-content\/uploads\/sites\/14\/2025\/11\/Resultado-Processo-Seletivo-SESI-Amazonas-No-001.2025-Escola-SESI-David-Novoa-Alvarez-2.pdf\">Resultado final do Processo Seletivo SESI Amazonas N\u00ba 001.2025 &#8211; Escola SESI David N\u00f3voa Alvarez. Clique aqui!<\/a><\/p><p><a href=\"https:\/\/fieam.org.br\/sesi\/wp-content\/uploads\/sites\/14\/2025\/11\/LISTA-FINAL-DE-CLASSIFICADOS-DO-PROCESSO-SELETIVO-SESI-AMAZONAS-No-0012025-ESCOLA-SESI-DAVID-NOVOA-ALVAREZ.pdf\">Lista Final de Classificados do Processo Seletivo SESI Amazonas N\u00ba 0012025 Escola SESI David N\u00f3voa Alvarez. Clique aqui!\u00a0<\/a><\/p><\/div>\n\t\t\t\t<\/div>\n\t\t\t\t\t\t\t<div class=\"elementor-toggle-item\">\n\t\t\t\t\t<div id=\"elementor-tab-title-2013\" class=\"elementor-tab-title\" data-tab=\"3\" role=\"button\" aria-controls=\"elementor-tab-content-2013\" aria-expanded=\"false\">\n\t\t\t\t\t\t\t\t\t\t\t\t<span class=\"elementor-toggle-icon elementor-toggle-icon-left\" aria-hidden=\"true\">\n\t\t\t\t\t\t\t\t\t\t\t\t\t\t\t<span class=\"elementor-toggle-icon-closed\"><svg class=\"e-font-icon-svg e-fas-caret-right\" viewBox=\"0 0 192 512\" xmlns=\"http:\/\/www.w3.org\/2000\/svg\"><path d=\"M0 384.662V127.338c0-17.818 21.543-26.741 34.142-14.142l128.662 128.662c7.81 7.81 7.81 20.474 0 28.284L34.142 398.804C21.543 411.404 0 402.48 0 384.662z\"><\/path><\/svg><\/span>\n\t\t\t\t\t\t\t\t<span class=\"elementor-toggle-icon-opened\"><svg class=\"elementor-toggle-icon-opened e-font-icon-svg e-fas-caret-up\" viewBox=\"0 0 320 512\" xmlns=\"http:\/\/www.w3.org\/2000\/svg\"><path d=\"M288.662 352H31.338c-17.818 0-26.741-21.543-14.142-34.142l128.662-128.662c7.81-7.81 20.474-7.81 28.284 0l128.662 128.662c12.6 12.599 3.676 34.142-14.142 34.142z\"><\/path><\/svg><\/span>\n\t\t\t\t\t\t\t\t\t\t\t\t\t<\/span>\n\t\t\t\t\t\t\t\t\t\t\t\t<a class=\"elementor-toggle-title\" tabindex=\"0\">ESCOLA SESI PADRE FRANCISCO LUPPINO<\/a>\n\t\t\t\t\t<\/div>\n\n\t\t\t\t\t<div id=\"elementor-tab-content-2013\" class=\"elementor-tab-content elementor-clearfix\" data-tab=\"3\" role=\"region\" aria-labelledby=\"elementor-tab-title-2013\"><p><a href=\"https:\/\/fieam.org.br\/sesi\/wp-content\/uploads\/sites\/14\/2025\/11\/Resultado-Processo-Seletivo-SESI-Amazonas-No-001.2025-Escola-SESI-Padre-Francisco-Luppino-1.pdf\">Resultado Processo Seletivo SESI Amazonas N\u00ba 001.2025 &#8211; Escola SESI Padre Francisco Luppino. Clique aqui!\u00a0<\/a><\/p><p><a href=\"https:\/\/fieam.org.br\/sesi\/wp-content\/uploads\/sites\/14\/2025\/11\/Resultado-Processo-Seletivo-SESI-Amazonas-No-001.2025-Escola-SESI-Padre-Francisco-Luppino-3.pdf\">Resultado final do Processo Seletivo SESI Amazonas N\u00ba 001.2025 &#8211; Escola SESI Padre Francisco Luppino<\/a><\/p><p><a href=\"https:\/\/fieam.org.br\/sesi\/wp-content\/uploads\/sites\/14\/2025\/11\/LISTA-FINAL-DE-CLASSIFICADOS-DO-PROCESSO-SELETIVO-SESI-AMAZONAS-No-0012025-ESCOLA-SESI-PADRE-FRANCISCO-LUPPINO.pdf\">Lista Final de Classificados do Processo Seletivo SESI Amazonas N\u00ba 0012025 Escola SESI Padre Francisco Luppino. Clique aqui!<\/a><\/p><\/div>\n\t\t\t\t<\/div>\n\t\t\t\t\t\t\t<div class=\"elementor-toggle-item\">\n\t\t\t\t\t<div id=\"elementor-tab-title-2014\" class=\"elementor-tab-title\" data-tab=\"4\" role=\"button\" aria-controls=\"elementor-tab-content-2014\" aria-expanded=\"false\">\n\t\t\t\t\t\t\t\t\t\t\t\t<span class=\"elementor-toggle-icon elementor-toggle-icon-left\" aria-hidden=\"true\">\n\t\t\t\t\t\t\t\t\t\t\t\t\t\t\t<span class=\"elementor-toggle-icon-closed\"><svg class=\"e-font-icon-svg e-fas-caret-right\" viewBox=\"0 0 192 512\" xmlns=\"http:\/\/www.w3.org\/2000\/svg\"><path d=\"M0 384.662V127.338c0-17.818 21.543-26.741 34.142-14.142l128.662 128.662c7.81 7.81 7.81 20.474 0 28.284L34.142 398.804C21.543 411.404 0 402.48 0 384.662z\"><\/path><\/svg><\/span>\n\t\t\t\t\t\t\t\t<span class=\"elementor-toggle-icon-opened\"><svg class=\"elementor-toggle-icon-opened e-font-icon-svg e-fas-caret-up\" viewBox=\"0 0 320 512\" xmlns=\"http:\/\/www.w3.org\/2000\/svg\"><path d=\"M288.662 352H31.338c-17.818 0-26.741-21.543-14.142-34.142l128.662-128.662c7.81-7.81 20.474-7.81 28.284 0l128.662 128.662c12.6 12.599 3.676 34.142-14.142 34.142z\"><\/path><\/svg><\/span>\n\t\t\t\t\t\t\t\t\t\t\t\t\t<\/span>\n\t\t\t\t\t\t\t\t\t\t\t\t<a class=\"elementor-toggle-title\" tabindex=\"0\">ESCOLA SESI DE REFER\u00caNCIA DRA. EMINA BARBOSA MUSTAFA<\/a>\n\t\t\t\t\t<\/div>\n\n\t\t\t\t\t<div id=\"elementor-tab-content-2014\" class=\"elementor-tab-content elementor-clearfix\" data-tab=\"4\" role=\"region\" aria-labelledby=\"elementor-tab-title-2014\"><p><a href=\"https:\/\/fieam.org.br\/sesi\/wp-content\/uploads\/sites\/14\/2025\/11\/Resultado-Processo-Seletivo-SESI-Amazonas-N-001.2025-Escola-SESI-Dra.-Emina-Barbosa-Mustafa-3.pdf\">Resultado Processo Seletivo SESI Amazonas N 001.2025 &#8211; Escola SESI Dra. Emina Barbosa Mustafa. Clique aqui!\u00a0<\/a><\/p><p><a href=\"https:\/\/fieam.org.br\/sesi\/wp-content\/uploads\/sites\/14\/2025\/11\/PSGR-2026_Alt-Cronog_Escola-SESI-Dra.-Emina-Barbosa-Mustafa.pdf\">Altera\u00e7\u00e3o do cronograma da Escola SESI Dra. Emina Barbosa Mustafa. Clique aqui!<\/a><\/p><p><a href=\"https:\/\/fieam.org.br\/sesi\/wp-content\/uploads\/sites\/14\/2025\/11\/PRGR-SESI-AM-2026_Resultado-FINAL_14-11-2025-resultado-final.pdf\">Resultado Final do Processo Seletivo SESI Amazonas N\u00ba 0012025 \u2013 Ano Letivo 2026 &#8211; SESI Escola de Refer\u00eancia Dra. Emina Barbosa Mustafa. Clique aqui!<\/a><\/p><\/div>\n\t\t\t\t<\/div>\n\t\t\t\t\t\t\t\t<\/div>\n\t\t\t\t\t\t<\/div>\n\t\t\t\t<\/div>\n\t\t\t\t<\/div>\n\t\t\t\t\t<\/div>\n\t\t\t\t<\/div>\n\t\t<div class=\"elementor-element elementor-element-f8c97d2 e-flex e-con-boxed e-con e-parent\" data-id=\"f8c97d2\" data-element_type=\"container\" data-settings=\"{&quot;ekit_has_onepagescroll_dot&quot;:&quot;yes&quot;}\">\n\t\t\t\t\t<div class=\"e-con-inner\">\n\t\t<div class=\"elementor-element elementor-element-dd5d4e8 e-con-full e-flex e-con e-child\" data-id=\"dd5d4e8\" data-element_type=\"container\" data-settings=\"{&quot;ekit_has_onepagescroll_dot&quot;:&quot;yes&quot;}\">\n\t\t\t\t<div class=\"elementor-element elementor-element-5556560 elementor-widget elementor-widget-toggle\" data-id=\"5556560\" data-element_type=\"widget\" data-settings=\"{&quot;ekit_we_effect_on&quot;:&quot;none&quot;}\" data-widget_type=\"toggle.default\">\n\t\t\t\t<div class=\"elementor-widget-container\">\n\t\t\t\t\t\t\t<div class=\"elementor-toggle\">\n\t\t\t\t\t\t\t<div class=\"elementor-toggle-item\">\n\t\t\t\t\t<div id=\"elementor-tab-title-8941\" class=\"elementor-tab-title\" data-tab=\"1\" role=\"button\" aria-controls=\"elementor-tab-content-8941\" aria-expanded=\"false\">\n\t\t\t\t\t\t\t\t\t\t\t\t<span class=\"elementor-toggle-icon elementor-toggle-icon-left\" aria-hidden=\"true\">\n\t\t\t\t\t\t\t\t\t\t\t\t\t\t\t<span class=\"elementor-toggle-icon-closed\"><svg class=\"e-font-icon-svg e-fas-caret-right\" viewBox=\"0 0 192 512\" xmlns=\"http:\/\/www.w3.org\/2000\/svg\"><path d=\"M0 384.662V127.338c0-17.818 21.543-26.741 34.142-14.142l128.662 128.662c7.81 7.81 7.81 20.474 0 28.284L34.142 398.804C21.543 411.404 0 402.48 0 384.662z\"><\/path><\/svg><\/span>\n\t\t\t\t\t\t\t\t<span class=\"elementor-toggle-icon-opened\"><svg class=\"elementor-toggle-icon-opened e-font-icon-svg e-fas-caret-up\" viewBox=\"0 0 320 512\" xmlns=\"http:\/\/www.w3.org\/2000\/svg\"><path d=\"M288.662 352H31.338c-17.818 0-26.741-21.543-14.142-34.142l128.662-128.662c7.81-7.81 20.474-7.81 28.284 0l128.662 128.662c12.6 12.599 3.676 34.142-14.142 34.142z\"><\/path><\/svg><\/span>\n\t\t\t\t\t\t\t\t\t\t\t\t\t<\/span>\n\t\t\t\t\t\t\t\t\t\t\t\t<a class=\"elementor-toggle-title\" tabindex=\"0\">1\u00ba ETAPA<\/a>\n\t\t\t\t\t<\/div>\n\n\t\t\t\t\t<div id=\"elementor-tab-content-8941\" class=\"elementor-tab-content elementor-clearfix\" data-tab=\"1\" role=\"region\" aria-labelledby=\"elementor-tab-title-8941\"><p><a href=\"https:\/\/fieam.org.br\/sesi\/wp-content\/uploads\/sites\/14\/2025\/11\/Processo-Seletivo-SESI-Amazonas-N-001.2025-ANO-LETIVO-2026.pdf\">Processo Seletivo SESI Amazonas N\u00ba 001\/2025 \u00a0&#8211; ANO LETIVO 2026<\/a><\/p><\/div>\n\t\t\t\t<\/div>\n\t\t\t\t\t\t\t\t<\/div>\n\t\t\t\t\t\t<\/div>\n\t\t\t\t<\/div>\n\t\t\t\t<\/div>\n\t\t\t\t\t<\/div>\n\t\t\t\t<\/div>\n\t\t\t\t<\/div>\n\t\t","protected":false},"excerpt":{"rendered":"<p>Gratuidade Regulamentar Servi\u00e7o Social da Ind\u00fastria (SESI) ESCOLA SESI ABRAH\u00c3O SABB\u00c1 Resultado Processo Seletivo SESI Amazonas N 001.2025 \u2013 Escola SESI Abrah\u00e3o Sabb\u00e1. Clique aqui! Resultado final do Processo Seletivo SESI Amazonas N 001.2025 \u2013 Escola SESI Abrah\u00e3o Sabb\u00e1. Clique aqui! Lista Final de Classificados do Processo Seletivo SESI Amazonas N\u00ba 0012025 Escola SESI Abrah\u00e3o [&hellip;]<\/p>\n","protected":false},"author":11,"featured_media":0,"parent":0,"menu_order":0,"comment_status":"closed","ping_status":"closed","template":"","meta":{"footnotes":""},"class_list":["post-22422","page","type-page","status-publish","hentry"],"yoast_head":"<!-- This site is optimized with the Yoast SEO plugin v26.8 - https:\/\/yoast.com\/product\/yoast-seo-wordpress\/ -->\n<title>Gratuidade Regulamentar 2 - SESI<\/title>\n<meta name=\"robots\" content=\"index, follow, max-snippet:-1, max-image-preview:large, max-video-preview:-1\" \/>\n<link rel=\"canonical\" href=\"https:\/\/fieam.org.br\/sesi\/gratuidade-regulamentar-2\/\" \/>\n<meta property=\"og:locale\" content=\"pt_BR\" \/>\n<meta property=\"og:type\" content=\"article\" \/>\n<meta property=\"og:title\" content=\"Gratuidade Regulamentar 2 - SESI\" \/>\n<meta property=\"og:description\" content=\"Gratuidade Regulamentar Servi\u00e7o Social da Ind\u00fastria (SESI) ESCOLA SESI ABRAH\u00c3O SABB\u00c1 Resultado Processo Seletivo SESI Amazonas N 001.2025 \u2013 Escola SESI Abrah\u00e3o Sabb\u00e1. Clique aqui! Resultado final do Processo Seletivo SESI Amazonas N 001.2025 \u2013 Escola SESI Abrah\u00e3o Sabb\u00e1. Clique aqui! Lista Final de Classificados do Processo Seletivo SESI Amazonas N\u00ba 0012025 Escola SESI Abrah\u00e3o [&hellip;]\" \/>\n<meta property=\"og:url\" content=\"https:\/\/fieam.org.br\/sesi\/gratuidade-regulamentar-2\/\" \/>\n<meta property=\"og:site_name\" content=\"SESI\" \/>\n<meta property=\"article:modified_time\" content=\"2025-11-14T20:48:01+00:00\" \/>\n<meta property=\"og:image\" content=\"https:\/\/fieam.org.br\/sesi\/wp-content\/uploads\/sites\/14\/2024\/02\/setas.png\" \/>\n\t<meta property=\"og:image:width\" content=\"45\" \/>\n\t<meta property=\"og:image:height\" content=\"38\" \/>\n\t<meta property=\"og:image:type\" content=\"image\/png\" \/>\n<meta name=\"twitter:card\" content=\"summary_large_image\" \/>\n<meta name=\"twitter:label1\" content=\"Est. tempo de leitura\" \/>\n\t<meta name=\"twitter:data1\" content=\"1 minuto\" \/>\n<script type=\"application\/ld+json\" class=\"yoast-schema-graph\">{\"@context\":\"https:\/\/schema.org\",\"@graph\":[{\"@type\":\"WebPage\",\"@id\":\"https:\/\/fieam.org.br\/sesi\/gratuidade-regulamentar-2\/\",\"url\":\"https:\/\/fieam.org.br\/sesi\/gratuidade-regulamentar-2\/\",\"name\":\"Gratuidade Regulamentar 2 - SESI\",\"isPartOf\":{\"@id\":\"https:\/\/fieam.org.br\/sesi\/#website\"},\"primaryImageOfPage\":{\"@id\":\"https:\/\/fieam.org.br\/sesi\/gratuidade-regulamentar-2\/#primaryimage\"},\"image\":{\"@id\":\"https:\/\/fieam.org.br\/sesi\/gratuidade-regulamentar-2\/#primaryimage\"},\"thumbnailUrl\":\"https:\/\/fieam.org.br\/sesi\/wp-content\/uploads\/sites\/14\/2024\/02\/setas.png\",\"datePublished\":\"2025-09-30T12:57:28+00:00\",\"dateModified\":\"2025-11-14T20:48:01+00:00\",\"breadcrumb\":{\"@id\":\"https:\/\/fieam.org.br\/sesi\/gratuidade-regulamentar-2\/#breadcrumb\"},\"inLanguage\":\"pt-BR\",\"potentialAction\":[{\"@type\":\"ReadAction\",\"target\":[\"https:\/\/fieam.org.br\/sesi\/gratuidade-regulamentar-2\/\"]}]},{\"@type\":\"ImageObject\",\"inLanguage\":\"pt-BR\",\"@id\":\"https:\/\/fieam.org.br\/sesi\/gratuidade-regulamentar-2\/#primaryimage\",\"url\":\"https:\/\/fieam.org.br\/sesi\/wp-content\/uploads\/sites\/14\/2024\/02\/setas.png\",\"contentUrl\":\"https:\/\/fieam.org.br\/sesi\/wp-content\/uploads\/sites\/14\/2024\/02\/setas.png\",\"width\":45,\"height\":38},{\"@type\":\"BreadcrumbList\",\"@id\":\"https:\/\/fieam.org.br\/sesi\/gratuidade-regulamentar-2\/#breadcrumb\",\"itemListElement\":[{\"@type\":\"ListItem\",\"position\":1,\"name\":\"In\u00edcio\",\"item\":\"https:\/\/fieam.org.br\/sesi\/\"},{\"@type\":\"ListItem\",\"position\":2,\"name\":\"Gratuidade Regulamentar 2\"}]},{\"@type\":\"WebSite\",\"@id\":\"https:\/\/fieam.org.br\/sesi\/#website\",\"url\":\"https:\/\/fieam.org.br\/sesi\/\",\"name\":\"SESI\",\"description\":\"Site Oficial!\",\"publisher\":{\"@id\":\"https:\/\/fieam.org.br\/sesi\/#organization\"},\"potentialAction\":[{\"@type\":\"SearchAction\",\"target\":{\"@type\":\"EntryPoint\",\"urlTemplate\":\"https:\/\/fieam.org.br\/sesi\/?s={search_term_string}\"},\"query-input\":{\"@type\":\"PropertyValueSpecification\",\"valueRequired\":true,\"valueName\":\"search_term_string\"}}],\"inLanguage\":\"pt-BR\"},{\"@type\":\"Organization\",\"@id\":\"https:\/\/fieam.org.br\/sesi\/#organization\",\"name\":\"SESI\",\"url\":\"https:\/\/fieam.org.br\/sesi\/\",\"logo\":{\"@type\":\"ImageObject\",\"inLanguage\":\"pt-BR\",\"@id\":\"https:\/\/fieam.org.br\/sesi\/#\/schema\/logo\/image\/\",\"url\":\"https:\/\/fieam.org.br\/sesi\/wp-content\/uploads\/sites\/14\/2024\/03\/cropped-fav.png\",\"contentUrl\":\"https:\/\/fieam.org.br\/sesi\/wp-content\/uploads\/sites\/14\/2024\/03\/cropped-fav.png\",\"width\":610,\"height\":589,\"caption\":\"SESI\"},\"image\":{\"@id\":\"https:\/\/fieam.org.br\/sesi\/#\/schema\/logo\/image\/\"}}]}<\/script>\n<!-- \/ Yoast SEO plugin. -->","yoast_head_json":{"title":"Gratuidade Regulamentar 2 - SESI","robots":{"index":"index","follow":"follow","max-snippet":"max-snippet:-1","max-image-preview":"max-image-preview:large","max-video-preview":"max-video-preview:-1"},"canonical":"https:\/\/fieam.org.br\/sesi\/gratuidade-regulamentar-2\/","og_locale":"pt_BR","og_type":"article","og_title":"Gratuidade Regulamentar 2 - SESI","og_description":"Gratuidade Regulamentar Servi\u00e7o Social da Ind\u00fastria (SESI) ESCOLA SESI ABRAH\u00c3O SABB\u00c1 Resultado Processo Seletivo SESI Amazonas N 001.2025 \u2013 Escola SESI Abrah\u00e3o Sabb\u00e1. Clique aqui! Resultado final do Processo Seletivo SESI Amazonas N 001.2025 \u2013 Escola SESI Abrah\u00e3o Sabb\u00e1. Clique aqui! Lista Final de Classificados do Processo Seletivo SESI Amazonas N\u00ba 0012025 Escola SESI Abrah\u00e3o [&hellip;]","og_url":"https:\/\/fieam.org.br\/sesi\/gratuidade-regulamentar-2\/","og_site_name":"SESI","article_modified_time":"2025-11-14T20:48:01+00:00","og_image":[{"width":45,"height":38,"url":"https:\/\/fieam.org.br\/sesi\/wp-content\/uploads\/sites\/14\/2024\/02\/setas.png","type":"image\/png"}],"twitter_card":"summary_large_image","twitter_misc":{"Est. tempo de leitura":"1 minuto"},"schema":{"@context":"https:\/\/schema.org","@graph":[{"@type":"WebPage","@id":"https:\/\/fieam.org.br\/sesi\/gratuidade-regulamentar-2\/","url":"https:\/\/fieam.org.br\/sesi\/gratuidade-regulamentar-2\/","name":"Gratuidade Regulamentar 2 - SESI","isPartOf":{"@id":"https:\/\/fieam.org.br\/sesi\/#website"},"primaryImageOfPage":{"@id":"https:\/\/fieam.org.br\/sesi\/gratuidade-regulamentar-2\/#primaryimage"},"image":{"@id":"https:\/\/fieam.org.br\/sesi\/gratuidade-regulamentar-2\/#primaryimage"},"thumbnailUrl":"https:\/\/fieam.org.br\/sesi\/wp-content\/uploads\/sites\/14\/2024\/02\/setas.png","datePublished":"2025-09-30T12:57:28+00:00","dateModified":"2025-11-14T20:48:01+00:00","breadcrumb":{"@id":"https:\/\/fieam.org.br\/sesi\/gratuidade-regulamentar-2\/#breadcrumb"},"inLanguage":"pt-BR","potentialAction":[{"@type":"ReadAction","target":["https:\/\/fieam.org.br\/sesi\/gratuidade-regulamentar-2\/"]}]},{"@type":"ImageObject","inLanguage":"pt-BR","@id":"https:\/\/fieam.org.br\/sesi\/gratuidade-regulamentar-2\/#primaryimage","url":"https:\/\/fieam.org.br\/sesi\/wp-content\/uploads\/sites\/14\/2024\/02\/setas.png","contentUrl":"https:\/\/fieam.org.br\/sesi\/wp-content\/uploads\/sites\/14\/2024\/02\/setas.png","width":45,"height":38},{"@type":"BreadcrumbList","@id":"https:\/\/fieam.org.br\/sesi\/gratuidade-regulamentar-2\/#breadcrumb","itemListElement":[{"@type":"ListItem","position":1,"name":"In\u00edcio","item":"https:\/\/fieam.org.br\/sesi\/"},{"@type":"ListItem","position":2,"name":"Gratuidade Regulamentar 2"}]},{"@type":"WebSite","@id":"https:\/\/fieam.org.br\/sesi\/#website","url":"https:\/\/fieam.org.br\/sesi\/","name":"SESI","description":"Site Oficial!","publisher":{"@id":"https:\/\/fieam.org.br\/sesi\/#organization"},"potentialAction":[{"@type":"SearchAction","target":{"@type":"EntryPoint","urlTemplate":"https:\/\/fieam.org.br\/sesi\/?s={search_term_string}"},"query-input":{"@type":"PropertyValueSpecification","valueRequired":true,"valueName":"search_term_string"}}],"inLanguage":"pt-BR"},{"@type":"Organization","@id":"https:\/\/fieam.org.br\/sesi\/#organization","name":"SESI","url":"https:\/\/fieam.org.br\/sesi\/","logo":{"@type":"ImageObject","inLanguage":"pt-BR","@id":"https:\/\/fieam.org.br\/sesi\/#\/schema\/logo\/image\/","url":"https:\/\/fieam.org.br\/sesi\/wp-content\/uploads\/sites\/14\/2024\/03\/cropped-fav.png","contentUrl":"https:\/\/fieam.org.br\/sesi\/wp-content\/uploads\/sites\/14\/2024\/03\/cropped-fav.png","width":610,"height":589,"caption":"SESI"},"image":{"@id":"https:\/\/fieam.org.br\/sesi\/#\/schema\/logo\/image\/"}}]}},"_links":{"self":[{"href":"https:\/\/fieam.org.br\/sesi\/wp-json\/wp\/v2\/pages\/22422","targetHints":{"allow":["GET"]}}],"collection":[{"href":"https:\/\/fieam.org.br\/sesi\/wp-json\/wp\/v2\/pages"}],"about":[{"href":"https:\/\/fieam.org.br\/sesi\/wp-json\/wp\/v2\/types\/page"}],"author":[{"embeddable":true,"href":"https:\/\/fieam.org.br\/sesi\/wp-json\/wp\/v2\/users\/11"}],"replies":[{"embeddable":true,"href":"https:\/\/fieam.org.br\/sesi\/wp-json\/wp\/v2\/comments?post=22422"}],"version-history":[{"count":65,"href":"https:\/\/fieam.org.br\/sesi\/wp-json\/wp\/v2\/pages\/22422\/revisions"}],"predecessor-version":[{"id":22977,"href":"https:\/\/fieam.org.br\/sesi\/wp-json\/wp\/v2\/pages\/22422\/revisions\/22977"}],"wp:attachment":[{"href":"https:\/\/fieam.org.br\/sesi\/wp-json\/wp\/v2\/media?parent=22422"}],"curies":[{"name":"wp","href":"https:\/\/api.w.org\/{rel}","templated":true}]}}