{"id":9382,"date":"2020-09-04T00:47:48","date_gmt":"2020-09-04T04:47:48","guid":{"rendered":"http:\/\/www.fieam.org.br\/senai\/?page_id=9382"},"modified":"2020-09-04T00:47:48","modified_gmt":"2020-09-04T04:47:48","slug":"curso-02","status":"publish","type":"page","link":"https:\/\/fieam.org.br\/senai\/curso-02\/","title":{"rendered":"Cursos"},"content":{"rendered":"<p><img decoding=\"async\" src=\"https:\/\/marketingmassivo.com.br\/senai\/wp-content\/uploads\/sites\/13\/2020\/09\/banner-curso-senai.jpg\" title=\"banner-curso-senai\" alt=\"banner-curso-senai\" \/><\/p>\n<h2>Escola SENAI de A\u00e7\u00f5es M\u00f3veis e Comunit\u00e1rias<br \/>\n<\/br>ESAMC &#8211; Cursos Presenciais<br \/>\n<\/h2>\n<p>\t\t\t\t\t\t\t\t\t\t\t\t<a href=\"\">Confeiteiro Industrial<\/a><\/p>\n<table>\n<thead>\n<tr>\n<th scope=\"col\">TURMA<\/th>\n<th scope=\"col\">CARGA HOR\u00c1RIA<\/th>\n<th scope=\"col\">VAGAS<\/th>\n<th scope=\"col\">PER\u00cdODO<\/th>\n<th scope=\"col\">HOR\u00c1RIO<\/th>\n<th scope=\"col\">PR\u00c9-REQUISITOS<\/th>\n<th scope=\"col\">INVESTIMENTO<\/th>\n<\/tr>\n<\/thead>\n<tbody>\n<tr>\n<th scope=\"row\">INI.CIN.009<\/th>\n<td>40<\/td>\n<td>06<\/td>\n<td>03\/09\/20<\/td>\n<td>13h \u00e0s 17h<\/td>\n<td>Ensino Fundamental<br \/>\n16 anos<\/td>\n<td>R$ 320 (\u00c0 vista) no boleto 3x no Cart\u00e3o de Cr\u00e9dito<\/td>\n<\/tr>\n<\/tbody>\n<\/table>\n<p>\t\t\t\t\t\t\t\t\t\t\t\t<a href=\"\">Customiza\u00e7\u00e3o de Pe\u00e7as do Vestu\u00e1rio<\/a><\/p>\n<table>\n<thead>\n<tr>\n<th scope=\"col\">TURMA<\/th>\n<th scope=\"col\">CARGA HOR\u00c1RIA<\/th>\n<th scope=\"col\">VAGAS<\/th>\n<th scope=\"col\">PER\u00cdODO<\/th>\n<th scope=\"col\">HOR\u00c1RIO<\/th>\n<th scope=\"col\">PR\u00c9-REQUISITOS<\/th>\n<th scope=\"col\">INVESTIMENTO<\/th>\n<\/tr>\n<\/thead>\n<tbody>\n<tr>\n<th scope=\"row\">Turma: APP.CPV.002<\/th>\n<td>20<\/td>\n<td>06<\/td>\n<td>27\/08\/20 a 02\/09\/20<\/td>\n<td>13h \u00e0s 17h<\/td>\n<td>Ensino Fundamental<br \/>\n16 anos<\/td>\n<td>Gratuidade<\/td>\n<\/tr>\n<\/tbody>\n<\/table>\n<p>\t\t\t\t\t\t\t\t\t\t\t\t<a href=\"\">Operador de Empilhadeira<\/a><\/p>\n<table>\n<thead>\n<tr>\n<th scope=\"col\">TURMA<\/th>\n<th scope=\"col\">CARGA HOR\u00c1RIA<\/th>\n<th scope=\"col\">VAGAS<\/th>\n<th scope=\"col\">PER\u00cdODO<\/th>\n<th scope=\"col\">HOR\u00c1RIO<\/th>\n<th scope=\"col\">PR\u00c9-REQUISITOS<\/th>\n<th scope=\"col\">INVESTIMENTO<\/th>\n<\/tr>\n<\/thead>\n<tbody>\n<tr>\n<th scope=\"row\">APP.OPE.051<\/th>\n<td>40<\/td>\n<td>15<\/td>\n<td>10\/09\/20 a 23\/10\/20<\/td>\n<td>7h30 \u00e0s 11h30<\/td>\n<td>Ser habilitado em categoria B, C, D ou E;(Apresentar CNH)<\/td>\n<td>R$ 390 (\u00c0 vista) no boleto 3x no Cart\u00e3o de Cr\u00e9dito<\/td>\n<\/tr>\n<tr>\n<th scope=\"row\">APP.OPE.052<\/th>\n<td>40<\/td>\n<td>15<\/td>\n<td>24\/09\/20 a 07\/10\/20<\/td>\n<td>7h30 \u00e0s 11h30<\/td>\n<td>Ser habilitado em categoria B, C, D ou E;(Apresentar CNH)<\/td>\n<td>R$ 390 (\u00c0 vista) no boleto 3x no Cart\u00e3o de Cr\u00e9dito<\/td>\n<\/tr>\n<tr>\n<th scope=\"row\">APP.OPE.053<\/th>\n<td>40<\/td>\n<td>15<\/td>\n<td>09\/10\/20 a 23\/10\/20<\/td>\n<td>7h30 \u00e0s 11h30<\/td>\n<td>Ser habilitado em categoria B, C, D ou E;(Apresentar CNH)<\/td>\n<td>R$ 390 (\u00c0 vista) no boleto 3x no Cart\u00e3o de Cr\u00e9dito<\/td>\n<\/tr>\n<tr>\n<th scope=\"row\">APP.OPE.054<\/th>\n<td>40<\/td>\n<td>15<\/td>\n<td>05\/10\/20 a 16\/11\/20<\/td>\n<td>7h30 \u00e0s 11h30<\/td>\n<td>Ser habilitado em categoria B, C, D ou E;(Apresentar CNH)<\/td>\n<td>R$ 390 (\u00c0 vista) no boleto 3x no Cart\u00e3o de Cr\u00e9dito<\/td>\n<\/tr>\n<tr>\n<th scope=\"row\">APP.OPE.055<\/th>\n<td>40<\/td>\n<td>15<\/td>\n<td>25\/11\/20 a 01\/12\/20<\/td>\n<td>7h30 \u00e0s 11h30<\/td>\n<td>Ser habilitado em categoria B, C, D ou E;(Apresentar CNH)<\/td>\n<td>R$ 390 (\u00c0 vista) no boleto 3x no Cart\u00e3o de Cr\u00e9dito<\/td>\n<\/tr>\n<tr>\n<th scope=\"row\">APP.OPE.059<\/th>\n<td>40<\/td>\n<td>15<\/td>\n<td>10\/09\/20 a 23\/09\/20<\/td>\n<td>18h \u00e0s 22h<\/td>\n<td>Ser habilitado em categoria B, C, D ou E;(Apresentar CNH)<\/td>\n<td>R$ 390 (\u00c0 vista) no boleto 3x no Cart\u00e3o de Cr\u00e9dito<\/td>\n<\/tr>\n<tr>\n<th scope=\"row\">APP.OPE.055<\/th>\n<td>40<\/td>\n<td>15<\/td>\n<td>28\/09\/20 a 09\/10\/20<\/td>\n<td>18h \u00e0s 22h<\/td>\n<td>Ser habilitado em categoria B, C, D ou E;(Apresentar CNH)<\/td>\n<td>R$ 390 (\u00c0 vista) no boleto 3x no Cart\u00e3o de Cr\u00e9dito<\/td>\n<\/tr>\n<tr>\n<th scope=\"row\">APP.OPE.056<\/th>\n<td>40<\/td>\n<td>15<\/td>\n<td>29\/10\/20 a 12\/11\/20<\/td>\n<td>18h \u00e0s 22h<\/td>\n<td>Ser habilitado em categoria B, C, D ou E;(Apresentar CNH)<\/td>\n<td>R$ 390 (\u00c0 vista) no boleto 3x no Cart\u00e3o de Cr\u00e9dito<\/td>\n<\/tr>\n<\/tbody>\n<\/table>\n<p>\t\t\t\t\t\t\t\t\t\t\t\t<a href=\"\">Seguran\u00e7a para Operador de Empilhadeira  &#8211; Dia    <\/a><\/p>\n<table>\n<thead>\n<tr>\n<th scope=\"col\">TURMA<\/th>\n<th scope=\"col\">CARGA HOR\u00c1RIA<\/th>\n<th scope=\"col\">VAGAS<\/th>\n<th scope=\"col\">PER\u00cdODO<\/th>\n<th scope=\"col\">HOR\u00c1RIO<\/th>\n<th scope=\"col\">PR\u00c9-REQUISITOS<\/th>\n<th scope=\"col\">INVESTIMENTO<\/th>\n<\/tr>\n<\/thead>\n<tbody>\n<tr>\n<th scope=\"row\">APP.SOE.020<\/th>\n<td>20<\/td>\n<td>15<\/td>\n<td>02\/09\/20 a 09\/09\/20<\/td>\n<td>7H30 \u00e0s 11h30<\/td>\n<td>Apresentar Certificado do curso Operador de Empilhadeira e Apresentar CNH categoria B, C, D ou E.<\/td>\n<td>R$ 200 (\u00c0 vista) no boleto 2x no Cart\u00e3o de Cr\u00e9dito<\/td>\n<\/tr>\n<tr>\n<th scope=\"row\">APP.SOE.021<\/th>\n<td>20<\/td>\n<td>15<\/td>\n<td>26\/10\/20 a 30\/10\/20<\/td>\n<td>7H30 \u00e0s 11h30<\/td>\n<td>Apresentar Certificado do curso Operador de Empilhadeira e Apresentar CNH categoria B, C, D ou E.<\/td>\n<td>R$ 200 (\u00c0 vista) no boleto 2x no Cart\u00e3o de Cr\u00e9dito<\/td>\n<\/tr>\n<tr>\n<th scope=\"row\">APP.SOE.022<\/th>\n<td>20<\/td>\n<td>15<\/td>\n<td>17\/11\/20 a 23\/11\/20<\/td>\n<td>7H30 \u00e0s 11h30<\/td>\n<td>Apresentar Certificado do curso Operador de Empilhadeira e Apresentar CNH categoria B, C, D ou E.<\/td>\n<td>R$ 200 (\u00c0 vista) no boleto 2x no Cart\u00e3o de Cr\u00e9dito<\/td>\n<\/tr>\n<\/tbody>\n<\/table>\n<p>\t\t\t\t\t\t\t\t\t\t\t\t<a href=\"\">Seguran\u00e7a para Operador de Empilhadeira  &#8211; Noite    <\/a><\/p>\n<table>\n<thead>\n<tr>\n<th scope=\"col\">TURMA<\/th>\n<th scope=\"col\">CARGA HOR\u00c1RIA<\/th>\n<th scope=\"col\">VAGAS<\/th>\n<th scope=\"col\">PER\u00cdODO<\/th>\n<th scope=\"col\">HOR\u00c1RIO<\/th>\n<th scope=\"col\">PR\u00c9-REQUISITOS<\/th>\n<th scope=\"col\">INVESTIMENTO<\/th>\n<\/tr>\n<\/thead>\n<tbody>\n<tr>\n<th scope=\"row\">APP.SOE.023<\/th>\n<td>20<\/td>\n<td>15<\/td>\n<td>28\/09\/20 a 02\/10\/20<\/td>\n<td>18h \u00e0s 22h<\/td>\n<td>Apresentar Certificado do curso Operador de Empilhadeira e Apresentar CNH categoria B, C, D ou E.<\/td>\n<td>R$ 200 (\u00c0 vista) no boleto 2x no Cart\u00e3o de Cr\u00e9dito<\/td>\n<\/tr>\n<tr>\n<th scope=\"row\">APP.SOE.024<\/th>\n<td>20<\/td>\n<td>15<\/td>\n<td>24\/11\/20 a 30\/11\/20<\/td>\n<td>18H \u00e0s 22h<\/td>\n<td>Apresentar Certificado do curso Operador de Empilhadeira e Apresentar CNH categoria B, C, D ou E.<\/td>\n<td>R$ 200 (\u00c0 vista) no boleto 2x no Cart\u00e3o de Cr\u00e9dito<\/td>\n<\/tr>\n<\/tbody>\n<\/table>\n<p>\t\t\t\t\t\t\t\t\t\t\t\t<a href=\"\">Dire\u00e7\u00e3o Defensiva<\/a><\/p>\n<table>\n<thead>\n<tr>\n<th scope=\"col\">TURMA<\/th>\n<th scope=\"col\">CARGA HOR\u00c1RIA<\/th>\n<th scope=\"col\">VAGAS<\/th>\n<th scope=\"col\">PER\u00cdODO<\/th>\n<th scope=\"col\">HOR\u00c1RIO<\/th>\n<th scope=\"col\">PR\u00c9-REQUISITOS<\/th>\n<th scope=\"col\">INVESTIMENTO<\/th>\n<\/tr>\n<\/thead>\n<tbody>\n<tr>\n<th scope=\"row\">APP.DDF.016<\/th>\n<td>20<\/td>\n<td>20<\/td>\n<td>03\/11\/20 A 09\/11\/20<\/td>\n<td>18h \u00e0s 22h<\/td>\n<td>Apresentar Certificado do curso Operador de Empilhadeira e Apresentar CNH categoria B, C, D.<\/td>\n<td>R$ 100 (\u00c0 vista) no boleto 2x no Cart\u00e3o de Cr\u00e9dito<\/td>\n<\/tr>\n<tr>\n<th scope=\"row\">APP.DDF.017<\/th>\n<td>20<\/td>\n<td>20<\/td>\n<td>07\/11\/20 A 11\/12\/20<\/td>\n<td>13h \u00e0s 17h<\/td>\n<td>Apresentar Certificado do curso Operador de Empilhadeira e Apresentar CNH categoria B, C, D.<\/td>\n<td>R$ 100 (\u00c0 vista) no boleto 2x no Cart\u00e3o de Cr\u00e9dito<\/td>\n<\/tr>\n<\/tbody>\n<\/table>\n<p>\t\t\t\t\t\t\t\t\t\t\t\t<a href=\"\">Dire\u00e7\u00e3o Defensiva  EAD<\/a><\/p>\n<table>\n<thead>\n<tr>\n<th scope=\"col\">TURMA<\/th>\n<th scope=\"col\">CARGA HOR\u00c1RIA<\/th>\n<th scope=\"col\">VAGAS<\/th>\n<th scope=\"col\">PER\u00cdODO<\/th>\n<th scope=\"col\">HOR\u00c1RIO<\/th>\n<th scope=\"col\">PR\u00c9-REQUISITOS<\/th>\n<th scope=\"col\">INVESTIMENTO<\/th>\n<\/tr>\n<\/thead>\n<tbody>\n<tr>\n<th scope=\"row\">APP.DDF.001 <\/th>\n<td>20<\/td>\n<td>36<\/td>\n<td>01\/09\/20 a 08\/09\/20<\/td>\n<td>13h \u00e0s 17h<\/td>\n<td>Ensino Fundamental completo, 18 Anos, Ter CHN \u00e9 computador com acesso \u00e0 internet.<\/td>\n<td>Gratuidade<\/td>\n<\/tr>\n<\/tbody>\n<\/table>\n<h2>Escola SENAI Waldemiro Lustoza<br \/>\n<\/br>ESWL<br \/>\nQualifica\u00e7\u00e3o Profissional \u2013 Semipresenciais<br \/>\n<\/h2>\n<p>\t\t\t\t\t\t\t\t\t\t\t\t<a href=\"\">Mec\u00e2nico de Manuten\u00e7\u00e3o de Motores Ciclo Otto<\/a><\/p>\n<table>\n<thead>\n<tr>\n<th scope=\"col\">TURMA<\/th>\n<th scope=\"col\">CARGA HOR\u00c1RIA<\/th>\n<th scope=\"col\">VAGAS<\/th>\n<th scope=\"col\">PER\u00cdODO<\/th>\n<th scope=\"col\">HOR\u00c1RIO<\/th>\n<th scope=\"col\">PR\u00c9-REQUISITOS<\/th>\n<th scope=\"col\">INVESTIMENTO<\/th>\n<\/tr>\n<\/thead>\n<tbody>\n<tr>\n<th scope=\"row\">QUA.MCO.002<\/th>\n<td>160<\/td>\n<td>03<\/td>\n<td>28\/09\/20 a 13\/11\/20<\/td>\n<td>13h \u00e0s 17h<\/td>\n<td>Ensino M\u00e9dio e<br \/>\nInform\u00e1tica B\u00e1sica\n<\/td>\n<td>Gratuidade<\/td>\n<\/tr>\n<\/tbody>\n<\/table>\n<p>\t\t\t\t\t\t\t\t\t\t\t\t<a href=\"\">Sistema de Dire\u00e7\u00e3o, Suspens\u00e3o e Freio Automotivo<\/a><\/p>\n<table>\n<thead>\n<tr>\n<th scope=\"col\">TURMA<\/th>\n<th scope=\"col\">CARGA HOR\u00c1RIA<\/th>\n<th scope=\"col\">VAGAS<\/th>\n<th scope=\"col\">PER\u00cdODO<\/th>\n<th scope=\"col\">HOR\u00c1RIO<\/th>\n<th scope=\"col\">PR\u00c9-REQUISITOS<\/th>\n<th scope=\"col\">INVESTIMENTO<\/th>\n<\/tr>\n<\/thead>\n<tbody>\n<tr>\n<th scope=\"row\">QUA.DSF.001<\/th>\n<td>160<\/td>\n<td>06<\/td>\n<td>05\/10\/20 a 01\/12\/20<\/td>\n<td>13h \u00e0s 17h<\/td>\n<td>Ensino Fundamental<br \/>\n16 anos<\/td>\n<td>Gratuidade<\/td>\n<\/tr>\n<\/tbody>\n<\/table>\n<p>\t\t\t\t\t\t\t\t\t\t\t\t<a href=\"\">Tra\u00e7ador de Caldeiraria<\/a><\/p>\n<table>\n<thead>\n<tr>\n<th scope=\"col\">TURMA<\/th>\n<th scope=\"col\">CARGA HOR\u00c1RIA<\/th>\n<th scope=\"col\">VAGAS<\/th>\n<th scope=\"col\">PER\u00cdODO<\/th>\n<th scope=\"col\">HOR\u00c1RIO<\/th>\n<th scope=\"col\">PR\u00c9-REQUISITOS<\/th>\n<th scope=\"col\">INVESTIMENTO<\/th>\n<\/tr>\n<\/thead>\n<tbody>\n<tr>\n<th scope=\"row\">QUA.TDC.001<\/th>\n<td>180<\/td>\n<td>19<\/td>\n<td>24\/08\/20 a 26\/10\/20<\/td>\n<td>18h \u00e0s 17h<\/td>\n<td>Ensino Fundamental<br \/>\n16 anos<\/td>\n<td>Gratuidade<\/td>\n<\/tr>\n<\/tbody>\n<\/table>\n<p>\t\t\t\t\t\t\t\t\t\t\t\t<a href=\"\">Log\u00edstica de Suprimentos<\/a><\/p>\n<table>\n<thead>\n<tr>\n<th scope=\"col\">TURMA<\/th>\n<th scope=\"col\">CARGA HOR\u00c1RIA<\/th>\n<th scope=\"col\">VAGAS<\/th>\n<th scope=\"col\">PER\u00cdODO<\/th>\n<th scope=\"col\">HOR\u00c1RIO<\/th>\n<th scope=\"col\">PR\u00c9-REQUISITOS<\/th>\n<th scope=\"col\">INVESTIMENTO<\/th>\n<\/tr>\n<\/thead>\n<tbody>\n<tr>\n<th scope=\"row\">QUA.LDS.001<\/th>\n<td>160<\/td>\n<td>06<\/td>\n<td>24\/08\/20 a 26\/10\/20<\/td>\n<td>13h \u00e0s 17h<\/td>\n<td>Ensino Fundamental<br \/>\n16 anos<\/td>\n<td>Gratuidade<\/td>\n<\/tr>\n<\/tbody>\n<\/table>\n<h2>Escola SENAI Waldemiro Lustoza<br \/>\n<\/br>ESWL<br \/>\nAperfei\u00e7oamento Profissional  \u2013 Semipresenciais<br \/>\n<\/h2>\n<p>\t\t\t\t\t\t\t\t\t\t\t\t<a href=\"\">Motor de Combust\u00e3o Interna \u2013 Ciclo Diesel  <\/a><\/p>\n<table>\n<thead>\n<tr>\n<th scope=\"col\">TURMA<\/th>\n<th scope=\"col\">CARGA HOR\u00c1RIA<\/th>\n<th scope=\"col\">VAGAS<\/th>\n<th scope=\"col\">PER\u00cdODO<\/th>\n<th scope=\"col\">HOR\u00c1RIO<\/th>\n<th scope=\"col\">PR\u00c9-REQUISITOS<\/th>\n<th scope=\"col\">INVESTIMENTO<\/th>\n<\/tr>\n<\/thead>\n<tbody>\n<tr>\n<th scope=\"row\">APP.MCI.001<\/th>\n<td>64<\/td>\n<td>47<\/td>\n<td>19\/10\/20 a 10\/11\/20<\/td>\n<td>13h \u00e0s 17h<\/td>\n<td>Ensino Fundamental 7\u00ba Serie,<br \/>\nInform\u00e1tica B\u00e1sica, Ter o curso de Motores a Diesel ou trabalhar na \u00e1rea desde que comprovado.\n<\/td>\n<td>Gratuidade<\/td>\n<\/tr>\n<\/tbody>\n<\/table>\n<p>\t\t\t\t\t\t\t\t\t\t\t\t<a href=\"\">Eletricista de Autom\u00f3veis <\/a><\/p>\n<table>\n<thead>\n<tr>\n<th scope=\"col\">TURMA<\/th>\n<th scope=\"col\">CARGA HOR\u00c1RIA<\/th>\n<th scope=\"col\">VAGAS<\/th>\n<th scope=\"col\">PER\u00cdODO<\/th>\n<th scope=\"col\">HOR\u00c1RIO<\/th>\n<th scope=\"col\">PR\u00c9-REQUISITOS<\/th>\n<th scope=\"col\">INVESTIMENTO<\/th>\n<\/tr>\n<\/thead>\n<tbody>\n<tr>\n<th scope=\"row\">APP.ELA.022<\/th>\n<td>80<\/td>\n<td>13<\/td>\n<td>28\/09\/20 a 26\/10\/20<\/td>\n<td>18h \u00e0s 22h<\/td>\n<td>Ensino Fundamental 7\u00ba Serie,<br \/>\nInform\u00e1tica B\u00e1sica, Ter o curso de Motores a Diesel ou trabalhar na \u00e1rea desde que comprovado.\n<\/td>\n<td>Gratuidade<\/td>\n<\/tr>\n<\/tbody>\n<\/table>\n<p>\t\t\t\t\t\t\t\t\t\t\t\t<a href=\"\">Gest\u00e3o da Distribui\u00e7\u00e3o<\/a><\/p>\n<table>\n<thead>\n<tr>\n<th scope=\"col\">TURMA<\/th>\n<th scope=\"col\">CARGA HOR\u00c1RIA<\/th>\n<th scope=\"col\">VAGAS<\/th>\n<th scope=\"col\">PER\u00cdODO<\/th>\n<th scope=\"col\">HOR\u00c1RIO<\/th>\n<th scope=\"col\">PR\u00c9-REQUISITOS<\/th>\n<th scope=\"col\">INVESTIMENTO<\/th>\n<\/tr>\n<\/thead>\n<tbody>\n<tr>\n<th scope=\"row\">APP.GDD.001<\/th>\n<td>90<\/td>\n<td>49<\/td>\n<td>05\/10\/20 a 06\/11\/20<\/td>\n<td>13h \u00e0s 17h<\/td>\n<td>Ensino M\u00e9dio,<br \/>\nTer o curso de Matem\u00e1tica B\u00e1sica e<br \/>\nInform\u00e1tica B\u00e1sica.\n<\/td>\n<td>Gratuidade<\/td>\n<\/tr>\n<\/tbody>\n<\/table>\n<p>\t\t\t\t\t\t\t\t\t\t\t\t<a href=\"\">Opera\u00e7\u00e3o de M\u00e1quinas Injetoras Termopl\u00e1sticas<\/a><\/p>\n<table>\n<thead>\n<tr>\n<th scope=\"col\">TURMA<\/th>\n<th scope=\"col\">CARGA HOR\u00c1RIA<\/th>\n<th scope=\"col\">VAGAS<\/th>\n<th scope=\"col\">PER\u00cdODO<\/th>\n<th scope=\"col\">HOR\u00c1RIO<\/th>\n<th scope=\"col\">PR\u00c9-REQUISITOS<\/th>\n<th scope=\"col\">INVESTIMENTO<\/th>\n<\/tr>\n<\/thead>\n<tbody>\n<tr>\n<th scope=\"row\">APP.OMT.001<\/th>\n<td>68<\/td>\n<td>28<\/td>\n<td>24\/08\/20 a 15\/09\/20<\/td>\n<td>18h \u00e0s 22h<\/td>\n<td>Ensino M\u00e9dio,<br \/>\nTer o curso de Matem\u00e1tica Aplicada e Metrologia Aplicada,<br \/>\nInform\u00e1tica B\u00e1sica e ou  trabalhar na \u00e1rea desde que comprovado.\n<\/td>\n<td>Gratuidade<\/td>\n<\/tr>\n<\/tbody>\n<\/table>\n<p>\t\t\t\t\t\t\t\t\t\t\t\t<a href=\"\">Controle do Processo de Inje\u00e7\u00e3o  <\/a><\/p>\n<table>\n<thead>\n<tr>\n<th scope=\"col\">TURMA<\/th>\n<th scope=\"col\">CARGA HOR\u00c1RIA<\/th>\n<th scope=\"col\">VAGAS<\/th>\n<th scope=\"col\">PER\u00cdODO<\/th>\n<th scope=\"col\">HOR\u00c1RIO<\/th>\n<th scope=\"col\">PR\u00c9-REQUISITOS<\/th>\n<th scope=\"col\">INVESTIMENTO<\/th>\n<\/tr>\n<\/thead>\n<tbody>\n<tr>\n<th scope=\"row\">APP.CPT.001<\/th>\n<td>30<\/td>\n<td>41<\/td>\n<td>21\/09\/20 a 30\/09\/20<\/td>\n<td>18h \u00e0s 22h<\/td>\n<td>Ensino M\u00e9dio,<br \/>\nTer o curso de Matem\u00e1tica Aplicada e Metrologia Aplicada,<br \/>\nInform\u00e1tica B\u00e1sica e ou trabalhar na \u00e1rea desde que comprovado.\n<\/td>\n<td>Gratuidade<\/td>\n<\/tr>\n<\/tbody>\n<\/table>\n<p>\t\t\t\t\t\t\t\t\t\t\t\t<a href=\"\">Almoxarife<\/a><\/p>\n<table>\n<thead>\n<tr>\n<th scope=\"col\">TURMA<\/th>\n<th scope=\"col\">CARGA HOR\u00c1RIA<\/th>\n<th scope=\"col\">VAGAS<\/th>\n<th scope=\"col\">PER\u00cdODO<\/th>\n<th scope=\"col\">HOR\u00c1RIO<\/th>\n<th scope=\"col\">PR\u00c9-REQUISITOS<\/th>\n<th scope=\"col\">INVESTIMENTO<\/th>\n<\/tr>\n<\/thead>\n<tbody>\n<tr>\n<th scope=\"row\">APP.ALM.004<\/th>\n<td>80<\/td>\n<td>39<\/td>\n<td>09\/11\/20 a 04\/12\/20<\/td>\n<td>13h \u00e0s 17h<\/td>\n<td>Ensino M\u00e9dio,<br \/>\nInform\u00e1tica B\u00e1sica, e trabalhar na \u00e1rea desde que comprovado.\n<\/td>\n<td>Gratuidade<\/td>\n<\/tr>\n<\/tbody>\n<\/table>\n<p>\t\t\t\t\t\t\t\t\t\t\t\t<a href=\"\">Centro de Usinagem CNC<\/a><\/p>\n<table>\n<thead>\n<tr>\n<th scope=\"col\">TURMA<\/th>\n<th scope=\"col\">CARGA HOR\u00c1RIA<\/th>\n<th scope=\"col\">VAGAS<\/th>\n<th scope=\"col\">PER\u00cdODO<\/th>\n<th scope=\"col\">HOR\u00c1RIO<\/th>\n<th scope=\"col\">PR\u00c9-REQUISITOS<\/th>\n<th scope=\"col\">INVESTIMENTO<\/th>\n<\/tr>\n<\/thead>\n<tbody>\n<tr>\n<th scope=\"row\">APP.CUC.001<\/th>\n<td>60<\/td>\n<td>28<\/td>\n<td>28\/09\/20 a 19\/10\/20<\/td>\n<td>13h \u00e0s 17h<\/td>\n<td>Ensino M\u00e9dio<br \/>\nMatem\u00e1tica Aplicada, Metrologia Aplicada, Leitura e Interpreta\u00e7\u00e3o de Desenho Mec\u00e2nico,<br \/>\nInform\u00e1tica B\u00e1sica e ou Trabalhar na \u00e1rea.\n<\/td>\n<td>Gratuidade<\/td>\n<\/tr>\n<\/tbody>\n<\/table>\n<h2>Escola SENAI Ant\u00f4nio Sim\u00f5es<br \/>\n<\/br>ESWL<br \/>\nQualifica\u00e7\u00e3o Profissional  \u2013 Semipresenciais<br \/>\n<\/h2>\n<p>\t\t\t\t\t\t\t\t\t\t\t\t<a href=\"\">Agente de Produ\u00e7\u00e3o e Consumo Sustent\u00e1vel<\/a><\/p>\n<table>\n<thead>\n<tr>\n<th scope=\"col\">TURMA<\/th>\n<th scope=\"col\">CARGA HOR\u00c1RIA<\/th>\n<th scope=\"col\">VAGAS<\/th>\n<th scope=\"col\">PER\u00cdODO<\/th>\n<th scope=\"col\">HOR\u00c1RIO<\/th>\n<th scope=\"col\">PR\u00c9-REQUISITOS<\/th>\n<th scope=\"col\">INVESTIMENTO<\/th>\n<\/tr>\n<\/thead>\n<tbody>\n<tr>\n<th scope=\"row\">QUA.APS.001<\/th>\n<td>160<\/td>\n<td>26<\/td>\n<td>21\/09\/20 a 09\/12\/20<\/td>\n<td>13h \u00e0s 15h<\/td>\n<td>Ensino M\u00e9dio completo, 16 Anos, ter computador com acesso \u00e0 internet.\n<\/td>\n<td>Gratuidade<\/td>\n<\/tr>\n<\/tbody>\n<\/table>\n<p>\t\t\t\t\t\t\t\t\t\t\t\t<a href=\"\">Banco de Dados<\/a><\/p>\n<table>\n<thead>\n<tr>\n<th scope=\"col\">TURMA<\/th>\n<th scope=\"col\">CARGA HOR\u00c1RIA<\/th>\n<th scope=\"col\">VAGAS<\/th>\n<th scope=\"col\">PER\u00cdODO<\/th>\n<th scope=\"col\">HOR\u00c1RIO<\/th>\n<th scope=\"col\">PR\u00c9-REQUISITOS<\/th>\n<th scope=\"col\">INVESTIMENTO<\/th>\n<\/tr>\n<\/thead>\n<tbody>\n<tr>\n<th scope=\"row\">QUA.BDD.001<\/th>\n<td>140<\/td>\n<td>22<\/td>\n<td>21\/09\/20 a 27\/11\/20<\/td>\n<td>13h \u00e0s 16h<\/td>\n<td>Ensino M\u00e9dio completo, 16 Anos, ter computador com acesso \u00e0 internet.\n<\/td>\n<td>Gratuidade<\/td>\n<\/tr>\n<\/tbody>\n<\/table>\n<p>\t\t\t\t\t\t\t\t\t\t\t\t<a href=\"\">Operador de Microcomputador<\/a><\/p>\n<table>\n<thead>\n<tr>\n<th scope=\"col\">TURMA<\/th>\n<th scope=\"col\">CARGA HOR\u00c1RIA<\/th>\n<th scope=\"col\">VAGAS<\/th>\n<th scope=\"col\">PER\u00cdODO<\/th>\n<th scope=\"col\">HOR\u00c1RIO<\/th>\n<th scope=\"col\">PR\u00c9-REQUISITOS<\/th>\n<th scope=\"col\">INVESTIMENTO<\/th>\n<\/tr>\n<\/thead>\n<tbody>\n<tr>\n<th scope=\"row\">QUA.OMC.006\/007<\/th>\n<td>160<\/td>\n<td>26<\/td>\n<td>14\/09\/20 a 01\/12\/20<\/td>\n<td>13h \u00e0s 16h<\/td>\n<td>Ensino M\u00e9dio completo, 16 Anos, ter computador com acesso \u00e0 internet.\n<\/td>\n<td>Gratuidade<\/td>\n<\/tr>\n<\/tbody>\n<\/table>\n<p>\t\t\t\t\t\t\t\t\t\t\t\t<a href=\"\">Rotinas Cont\u00e1beis e Gest\u00e3o Patrimonial<\/a><\/p>\n<table>\n<thead>\n<tr>\n<th scope=\"col\">TURMA<\/th>\n<th scope=\"col\">CARGA HOR\u00c1RIA<\/th>\n<th scope=\"col\">VAGAS<\/th>\n<th scope=\"col\">PER\u00cdODO<\/th>\n<th scope=\"col\">HOR\u00c1RIO<\/th>\n<th scope=\"col\">PR\u00c9-REQUISITOS<\/th>\n<th scope=\"col\">INVESTIMENTO<\/th>\n<\/tr>\n<\/thead>\n<tbody>\n<tr>\n<th scope=\"row\">QUA.RCP.001<\/th>\n<td>160<\/td>\n<td>14<\/td>\n<td>14\/09\/20 a 01\/12\/20<\/td>\n<td>15h \u00e0s 18h<\/td>\n<td>Ensino M\u00e9dio completo, 16 Anos, Ter  computador com acesso \u00e0 internet.\n<\/td>\n<td>Gratuidade<\/td>\n<\/tr>\n<\/tbody>\n<\/table>\n<p>\t\t\t\t\t\t\t\t\t\t\t\t<a href=\"\">Projetos de Acionamento e Controle Industriais<\/a><\/p>\n<table>\n<thead>\n<tr>\n<th scope=\"col\">TURMA<\/th>\n<th scope=\"col\">CARGA HOR\u00c1RIA<\/th>\n<th scope=\"col\">VAGAS<\/th>\n<th scope=\"col\">PER\u00cdODO<\/th>\n<th scope=\"col\">HOR\u00c1RIO<\/th>\n<th scope=\"col\">PR\u00c9-REQUISITOS<\/th>\n<th scope=\"col\">INVESTIMENTO<\/th>\n<\/tr>\n<\/thead>\n<tbody>\n<tr>\n<th scope=\"row\">APP.PAC.001<\/th>\n<td>80<\/td>\n<td>21<\/td>\n<td>21\/09\/20 a 28\/10\/20<\/td>\n<td>18h \u00e0s 21h<\/td>\n<td>T\u00e9cnico em Eletr\u00f4nica, 18 Anos, Ter  computador com acesso \u00e0 internet.\n<\/td>\n<td>Gratuidade<\/td>\n<\/tr>\n<\/tbody>\n<\/table>\n<h2>Escola SENAI Dem\u00f3stenes Travessa<br \/>\n<\/br>ESDT<br \/>\n<\/h2>\n<p>\t\t\t\t\t\t\t\t\t\t\t\t<a href=\"\">Instalador Hidr\u00e1ulico Residencial e Projetos de Instala\u00e7\u00f5es Hidr\u00e1ulicas, Inc\u00eandio e G\u00e1s (EAD-LMS)<\/a><\/p>\n<table>\n<thead>\n<tr>\n<th scope=\"col\">TURMA<\/th>\n<th scope=\"col\">CARGA HOR\u00c1RIA<\/th>\n<th scope=\"col\">VAGAS<\/th>\n<th scope=\"col\">PER\u00cdODO<\/th>\n<th scope=\"col\">HOR\u00c1RIO<\/th>\n<th scope=\"col\">PR\u00c9-REQUISITOS<\/th>\n<th scope=\"col\">INVESTIMENTO<\/th>\n<\/tr>\n<\/thead>\n<tbody>\n<tr>\n<th scope=\"row\">QUA.IHR.013 &#8211; CONV\u00caNIO: Amanco<\/th>\n<td>160<\/td>\n<td>16<\/td>\n<td>19\/10\/20 a 15\/12\/20<\/td>\n<td>13h \u00e0s 15h<\/td>\n<td>Ensino M\u00e9dio completo, 16 Anos, ter computador com acesso \u00e0 internet.<\/p>\n<td>Gratuidade<br \/>\nDupla Certifica\u00e7\u00e3o\n<\/td>\n<\/td>\n<tr>\n<th scope=\"row\">APP.PMG.002<\/th>\n<td>60<\/td>\n<td>16<\/td>\n<td>19\/10\/20 a 15\/12\/20<\/td>\n<td>13h \u00e0s 15h<\/td>\n<td>Ter a partir de 18 anos \/ 6\u00ba ano do Ensino Fundamental e estar cursando Projetos   Instala\u00e7\u00f5es Hidr\u00e1ulicas, Inc\u00eandio e G\u00e1s<\/td>\n<td>Gratuidade<br \/>\nDupla Certifica\u00e7\u00e3o\n<\/td>\n<\/td>\n<\/tr>\n<\/tbody>\n<\/table>\n<p>\t\t\t\t\t\t\t\t\t\t\t\t<a href=\"\">Inform\u00e1tica Avan\u00e7ada Aplicada a Constru\u00e7\u00e3o Civil<\/a><\/p>\n<table>\n<thead>\n<tr>\n<th scope=\"col\">TURMA<\/th>\n<th scope=\"col\">CARGA HOR\u00c1RIA<\/th>\n<th scope=\"col\">VAGAS<\/th>\n<th scope=\"col\">PER\u00cdODO<\/th>\n<th scope=\"col\">HOR\u00c1RIO<\/th>\n<th scope=\"col\">PR\u00c9-REQUISITOS<\/th>\n<th scope=\"col\">INVESTIMENTO<\/th>\n<\/tr>\n<\/thead>\n<tbody>\n<tr>\n<th scope=\"row\">APP.IFA.004<\/th>\n<td>60<\/td>\n<td>12<\/td>\n<td>09\/09\/20 a 29\/09\/20<\/td>\n<td>7h30 \u00e0s 11h30<\/td>\n<td>Ter a partir de 14 anos \/ 5\u00ba ano do Ensino Fundamental \/ Ter conhecimentos em Inform\u00e1tica.<\/td>\n<td>Gratuidade<\/td>\n<\/tr>\n<tr>\n<th scope=\"row\">APP.IFA.005<\/th>\n<td>60<\/td>\n<td>12<\/td>\n<td>01\/10\/20 a 22\/10\/20<\/td>\n<td>7h30 \u00e0s 11h30<\/td>\n<td>Ter a partir de 14 anos \/ 5\u00ba ano do Ensino Fundamental \/ Ter conhecimentos em Inform\u00e1tica.<\/td>\n<td>Gratuidade<\/td>\n<\/tr>\n<tr>\n<th scope=\"row\">APP.IFA.007<\/th>\n<td>60<\/td>\n<td>11<\/td>\n<td>01\/10\/20 a 22\/10\/20<\/td>\n<td>13h30 \u00e0s 17h30<\/td>\n<td>Ter a partir de 14 anos \/ 5\u00ba ano do Ensino Fundamental \/ Ter conhecimentos em Inform\u00e1tica.<\/td>\n<td>Gratuidade<\/td>\n<\/tr>\n<\/tbody>\n<\/table>\n<p>\t\t\t\t\t\t\t\t\t\t\t\t<a href=\"\">Inform\u00e1tica Avan\u00e7ada Aplicada a Constru\u00e7\u00e3o Civil<\/a><\/p>\n<table>\n<thead>\n<tr>\n<th scope=\"col\">TURMA<\/th>\n<th scope=\"col\">CARGA HOR\u00c1RIA<\/th>\n<th scope=\"col\">VAGAS<\/th>\n<th scope=\"col\">PER\u00cdODO<\/th>\n<th scope=\"col\">HOR\u00c1RIO<\/th>\n<th scope=\"col\">PR\u00c9-REQUISITOS<\/th>\n<th scope=\"col\">INVESTIMENTO<\/th>\n<\/tr>\n<\/thead>\n<tbody>\n<tr>\n<th scope=\"row\">INI.IFB.001<\/th>\n<td>52<\/td>\n<td>16<\/td>\n<td>03\/11\/20 a 19\/11\/20<\/td>\n<td>13h30 \u00e0s 17h30<\/td>\n<td>Ter a partir de 16 anos \/ 5\u00ba ano Ensino Fundamental.<\/td>\n<td>Gratuidade<\/td>\n<\/tr>\n<tr>\n<th scope=\"row\">APP.IFA.005<\/th>\n<td>60<\/td>\n<td>12<\/td>\n<td>01\/10\/20 a 22\/10\/20<\/td>\n<td>7h30 \u00e0s 11h30<\/td>\n<td>Ter a partir de 14 anos \/ 5\u00ba ano do Ensino Fundamental \/ Ter conhecimentos em Inform\u00e1tica.<\/td>\n<td>Gratuidade<\/td>\n<\/tr>\n<tr>\n<th scope=\"row\">APP.IFA.007<\/th>\n<td>60<\/td>\n<td>11<\/td>\n<td>01\/10\/20 a 22\/10\/20<\/td>\n<td>13h30 \u00e0s 17h30<\/td>\n<td>Ter a partir de 14 anos \/ 5\u00ba ano do Ensino Fundamental \/ Ter conhecimentos em Inform\u00e1tica.<\/td>\n<td>Gratuidade<\/td>\n<\/tr>\n<\/tbody>\n<\/table>\n<p>\t\t\t\t\t\t\t\t\t\t\t\t<a href=\"\">Desenho de Edifica\u00e7\u00f5es em CAD 2D (EAD-LMS)<\/a><\/p>\n<table>\n<thead>\n<tr>\n<th scope=\"col\">TURMA<\/th>\n<th scope=\"col\">CARGA HOR\u00c1RIA<\/th>\n<th scope=\"col\">VAGAS<\/th>\n<th scope=\"col\">PER\u00cdODO<\/th>\n<th scope=\"col\">HOR\u00c1RIO<\/th>\n<th scope=\"col\">PR\u00c9-REQUISITOS<\/th>\n<th scope=\"col\">INVESTIMENTO<\/th>\n<\/tr>\n<\/thead>\n<tbody>\n<tr>\n<th scope=\"row\">APP.DEC.001<\/th>\n<td>48<\/td>\n<td>21<\/td>\n<td>26\/10\/20 a 11\/11\/20<\/td>\n<td>13h30 \u00e0s 17h30<\/td>\n<td>Ter a partir de 16 anos \/ 7\u00ba ano do Ensino Fundamental e Estar cursando o Curso de Inform\u00e1tica B\u00e1sica.<\/td>\n<td>Gratuidade<\/td>\n<\/tr>\n<\/tbody>\n<\/table>\n<p>\t\t\t\t\t\t\t\t\t\t\t\t<a href=\"\">Eletricidade Aplicada \u00e0 Constru\u00e7\u00e3o Civil  ( EAD )<\/a><\/p>\n<table>\n<thead>\n<tr>\n<th scope=\"col\">TURMA<\/th>\n<th scope=\"col\">CARGA HOR\u00c1RIA<\/th>\n<th scope=\"col\">VAGAS<\/th>\n<th scope=\"col\">PER\u00cdODO<\/th>\n<th scope=\"col\">HOR\u00c1RIO<\/th>\n<th scope=\"col\">PR\u00c9-REQUISITOS<\/th>\n<th scope=\"col\">INVESTIMENTO<\/th>\n<\/tr>\n<\/thead>\n<tbody>\n<tr>\n<th scope=\"row\">INI.EAC.022<\/th>\n<td>40<\/td>\n<td>20<\/td>\n<td>01\/12\/20 a 15\/12\/20<\/td>\n<td>7h30 \u00e0s 11h30<\/td>\n<td>Ter a partir de 14 anos \/ 5\u00ba ano do Ensino Fundamental \/ Ter conhecimentos em Inform\u00e1tica.<\/td>\n<td>R$ 60,00<br \/>\n\u00e0 vista ou parcelado 3X no cart\u00e3o de cr\u00e9dito\n<\/td>\n<\/tr>\n<tr>\n<th scope=\"row\">INI.EAC.023<\/th>\n<td>40<\/td>\n<td>20<\/td>\n<td>03\/11\/20 a 16\/11\/20<\/td>\n<td>13h30 \u00e0s 17h30<\/td>\n<td>Ter a partir de 14 anos \/ 5\u00ba ano do Ensino Fundamental \/ Ter conhecimentos em Inform\u00e1tica.<\/td>\n<td>R$ 60,00<br \/>\n\u00e0 vista ou parcelado 3X no cart\u00e3o de cr\u00e9dito\n<\/td>\n<\/tr>\n<tr>\n<th scope=\"row\">INI.EAC.024<\/th>\n<td>40<\/td>\n<td>20<\/td>\n<td>23\/11\/20 a 04\/12\/20<\/td>\n<td>13h30 \u00e0s 17h30<\/td>\n<td>Ter a partir de 14 anos \/ 5\u00ba ano do Ensino Fundamental \/ Ter conhecimentos em Inform\u00e1tica.<\/td>\n<td>R$ 60,00<br \/>\n\u00e0 vista ou parcelado 3X no cart\u00e3o de cr\u00e9dito\n<\/td>\n<\/tr>\n<tr>\n<th scope=\"row\">INI.EAC.025<\/th>\n<td>40<\/td>\n<td>20<\/td>\n<td>03\/11\/20 a 16\/11\/20<\/td>\n<td>18h00 \u00e0s 22h00<\/td>\n<td>Ter a partir de 14 anos \/ 5\u00ba ano do Ensino Fundamental \/ Ter conhecimentos em Inform\u00e1tica.<\/td>\n<td>R$ 60,00<br \/>\n\u00e0 vista ou parcelado 3X no cart\u00e3o de cr\u00e9dito\n<\/td>\n<\/tr>\n<tr>\n<th scope=\"row\">INI.EAC.026<\/th>\n<td>40<\/td>\n<td>20<\/td>\n<td>23\/11\/20 a 04\/12\/20<\/td>\n<td>18h00 \u00e0s 22h00<\/td>\n<td>Ter a partir de 14 anos \/ 5\u00ba ano do Ensino Fundamental \/ Ter conhecimentos em Inform\u00e1tica.<\/td>\n<td>R$ 60,00<br \/>\n\u00e0 vista ou parcelado 3X no cart\u00e3o de cr\u00e9dito\n<\/td>\n<\/tr>\n<tr>\n<th scope=\"row\">INI.EAC.027<\/th>\n<td>40<\/td>\n<td>20<\/td>\n<td>03\/11\/20 a 16\/11\/20<\/td>\n<td>18h00 \u00e0s 22h00<\/td>\n<td>Ter a partir de 14 anos \/ 5\u00ba ano do Ensino Fundamental \/ Ter conhecimentos em Inform\u00e1tica.<\/td>\n<td>R$ 60,00<br \/>\n\u00e0 vista ou parcelado 3X no cart\u00e3o de cr\u00e9dito\n<\/td>\n<\/tr>\n<tr>\n<th scope=\"row\">INI.EAC.028<\/th>\n<td>40<\/td>\n<td>20<\/td>\n<td>23\/11\/20 a 04\/12\/20<\/td>\n<td>18h00 \u00e0s 22h00<\/td>\n<td>Ter a partir de 14 anos \/ 5\u00ba ano do Ensino Fundamental \/ Ter conhecimentos em Inform\u00e1tica.<\/td>\n<td>R$ 60,00<br \/>\n\u00e0 vista ou parcelado 3X no cart\u00e3o de cr\u00e9dito\n<\/td>\n<\/tr>\n<\/tbody>\n<\/table>\n<p>\t\t\t\t\t\t\t\t\t\t\t\t<a href=\"\">NR 35 \u2013 Trabalho em Altura<\/a><\/p>\n<table>\n<thead>\n<tr>\n<th scope=\"col\">TURMA<\/th>\n<th scope=\"col\">CARGA HOR\u00c1RIA<\/th>\n<th scope=\"col\">VAGAS<\/th>\n<th scope=\"col\">PER\u00cdODO<\/th>\n<th scope=\"col\">HOR\u00c1RIO<\/th>\n<th scope=\"col\">PR\u00c9-REQUISITOS<\/th>\n<th scope=\"col\">INVESTIMENTO<\/th>\n<\/tr>\n<\/thead>\n<tbody>\n<tr>\n<th scope=\"row\">APP.NTA.037<\/th>\n<td>08<\/td>\n<td>16<\/td>\n<td>10\/09\/20 a 11\/09\/20<\/td>\n<td>18h00 \u00e0s 22h00<\/td>\n<td>Ter a partir de 18 anos \/ 8\u00ba ano do Ensino Fundamental \/ Apresentar ASO para trabalho em altura.<\/td>\n<td>R$ 150,00<br \/>\n\u00e0 vista ou parcelado 3X no cart\u00e3o de cr\u00e9dito\n<\/td>\n<tr>\n<th scope=\"row\">APP.NTA.038<\/th>\n<td>08<\/td>\n<td>16<\/td>\n<td>24\/09\/20 a 25\/09\/20<\/td>\n<td>18h00 \u00e0s 22h00<\/td>\n<td>Ter a partir de 18 anos \/ 8\u00ba ano do Ensino Fundamental \/ Apresentar ASO para trabalho em altura.<\/td>\n<td>R$ 150,00<br \/>\n\u00e0 vista ou parcelado 3X no cart\u00e3o de cr\u00e9dito\n<\/td>\n<\/tr>\n<\/tr>\n<\/tbody>\n<\/table>\n<p><strong>NOTA 1: <\/strong>O SENAI reserva-se no direito de alterar as datas dos cursos e\/ou cancelar turmas se necess\u00e1rio. Quantidade de vagas limitadas.<\/p>\n<p><strong>NOTA 2: <\/strong>As vagas gratuitas s\u00e3o destinadas a pessoas f\u00edsicas de baixa renda, preferencialmente, trabalhador, empregado ou desempregado, matriculado ou que tenho conclu\u00eddo a Educa\u00e7\u00e3o B\u00e1sica.<\/p>\n<p><strong>PROCESSO DE MATRICULA<\/strong><\/p>\n<p><strong><br \/>Pessoa Jur\u00eddica<\/strong> \u2013realizadas atrav\u00e9s do e-mail <a href=\"mailto:rcm.senai@am.senai.br\"><u>rcm.senai@am.senai.br<\/u><\/a> Oferecemos tamb\u00e9m Cursos In Company e Consultorias, mediante uma visita t\u00e9cnica (Gratuita). O cancelamento da inscri\u00e7\u00e3o de Pessoa Jur\u00eddica ser\u00e1 aceito se informado por e-mail, com anteced\u00eancia m\u00ednima de 05 (cinco) dias \u00fateis antes do in\u00edcio do curso. Na aus\u00eancia deste, ser\u00e1 cobrado o valor integral da empresa, sem ades\u00e3o a cr\u00e9dito.<\/p>\n<p><strong>Pessoa F\u00edsica \u2013 <\/strong>A matricula dever\u00e1 ser realizada presencialmente na CENTRAL DE MATRICULAS \u00daNICA DO SENAI, situada na Av. Rodrigo Otavio, 2394 \u2013 Distrito Industrial, Manaus \u2013 AM, que devido ao cen\u00e1rio de pandemia est\u00e1 funcionando em hor\u00e1rio reduzido de segunda a sexta-feira de <strong>08h00 \u00e0s 19h00<\/strong>.<\/p>\n<\/p>\n<p><strong>DOCUMENTOS PARA MATR\u00cdCULA \u2013 PESSOA F\u00cdSICA <\/strong><\/p>\n<p><strong>Ficam obrigados os alunos a apresentar no ato da matr\u00edcula as <u>C\u00d3PIAS<\/u> dos seguintes documentos: <\/strong><\/p>\n<ul>\n<li>Carteira de Identidade do Aluno (<strong><u>obrigat\u00f3rio<\/u><\/strong>);<\/li>\n<li>CPF (<strong><u>obrigat\u00f3rio<\/u><\/strong>);<\/li>\n<li>Comprovante de Resid\u00eancia (Atual, com CEP) (<strong><u>obrigat\u00f3rio<\/u><\/strong>);<\/li>\n<li>Comprovante de Escolaridade (Certificado ou Declara\u00e7\u00e3o) (<strong><u>obrigat\u00f3rio<\/u><\/strong>);<\/li>\n<li>Carteira de Identidade da M\u00e3e (para todos os alunos menores de 18 anos);<\/li>\n<li>Possuir e-mail v\u00e1lido (<strong><u>obrigat\u00f3rio<\/u><\/strong>);<\/li>\n<li>Apresentar documento que comprove o pr\u00e9-requisito do curso (Certificado, CTPS, ASO, etc.);<\/li>\n<\/ul>\n","protected":false},"excerpt":{"rendered":"<p>Escola SENAI de A\u00e7\u00f5es M\u00f3veis e Comunit\u00e1rias ESAMC &#8211; Cursos Presenciais Confeiteiro Industrial TURMA CARGA HOR\u00c1RIA VAGAS PER\u00cdODO HOR\u00c1RIO PR\u00c9-REQUISITOS INVESTIMENTO INI.CIN.009 40 06 03\/09\/20 13h \u00e0s 17h Ensino Fundamental 16 anos R$ 320 (\u00c0 vista) no boleto 3x no Cart\u00e3o de Cr\u00e9dito Customiza\u00e7\u00e3o de Pe\u00e7as do Vestu\u00e1rio TURMA CARGA HOR\u00c1RIA VAGAS PER\u00cdODO HOR\u00c1RIO PR\u00c9-REQUISITOS [&hellip;]<\/p>\n","protected":false},"author":1,"featured_media":0,"parent":0,"menu_order":0,"comment_status":"closed","ping_status":"closed","template":"","meta":{"footnotes":""},"class_list":["post-9382","page","type-page","status-publish","hentry"],"yoast_head":"<!-- This site is optimized with the Yoast SEO plugin v26.8 - https:\/\/yoast.com\/product\/yoast-seo-wordpress\/ -->\n<title>Cursos - SENAI<\/title>\n<meta name=\"robots\" content=\"index, follow, max-snippet:-1, max-image-preview:large, max-video-preview:-1\" \/>\n<link rel=\"canonical\" href=\"https:\/\/fieam.org.br\/senai\/curso-02\/\" \/>\n<meta property=\"og:locale\" content=\"pt_BR\" \/>\n<meta property=\"og:type\" content=\"article\" \/>\n<meta property=\"og:title\" content=\"Cursos - SENAI\" \/>\n<meta property=\"og:description\" content=\"Escola SENAI de A\u00e7\u00f5es M\u00f3veis e Comunit\u00e1rias ESAMC &#8211; Cursos Presenciais Confeiteiro Industrial TURMA CARGA HOR\u00c1RIA VAGAS PER\u00cdODO HOR\u00c1RIO PR\u00c9-REQUISITOS INVESTIMENTO INI.CIN.009 40 06 03\/09\/20 13h \u00e0s 17h Ensino Fundamental 16 anos R$ 320 (\u00c0 vista) no boleto 3x no Cart\u00e3o de Cr\u00e9dito Customiza\u00e7\u00e3o de Pe\u00e7as do Vestu\u00e1rio TURMA CARGA HOR\u00c1RIA VAGAS PER\u00cdODO HOR\u00c1RIO PR\u00c9-REQUISITOS [&hellip;]\" \/>\n<meta property=\"og:url\" content=\"https:\/\/fieam.org.br\/senai\/curso-02\/\" \/>\n<meta property=\"og:site_name\" content=\"SENAI\" \/>\n<meta property=\"og:image\" content=\"https:\/\/marketingmassivo.com.br\/senai\/wp-content\/uploads\/sites\/13\/2020\/09\/banner-curso-senai.jpg\" \/>\n<meta name=\"twitter:card\" content=\"summary_large_image\" \/>\n<meta name=\"twitter:label1\" content=\"Est. tempo de leitura\" \/>\n\t<meta name=\"twitter:data1\" content=\"11 minutos\" \/>\n<script type=\"application\/ld+json\" class=\"yoast-schema-graph\">{\"@context\":\"https:\/\/schema.org\",\"@graph\":[{\"@type\":\"WebPage\",\"@id\":\"https:\/\/fieam.org.br\/senai\/curso-02\/\",\"url\":\"https:\/\/fieam.org.br\/senai\/curso-02\/\",\"name\":\"Cursos - SENAI\",\"isPartOf\":{\"@id\":\"https:\/\/fieam.org.br\/senai\/#website\"},\"primaryImageOfPage\":{\"@id\":\"https:\/\/fieam.org.br\/senai\/curso-02\/#primaryimage\"},\"image\":{\"@id\":\"https:\/\/fieam.org.br\/senai\/curso-02\/#primaryimage\"},\"thumbnailUrl\":\"https:\/\/marketingmassivo.com.br\/senai\/wp-content\/uploads\/sites\/13\/2020\/09\/banner-curso-senai.jpg\",\"datePublished\":\"2020-09-04T04:47:48+00:00\",\"breadcrumb\":{\"@id\":\"https:\/\/fieam.org.br\/senai\/curso-02\/#breadcrumb\"},\"inLanguage\":\"pt-BR\",\"potentialAction\":[{\"@type\":\"ReadAction\",\"target\":[\"https:\/\/fieam.org.br\/senai\/curso-02\/\"]}]},{\"@type\":\"ImageObject\",\"inLanguage\":\"pt-BR\",\"@id\":\"https:\/\/fieam.org.br\/senai\/curso-02\/#primaryimage\",\"url\":\"https:\/\/marketingmassivo.com.br\/senai\/wp-content\/uploads\/sites\/13\/2020\/09\/banner-curso-senai.jpg\",\"contentUrl\":\"https:\/\/marketingmassivo.com.br\/senai\/wp-content\/uploads\/sites\/13\/2020\/09\/banner-curso-senai.jpg\"},{\"@type\":\"BreadcrumbList\",\"@id\":\"https:\/\/fieam.org.br\/senai\/curso-02\/#breadcrumb\",\"itemListElement\":[{\"@type\":\"ListItem\",\"position\":1,\"name\":\"In\u00edcio\",\"item\":\"https:\/\/fieam.org.br\/senai\/\"},{\"@type\":\"ListItem\",\"position\":2,\"name\":\"Cursos\"}]},{\"@type\":\"WebSite\",\"@id\":\"https:\/\/fieam.org.br\/senai\/#website\",\"url\":\"https:\/\/fieam.org.br\/senai\/\",\"name\":\"SENAI\",\"description\":\"Site Oficial!\",\"publisher\":{\"@id\":\"https:\/\/fieam.org.br\/senai\/#organization\"},\"potentialAction\":[{\"@type\":\"SearchAction\",\"target\":{\"@type\":\"EntryPoint\",\"urlTemplate\":\"https:\/\/fieam.org.br\/senai\/?s={search_term_string}\"},\"query-input\":{\"@type\":\"PropertyValueSpecification\",\"valueRequired\":true,\"valueName\":\"search_term_string\"}}],\"inLanguage\":\"pt-BR\"},{\"@type\":\"Organization\",\"@id\":\"https:\/\/fieam.org.br\/senai\/#organization\",\"name\":\"SENAI\",\"url\":\"https:\/\/fieam.org.br\/senai\/\",\"logo\":{\"@type\":\"ImageObject\",\"inLanguage\":\"pt-BR\",\"@id\":\"https:\/\/fieam.org.br\/senai\/#\/schema\/logo\/image\/\",\"url\":\"https:\/\/fieam.org.br\/senai\/wp-content\/uploads\/sites\/16\/2024\/03\/cropped-fav.png\",\"contentUrl\":\"https:\/\/fieam.org.br\/senai\/wp-content\/uploads\/sites\/16\/2024\/03\/cropped-fav.png\",\"width\":592,\"height\":577,\"caption\":\"SENAI\"},\"image\":{\"@id\":\"https:\/\/fieam.org.br\/senai\/#\/schema\/logo\/image\/\"}}]}<\/script>\n<!-- \/ Yoast SEO plugin. -->","yoast_head_json":{"title":"Cursos - SENAI","robots":{"index":"index","follow":"follow","max-snippet":"max-snippet:-1","max-image-preview":"max-image-preview:large","max-video-preview":"max-video-preview:-1"},"canonical":"https:\/\/fieam.org.br\/senai\/curso-02\/","og_locale":"pt_BR","og_type":"article","og_title":"Cursos - SENAI","og_description":"Escola SENAI de A\u00e7\u00f5es M\u00f3veis e Comunit\u00e1rias ESAMC &#8211; Cursos Presenciais Confeiteiro Industrial TURMA CARGA HOR\u00c1RIA VAGAS PER\u00cdODO HOR\u00c1RIO PR\u00c9-REQUISITOS INVESTIMENTO INI.CIN.009 40 06 03\/09\/20 13h \u00e0s 17h Ensino Fundamental 16 anos R$ 320 (\u00c0 vista) no boleto 3x no Cart\u00e3o de Cr\u00e9dito Customiza\u00e7\u00e3o de Pe\u00e7as do Vestu\u00e1rio TURMA CARGA HOR\u00c1RIA VAGAS PER\u00cdODO HOR\u00c1RIO PR\u00c9-REQUISITOS [&hellip;]","og_url":"https:\/\/fieam.org.br\/senai\/curso-02\/","og_site_name":"SENAI","og_image":[{"url":"https:\/\/marketingmassivo.com.br\/senai\/wp-content\/uploads\/sites\/13\/2020\/09\/banner-curso-senai.jpg","type":"","width":"","height":""}],"twitter_card":"summary_large_image","twitter_misc":{"Est. tempo de leitura":"11 minutos"},"schema":{"@context":"https:\/\/schema.org","@graph":[{"@type":"WebPage","@id":"https:\/\/fieam.org.br\/senai\/curso-02\/","url":"https:\/\/fieam.org.br\/senai\/curso-02\/","name":"Cursos - SENAI","isPartOf":{"@id":"https:\/\/fieam.org.br\/senai\/#website"},"primaryImageOfPage":{"@id":"https:\/\/fieam.org.br\/senai\/curso-02\/#primaryimage"},"image":{"@id":"https:\/\/fieam.org.br\/senai\/curso-02\/#primaryimage"},"thumbnailUrl":"https:\/\/marketingmassivo.com.br\/senai\/wp-content\/uploads\/sites\/13\/2020\/09\/banner-curso-senai.jpg","datePublished":"2020-09-04T04:47:48+00:00","breadcrumb":{"@id":"https:\/\/fieam.org.br\/senai\/curso-02\/#breadcrumb"},"inLanguage":"pt-BR","potentialAction":[{"@type":"ReadAction","target":["https:\/\/fieam.org.br\/senai\/curso-02\/"]}]},{"@type":"ImageObject","inLanguage":"pt-BR","@id":"https:\/\/fieam.org.br\/senai\/curso-02\/#primaryimage","url":"https:\/\/marketingmassivo.com.br\/senai\/wp-content\/uploads\/sites\/13\/2020\/09\/banner-curso-senai.jpg","contentUrl":"https:\/\/marketingmassivo.com.br\/senai\/wp-content\/uploads\/sites\/13\/2020\/09\/banner-curso-senai.jpg"},{"@type":"BreadcrumbList","@id":"https:\/\/fieam.org.br\/senai\/curso-02\/#breadcrumb","itemListElement":[{"@type":"ListItem","position":1,"name":"In\u00edcio","item":"https:\/\/fieam.org.br\/senai\/"},{"@type":"ListItem","position":2,"name":"Cursos"}]},{"@type":"WebSite","@id":"https:\/\/fieam.org.br\/senai\/#website","url":"https:\/\/fieam.org.br\/senai\/","name":"SENAI","description":"Site Oficial!","publisher":{"@id":"https:\/\/fieam.org.br\/senai\/#organization"},"potentialAction":[{"@type":"SearchAction","target":{"@type":"EntryPoint","urlTemplate":"https:\/\/fieam.org.br\/senai\/?s={search_term_string}"},"query-input":{"@type":"PropertyValueSpecification","valueRequired":true,"valueName":"search_term_string"}}],"inLanguage":"pt-BR"},{"@type":"Organization","@id":"https:\/\/fieam.org.br\/senai\/#organization","name":"SENAI","url":"https:\/\/fieam.org.br\/senai\/","logo":{"@type":"ImageObject","inLanguage":"pt-BR","@id":"https:\/\/fieam.org.br\/senai\/#\/schema\/logo\/image\/","url":"https:\/\/fieam.org.br\/senai\/wp-content\/uploads\/sites\/16\/2024\/03\/cropped-fav.png","contentUrl":"https:\/\/fieam.org.br\/senai\/wp-content\/uploads\/sites\/16\/2024\/03\/cropped-fav.png","width":592,"height":577,"caption":"SENAI"},"image":{"@id":"https:\/\/fieam.org.br\/senai\/#\/schema\/logo\/image\/"}}]}},"_links":{"self":[{"href":"https:\/\/fieam.org.br\/senai\/wp-json\/wp\/v2\/pages\/9382","targetHints":{"allow":["GET"]}}],"collection":[{"href":"https:\/\/fieam.org.br\/senai\/wp-json\/wp\/v2\/pages"}],"about":[{"href":"https:\/\/fieam.org.br\/senai\/wp-json\/wp\/v2\/types\/page"}],"author":[{"embeddable":true,"href":"https:\/\/fieam.org.br\/senai\/wp-json\/wp\/v2\/users\/1"}],"replies":[{"embeddable":true,"href":"https:\/\/fieam.org.br\/senai\/wp-json\/wp\/v2\/comments?post=9382"}],"version-history":[{"count":0,"href":"https:\/\/fieam.org.br\/senai\/wp-json\/wp\/v2\/pages\/9382\/revisions"}],"wp:attachment":[{"href":"https:\/\/fieam.org.br\/senai\/wp-json\/wp\/v2\/media?parent=9382"}],"curies":[{"name":"wp","href":"https:\/\/api.w.org\/{rel}","templated":true}]}}