{"id":9240,"date":"2023-03-24T10:00:21","date_gmt":"2023-03-24T14:00:21","guid":{"rendered":"http:\/\/www.fieam.org.br\/senai\/?page_id=9240"},"modified":"2024-03-07T03:05:21","modified_gmt":"2024-03-07T03:05:21","slug":"escola-senai-de-acoes-moveis-e-comunitarias-esamc","status":"publish","type":"page","link":"https:\/\/fieam.org.br\/senai\/escola-senai-de-acoes-moveis-e-comunitarias-esamc\/","title":{"rendered":"Escola SENAI de A\u00e7\u00f5es M\u00f3veis e Comunit\u00e1rias &#8211; ESAMC"},"content":{"rendered":"\t\t<div data-elementor-type=\"wp-page\" data-elementor-id=\"9240\" class=\"elementor elementor-9240\" data-elementor-post-type=\"page\">\n\t\t\t\t\t\t<section class=\"elementor-section elementor-top-section elementor-element elementor-element-c25b35f elementor-section-boxed elementor-section-height-default elementor-section-height-default\" data-id=\"c25b35f\" data-element_type=\"section\" data-settings=\"{&quot;background_background&quot;:&quot;classic&quot;,&quot;ekit_has_onepagescroll_dot&quot;:&quot;yes&quot;}\">\n\t\t\t\t\t\t\t<div class=\"elementor-background-overlay\"><\/div>\n\t\t\t\t\t\t\t<div class=\"elementor-container elementor-column-gap-default\">\n\t\t\t\t\t<div class=\"elementor-column elementor-col-100 elementor-top-column elementor-element elementor-element-bbf716f\" data-id=\"bbf716f\" data-element_type=\"column\">\n\t\t\t<div class=\"elementor-widget-wrap elementor-element-populated\">\n\t\t\t\t\t\t<div class=\"elementor-element elementor-element-367fcc9 elementor-widget__width-auto elementor-invisible elementor-widget elementor-widget-image\" data-id=\"367fcc9\" data-element_type=\"widget\" data-settings=\"{&quot;_animation&quot;:&quot;rotateIn&quot;,&quot;_animation_delay&quot;:720,&quot;ekit_we_effect_on&quot;:&quot;none&quot;}\" data-widget_type=\"image.default\">\n\t\t\t\t<div class=\"elementor-widget-container\">\n\t\t\t\t\t\t\t\t\t\t\t\t\t\t\t<img decoding=\"async\" width=\"45\" height=\"38\" src=\"https:\/\/fieam.org.br\/senai\/wp-content\/uploads\/sites\/16\/2024\/02\/setas.png\" class=\"attachment-full size-full wp-image-4668\" alt=\"\" \/>\t\t\t\t\t\t\t\t\t\t\t\t\t\t\t<\/div>\n\t\t\t\t<\/div>\n\t\t\t\t<div class=\"elementor-element elementor-element-7ed93fe elementor-invisible elementor-widget elementor-widget-heading\" data-id=\"7ed93fe\" data-element_type=\"widget\" data-settings=\"{&quot;_animation&quot;:&quot;fadeInDown&quot;,&quot;ekit_we_effect_on&quot;:&quot;none&quot;}\" data-widget_type=\"heading.default\">\n\t\t\t\t<div class=\"elementor-widget-container\">\n\t\t\t\t\t<h2 class=\"elementor-heading-title elementor-size-default\">Escola SENAI de A\u00e7\u00f5es M\u00f3veis e Comunit\u00e1rias - ESAMC<\/h2>\t\t\t\t<\/div>\n\t\t\t\t<\/div>\n\t\t\t\t<div class=\"elementor-element elementor-element-877b0d9 elementor-invisible elementor-widget elementor-widget-heading\" data-id=\"877b0d9\" data-element_type=\"widget\" data-settings=\"{&quot;_animation&quot;:&quot;fadeInUp&quot;,&quot;ekit_we_effect_on&quot;:&quot;none&quot;}\" data-widget_type=\"heading.default\">\n\t\t\t\t<div class=\"elementor-widget-container\">\n\t\t\t\t\t<div class=\"elementor-heading-title elementor-size-default\">Servi\u00e7o Nacional de Aprendizagem Industrial<\/div>\t\t\t\t<\/div>\n\t\t\t\t<\/div>\n\t\t\t\t\t<\/div>\n\t\t<\/div>\n\t\t\t\t\t<\/div>\n\t\t<\/section>\n\t\t<div class=\"elementor-element elementor-element-d7b5b06 e-flex e-con-boxed e-con e-parent\" data-id=\"d7b5b06\" data-element_type=\"container\" data-settings=\"{&quot;ekit_has_onepagescroll_dot&quot;:&quot;yes&quot;}\">\n\t\t\t\t\t<div class=\"e-con-inner\">\n\t\t\t\t<div class=\"elementor-element elementor-element-5861ca7d elementor-widget elementor-widget-text-editor\" data-id=\"5861ca7d\" data-element_type=\"widget\" data-settings=\"{&quot;ekit_we_effect_on&quot;:&quot;none&quot;}\" data-widget_type=\"text-editor.default\">\n\t\t\t\t<div class=\"elementor-widget-container\">\n\t\t\t\t\t\t\t\t\t&nbsp;\n\n<a href=\"https:\/\/marketingmassivo.com.br\/senai\/wp-content\/uploads\/sites\/13\/2022\/05\/SENAI-encerra-amanha-chamada-publica-para-87-cursos-gratuito.jpeg\"><img fetchpriority=\"high\" decoding=\"async\" class=\" wp-image-10050\" src=\"https:\/\/marketingmassivo.com.br\/senai\/wp-content\/uploads\/sites\/13\/2022\/05\/SENAI-encerra-amanha-chamada-publica-para-87-cursos-gratuito.jpeg\" alt=\"\" width=\"345\" height=\"359\" srcset=\"https:\/\/fieam.org.br\/senai\/wp-content\/uploads\/sites\/16\/2022\/05\/SENAI-encerra-amanha-chamada-publica-para-87-cursos-gratuito.jpeg 676w, https:\/\/fieam.org.br\/senai\/wp-content\/uploads\/sites\/16\/2022\/05\/SENAI-encerra-amanha-chamada-publica-para-87-cursos-gratuito-289x300.jpeg 289w\" sizes=\"(max-width: 345px) 100vw, 345px\" \/><\/a>\n\n&nbsp;\n\n<strong>\u00c1reas:<\/strong> Alimentos, Vestu\u00e1rio, Constru\u00e7\u00e3o Civil, Energia, Eletroeletr\u00f4nica, Gest\u00e3o, Madeira e Mobili\u00e1rio, Metalmec\u00e2nica, Refrigera\u00e7\u00e3o, Tecnologia da Informa\u00e7\u00e3o, Transportes\/Seguran\u00e7a e\u00a0Meio Ambiente.\n<p style=\"text-align: justify\"><strong>Manaus:<\/strong> Alimenta\u00e7\u00e3o, Confec\u00e7\u00e3o do Vestu\u00e1rio e Seguran\u00e7a na \u00e1rea de Transporte.<\/p>\n<p style=\"text-align: justify\"><strong>Munic\u00edpios\/AM:<\/strong> Alimenta\u00e7\u00e3o, Confec\u00e7\u00e3o do Vestu\u00e1rio e Seguran\u00e7a na \u00e1rea de Transporte, Constru\u00e7\u00e3o Civil, Energia, Eletroeletr\u00f4nica, Gest\u00e3o, Madeira e Mobili\u00e1rio, Metalmec\u00e2nica, Refrigera\u00e7\u00e3o, Tecnologia da Informa\u00e7\u00e3o e Meio Ambiente.<\/p>\n&nbsp;\n\n<strong>Mais Informa\u00e7\u00f5es:<\/strong>\nAv. Rodrigo Ot\u00e1vio, 2394 _ Distrito Industrial\nFone: (92) 3182-9925\nWhatsApp: (92) 3182-9925\nE-mail:\u00a0<strong><a href=\"http:\/\/www.fieam.org.br\/senai\/educacao-profissional-e-tecnologia-5\/contactcenter@fieam.org.br\">contactcenter<\/a><\/strong><strong><a href=\"http:\/\/www.fieam.org.br\/senai\/educacao-profissional-e-tecnologia-5\/contactcenter@fieam.org.br\">@fieam.org.br<\/a><\/strong>\n\nA programa\u00e7\u00e3o atual encontra-se dispon\u00edvel no site:\n\n<a href=\"http:\/\/www.fieam.org.br\/senai\/cursos-do-senai\/\">http:\/\/www.fieam.org.br\/senai\/cursos-do-senai\/<\/a>\n\n&nbsp;\t\t\t\t\t\t\t\t<\/div>\n\t\t\t\t<\/div>\n\t\t\t\t\t<\/div>\n\t\t\t\t<\/div>\n\t\t\t\t<\/div>\n\t\t","protected":false},"excerpt":{"rendered":"<p>Escola SENAI de A\u00e7\u00f5es M\u00f3veis e Comunit\u00e1rias &#8211; ESAMC Servi\u00e7o Nacional de Aprendizagem Industrial &nbsp; &nbsp; \u00c1reas: Alimentos, Vestu\u00e1rio, Constru\u00e7\u00e3o Civil, Energia, Eletroeletr\u00f4nica, Gest\u00e3o, Madeira e Mobili\u00e1rio, Metalmec\u00e2nica, Refrigera\u00e7\u00e3o, Tecnologia da Informa\u00e7\u00e3o, Transportes\/Seguran\u00e7a e\u00a0Meio Ambiente. Manaus: Alimenta\u00e7\u00e3o, Confec\u00e7\u00e3o do Vestu\u00e1rio e Seguran\u00e7a na \u00e1rea de Transporte. Munic\u00edpios\/AM: Alimenta\u00e7\u00e3o, Confec\u00e7\u00e3o do Vestu\u00e1rio e Seguran\u00e7a na \u00e1rea [&hellip;]<\/p>\n","protected":false},"author":1,"featured_media":0,"parent":0,"menu_order":0,"comment_status":"closed","ping_status":"closed","template":"","meta":{"footnotes":""},"class_list":["post-9240","page","type-page","status-publish","hentry"],"yoast_head":"<!-- This site is optimized with the Yoast SEO plugin v26.8 - https:\/\/yoast.com\/product\/yoast-seo-wordpress\/ -->\n<title>Escola SENAI de A\u00e7\u00f5es M\u00f3veis e Comunit\u00e1rias - ESAMC - SENAI<\/title>\n<meta name=\"robots\" content=\"index, follow, max-snippet:-1, max-image-preview:large, max-video-preview:-1\" \/>\n<link rel=\"canonical\" href=\"https:\/\/fieam.org.br\/senai\/escola-senai-de-acoes-moveis-e-comunitarias-esamc\/\" \/>\n<meta property=\"og:locale\" content=\"pt_BR\" \/>\n<meta property=\"og:type\" content=\"article\" \/>\n<meta property=\"og:title\" content=\"Escola SENAI de A\u00e7\u00f5es M\u00f3veis e Comunit\u00e1rias - ESAMC - SENAI\" \/>\n<meta property=\"og:description\" content=\"Escola SENAI de A\u00e7\u00f5es M\u00f3veis e Comunit\u00e1rias &#8211; ESAMC Servi\u00e7o Nacional de Aprendizagem Industrial &nbsp; &nbsp; \u00c1reas: Alimentos, Vestu\u00e1rio, Constru\u00e7\u00e3o Civil, Energia, Eletroeletr\u00f4nica, Gest\u00e3o, Madeira e Mobili\u00e1rio, Metalmec\u00e2nica, Refrigera\u00e7\u00e3o, Tecnologia da Informa\u00e7\u00e3o, Transportes\/Seguran\u00e7a e\u00a0Meio Ambiente. Manaus: Alimenta\u00e7\u00e3o, Confec\u00e7\u00e3o do Vestu\u00e1rio e Seguran\u00e7a na \u00e1rea de Transporte. Munic\u00edpios\/AM: Alimenta\u00e7\u00e3o, Confec\u00e7\u00e3o do Vestu\u00e1rio e Seguran\u00e7a na \u00e1rea [&hellip;]\" \/>\n<meta property=\"og:url\" content=\"https:\/\/fieam.org.br\/senai\/escola-senai-de-acoes-moveis-e-comunitarias-esamc\/\" \/>\n<meta property=\"og:site_name\" content=\"SENAI\" \/>\n<meta property=\"article:modified_time\" content=\"2024-03-07T03:05:21+00:00\" \/>\n<meta property=\"og:image\" content=\"https:\/\/fieam.org.br\/senai\/wp-content\/uploads\/sites\/13\/2024\/02\/setas.png\" \/>\n<meta name=\"twitter:card\" content=\"summary_large_image\" \/>\n<meta name=\"twitter:label1\" content=\"Est. tempo de leitura\" \/>\n\t<meta name=\"twitter:data1\" content=\"1 minuto\" \/>\n<script type=\"application\/ld+json\" class=\"yoast-schema-graph\">{\"@context\":\"https:\/\/schema.org\",\"@graph\":[{\"@type\":\"WebPage\",\"@id\":\"https:\/\/fieam.org.br\/senai\/escola-senai-de-acoes-moveis-e-comunitarias-esamc\/\",\"url\":\"https:\/\/fieam.org.br\/senai\/escola-senai-de-acoes-moveis-e-comunitarias-esamc\/\",\"name\":\"Escola SENAI de A\u00e7\u00f5es M\u00f3veis e Comunit\u00e1rias - ESAMC - SENAI\",\"isPartOf\":{\"@id\":\"https:\/\/fieam.org.br\/senai\/#website\"},\"primaryImageOfPage\":{\"@id\":\"https:\/\/fieam.org.br\/senai\/escola-senai-de-acoes-moveis-e-comunitarias-esamc\/#primaryimage\"},\"image\":{\"@id\":\"https:\/\/fieam.org.br\/senai\/escola-senai-de-acoes-moveis-e-comunitarias-esamc\/#primaryimage\"},\"thumbnailUrl\":\"https:\/\/fieam.org.br\/senai\/wp-content\/uploads\/sites\/13\/2024\/02\/setas.png\",\"datePublished\":\"2023-03-24T14:00:21+00:00\",\"dateModified\":\"2024-03-07T03:05:21+00:00\",\"breadcrumb\":{\"@id\":\"https:\/\/fieam.org.br\/senai\/escola-senai-de-acoes-moveis-e-comunitarias-esamc\/#breadcrumb\"},\"inLanguage\":\"pt-BR\",\"potentialAction\":[{\"@type\":\"ReadAction\",\"target\":[\"https:\/\/fieam.org.br\/senai\/escola-senai-de-acoes-moveis-e-comunitarias-esamc\/\"]}]},{\"@type\":\"ImageObject\",\"inLanguage\":\"pt-BR\",\"@id\":\"https:\/\/fieam.org.br\/senai\/escola-senai-de-acoes-moveis-e-comunitarias-esamc\/#primaryimage\",\"url\":\"https:\/\/fieam.org.br\/senai\/wp-content\/uploads\/sites\/13\/2024\/02\/setas.png\",\"contentUrl\":\"https:\/\/fieam.org.br\/senai\/wp-content\/uploads\/sites\/13\/2024\/02\/setas.png\"},{\"@type\":\"BreadcrumbList\",\"@id\":\"https:\/\/fieam.org.br\/senai\/escola-senai-de-acoes-moveis-e-comunitarias-esamc\/#breadcrumb\",\"itemListElement\":[{\"@type\":\"ListItem\",\"position\":1,\"name\":\"In\u00edcio\",\"item\":\"https:\/\/fieam.org.br\/senai\/\"},{\"@type\":\"ListItem\",\"position\":2,\"name\":\"Escola SENAI de A\u00e7\u00f5es M\u00f3veis e Comunit\u00e1rias &#8211; ESAMC\"}]},{\"@type\":\"WebSite\",\"@id\":\"https:\/\/fieam.org.br\/senai\/#website\",\"url\":\"https:\/\/fieam.org.br\/senai\/\",\"name\":\"SENAI\",\"description\":\"Site Oficial!\",\"publisher\":{\"@id\":\"https:\/\/fieam.org.br\/senai\/#organization\"},\"potentialAction\":[{\"@type\":\"SearchAction\",\"target\":{\"@type\":\"EntryPoint\",\"urlTemplate\":\"https:\/\/fieam.org.br\/senai\/?s={search_term_string}\"},\"query-input\":{\"@type\":\"PropertyValueSpecification\",\"valueRequired\":true,\"valueName\":\"search_term_string\"}}],\"inLanguage\":\"pt-BR\"},{\"@type\":\"Organization\",\"@id\":\"https:\/\/fieam.org.br\/senai\/#organization\",\"name\":\"SENAI\",\"url\":\"https:\/\/fieam.org.br\/senai\/\",\"logo\":{\"@type\":\"ImageObject\",\"inLanguage\":\"pt-BR\",\"@id\":\"https:\/\/fieam.org.br\/senai\/#\/schema\/logo\/image\/\",\"url\":\"https:\/\/fieam.org.br\/senai\/wp-content\/uploads\/sites\/16\/2024\/03\/cropped-fav.png\",\"contentUrl\":\"https:\/\/fieam.org.br\/senai\/wp-content\/uploads\/sites\/16\/2024\/03\/cropped-fav.png\",\"width\":592,\"height\":577,\"caption\":\"SENAI\"},\"image\":{\"@id\":\"https:\/\/fieam.org.br\/senai\/#\/schema\/logo\/image\/\"}}]}<\/script>\n<!-- \/ Yoast SEO plugin. -->","yoast_head_json":{"title":"Escola SENAI de A\u00e7\u00f5es M\u00f3veis e Comunit\u00e1rias - ESAMC - SENAI","robots":{"index":"index","follow":"follow","max-snippet":"max-snippet:-1","max-image-preview":"max-image-preview:large","max-video-preview":"max-video-preview:-1"},"canonical":"https:\/\/fieam.org.br\/senai\/escola-senai-de-acoes-moveis-e-comunitarias-esamc\/","og_locale":"pt_BR","og_type":"article","og_title":"Escola SENAI de A\u00e7\u00f5es M\u00f3veis e Comunit\u00e1rias - ESAMC - SENAI","og_description":"Escola SENAI de A\u00e7\u00f5es M\u00f3veis e Comunit\u00e1rias &#8211; ESAMC Servi\u00e7o Nacional de Aprendizagem Industrial &nbsp; &nbsp; \u00c1reas: Alimentos, Vestu\u00e1rio, Constru\u00e7\u00e3o Civil, Energia, Eletroeletr\u00f4nica, Gest\u00e3o, Madeira e Mobili\u00e1rio, Metalmec\u00e2nica, Refrigera\u00e7\u00e3o, Tecnologia da Informa\u00e7\u00e3o, Transportes\/Seguran\u00e7a e\u00a0Meio Ambiente. Manaus: Alimenta\u00e7\u00e3o, Confec\u00e7\u00e3o do Vestu\u00e1rio e Seguran\u00e7a na \u00e1rea de Transporte. Munic\u00edpios\/AM: Alimenta\u00e7\u00e3o, Confec\u00e7\u00e3o do Vestu\u00e1rio e Seguran\u00e7a na \u00e1rea [&hellip;]","og_url":"https:\/\/fieam.org.br\/senai\/escola-senai-de-acoes-moveis-e-comunitarias-esamc\/","og_site_name":"SENAI","article_modified_time":"2024-03-07T03:05:21+00:00","og_image":[{"url":"https:\/\/fieam.org.br\/senai\/wp-content\/uploads\/sites\/13\/2024\/02\/setas.png","type":"","width":"","height":""}],"twitter_card":"summary_large_image","twitter_misc":{"Est. tempo de leitura":"1 minuto"},"schema":{"@context":"https:\/\/schema.org","@graph":[{"@type":"WebPage","@id":"https:\/\/fieam.org.br\/senai\/escola-senai-de-acoes-moveis-e-comunitarias-esamc\/","url":"https:\/\/fieam.org.br\/senai\/escola-senai-de-acoes-moveis-e-comunitarias-esamc\/","name":"Escola SENAI de A\u00e7\u00f5es M\u00f3veis e Comunit\u00e1rias - ESAMC - SENAI","isPartOf":{"@id":"https:\/\/fieam.org.br\/senai\/#website"},"primaryImageOfPage":{"@id":"https:\/\/fieam.org.br\/senai\/escola-senai-de-acoes-moveis-e-comunitarias-esamc\/#primaryimage"},"image":{"@id":"https:\/\/fieam.org.br\/senai\/escola-senai-de-acoes-moveis-e-comunitarias-esamc\/#primaryimage"},"thumbnailUrl":"https:\/\/fieam.org.br\/senai\/wp-content\/uploads\/sites\/13\/2024\/02\/setas.png","datePublished":"2023-03-24T14:00:21+00:00","dateModified":"2024-03-07T03:05:21+00:00","breadcrumb":{"@id":"https:\/\/fieam.org.br\/senai\/escola-senai-de-acoes-moveis-e-comunitarias-esamc\/#breadcrumb"},"inLanguage":"pt-BR","potentialAction":[{"@type":"ReadAction","target":["https:\/\/fieam.org.br\/senai\/escola-senai-de-acoes-moveis-e-comunitarias-esamc\/"]}]},{"@type":"ImageObject","inLanguage":"pt-BR","@id":"https:\/\/fieam.org.br\/senai\/escola-senai-de-acoes-moveis-e-comunitarias-esamc\/#primaryimage","url":"https:\/\/fieam.org.br\/senai\/wp-content\/uploads\/sites\/13\/2024\/02\/setas.png","contentUrl":"https:\/\/fieam.org.br\/senai\/wp-content\/uploads\/sites\/13\/2024\/02\/setas.png"},{"@type":"BreadcrumbList","@id":"https:\/\/fieam.org.br\/senai\/escola-senai-de-acoes-moveis-e-comunitarias-esamc\/#breadcrumb","itemListElement":[{"@type":"ListItem","position":1,"name":"In\u00edcio","item":"https:\/\/fieam.org.br\/senai\/"},{"@type":"ListItem","position":2,"name":"Escola SENAI de A\u00e7\u00f5es M\u00f3veis e Comunit\u00e1rias &#8211; ESAMC"}]},{"@type":"WebSite","@id":"https:\/\/fieam.org.br\/senai\/#website","url":"https:\/\/fieam.org.br\/senai\/","name":"SENAI","description":"Site Oficial!","publisher":{"@id":"https:\/\/fieam.org.br\/senai\/#organization"},"potentialAction":[{"@type":"SearchAction","target":{"@type":"EntryPoint","urlTemplate":"https:\/\/fieam.org.br\/senai\/?s={search_term_string}"},"query-input":{"@type":"PropertyValueSpecification","valueRequired":true,"valueName":"search_term_string"}}],"inLanguage":"pt-BR"},{"@type":"Organization","@id":"https:\/\/fieam.org.br\/senai\/#organization","name":"SENAI","url":"https:\/\/fieam.org.br\/senai\/","logo":{"@type":"ImageObject","inLanguage":"pt-BR","@id":"https:\/\/fieam.org.br\/senai\/#\/schema\/logo\/image\/","url":"https:\/\/fieam.org.br\/senai\/wp-content\/uploads\/sites\/16\/2024\/03\/cropped-fav.png","contentUrl":"https:\/\/fieam.org.br\/senai\/wp-content\/uploads\/sites\/16\/2024\/03\/cropped-fav.png","width":592,"height":577,"caption":"SENAI"},"image":{"@id":"https:\/\/fieam.org.br\/senai\/#\/schema\/logo\/image\/"}}]}},"_links":{"self":[{"href":"https:\/\/fieam.org.br\/senai\/wp-json\/wp\/v2\/pages\/9240","targetHints":{"allow":["GET"]}}],"collection":[{"href":"https:\/\/fieam.org.br\/senai\/wp-json\/wp\/v2\/pages"}],"about":[{"href":"https:\/\/fieam.org.br\/senai\/wp-json\/wp\/v2\/types\/page"}],"author":[{"embeddable":true,"href":"https:\/\/fieam.org.br\/senai\/wp-json\/wp\/v2\/users\/1"}],"replies":[{"embeddable":true,"href":"https:\/\/fieam.org.br\/senai\/wp-json\/wp\/v2\/comments?post=9240"}],"version-history":[{"count":3,"href":"https:\/\/fieam.org.br\/senai\/wp-json\/wp\/v2\/pages\/9240\/revisions"}],"predecessor-version":[{"id":12449,"href":"https:\/\/fieam.org.br\/senai\/wp-json\/wp\/v2\/pages\/9240\/revisions\/12449"}],"wp:attachment":[{"href":"https:\/\/fieam.org.br\/senai\/wp-json\/wp\/v2\/media?parent=9240"}],"curies":[{"name":"wp","href":"https:\/\/api.w.org\/{rel}","templated":true}]}}