{"id":8798,"date":"2019-05-28T08:12:48","date_gmt":"2019-05-28T12:12:48","guid":{"rendered":"http:\/\/www.fieam.org.br\/senai\/?page_id=8798"},"modified":"2019-05-28T08:12:48","modified_gmt":"2019-05-28T12:12:48","slug":"8798-2","status":"publish","type":"page","link":"https:\/\/fieam.org.br\/senai\/curso-senai-ead-eletricista-de-automoveis\/8798-2\/","title":{"rendered":""},"content":{"rendered":"<p><a href=\"http:\/\/www.fieam.org.br\/senai\/wp-content\/uploads\/sites\/3\/2019\/05\/SENAI-EAD-QUALIFICA\u00c7\u00c3O-PROFISSIOAL-l-INSTALADOR-HIDR\u00c1ULICO-RESIDENCIAL.jpg\"><img fetchpriority=\"high\" decoding=\"async\" class=\" wp-image-8849 aligncenter\" src=\"http:\/\/www.fieam.org.br\/senai\/wp-content\/uploads\/sites\/3\/2019\/05\/SENAI-EAD-QUALIFICA\u00c7\u00c3O-PROFISSIOAL-l-INSTALADOR-HIDR\u00c1ULICO-RESIDENCIAL-1024x384.jpg\" alt=\"\" width=\"899\" height=\"337\" \/><\/a><\/p>\n<table style=\"height: 534px\" width=\"922\">\n<tbody>\n<tr>\n<td width=\"154\"><strong>Unidade Polo do SENAI<\/strong><\/td>\n<td width=\"579\"><strong>Escola SENAI\u00a0 Dem\u00f3stenes Travessa<\/strong><\/td>\n<\/tr>\n<tr>\n<td width=\"154\"><strong>Per\u00edodo de Inscri\u00e7\u00e3o<\/strong><\/td>\n<td width=\"579\">02\/05 a 10\/06\/2019<\/td>\n<\/tr>\n<tr>\n<td width=\"154\"><strong>Efetiva\u00e7\u00e3o da Matricula<\/strong><\/td>\n<td width=\"579\">02\/05 a 10\/06\/2019 \u2013 Dirigir-se Unidade Polo para efetuar a Matricula.<\/td>\n<\/tr>\n<tr>\n<td width=\"154\"><strong>Per\u00edodo do curso<\/strong><\/td>\n<td width=\"579\">Inicio previsto: <strong>10\/06\/2019 \u00e0 06\/08\/2018<\/strong>&#8211; Aula Inaugural presencial (10\/06\/19)<\/td>\n<\/tr>\n<tr>\n<td width=\"154\"><strong>Quantidade de vagas<\/strong><\/td>\n<td width=\"579\">50<\/td>\n<\/tr>\n<tr>\n<td width=\"154\">Carga Hor\u00e1ria Total<\/td>\n<td width=\"579\">160h<\/td>\n<\/tr>\n<tr>\n<td width=\"154\">Carga Hor\u00e1ria a Dist\u00e2ncia<\/td>\n<td width=\"579\">128h<\/td>\n<\/tr>\n<tr>\n<td width=\"154\">Carga Hor\u00e1ria Presencial<\/td>\n<td width=\"579\">32h de aulas presenciais.<\/p>\n<p><strong>Turno Vespertino: 13h \u00e0s 17h<\/strong><\/td>\n<\/tr>\n<tr>\n<td width=\"154\">Investimento<\/td>\n<td width=\"579\"><strong>GRATUIDADE<\/strong>.<\/td>\n<\/tr>\n<tr>\n<td width=\"154\">Modalidade<\/td>\n<td width=\"579\">Qualifica\u00e7\u00e3o Profissional<\/td>\n<\/tr>\n<tr>\n<td width=\"154\">\u00c1rea Tecnol\u00f3gica<\/td>\n<td width=\"579\">Constru\u00e7\u00e3o Civil<\/td>\n<\/tr>\n<tr>\n<td width=\"154\">Eixo Tecnol\u00f3gico<\/td>\n<td width=\"579\">Infraestrutura<\/td>\n<\/tr>\n<\/tbody>\n<\/table>\n<p>&nbsp;<\/p>\n<table style=\"height: 331px\" width=\"499\">\n<tbody>\n<tr>\n<td width=\"50%\"><strong>UNIDADE CURRICULAR<\/strong><\/td>\n<td style=\"text-align: center\" width=\"49%\"><strong>CARGA HOR\u00c1RIA TOTAL<\/strong><\/td>\n<\/tr>\n<tr>\n<td width=\"50%\">Projetos de Instala\u00e7\u00f5es Hidrossanit\u00e1rias<\/td>\n<td style=\"text-align: center\" width=\"49%\">40<\/td>\n<\/tr>\n<tr>\n<td width=\"50%\">Hidr\u00e1ulica<\/td>\n<td style=\"text-align: center\" width=\"49%\">40<\/td>\n<\/tr>\n<tr>\n<td width=\"50%\">Instala\u00e7\u00e3o de Esgoto Sanit\u00e1rio e \u00c1guas Pluviais<\/td>\n<td style=\"text-align: center\" width=\"49%\">30<\/td>\n<\/tr>\n<tr>\n<td width=\"50%\">Instala\u00e7\u00f5es de Sistemas Hidr\u00e1ulicos de Combate a Inc\u00eandio<\/td>\n<td style=\"text-align: center\" width=\"49%\">30<\/td>\n<\/tr>\n<tr>\n<td width=\"50%\">Manuten\u00e7\u00e3o<\/td>\n<td style=\"text-align: center\" width=\"49%\">20<\/td>\n<\/tr>\n<tr>\n<td width=\"50%\"><strong>Carga Hor\u00e1ria Total <\/strong><\/td>\n<td style=\"text-align: center\" width=\"49%\"><strong>160<\/strong><\/td>\n<\/tr>\n<\/tbody>\n<\/table>\n<p>[su_accordion]<br \/>\n[su_spoiler title=&#8221;<strong>OBJETIVO GERAL<\/strong>&#8220;]<\/p>\n<ul>\n<li>\u2022 Planejar, montar, desmontar e executar manuten\u00e7\u00e3o de estruturas met\u00e1licas tubulares provis\u00f3rias, de acordo com projetos, em conformidade com normas t\u00e9cnicas, ambientais e de seguran\u00e7a vigentes, e com a utiliza\u00e7\u00e3o de ferramental apropriado \u00e0 execu\u00e7\u00e3o das atividades.;<\/li>\n<\/ul>\n<p>[\/su_spoiler]<\/p>\n<p>[su_accordion]<br \/>\n[su_spoiler title=&#8221;<strong>REQUISITOS DE ACESSO<\/strong>&#8220;]<\/p>\n<ul>\n<li>\u2022 Escolaridade: Ter conclu\u00eddo o Ensino Fundamental e conhecimento b\u00e1sico de inform\u00e1tica e Internet;<\/li>\n<li>\u2022 Ter sido classificado\/aprovado no processo seletivo, se aplic\u00e1vel, obedecendo ao limite de vagas dispon\u00edveis;<\/li>\n<li>\u2022 Ter disponibilidade para participar dos encontros presenciais, aulas pr\u00e1ticas em laborat\u00f3rio ou visitas t\u00e9cnicas;<\/li>\n<li>\u2022 Gozar de perfeita sa\u00fade mental e f\u00edsica, tendo em vista que a natureza e a complexidade das atividades inerentes \u00e0 carreira do Montador de Andaimes exigem tais condi\u00e7\u00f5es.;<\/li>\n<li>\u2022 Ter acesso \u00e0 Internet.<\/li>\n<\/ul>\n<p>[\/su_spoiler]<\/p>\n<p>[su_accordion]<br \/>\n[su_spoiler title=&#8221;<strong>DOCUMENTOS PARA MATR\u00cdCULA<\/strong>&#8220;]<\/p>\n<ul>\n<li>O candidato dever\u00e1 efetuar sua matr\u00edcula na Unidade Operacional do curso no qual se candidatou. No ato de matr\u00edcula, dever\u00e1 apresentar os seguintes documentos:<\/li>\n<li>\u2022 RG;<\/li>\n<li>\u2022 CPF ou Declara\u00e7\u00e3o da Receita Federal;<\/li>\n<li>\u2022 Comprovante de resid\u00eancia (caso n\u00e3o esteja em nome do candidato ou de seus pais, o titular do documento deve emitir uma autodeclara\u00e7\u00e3o);<\/li>\n<li>\u2022 Comprovante de escolaridade: hist\u00f3rico escolar do Ensino Fundamental Completo;<\/li>\n<li>\u2022 T\u00edtulo de Eleitor;<\/li>\n<li>\u2022 Carteira de Identidade da M\u00e3e (para todos os alunos menores de 18 anos); Data e cidade de nascimento da m\u00e3e para os demais;<\/li>\n<li>\u2022 Possuir e-mail v\u00e1lido.<\/li>\n<\/ul>\n<p>[\/su_spoiler]<\/p>\n<p>[su_accordion]<br \/>\n[su_spoiler title=&#8221;<strong>CONFIGURA\u00c7\u00c3O M\u00cdNIMA DE COMPUTADOR<\/strong>&#8220;]<\/p>\n<ul>\n<li>\u2022 Processador Dual Core 2ghz ou superior<br \/>\n\u2022 1 GB de Mem\u00f3ria RAM ou mais<br \/>\n\u2022 Placa de V\u00eddeo on board de 128MB ou superior<br \/>\n\u2022 Placa de Som on board ou offboard e alto-falantes<br \/>\n\u2022 Conex\u00e3o Banda Larga de 300 kbps (por computador)<br \/>\n&#8211; Placa de Rede 10 Mbps Ethernet ou superior<br \/>\n\u2022 Sistema Operacional (aluno deve possuir uma das alternativas)<br \/>\n&#8211; Windows XP ou posterior<br \/>\n&#8211; Linux Ubuntu 6+ ou outras distribui\u00e7\u00f5es com suporte aos Browsers homologados Android 4.0 ou superior;<br \/>\n&#8211; IOS n\u00e3o \u00e9 compat\u00edvel por causa dos recursos multim\u00eddia desenvolvidos em formato Flash.<br \/>\n\u2022 Navegadores (aluno deve possuir uma das alternativas)<br \/>\n&#8211; Mozilla Firefox 18 ou posterior<br \/>\n&#8211; Google Chrome 20 ou posterior<br \/>\n&#8211; Internet Explorer 9 ou posterior<br \/>\n\u2022 Plugins e Softwares<br \/>\n&#8211; Plugin Flash Player 11 ou posterior<br \/>\n&#8211; (http:\/\/get.adobe.com\/br\/flashplayer)<\/li>\n<\/ul>\n<p>[\/su_spoiler]<\/p>\n<h3><\/h3>\n<p><a href=\"http:\/\/www.fieam.org.br\/2015\/senai\/formulario-de-inscricao\/\">Clique aqui para efetuar sua pr\u00e9-inscri\u00e7\u00e3o<\/a><\/p>\n<p><strong>Escola SENAI\u00a0 Dem\u00f3stenes Travessa<\/strong><\/p>\n<p>\u00c1rea: Constru\u00e7\u00e3o Civil<\/p>\n<p>Av. Rodrigo Ot\u00e1vio, 510 \u2013 Distrito Industrial<\/p>\n<p>Fone: (0xx92) 3614-5900 \/ 5901<\/p>\n<p>E-mail: <a href=\"mailto:corem.eswl@am.senai.br\">corem.esdt@am.senai.br<\/a><\/p>\n<p>Envie suas d\u00favidas, criticas e\/ou sugest\u00f5es para <a href=\"mailto:ead@am.senai.br\">ead@am.senai.br<\/a>.<\/p>\n<h3>Hor\u00e1rio de Funcionamento das 7:30h \u00e0s 11:30h e 13:30h \u00e0s 17:30h de segunda a sexta-feira.<\/h3>\n<p>&nbsp;<\/p>\n<p>&nbsp;<\/p>\n","protected":false},"excerpt":{"rendered":"<p>Unidade Polo do SENAI Escola SENAI\u00a0 Dem\u00f3stenes Travessa Per\u00edodo de Inscri\u00e7\u00e3o 02\/05 a 10\/06\/2019 Efetiva\u00e7\u00e3o da Matricula 02\/05 a 10\/06\/2019 \u2013 Dirigir-se Unidade Polo para efetuar a Matricula. Per\u00edodo do curso Inicio previsto: 10\/06\/2019 \u00e0 06\/08\/2018&#8211; Aula Inaugural presencial (10\/06\/19) Quantidade de vagas 50 Carga Hor\u00e1ria Total 160h Carga Hor\u00e1ria a Dist\u00e2ncia 128h Carga Hor\u00e1ria [&hellip;]<\/p>\n","protected":false},"author":1,"featured_media":0,"parent":3081,"menu_order":0,"comment_status":"closed","ping_status":"closed","template":"","meta":{"footnotes":""},"class_list":["post-8798","page","type-page","status-publish","hentry"],"yoast_head":"<!-- This site is optimized with the Yoast SEO plugin v26.8 - https:\/\/yoast.com\/product\/yoast-seo-wordpress\/ -->\n<title>- SENAI<\/title>\n<meta name=\"robots\" content=\"index, follow, max-snippet:-1, max-image-preview:large, max-video-preview:-1\" \/>\n<link rel=\"canonical\" href=\"https:\/\/fieam.org.br\/senai\/curso-senai-ead-eletricista-de-automoveis\/8798-2\/\" \/>\n<meta property=\"og:locale\" content=\"pt_BR\" \/>\n<meta property=\"og:type\" content=\"article\" \/>\n<meta property=\"og:title\" content=\"- SENAI\" \/>\n<meta property=\"og:description\" content=\"Unidade Polo do SENAI Escola SENAI\u00a0 Dem\u00f3stenes Travessa Per\u00edodo de Inscri\u00e7\u00e3o 02\/05 a 10\/06\/2019 Efetiva\u00e7\u00e3o da Matricula 02\/05 a 10\/06\/2019 \u2013 Dirigir-se Unidade Polo para efetuar a Matricula. Per\u00edodo do curso Inicio previsto: 10\/06\/2019 \u00e0 06\/08\/2018&#8211; Aula Inaugural presencial (10\/06\/19) Quantidade de vagas 50 Carga Hor\u00e1ria Total 160h Carga Hor\u00e1ria a Dist\u00e2ncia 128h Carga Hor\u00e1ria [&hellip;]\" \/>\n<meta property=\"og:url\" content=\"https:\/\/fieam.org.br\/senai\/curso-senai-ead-eletricista-de-automoveis\/8798-2\/\" \/>\n<meta property=\"og:site_name\" content=\"SENAI\" \/>\n<meta name=\"twitter:card\" content=\"summary_large_image\" \/>\n<meta name=\"twitter:label1\" content=\"Est. tempo de leitura\" \/>\n\t<meta name=\"twitter:data1\" content=\"3 minutos\" \/>\n<script type=\"application\/ld+json\" class=\"yoast-schema-graph\">{\"@context\":\"https:\/\/schema.org\",\"@graph\":[{\"@type\":\"WebPage\",\"@id\":\"https:\/\/fieam.org.br\/senai\/curso-senai-ead-eletricista-de-automoveis\/8798-2\/\",\"url\":\"https:\/\/fieam.org.br\/senai\/curso-senai-ead-eletricista-de-automoveis\/8798-2\/\",\"name\":\"- SENAI\",\"isPartOf\":{\"@id\":\"https:\/\/fieam.org.br\/senai\/#website\"},\"datePublished\":\"2019-05-28T12:12:48+00:00\",\"breadcrumb\":{\"@id\":\"https:\/\/fieam.org.br\/senai\/curso-senai-ead-eletricista-de-automoveis\/8798-2\/#breadcrumb\"},\"inLanguage\":\"pt-BR\",\"potentialAction\":[{\"@type\":\"ReadAction\",\"target\":[\"https:\/\/fieam.org.br\/senai\/curso-senai-ead-eletricista-de-automoveis\/8798-2\/\"]}]},{\"@type\":\"BreadcrumbList\",\"@id\":\"https:\/\/fieam.org.br\/senai\/curso-senai-ead-eletricista-de-automoveis\/8798-2\/#breadcrumb\",\"itemListElement\":[{\"@type\":\"ListItem\",\"position\":1,\"name\":\"In\u00edcio\",\"item\":\"https:\/\/fieam.org.br\/senai\/\"},{\"@type\":\"ListItem\",\"position\":2,\"name\":\"CURSO SENAI &#8211; EAD\",\"item\":\"https:\/\/fieam.org.br\/senai\/curso-senai-ead-eletricista-de-automoveis\/\"}]},{\"@type\":\"WebSite\",\"@id\":\"https:\/\/fieam.org.br\/senai\/#website\",\"url\":\"https:\/\/fieam.org.br\/senai\/\",\"name\":\"SENAI\",\"description\":\"Site Oficial!\",\"publisher\":{\"@id\":\"https:\/\/fieam.org.br\/senai\/#organization\"},\"potentialAction\":[{\"@type\":\"SearchAction\",\"target\":{\"@type\":\"EntryPoint\",\"urlTemplate\":\"https:\/\/fieam.org.br\/senai\/?s={search_term_string}\"},\"query-input\":{\"@type\":\"PropertyValueSpecification\",\"valueRequired\":true,\"valueName\":\"search_term_string\"}}],\"inLanguage\":\"pt-BR\"},{\"@type\":\"Organization\",\"@id\":\"https:\/\/fieam.org.br\/senai\/#organization\",\"name\":\"SENAI\",\"url\":\"https:\/\/fieam.org.br\/senai\/\",\"logo\":{\"@type\":\"ImageObject\",\"inLanguage\":\"pt-BR\",\"@id\":\"https:\/\/fieam.org.br\/senai\/#\/schema\/logo\/image\/\",\"url\":\"https:\/\/fieam.org.br\/senai\/wp-content\/uploads\/sites\/16\/2024\/03\/cropped-fav.png\",\"contentUrl\":\"https:\/\/fieam.org.br\/senai\/wp-content\/uploads\/sites\/16\/2024\/03\/cropped-fav.png\",\"width\":592,\"height\":577,\"caption\":\"SENAI\"},\"image\":{\"@id\":\"https:\/\/fieam.org.br\/senai\/#\/schema\/logo\/image\/\"}}]}<\/script>\n<!-- \/ Yoast SEO plugin. -->","yoast_head_json":{"title":"- SENAI","robots":{"index":"index","follow":"follow","max-snippet":"max-snippet:-1","max-image-preview":"max-image-preview:large","max-video-preview":"max-video-preview:-1"},"canonical":"https:\/\/fieam.org.br\/senai\/curso-senai-ead-eletricista-de-automoveis\/8798-2\/","og_locale":"pt_BR","og_type":"article","og_title":"- SENAI","og_description":"Unidade Polo do SENAI Escola SENAI\u00a0 Dem\u00f3stenes Travessa Per\u00edodo de Inscri\u00e7\u00e3o 02\/05 a 10\/06\/2019 Efetiva\u00e7\u00e3o da Matricula 02\/05 a 10\/06\/2019 \u2013 Dirigir-se Unidade Polo para efetuar a Matricula. Per\u00edodo do curso Inicio previsto: 10\/06\/2019 \u00e0 06\/08\/2018&#8211; Aula Inaugural presencial (10\/06\/19) Quantidade de vagas 50 Carga Hor\u00e1ria Total 160h Carga Hor\u00e1ria a Dist\u00e2ncia 128h Carga Hor\u00e1ria [&hellip;]","og_url":"https:\/\/fieam.org.br\/senai\/curso-senai-ead-eletricista-de-automoveis\/8798-2\/","og_site_name":"SENAI","twitter_card":"summary_large_image","twitter_misc":{"Est. tempo de leitura":"3 minutos"},"schema":{"@context":"https:\/\/schema.org","@graph":[{"@type":"WebPage","@id":"https:\/\/fieam.org.br\/senai\/curso-senai-ead-eletricista-de-automoveis\/8798-2\/","url":"https:\/\/fieam.org.br\/senai\/curso-senai-ead-eletricista-de-automoveis\/8798-2\/","name":"- SENAI","isPartOf":{"@id":"https:\/\/fieam.org.br\/senai\/#website"},"datePublished":"2019-05-28T12:12:48+00:00","breadcrumb":{"@id":"https:\/\/fieam.org.br\/senai\/curso-senai-ead-eletricista-de-automoveis\/8798-2\/#breadcrumb"},"inLanguage":"pt-BR","potentialAction":[{"@type":"ReadAction","target":["https:\/\/fieam.org.br\/senai\/curso-senai-ead-eletricista-de-automoveis\/8798-2\/"]}]},{"@type":"BreadcrumbList","@id":"https:\/\/fieam.org.br\/senai\/curso-senai-ead-eletricista-de-automoveis\/8798-2\/#breadcrumb","itemListElement":[{"@type":"ListItem","position":1,"name":"In\u00edcio","item":"https:\/\/fieam.org.br\/senai\/"},{"@type":"ListItem","position":2,"name":"CURSO SENAI &#8211; EAD","item":"https:\/\/fieam.org.br\/senai\/curso-senai-ead-eletricista-de-automoveis\/"}]},{"@type":"WebSite","@id":"https:\/\/fieam.org.br\/senai\/#website","url":"https:\/\/fieam.org.br\/senai\/","name":"SENAI","description":"Site Oficial!","publisher":{"@id":"https:\/\/fieam.org.br\/senai\/#organization"},"potentialAction":[{"@type":"SearchAction","target":{"@type":"EntryPoint","urlTemplate":"https:\/\/fieam.org.br\/senai\/?s={search_term_string}"},"query-input":{"@type":"PropertyValueSpecification","valueRequired":true,"valueName":"search_term_string"}}],"inLanguage":"pt-BR"},{"@type":"Organization","@id":"https:\/\/fieam.org.br\/senai\/#organization","name":"SENAI","url":"https:\/\/fieam.org.br\/senai\/","logo":{"@type":"ImageObject","inLanguage":"pt-BR","@id":"https:\/\/fieam.org.br\/senai\/#\/schema\/logo\/image\/","url":"https:\/\/fieam.org.br\/senai\/wp-content\/uploads\/sites\/16\/2024\/03\/cropped-fav.png","contentUrl":"https:\/\/fieam.org.br\/senai\/wp-content\/uploads\/sites\/16\/2024\/03\/cropped-fav.png","width":592,"height":577,"caption":"SENAI"},"image":{"@id":"https:\/\/fieam.org.br\/senai\/#\/schema\/logo\/image\/"}}]}},"_links":{"self":[{"href":"https:\/\/fieam.org.br\/senai\/wp-json\/wp\/v2\/pages\/8798","targetHints":{"allow":["GET"]}}],"collection":[{"href":"https:\/\/fieam.org.br\/senai\/wp-json\/wp\/v2\/pages"}],"about":[{"href":"https:\/\/fieam.org.br\/senai\/wp-json\/wp\/v2\/types\/page"}],"author":[{"embeddable":true,"href":"https:\/\/fieam.org.br\/senai\/wp-json\/wp\/v2\/users\/1"}],"replies":[{"embeddable":true,"href":"https:\/\/fieam.org.br\/senai\/wp-json\/wp\/v2\/comments?post=8798"}],"version-history":[{"count":0,"href":"https:\/\/fieam.org.br\/senai\/wp-json\/wp\/v2\/pages\/8798\/revisions"}],"up":[{"embeddable":true,"href":"https:\/\/fieam.org.br\/senai\/wp-json\/wp\/v2\/pages\/3081"}],"wp:attachment":[{"href":"https:\/\/fieam.org.br\/senai\/wp-json\/wp\/v2\/media?parent=8798"}],"curies":[{"name":"wp","href":"https:\/\/api.w.org\/{rel}","templated":true}]}}