{"id":8545,"date":"2018-12-12T10:59:53","date_gmt":"2018-12-12T14:59:53","guid":{"rendered":"http:\/\/www.fieam.org.br\/senai\/?page_id=8545"},"modified":"2018-12-12T10:59:53","modified_gmt":"2018-12-12T14:59:53","slug":"curso-seguranca-do-trabalho-ead","status":"publish","type":"page","link":"https:\/\/fieam.org.br\/senai\/curso-seguranca-do-trabalho-ead\/","title":{"rendered":"Curso Seguran\u00e7a do Trabalho EAD"},"content":{"rendered":"<p><strong>Curso:<\/strong> <strong>Seguran\u00e7a do Trabalho<\/strong><\/p>\n<p><strong>\u00a0<\/strong><\/p>\n<p><strong>Modalidade:<\/strong> Inicia\u00e7\u00e3o Profissional\u00a0\u00a0\u00a0\u00a0\u00a0\u00a0\u00a0\u00a0\u00a0\u00a0\u00a0\u00a0\u00a0\u00a0\u00a0\u00a0\u00a0\u00a0 <strong>\u00c1rea de atua\u00e7\u00e3o:<\/strong> Seguran\u00e7a do Trabalho<\/p>\n<p><strong>\u00a0<\/strong><\/p>\n<p><strong>Carga Hor\u00e1ria do curso:<\/strong> 14 horas. Acesso disponibilizado ao curso por <strong>20 dias <\/strong>(corridos). Para cumprir o curso dentro do tempo estabelecido, recomendam-se em m\u00e9dia 50 minutos de estudo por dia.<\/p>\n<p>&nbsp;<\/p>\n<p><strong>Investimento:<\/strong> Gratuito.<\/p>\n<p>&nbsp;<\/p>\n<p><strong>P\u00fablico Alvo<\/strong><\/p>\n<p>Estudantes e profissionais de diversas \u00e1reas do conhecimento que desejam ampliar seus conhecimentos.<\/p>\n<p><strong>Objetivos<\/strong><\/p>\n<p>Compreender as quest\u00f5es relativas \u00e0 Seguran\u00e7a, Meio Ambiente e Sa\u00fade de modo a possibilitar uma vis\u00e3o cr\u00edtica dos riscos e perigos existentes no mundo do trabalho.<\/p>\n<p>&nbsp;<\/p>\n<p><strong>Pr\u00e9-requisitos<\/strong><\/p>\n<p>&nbsp;<\/p>\n<p>A partir de 14 anos, alfabetizado, conhecimento em Inform\u00e1tica B\u00e1sica, disponibilizar de microcomputador com acesso \u00e0 internet, velocidade m\u00ednima 56kbps, navegador Internet Explorer 8 ou Mozilla Firefox, plug-ins Adobe Acrobat Reader, Adobe Flash Player e javascript.<\/p>\n<p>&nbsp;<\/p>\n<p><strong>Desenvolvimento Metodol\u00f3gico<\/strong><\/p>\n<p>&nbsp;<\/p>\n<ul>\n<li>Curso auto-instrucional executado no formato a dist\u00e2ncia, totalmente on-line, em ambiente virtual de aprendizagem &#8211; AVA, com atividades e uma avalia\u00e7\u00e3o.<\/li>\n<li>Nas situa\u00e7\u00f5es de aprendizagem do curso o aluno mobiliza as capacidades para resolu\u00e7\u00e3o de desafios por meio da intera\u00e7\u00e3o com os objetos educacionais, propiciando ao aluno construir o seu pr\u00f3prio conhecimento.<\/li>\n<\/ul>\n<p>&nbsp;<\/p>\n<p><strong>Matriz Curricular do Curso<\/strong><\/p>\n<p>Acidentes de trabalho: causas, tipos e consequ\u00eancias; Riscos Ambientais e Preven\u00e7\u00e3o; Organiza\u00e7\u00e3o do local de trabalho; Princ\u00edpios de higiene e sa\u00fade pessoal e ambiental; Normas regulamentadoras; Equipamentos de prote\u00e7\u00e3o; Primeiros socorros.<\/p>\n<p><strong>Crit\u00e9rios de Avalia\u00e7\u00e3o<\/strong><\/p>\n<ul>\n<li>A avalia\u00e7\u00e3o do aprendizado ser\u00e1 realizada atrav\u00e9s de uma avalia\u00e7\u00e3o on-line no ambiente EAD, onde a m\u00e9dia final ser\u00e1 composta somente da nota da avalia\u00e7\u00e3o final.<\/li>\n<li>A avalia\u00e7\u00e3o do aprendizado \u00e9 somativa realizada no final do curso no ambiente virtual de aprendizagem.<\/li>\n<li>Para se tornar apto ao recebimento do certificado on-line, o aluno dever\u00e1 ter aproveitamento m\u00ednimo de 60% na avalia\u00e7\u00e3o final.<\/li>\n<\/ul>\n<p>&nbsp;<\/p>\n<p><strong>Acesso ao Ambiente Virtual de Aprendizagem &#8211; AVA<\/strong><\/p>\n<p>Acesse o tutorial com o passo a passo para acesso ao curso, <a href=\"http:\/\/www.fieam.org.br\/senai\/wp-content\/uploads\/sites\/3\/2018\/12\/Tutorial-Inscri%C3%A7%C3%A3o-Competencias-Transversais.pdf\">clique aqui<\/a>.<strong>\u00a0\u00a0<\/strong><\/p>\n<p>&nbsp;<\/p>\n<p><strong>Mais Informa\u00e7\u00f5es:<\/strong><\/p>\n<p>Envie e-mail para \u00a0<a href=\"mailto:corem.senai@am.senai.br\">corem.senai@am.senai.br<\/a><\/p>\n","protected":false},"excerpt":{"rendered":"<p>Curso: Seguran\u00e7a do Trabalho \u00a0 Modalidade: Inicia\u00e7\u00e3o Profissional\u00a0\u00a0\u00a0\u00a0\u00a0\u00a0\u00a0\u00a0\u00a0\u00a0\u00a0\u00a0\u00a0\u00a0\u00a0\u00a0\u00a0\u00a0 \u00c1rea de atua\u00e7\u00e3o: Seguran\u00e7a do Trabalho \u00a0 Carga Hor\u00e1ria do curso: 14 horas. Acesso disponibilizado ao curso por 20 dias (corridos). Para cumprir o curso dentro do tempo estabelecido, recomendam-se em m\u00e9dia 50 minutos de estudo por dia. &nbsp; Investimento: Gratuito. &nbsp; P\u00fablico Alvo Estudantes e profissionais [&hellip;]<\/p>\n","protected":false},"author":1,"featured_media":0,"parent":0,"menu_order":0,"comment_status":"closed","ping_status":"closed","template":"","meta":{"footnotes":""},"class_list":["post-8545","page","type-page","status-publish","hentry"],"yoast_head":"<!-- This site is optimized with the Yoast SEO plugin v26.8 - https:\/\/yoast.com\/product\/yoast-seo-wordpress\/ -->\n<title>Curso Seguran\u00e7a do Trabalho EAD - SENAI<\/title>\n<meta name=\"robots\" content=\"index, follow, max-snippet:-1, max-image-preview:large, max-video-preview:-1\" \/>\n<link rel=\"canonical\" href=\"https:\/\/fieam.org.br\/senai\/curso-seguranca-do-trabalho-ead\/\" \/>\n<meta property=\"og:locale\" content=\"pt_BR\" \/>\n<meta property=\"og:type\" content=\"article\" \/>\n<meta property=\"og:title\" content=\"Curso Seguran\u00e7a do Trabalho EAD - SENAI\" \/>\n<meta property=\"og:description\" content=\"Curso: Seguran\u00e7a do Trabalho \u00a0 Modalidade: Inicia\u00e7\u00e3o Profissional\u00a0\u00a0\u00a0\u00a0\u00a0\u00a0\u00a0\u00a0\u00a0\u00a0\u00a0\u00a0\u00a0\u00a0\u00a0\u00a0\u00a0\u00a0 \u00c1rea de atua\u00e7\u00e3o: Seguran\u00e7a do Trabalho \u00a0 Carga Hor\u00e1ria do curso: 14 horas. Acesso disponibilizado ao curso por 20 dias (corridos). Para cumprir o curso dentro do tempo estabelecido, recomendam-se em m\u00e9dia 50 minutos de estudo por dia. &nbsp; Investimento: Gratuito. &nbsp; P\u00fablico Alvo Estudantes e profissionais [&hellip;]\" \/>\n<meta property=\"og:url\" content=\"https:\/\/fieam.org.br\/senai\/curso-seguranca-do-trabalho-ead\/\" \/>\n<meta property=\"og:site_name\" content=\"SENAI\" \/>\n<meta name=\"twitter:card\" content=\"summary_large_image\" \/>\n<meta name=\"twitter:label1\" content=\"Est. tempo de leitura\" \/>\n\t<meta name=\"twitter:data1\" content=\"2 minutos\" \/>\n<script type=\"application\/ld+json\" class=\"yoast-schema-graph\">{\"@context\":\"https:\/\/schema.org\",\"@graph\":[{\"@type\":\"WebPage\",\"@id\":\"https:\/\/fieam.org.br\/senai\/curso-seguranca-do-trabalho-ead\/\",\"url\":\"https:\/\/fieam.org.br\/senai\/curso-seguranca-do-trabalho-ead\/\",\"name\":\"Curso Seguran\u00e7a do Trabalho EAD - SENAI\",\"isPartOf\":{\"@id\":\"https:\/\/fieam.org.br\/senai\/#website\"},\"datePublished\":\"2018-12-12T14:59:53+00:00\",\"breadcrumb\":{\"@id\":\"https:\/\/fieam.org.br\/senai\/curso-seguranca-do-trabalho-ead\/#breadcrumb\"},\"inLanguage\":\"pt-BR\",\"potentialAction\":[{\"@type\":\"ReadAction\",\"target\":[\"https:\/\/fieam.org.br\/senai\/curso-seguranca-do-trabalho-ead\/\"]}]},{\"@type\":\"BreadcrumbList\",\"@id\":\"https:\/\/fieam.org.br\/senai\/curso-seguranca-do-trabalho-ead\/#breadcrumb\",\"itemListElement\":[{\"@type\":\"ListItem\",\"position\":1,\"name\":\"In\u00edcio\",\"item\":\"https:\/\/fieam.org.br\/senai\/\"},{\"@type\":\"ListItem\",\"position\":2,\"name\":\"Curso Seguran\u00e7a do Trabalho EAD\"}]},{\"@type\":\"WebSite\",\"@id\":\"https:\/\/fieam.org.br\/senai\/#website\",\"url\":\"https:\/\/fieam.org.br\/senai\/\",\"name\":\"SENAI\",\"description\":\"Site Oficial!\",\"publisher\":{\"@id\":\"https:\/\/fieam.org.br\/senai\/#organization\"},\"potentialAction\":[{\"@type\":\"SearchAction\",\"target\":{\"@type\":\"EntryPoint\",\"urlTemplate\":\"https:\/\/fieam.org.br\/senai\/?s={search_term_string}\"},\"query-input\":{\"@type\":\"PropertyValueSpecification\",\"valueRequired\":true,\"valueName\":\"search_term_string\"}}],\"inLanguage\":\"pt-BR\"},{\"@type\":\"Organization\",\"@id\":\"https:\/\/fieam.org.br\/senai\/#organization\",\"name\":\"SENAI\",\"url\":\"https:\/\/fieam.org.br\/senai\/\",\"logo\":{\"@type\":\"ImageObject\",\"inLanguage\":\"pt-BR\",\"@id\":\"https:\/\/fieam.org.br\/senai\/#\/schema\/logo\/image\/\",\"url\":\"https:\/\/fieam.org.br\/senai\/wp-content\/uploads\/sites\/16\/2024\/03\/cropped-fav.png\",\"contentUrl\":\"https:\/\/fieam.org.br\/senai\/wp-content\/uploads\/sites\/16\/2024\/03\/cropped-fav.png\",\"width\":592,\"height\":577,\"caption\":\"SENAI\"},\"image\":{\"@id\":\"https:\/\/fieam.org.br\/senai\/#\/schema\/logo\/image\/\"}}]}<\/script>\n<!-- \/ Yoast SEO plugin. -->","yoast_head_json":{"title":"Curso Seguran\u00e7a do Trabalho EAD - SENAI","robots":{"index":"index","follow":"follow","max-snippet":"max-snippet:-1","max-image-preview":"max-image-preview:large","max-video-preview":"max-video-preview:-1"},"canonical":"https:\/\/fieam.org.br\/senai\/curso-seguranca-do-trabalho-ead\/","og_locale":"pt_BR","og_type":"article","og_title":"Curso Seguran\u00e7a do Trabalho EAD - SENAI","og_description":"Curso: Seguran\u00e7a do Trabalho \u00a0 Modalidade: Inicia\u00e7\u00e3o Profissional\u00a0\u00a0\u00a0\u00a0\u00a0\u00a0\u00a0\u00a0\u00a0\u00a0\u00a0\u00a0\u00a0\u00a0\u00a0\u00a0\u00a0\u00a0 \u00c1rea de atua\u00e7\u00e3o: Seguran\u00e7a do Trabalho \u00a0 Carga Hor\u00e1ria do curso: 14 horas. Acesso disponibilizado ao curso por 20 dias (corridos). Para cumprir o curso dentro do tempo estabelecido, recomendam-se em m\u00e9dia 50 minutos de estudo por dia. &nbsp; Investimento: Gratuito. &nbsp; P\u00fablico Alvo Estudantes e profissionais [&hellip;]","og_url":"https:\/\/fieam.org.br\/senai\/curso-seguranca-do-trabalho-ead\/","og_site_name":"SENAI","twitter_card":"summary_large_image","twitter_misc":{"Est. tempo de leitura":"2 minutos"},"schema":{"@context":"https:\/\/schema.org","@graph":[{"@type":"WebPage","@id":"https:\/\/fieam.org.br\/senai\/curso-seguranca-do-trabalho-ead\/","url":"https:\/\/fieam.org.br\/senai\/curso-seguranca-do-trabalho-ead\/","name":"Curso Seguran\u00e7a do Trabalho EAD - SENAI","isPartOf":{"@id":"https:\/\/fieam.org.br\/senai\/#website"},"datePublished":"2018-12-12T14:59:53+00:00","breadcrumb":{"@id":"https:\/\/fieam.org.br\/senai\/curso-seguranca-do-trabalho-ead\/#breadcrumb"},"inLanguage":"pt-BR","potentialAction":[{"@type":"ReadAction","target":["https:\/\/fieam.org.br\/senai\/curso-seguranca-do-trabalho-ead\/"]}]},{"@type":"BreadcrumbList","@id":"https:\/\/fieam.org.br\/senai\/curso-seguranca-do-trabalho-ead\/#breadcrumb","itemListElement":[{"@type":"ListItem","position":1,"name":"In\u00edcio","item":"https:\/\/fieam.org.br\/senai\/"},{"@type":"ListItem","position":2,"name":"Curso Seguran\u00e7a do Trabalho EAD"}]},{"@type":"WebSite","@id":"https:\/\/fieam.org.br\/senai\/#website","url":"https:\/\/fieam.org.br\/senai\/","name":"SENAI","description":"Site Oficial!","publisher":{"@id":"https:\/\/fieam.org.br\/senai\/#organization"},"potentialAction":[{"@type":"SearchAction","target":{"@type":"EntryPoint","urlTemplate":"https:\/\/fieam.org.br\/senai\/?s={search_term_string}"},"query-input":{"@type":"PropertyValueSpecification","valueRequired":true,"valueName":"search_term_string"}}],"inLanguage":"pt-BR"},{"@type":"Organization","@id":"https:\/\/fieam.org.br\/senai\/#organization","name":"SENAI","url":"https:\/\/fieam.org.br\/senai\/","logo":{"@type":"ImageObject","inLanguage":"pt-BR","@id":"https:\/\/fieam.org.br\/senai\/#\/schema\/logo\/image\/","url":"https:\/\/fieam.org.br\/senai\/wp-content\/uploads\/sites\/16\/2024\/03\/cropped-fav.png","contentUrl":"https:\/\/fieam.org.br\/senai\/wp-content\/uploads\/sites\/16\/2024\/03\/cropped-fav.png","width":592,"height":577,"caption":"SENAI"},"image":{"@id":"https:\/\/fieam.org.br\/senai\/#\/schema\/logo\/image\/"}}]}},"_links":{"self":[{"href":"https:\/\/fieam.org.br\/senai\/wp-json\/wp\/v2\/pages\/8545","targetHints":{"allow":["GET"]}}],"collection":[{"href":"https:\/\/fieam.org.br\/senai\/wp-json\/wp\/v2\/pages"}],"about":[{"href":"https:\/\/fieam.org.br\/senai\/wp-json\/wp\/v2\/types\/page"}],"author":[{"embeddable":true,"href":"https:\/\/fieam.org.br\/senai\/wp-json\/wp\/v2\/users\/1"}],"replies":[{"embeddable":true,"href":"https:\/\/fieam.org.br\/senai\/wp-json\/wp\/v2\/comments?post=8545"}],"version-history":[{"count":0,"href":"https:\/\/fieam.org.br\/senai\/wp-json\/wp\/v2\/pages\/8545\/revisions"}],"wp:attachment":[{"href":"https:\/\/fieam.org.br\/senai\/wp-json\/wp\/v2\/media?parent=8545"}],"curies":[{"name":"wp","href":"https:\/\/api.w.org\/{rel}","templated":true}]}}