{"id":7788,"date":"2018-03-14T08:57:59","date_gmt":"2018-03-14T12:57:59","guid":{"rendered":"http:\/\/www.fieam.org.br\/senai\/?page_id=7788"},"modified":"2018-03-14T08:57:59","modified_gmt":"2018-03-14T12:57:59","slug":"desenhista-de-produtos-graficos-web","status":"publish","type":"page","link":"https:\/\/fieam.org.br\/senai\/desenhista-de-produtos-graficos-web\/","title":{"rendered":"Desenhista de Produtos Gr\u00e1ficos WEB"},"content":{"rendered":"<table width=\"100%\">\n<tbody>\n<tr>\n<td colspan=\"2\" width=\"707\"><strong>Desenhista de Produtos Gr\u00e1ficos WEB<\/strong><\/td>\n<\/tr>\n<tr>\n<td width=\"146\"><strong>Unidade Polo do SENAI<\/strong><\/td>\n<td><strong>Escola SENAI\u00a0 Ant\u00f4nio Sim\u00f5es<\/strong><\/td>\n<\/tr>\n<tr>\n<td width=\"146\"><strong>Per\u00edodo de Inscri\u00e7\u00e3o e efetiva\u00e7\u00e3o da matr\u00edcula<\/strong><\/td>\n<td><strong>08\/05\/2018 a 08\/06\/2018<\/strong><\/p>\n<p><a href=\"http:\/\/www.fieam.org.br\/2015\/senai\/formulario-de-inscricao\/\">Clique aqui para efetuar sua pr\u00e9-inscri\u00e7\u00e3o<\/a><\/p>\n<h3><strong>Ap\u00f3s sua pr\u00e9-inscri\u00e7\u00e3o procure\u00a0a escola deste curso para\u00a0efetivar sua matr\u00edcula.<\/strong><\/h3>\n<p>Central de Matr\u00edculas da Escola SENAI\u00a0 Ant\u00f4nio Sim\u00f5es.<\/p>\n<p>Av. Rodrigo Ot\u00e1vio, 2394 \u2013 Distrito Industrial.<\/p>\n<p>Fone: (92) 3182-9975\/9976\/9977 &#8211; E-mail: <a href=\"mailto:corem.esas@am.senai.br\">corem.esas@am.senai.br<\/a><\/p>\n<p>&nbsp;<\/td>\n<\/tr>\n<tr>\n<td width=\"146\"><strong>Per\u00edodo do curso<\/strong><\/td>\n<td><strong>18\/06 a 10\/09\/2018<\/strong><\/p>\n<p><strong>Dia 18\/06\/2018<\/strong> &#8211; Aula presencial (este hor\u00e1rio ser\u00e1 conforme o hor\u00e1rio das aulas presenciais escolhido no ato da matricula)<\/td>\n<\/tr>\n<tr>\n<td width=\"146\"><strong>Quantidade de vagas<\/strong><\/td>\n<td>100<\/td>\n<\/tr>\n<tr>\n<td width=\"146\"><strong>Carga Hor\u00e1ria Total<\/strong><\/td>\n<td>180h<\/td>\n<\/tr>\n<tr>\n<td><strong>Carga Hor\u00e1ria a Dist\u00e2ncia<\/strong><\/td>\n<td>144h<\/td>\n<\/tr>\n<tr>\n<td><strong>Carga Hor\u00e1ria Presencial<\/strong><\/td>\n<td><strong>36h<\/strong> de aulas presenciais.<\/p>\n<p>(02Turmas)<\/p>\n<p>&nbsp;<\/p>\n<p><strong>Turno Vespertino: 13h30 \u00e0s 17h30h<\/strong><\/p>\n<p><strong>Turno Noturno: 18h00 \u00e0s 22h00h<\/strong><\/td>\n<\/tr>\n<tr>\n<td><strong>Investimento<\/strong><\/td>\n<td><strong>Gratuidade Regional<\/strong><\/td>\n<\/tr>\n<tr>\n<td><strong>Modalidade<\/strong><\/td>\n<td>Qualifica\u00e7\u00e3o Profissional<\/td>\n<\/tr>\n<tr>\n<td><strong>\u00c1rea Tecnol\u00f3gica<\/strong><\/td>\n<td>Tecnologia da Informa\u00e7\u00e3o<\/td>\n<\/tr>\n<tr>\n<td><strong>Eixo Tecnol\u00f3gico<\/strong><\/td>\n<td>Informa\u00e7\u00e3o e Comunica\u00e7\u00e3o<\/td>\n<\/tr>\n<tr>\n<td><strong>Compet\u00eancia Geral<\/strong><\/td>\n<td>O egresso do curso estar\u00e1 preparado para:<\/p>\n<p>\u00b7\u00a0\u00a0\u00a0\u00a0\u00a0\u00a0\u00a0\u00a0 Criar e montar interfaces para websites de acordo com metodologias e padr\u00f5es de desenvolvimento, adotando normas t\u00e9cnicas, de qualidade, de sa\u00fade e seguran\u00e7a do trabalho e preserva\u00e7\u00e3o ambiental.<\/p>\n<p>\u00b7\u00a0\u00a0\u00a0\u00a0\u00a0\u00a0\u00a0\u00a0 Criar interfaces para web, aplicando metodologias e padr\u00f5es de desenvolvimento, normas t\u00e9cnicas, de qualidade, de sa\u00fade e seguran\u00e7a do trabalho e preserva\u00e7\u00e3o ambiental.<\/p>\n<p>\u00b7\u00a0\u00a0\u00a0\u00a0\u00a0\u00a0\u00a0\u00a0 Montar interfaces para web, aplicando t\u00e9cnicas, normas de qualidade, de sa\u00fade e seguran\u00e7a do trabalho e preserva\u00e7\u00e3o ambiental.<\/td>\n<\/tr>\n<tr>\n<td><strong>Objetivo Geral<\/strong><\/td>\n<td>O curso Desenhista de Produtos Gr\u00e1ficos Web visa permitir o desenvolvimento dos Fundamentos T\u00e9cnicos e Cient\u00edficos espec\u00edficos, das capacidades t\u00e9cnicas, sociais, organizativas e metodol\u00f3gicas, para melhor sustenta\u00e7\u00e3o das compet\u00eancias do perfil profissional, com objetivo preparar o aluno com os softwares e linguagens de marca\u00e7\u00e3o voltadas para cria\u00e7\u00e3o de web sites.<\/td>\n<\/tr>\n<tr>\n<td><strong>Requisitos de Acesso<\/strong><\/td>\n<td>\n<ul>\n<li>Escolaridade: Ensino M\u00e9dio Incompleto, idade m\u00ednima de 16 anos;<\/li>\n<li>Conhecimento b\u00e1sico de inform\u00e1tica e Internet;<\/li>\n<li>Ter disponibilidade para participar dos encontros presenciais, aulas pr\u00e1ticas em laborat\u00f3rio ou visitas t\u00e9cnicas;<\/li>\n<li>Ter acesso a um computador com Internet.<\/li>\n<li>Ter e-mail ativo para intera\u00e7\u00e3o no curso.<\/li>\n<\/ul>\n<\/td>\n<\/tr>\n<tr>\n<td><strong>Documentos para Matr\u00edcula<\/strong><\/td>\n<td>O candidato dever\u00e1 efetuar sua matr\u00edcula na Unidade Operacional do curso no qual se candidatou. No ato de matr\u00edcula, dever\u00e1 apresentar os seguintes documentos:<\/p>\n<ul>\n<li>RG<\/li>\n<li>CPF ou Declara\u00e7\u00e3o da Receita Federal<\/li>\n<li>Comprovante de resid\u00eancia (caso n\u00e3o esteja em nome do candidato ou de seus pais, o titular do documento deve emitir uma autodeclara\u00e7\u00e3o).<\/li>\n<li>Comprovante de escolaridade: Declara\u00e7\u00e3o de frequ\u00eancia escolar do Ensino Fundamental.<\/li>\n<\/ul>\n<\/td>\n<\/tr>\n<tr>\n<td colspan=\"2\"><strong>Configura\u00e7\u00e3o m\u00ednima de computador\/Acess\u00f3rios para acesso ao curso<\/strong><\/td>\n<\/tr>\n<tr>\n<td><strong>Processador<\/strong><\/td>\n<td>Processador Dual Core 2ghz ou superior<\/td>\n<\/tr>\n<tr>\n<td><strong>Mem\u00f3ria<\/strong><\/td>\n<td>1 GB de Mem\u00f3ria RAM ou mais<\/td>\n<\/tr>\n<tr>\n<td><strong>V\u00eddeo<\/strong><\/td>\n<td>Placa de V\u00eddeo on board de 128MB ou superior<\/td>\n<\/tr>\n<tr>\n<td><strong>Som<\/strong><\/td>\n<td>Placa de Som on board ou offboard e alto-falantes<\/td>\n<\/tr>\n<tr>\n<td rowspan=\"2\"><strong>Internet<\/strong><\/td>\n<td>Conex\u00e3o Banda Larga de 300 kbps (por computador)<\/td>\n<\/tr>\n<tr>\n<td>Placa de Rede 10 Mbps Ethernet ou superior<\/td>\n<\/tr>\n<tr>\n<td rowspan=\"3\"><strong>Sistema Operacional <\/strong><\/p>\n<p><strong><br \/>\n(aluno deve possuir uma das alternativas)<\/strong><\/td>\n<td>Windows XP ou posterior<\/td>\n<\/tr>\n<tr>\n<td>Linux Ubuntu 6+ ou outras distribui\u00e7\u00f5es com<br \/>\nsuporte aos Browsers homologados<br \/>\nAndroid 4.0 ou superior;<\/td>\n<\/tr>\n<tr>\n<td>IOS n\u00e3o \u00e9 compat\u00edvel por causa dos recursos multim\u00eddia desenvolvidos em formato Flash.<\/td>\n<\/tr>\n<tr>\n<td rowspan=\"3\"><strong>Navegadores<br \/>\n(aluno deve possuir uma das alternativas)<\/strong><\/td>\n<td>Mozilla Firefox 18 ou posterior<\/td>\n<\/tr>\n<tr>\n<td>Google Chrome 20 ou posterior<\/td>\n<\/tr>\n<tr>\n<td>Internet Explorer 9 ou posterior<\/td>\n<\/tr>\n<tr>\n<td><strong>Plugins e Softwares<\/strong><\/td>\n<td>Plugin Flash Player 11 ou posterior<br \/>\n(<a href=\"http:\/\/get.adobe.com\/br\/flashplayer\">http:\/\/get.adobe.com\/br\/flashplayer<\/a>)<\/td>\n<\/tr>\n<tr>\n<td><strong>Acess\u00f3rios para intera\u00e7\u00e3o em Webconfer\u00eancia<\/strong><\/td>\n<td>Webcam e conjunto de microfone e fone de ouvido (headset).<\/p>\n<p>&nbsp;<\/td>\n<\/tr>\n<\/tbody>\n<\/table>\n<table>\n<tbody>\n<tr>\n<td colspan=\"4\" width=\"631\"><strong>ORGANIZA\u00c7\u00c3O CURRICULAR<\/strong><\/td>\n<\/tr>\n<tr>\n<td width=\"184\"><strong>Modulo<\/strong><\/td>\n<td width=\"119\"><strong>Denomina\u00e7\u00e3o<\/strong><\/td>\n<td width=\"220\"><strong>Unidades Curriculares<\/strong><\/td>\n<td width=\"108\"><strong>Carga Hor\u00e1ria<\/strong><\/td>\n<\/tr>\n<tr>\n<td width=\"184\"><strong>B\u00e1sico<\/strong><\/p>\n<p><strong>\u00a0<\/strong><\/td>\n<td width=\"119\"><strong>B\u00e1sico<\/strong><\/td>\n<td width=\"220\">\u00b7\u00a0 Fundamentos para o Design<\/td>\n<td width=\"108\">30 h<\/td>\n<\/tr>\n<tr>\n<td rowspan=\"4\" width=\"184\"><strong>Especifico<\/strong><\/td>\n<td rowspan=\"4\" width=\"119\"><strong>Web Design<\/strong><\/td>\n<td width=\"220\">\u00b7\u00a0 Projeto Web<\/td>\n<td width=\"108\">30h<\/td>\n<\/tr>\n<tr>\n<td width=\"220\">\u00b7\u00a0 Identidade Visual<\/td>\n<td width=\"108\">40h<\/td>\n<\/tr>\n<tr>\n<td width=\"220\">\u00b7\u00a0 Anima\u00e7\u00e3o<\/td>\n<td width=\"108\">40h<\/td>\n<\/tr>\n<tr>\n<td width=\"220\">\u00b7\u00a0 Desenvolvimento Web<\/td>\n<td width=\"108\">40h<\/td>\n<\/tr>\n<tr>\n<td colspan=\"3\" width=\"523\"><strong>Total<\/strong><\/td>\n<td width=\"108\"><strong>180<\/strong><\/td>\n<\/tr>\n<\/tbody>\n<\/table>\n<h3><\/h3>\n<p><strong>Informa\u00e7\u00f5es:<\/strong><\/p>\n<p><strong>Escola SENAI\u00a0 Ant\u00f4nio Sim\u00f5es<\/strong><\/p>\n<p><strong>\u00c1reas<\/strong>: Eletroeletr\u00f4nica, Automa\u00e7\u00e3o, Tecnologia da Informa\u00e7\u00e3o, Refrigera\u00e7\u00e3o e Climatiza\u00e7\u00e3o, Qualidade e Seguran\u00e7a Industrial, Gest\u00e3o, Metrologia e Meio Ambiente.<\/p>\n<p>Av. Rodrigo Ot\u00e1vio, 2394 \u2013 Distrito Industrial<\/p>\n<p>Fone: (0xx92) 3182-9975\/9976\/9977 &#8211; E-mail: <a href=\"mailto:corem.esas@am.senai.br\">corem.esas@am.senai.br<\/a><\/p>\n<p>Envie suas d\u00favidas, criticas e\/ou sugest\u00f5es para <a href=\"mailto:ead@am.senai.br\">ead@am.senai.br<\/a>.<\/p>\n<p>Hor\u00e1rio de Funcionamento das 7:30h \u00e0s 11:30h e 13:30h \u00e0s 17:30h de segunda a sexta-feira.<\/p>\n","protected":false},"excerpt":{"rendered":"<p>Desenhista de Produtos Gr\u00e1ficos WEB Unidade Polo do SENAI Escola SENAI\u00a0 Ant\u00f4nio Sim\u00f5es Per\u00edodo de Inscri\u00e7\u00e3o e efetiva\u00e7\u00e3o da matr\u00edcula 08\/05\/2018 a 08\/06\/2018 Clique aqui para efetuar sua pr\u00e9-inscri\u00e7\u00e3o Ap\u00f3s sua pr\u00e9-inscri\u00e7\u00e3o procure\u00a0a escola deste curso para\u00a0efetivar sua matr\u00edcula. Central de Matr\u00edculas da Escola SENAI\u00a0 Ant\u00f4nio Sim\u00f5es. Av. Rodrigo Ot\u00e1vio, 2394 \u2013 Distrito Industrial. Fone: [&hellip;]<\/p>\n","protected":false},"author":1,"featured_media":0,"parent":0,"menu_order":0,"comment_status":"closed","ping_status":"closed","template":"","meta":{"footnotes":""},"class_list":["post-7788","page","type-page","status-publish","hentry"],"yoast_head":"<!-- This site is optimized with the Yoast SEO plugin v26.8 - https:\/\/yoast.com\/product\/yoast-seo-wordpress\/ -->\n<title>Desenhista de Produtos Gr\u00e1ficos WEB - SENAI<\/title>\n<meta name=\"robots\" content=\"index, follow, max-snippet:-1, max-image-preview:large, max-video-preview:-1\" \/>\n<link rel=\"canonical\" href=\"https:\/\/fieam.org.br\/senai\/desenhista-de-produtos-graficos-web\/\" \/>\n<meta property=\"og:locale\" content=\"pt_BR\" \/>\n<meta property=\"og:type\" content=\"article\" \/>\n<meta property=\"og:title\" content=\"Desenhista de Produtos Gr\u00e1ficos WEB - SENAI\" \/>\n<meta property=\"og:description\" content=\"Desenhista de Produtos Gr\u00e1ficos WEB Unidade Polo do SENAI Escola SENAI\u00a0 Ant\u00f4nio Sim\u00f5es Per\u00edodo de Inscri\u00e7\u00e3o e efetiva\u00e7\u00e3o da matr\u00edcula 08\/05\/2018 a 08\/06\/2018 Clique aqui para efetuar sua pr\u00e9-inscri\u00e7\u00e3o Ap\u00f3s sua pr\u00e9-inscri\u00e7\u00e3o procure\u00a0a escola deste curso para\u00a0efetivar sua matr\u00edcula. Central de Matr\u00edculas da Escola SENAI\u00a0 Ant\u00f4nio Sim\u00f5es. Av. Rodrigo Ot\u00e1vio, 2394 \u2013 Distrito Industrial. Fone: [&hellip;]\" \/>\n<meta property=\"og:url\" content=\"https:\/\/fieam.org.br\/senai\/desenhista-de-produtos-graficos-web\/\" \/>\n<meta property=\"og:site_name\" content=\"SENAI\" \/>\n<meta name=\"twitter:card\" content=\"summary_large_image\" \/>\n<meta name=\"twitter:label1\" content=\"Est. tempo de leitura\" \/>\n\t<meta name=\"twitter:data1\" content=\"4 minutos\" \/>\n<script type=\"application\/ld+json\" class=\"yoast-schema-graph\">{\"@context\":\"https:\/\/schema.org\",\"@graph\":[{\"@type\":\"WebPage\",\"@id\":\"https:\/\/fieam.org.br\/senai\/desenhista-de-produtos-graficos-web\/\",\"url\":\"https:\/\/fieam.org.br\/senai\/desenhista-de-produtos-graficos-web\/\",\"name\":\"Desenhista de Produtos Gr\u00e1ficos WEB - SENAI\",\"isPartOf\":{\"@id\":\"https:\/\/fieam.org.br\/senai\/#website\"},\"datePublished\":\"2018-03-14T12:57:59+00:00\",\"breadcrumb\":{\"@id\":\"https:\/\/fieam.org.br\/senai\/desenhista-de-produtos-graficos-web\/#breadcrumb\"},\"inLanguage\":\"pt-BR\",\"potentialAction\":[{\"@type\":\"ReadAction\",\"target\":[\"https:\/\/fieam.org.br\/senai\/desenhista-de-produtos-graficos-web\/\"]}]},{\"@type\":\"BreadcrumbList\",\"@id\":\"https:\/\/fieam.org.br\/senai\/desenhista-de-produtos-graficos-web\/#breadcrumb\",\"itemListElement\":[{\"@type\":\"ListItem\",\"position\":1,\"name\":\"In\u00edcio\",\"item\":\"https:\/\/fieam.org.br\/senai\/\"},{\"@type\":\"ListItem\",\"position\":2,\"name\":\"Desenhista de Produtos Gr\u00e1ficos WEB\"}]},{\"@type\":\"WebSite\",\"@id\":\"https:\/\/fieam.org.br\/senai\/#website\",\"url\":\"https:\/\/fieam.org.br\/senai\/\",\"name\":\"SENAI\",\"description\":\"Site Oficial!\",\"publisher\":{\"@id\":\"https:\/\/fieam.org.br\/senai\/#organization\"},\"potentialAction\":[{\"@type\":\"SearchAction\",\"target\":{\"@type\":\"EntryPoint\",\"urlTemplate\":\"https:\/\/fieam.org.br\/senai\/?s={search_term_string}\"},\"query-input\":{\"@type\":\"PropertyValueSpecification\",\"valueRequired\":true,\"valueName\":\"search_term_string\"}}],\"inLanguage\":\"pt-BR\"},{\"@type\":\"Organization\",\"@id\":\"https:\/\/fieam.org.br\/senai\/#organization\",\"name\":\"SENAI\",\"url\":\"https:\/\/fieam.org.br\/senai\/\",\"logo\":{\"@type\":\"ImageObject\",\"inLanguage\":\"pt-BR\",\"@id\":\"https:\/\/fieam.org.br\/senai\/#\/schema\/logo\/image\/\",\"url\":\"https:\/\/fieam.org.br\/senai\/wp-content\/uploads\/sites\/16\/2024\/03\/cropped-fav.png\",\"contentUrl\":\"https:\/\/fieam.org.br\/senai\/wp-content\/uploads\/sites\/16\/2024\/03\/cropped-fav.png\",\"width\":592,\"height\":577,\"caption\":\"SENAI\"},\"image\":{\"@id\":\"https:\/\/fieam.org.br\/senai\/#\/schema\/logo\/image\/\"}}]}<\/script>\n<!-- \/ Yoast SEO plugin. -->","yoast_head_json":{"title":"Desenhista de Produtos Gr\u00e1ficos WEB - SENAI","robots":{"index":"index","follow":"follow","max-snippet":"max-snippet:-1","max-image-preview":"max-image-preview:large","max-video-preview":"max-video-preview:-1"},"canonical":"https:\/\/fieam.org.br\/senai\/desenhista-de-produtos-graficos-web\/","og_locale":"pt_BR","og_type":"article","og_title":"Desenhista de Produtos Gr\u00e1ficos WEB - SENAI","og_description":"Desenhista de Produtos Gr\u00e1ficos WEB Unidade Polo do SENAI Escola SENAI\u00a0 Ant\u00f4nio Sim\u00f5es Per\u00edodo de Inscri\u00e7\u00e3o e efetiva\u00e7\u00e3o da matr\u00edcula 08\/05\/2018 a 08\/06\/2018 Clique aqui para efetuar sua pr\u00e9-inscri\u00e7\u00e3o Ap\u00f3s sua pr\u00e9-inscri\u00e7\u00e3o procure\u00a0a escola deste curso para\u00a0efetivar sua matr\u00edcula. Central de Matr\u00edculas da Escola SENAI\u00a0 Ant\u00f4nio Sim\u00f5es. Av. Rodrigo Ot\u00e1vio, 2394 \u2013 Distrito Industrial. Fone: [&hellip;]","og_url":"https:\/\/fieam.org.br\/senai\/desenhista-de-produtos-graficos-web\/","og_site_name":"SENAI","twitter_card":"summary_large_image","twitter_misc":{"Est. tempo de leitura":"4 minutos"},"schema":{"@context":"https:\/\/schema.org","@graph":[{"@type":"WebPage","@id":"https:\/\/fieam.org.br\/senai\/desenhista-de-produtos-graficos-web\/","url":"https:\/\/fieam.org.br\/senai\/desenhista-de-produtos-graficos-web\/","name":"Desenhista de Produtos Gr\u00e1ficos WEB - SENAI","isPartOf":{"@id":"https:\/\/fieam.org.br\/senai\/#website"},"datePublished":"2018-03-14T12:57:59+00:00","breadcrumb":{"@id":"https:\/\/fieam.org.br\/senai\/desenhista-de-produtos-graficos-web\/#breadcrumb"},"inLanguage":"pt-BR","potentialAction":[{"@type":"ReadAction","target":["https:\/\/fieam.org.br\/senai\/desenhista-de-produtos-graficos-web\/"]}]},{"@type":"BreadcrumbList","@id":"https:\/\/fieam.org.br\/senai\/desenhista-de-produtos-graficos-web\/#breadcrumb","itemListElement":[{"@type":"ListItem","position":1,"name":"In\u00edcio","item":"https:\/\/fieam.org.br\/senai\/"},{"@type":"ListItem","position":2,"name":"Desenhista de Produtos Gr\u00e1ficos WEB"}]},{"@type":"WebSite","@id":"https:\/\/fieam.org.br\/senai\/#website","url":"https:\/\/fieam.org.br\/senai\/","name":"SENAI","description":"Site Oficial!","publisher":{"@id":"https:\/\/fieam.org.br\/senai\/#organization"},"potentialAction":[{"@type":"SearchAction","target":{"@type":"EntryPoint","urlTemplate":"https:\/\/fieam.org.br\/senai\/?s={search_term_string}"},"query-input":{"@type":"PropertyValueSpecification","valueRequired":true,"valueName":"search_term_string"}}],"inLanguage":"pt-BR"},{"@type":"Organization","@id":"https:\/\/fieam.org.br\/senai\/#organization","name":"SENAI","url":"https:\/\/fieam.org.br\/senai\/","logo":{"@type":"ImageObject","inLanguage":"pt-BR","@id":"https:\/\/fieam.org.br\/senai\/#\/schema\/logo\/image\/","url":"https:\/\/fieam.org.br\/senai\/wp-content\/uploads\/sites\/16\/2024\/03\/cropped-fav.png","contentUrl":"https:\/\/fieam.org.br\/senai\/wp-content\/uploads\/sites\/16\/2024\/03\/cropped-fav.png","width":592,"height":577,"caption":"SENAI"},"image":{"@id":"https:\/\/fieam.org.br\/senai\/#\/schema\/logo\/image\/"}}]}},"_links":{"self":[{"href":"https:\/\/fieam.org.br\/senai\/wp-json\/wp\/v2\/pages\/7788","targetHints":{"allow":["GET"]}}],"collection":[{"href":"https:\/\/fieam.org.br\/senai\/wp-json\/wp\/v2\/pages"}],"about":[{"href":"https:\/\/fieam.org.br\/senai\/wp-json\/wp\/v2\/types\/page"}],"author":[{"embeddable":true,"href":"https:\/\/fieam.org.br\/senai\/wp-json\/wp\/v2\/users\/1"}],"replies":[{"embeddable":true,"href":"https:\/\/fieam.org.br\/senai\/wp-json\/wp\/v2\/comments?post=7788"}],"version-history":[{"count":0,"href":"https:\/\/fieam.org.br\/senai\/wp-json\/wp\/v2\/pages\/7788\/revisions"}],"wp:attachment":[{"href":"https:\/\/fieam.org.br\/senai\/wp-json\/wp\/v2\/media?parent=7788"}],"curies":[{"name":"wp","href":"https:\/\/api.w.org\/{rel}","templated":true}]}}