{"id":6543,"date":"2016-08-01T11:41:19","date_gmt":"2016-08-01T15:41:19","guid":{"rendered":"http:\/\/www.fieam.org.br\/2015\/senai\/?page_id=6543"},"modified":"2016-08-01T11:41:19","modified_gmt":"2016-08-01T15:41:19","slug":"tecnico-em-automacao-industrial","status":"publish","type":"page","link":"https:\/\/fieam.org.br\/senai\/tecnico-em-automacao-industrial\/","title":{"rendered":"T\u00e9cnico em Automa\u00e7\u00e3o Industrial"},"content":{"rendered":"<table width=\"105%\">\n<tbody>\n<tr>\n<td colspan=\"2\" width=\"670\"><strong>T\u00e9cnico em Automa\u00e7\u00e3o Industrial<\/strong><\/td>\n<\/tr>\n<tr>\n<td width=\"199\"><strong>Unidade Polo do SENAI\/AM<\/strong><\/td>\n<td width=\"471\"><strong>Escola SENAI&nbsp; Ant\u00f4nio Sim\u00f5es<\/strong><\/td>\n<\/tr>\n<tr>\n<td width=\"199\"><strong>Per\u00edodo de inscri\u00e7\u00e3o e Efetiva\u00e7\u00e3o da Matr\u00edcula<\/strong><\/td>\n<td width=\"471\"><strong>15\/11\/2016 a 28\/04\/2017<\/strong><\/p>\n<p>Garanta sua vaga!<\/p>\n<p><a href=\"http:\/\/www.fieam.org.br\/senai\/formulario-de-inscricao\/\"><strong>Clique aqui para efetuar sua pr\u00e9-inscri\u00e7\u00e3o<\/strong><\/a><\/p>\n<p>Podendo ser efetuado direto na Central de Matr\u00edculas da Escola SENAI&nbsp; Ant\u00f4nio Sim\u00f5es.<\/p>\n<p>Av. Rodrigo Ot\u00e1vio, 2394 \u2013 Distrito Industrial.<\/p>\n<p>Fone: (92) 3182-9975\/9976\/9977 &#8211; E-mail: <a href=\"mailto:corem.esas@am.senai.br\">corem.esas@am.senai.br<\/a><\/td>\n<\/tr>\n<tr>\n<td width=\"199\"><strong>Per\u00edodo do curso<\/strong><\/td>\n<td width=\"471\">15\/05\/2017 a 15\/02\/2019<\/p>\n<p><strong>&nbsp;<\/strong><\/p>\n<p><strong>Dia 15\/05\/2017<\/strong> &#8211; Aula Inaugural presencial &#8211; <strong>Hor\u00e1rio<\/strong>: 19 \u00e0s 22h<\/p>\n<p>Local: <strong>Escola SENAI&nbsp; Ant\u00f4nio Sim\u00f5es \u2013 Sala 606<\/strong><\/td>\n<\/tr>\n<tr>\n<td width=\"199\"><strong>Quantidade de Vagas<\/strong><\/td>\n<td width=\"471\">50<\/td>\n<\/tr>\n<tr>\n<td width=\"199\"><strong>Carga Hor\u00e1ria Total<\/strong><\/td>\n<td width=\"471\">1.400h<\/p>\n<p>&nbsp;<\/td>\n<\/tr>\n<tr>\n<td width=\"199\"><strong>Carga Hor\u00e1ria a dist\u00e2ncia<\/strong><\/td>\n<td width=\"471\">1.120h<\/td>\n<\/tr>\n<tr>\n<td width=\"199\"><strong>Carga Hor\u00e1ria presencial<\/strong><\/td>\n<td width=\"471\">280h<\/td>\n<\/tr>\n<tr>\n<td width=\"199\"><strong>Investimento<\/strong><\/td>\n<td width=\"471\">R$4.680,00 ou 18xR$260,00<\/td>\n<\/tr>\n<tr>\n<td width=\"199\"><strong>Modalidade<\/strong><\/td>\n<td width=\"471\">Habilita\u00e7\u00e3o Profissional<\/td>\n<\/tr>\n<tr>\n<td width=\"199\"><strong>\u00c1rea Tecnol\u00f3gica<\/strong><\/td>\n<td width=\"471\">Automa\u00e7\u00e3o Industrial<\/td>\n<\/tr>\n<tr>\n<td width=\"199\"><strong>Objetivos do curso.<\/strong><\/td>\n<td width=\"471\">\u00b7&nbsp;&nbsp;&nbsp;&nbsp;&nbsp;&nbsp;&nbsp;&nbsp; Formar T\u00e9cnicos em Automa\u00e7\u00e3o Industrial com s\u00f3lidos conhecimentos para atuar no desenvolvimento de sistemas de controle e automa\u00e7\u00e3o, implementar e manter equipamentos e dispositivos, respeitando procedimentos e normas t\u00e9cnicas, de qualidade, de sa\u00fade e seguran\u00e7a e de meio ambiente.<\/p>\n<p>\u00b7&nbsp;&nbsp;&nbsp;&nbsp;&nbsp;&nbsp;&nbsp;&nbsp; Desenvolver a iniciativa, o esp\u00edrito cr\u00edtico e empreendedor dos alunos, para que possam identificar e gerenciar novas oportunidades de trabalho e de gera\u00e7\u00e3o de renda, numa economia em constante mudan\u00e7a.<\/p>\n<p>\u00b7&nbsp;&nbsp;&nbsp;&nbsp;&nbsp;&nbsp;&nbsp;&nbsp; Desenvolver habilidades e atitudes que propiciem ao aluno a amplia\u00e7\u00e3o de sua capacidade pessoal e de equipe, na organiza\u00e7\u00e3o e no preparo para enfrentar situa\u00e7\u00f5es rotineiras e complexas, respeitando os valores \u00e9ticos e est\u00e9ticos na realiza\u00e7\u00e3o de seu trabalho.<\/p>\n<p>\u00b7&nbsp;&nbsp;&nbsp;&nbsp;&nbsp;&nbsp;&nbsp;&nbsp; Desenvolver, no profissional, o h\u00e1bito de realizar as atividades em sintonia com as normas de seguran\u00e7a e de preserva\u00e7\u00e3o ambiental.&nbsp;<\/p>\n<p>\u00b7&nbsp;&nbsp;&nbsp;&nbsp;&nbsp;&nbsp;&nbsp;&nbsp; Propiciar a viv\u00eancia de situa\u00e7\u00f5es de aprendizagens que envolvam os princ\u00edpios, normas e atitudes do Sistema de Gest\u00e3o da Qualidade e gerenciamento de tarefas.&nbsp;&nbsp;<\/p>\n<p>\u00b7&nbsp;&nbsp;&nbsp;&nbsp;&nbsp;&nbsp;&nbsp;&nbsp; Proporcionar aos alunos, atrav\u00e9s do desenvolvimento de projetos e atividades desafiadoras, a percep\u00e7\u00e3o e incorpora\u00e7\u00e3o consciente e cr\u00edtica da est\u00e9tica e da \u00e9tica nas rela\u00e7\u00f5es humanas envolvidas em situa\u00e7\u00f5es profissionais.<\/p>\n<p>&nbsp;<\/td>\n<\/tr>\n<tr>\n<td width=\"199\"><strong>Perfil profissional<\/strong><\/td>\n<td width=\"471\">O T\u00e9cnico em Automa\u00e7\u00e3o Industrial \u00e9 o profissional que apresenta as compet\u00eancias necess\u00e1rias para atuar no desenvolvimento de sistemas de controle e automa\u00e7\u00e3o, implementar e manter equipamentos e dispositivos, respeitando procedimentos e normas t\u00e9cnicas, de qualidade, de sa\u00fade e seguran\u00e7a e de meio ambiente, primando pelos preceitos da \u00e9tica pessoal e profissional.<\/td>\n<\/tr>\n<tr>\n<td width=\"199\"><strong>Pr\u00e9-requisitos &#8211; Documenta\u00e7\u00e3o<\/strong><\/td>\n<td width=\"471\">a)&nbsp;&nbsp;&nbsp;&nbsp; a) Comprovante de conclus\u00e3o do Ensino M\u00e9dio, acompanhado do respectivo hist\u00f3rico escolar;<\/p>\n<p>b) Carteira de Identidade (RG);<\/p>\n<p>c) Cadastro de Pessoa F\u00edsica (CPF);<\/p>\n<p>d) Comprovante de endere\u00e7o atual, emitido por concession\u00e1ria de saneamento, eletricidade ou telefonia. Caso o comprovante de endere\u00e7o n\u00e3o esteja em nome do aluno ou de seu respons\u00e1vel legal, o mesmo deve estar acompanhado do contrato de loca\u00e7\u00e3o, ou do termo de cess\u00e3o, ou termo de comodato, ou outro tipo de documento comprobat\u00f3rio da localiza\u00e7\u00e3o de sua resid\u00eancia;<\/p>\n<p>f) Uma foto 3\/4 recente.<\/p>\n<p>&nbsp;<\/td>\n<\/tr>\n<tr>\n<td width=\"199\"><strong>&nbsp;<\/strong><\/td>\n<td width=\"471\">b)&nbsp;&nbsp;&nbsp; &nbsp;<\/td>\n<\/tr>\n<\/tbody>\n<\/table>\n<p>&nbsp;<\/p>\n<table width=\"606\">\n<tbody>\n<tr>\n<td width=\"123\">&nbsp;<\/td>\n<td width=\"483\"><strong>Configura\u00e7\u00e3o m\u00ednima do computador para acesso ao curso <\/strong><\/p>\n<p><strong>&nbsp;<\/strong><\/td>\n<td width=\"0\">&nbsp;<\/td>\n<\/tr>\n<tr>\n<td width=\"123\"><strong>Item<\/strong><\/td>\n<td width=\"483\"><strong>Descri\u00e7\u00e3o<\/strong><\/td>\n<td width=\"0\">&nbsp;<\/td>\n<\/tr>\n<tr>\n<td width=\"123\"><strong>Processador<\/strong><\/td>\n<td width=\"483\">Processador Dual Core 2GHz ou superior<\/td>\n<td width=\"0\">&nbsp;<\/td>\n<\/tr>\n<tr>\n<td width=\"123\"><strong>Mem\u00f3ria<\/strong><\/td>\n<td width=\"483\">1 GB de Mem\u00f3ria RAM ou mais<\/td>\n<td width=\"0\">&nbsp;<\/td>\n<\/tr>\n<tr>\n<td width=\"123\"><strong>V\u00eddeo<\/strong><\/td>\n<td width=\"483\">Placa de V\u00eddeo on board de 128MB ou superior<\/td>\n<td width=\"0\">&nbsp;<\/td>\n<\/tr>\n<tr>\n<td width=\"123\"><strong>Som<\/strong><\/td>\n<td width=\"483\">Placa de Som on board ou offboard e alto-falantes<\/td>\n<td width=\"0\">&nbsp;<\/td>\n<\/tr>\n<tr>\n<td rowspan=\"2\" width=\"123\"><strong>Internet<\/strong><\/td>\n<td width=\"483\">Conex\u00e3o Banda Larga de 300 kbps (por computador)<\/td>\n<td width=\"0\">&nbsp;<\/td>\n<\/tr>\n<tr>\n<td width=\"483\">Placa de Rede 10 Mbps Ethernet ou superior<\/td>\n<td width=\"0\">&nbsp;<\/td>\n<\/tr>\n<tr>\n<td rowspan=\"3\" width=\"123\"><strong>Sistema Operacional<br \/>\n(aluno deve possuir uma das alternativas)<\/strong><\/td>\n<td width=\"483\">Windows XP ou posterior<\/td>\n<td width=\"0\">&nbsp;<\/td>\n<\/tr>\n<tr>\n<td width=\"483\">Linux Ubuntu 6+ ou outras distribui\u00e7\u00f5es com<br \/>\nsuporte aos Browsers homologados<br \/>\nAndroid 4.0 ou superior;<\/td>\n<td width=\"0\">&nbsp;<\/td>\n<\/tr>\n<tr>\n<td width=\"483\">IOS n\u00e3o \u00e9 compat\u00edvel por causa dos recursos multim\u00eddia desenvolvidos em formato Flash.<\/td>\n<td width=\"0\">&nbsp;<\/td>\n<\/tr>\n<tr>\n<td rowspan=\"3\" width=\"123\"><strong>Navegadores<br \/>\n(aluno deve possuir uma das alternativas)<\/strong><\/td>\n<td width=\"483\">Mozilla Firefox 18 ou posterior<\/td>\n<td width=\"0\">&nbsp;<\/td>\n<\/tr>\n<tr>\n<td width=\"483\">Google Chrome 20 ou posterior<\/td>\n<td width=\"0\">&nbsp;<\/td>\n<\/tr>\n<tr>\n<td width=\"483\">Internet Explorer 9 ou posterior<\/td>\n<td width=\"0\">&nbsp;<\/td>\n<\/tr>\n<tr>\n<td rowspan=\"3\" width=\"123\"><strong>Plugins e Softwares<\/strong><\/td>\n<td width=\"483\">Plugin Flash Player 11 ou posterior<br \/>\n(http:\/\/get.adobe.com\/br\/flashplayer)<\/td>\n<td width=\"0\">&nbsp;<\/td>\n<\/tr>\n<tr>\n<td rowspan=\"2\" width=\"483\">Java SE 1.6.45 ou superior (<a href=\"http:\/\/java.com\">http:\/\/java.com<\/a>)<\/td>\n<td width=\"0\">&nbsp;<\/td>\n<\/tr>\n<tr>\n<td width=\"0\">&nbsp;<\/td>\n<\/tr>\n<tr>\n<td width=\"123\"><strong>Acess\u00f3rios para intera\u00e7\u00e3o em Webconfer\u00eancia<\/strong><\/td>\n<td width=\"483\">Webcam e conjunto de microfone e fone de ouvido (headset).<\/p>\n<p>&nbsp;<\/td>\n<td width=\"0\">&nbsp;<\/td>\n<\/tr>\n<\/tbody>\n<\/table>\n<p>&nbsp;<\/p>\n<p>&nbsp;<\/p>\n<p>&nbsp;<\/p>\n<p>&nbsp;<\/p>\n<p>&nbsp;<\/p>\n<table width=\"612\">\n<tbody>\n<tr>\n<td colspan=\"4\" width=\"612\"><strong>Matriz Curricular<\/strong><\/td>\n<td width=\"0\">&nbsp;<\/td>\n<\/tr>\n<tr>\n<td rowspan=\"3\" width=\"123\"><strong>M\u00f3dulo<\/strong><\/td>\n<td rowspan=\"3\" width=\"51\"><strong>&nbsp;<\/strong><\/td>\n<td colspan=\"2\" width=\"438\"><strong>Unidade Curricular<\/strong><\/td>\n<td width=\"0\">&nbsp;<\/td>\n<\/tr>\n<tr>\n<td rowspan=\"2\" width=\"333\"><strong>T\u00edtulo<\/strong><\/td>\n<td rowspan=\"2\" width=\"104\"><strong>Carga Hor\u00e1ria<\/strong><\/td>\n<td width=\"0\">&nbsp;<\/td>\n<\/tr>\n<tr>\n<td width=\"0\">&nbsp;<\/td>\n<\/tr>\n<tr>\n<td rowspan=\"3\" width=\"123\"><strong>B\u00e1sico<\/strong><\/td>\n<td width=\"51\"><strong>1<\/strong><\/td>\n<td width=\"333\">Fundamentos da Comunica\u00e7\u00e3o<\/td>\n<td width=\"104\">100<\/td>\n<td width=\"0\">&nbsp;<\/td>\n<\/tr>\n<tr>\n<td width=\"51\"><strong>2<\/strong><\/td>\n<td width=\"333\">Fundamentos da Eletrot\u00e9cnica<\/td>\n<td width=\"104\">140<\/td>\n<td width=\"0\">&nbsp;<\/td>\n<\/tr>\n<tr>\n<td width=\"51\"><strong>3<\/strong><\/td>\n<td width=\"333\">Fundamentos da Mec\u00e2nica<\/td>\n<td width=\"104\">100<\/td>\n<td width=\"0\">&nbsp;<\/td>\n<\/tr>\n<tr>\n<td rowspan=\"2\" width=\"123\"><strong>Introdut\u00f3rio<\/strong><\/td>\n<td width=\"51\"><strong>4<\/strong><\/td>\n<td width=\"333\">Acionamento de Dispositivos Atuadores<\/td>\n<td width=\"104\">160<\/td>\n<td width=\"0\">&nbsp;<\/td>\n<\/tr>\n<tr>\n<td width=\"51\"><strong>5<\/strong><\/td>\n<td width=\"333\">Processamento de Sinais<\/td>\n<td width=\"104\">180<\/td>\n<td width=\"0\">&nbsp;<\/td>\n<\/tr>\n<tr>\n<td rowspan=\"4\" width=\"123\"><strong>Espec\u00edfico I<\/strong><\/td>\n<td width=\"51\"><strong>6<\/strong><\/td>\n<td width=\"333\">Gest\u00e3o da Manuten\u00e7\u00e3o<\/td>\n<td width=\"104\">34<\/td>\n<td width=\"0\">&nbsp;<\/td>\n<\/tr>\n<tr>\n<td width=\"51\"><strong>7<\/strong><\/td>\n<td width=\"333\">Implementa\u00e7\u00e3o de Equipamentos e Dispositivos<\/td>\n<td width=\"104\">136<\/td>\n<td width=\"0\">&nbsp;<\/td>\n<\/tr>\n<tr>\n<td width=\"51\"><strong>8<\/strong><\/td>\n<td width=\"333\">Instrumenta\u00e7\u00e3o e Controle<\/td>\n<td width=\"104\">102<\/td>\n<td width=\"0\">&nbsp;<\/td>\n<\/tr>\n<tr>\n<td width=\"51\"><strong>9<\/strong><\/td>\n<td width=\"333\">Manuten\u00e7\u00e3o de Equipamentos e Dispositivos<\/td>\n<td width=\"104\">68<\/td>\n<td width=\"0\">&nbsp;<\/td>\n<\/tr>\n<tr>\n<td rowspan=\"4\" width=\"123\"><strong>Espec\u00edfico II<\/strong><\/td>\n<td width=\"51\"><strong>10<\/strong><\/td>\n<td width=\"333\">Desenvolvimento de Sistemas de Controle<\/td>\n<td width=\"104\">100<\/td>\n<td width=\"0\">&nbsp;<\/td>\n<\/tr>\n<tr>\n<td width=\"51\"><strong>11<\/strong><\/td>\n<td width=\"333\">Sistemas L\u00f3gicos Program\u00e1veis<\/td>\n<td width=\"104\">160<\/td>\n<td width=\"0\">&nbsp;<\/td>\n<\/tr>\n<tr>\n<td width=\"51\"><strong>12<\/strong><\/td>\n<td width=\"333\">T\u00e9cnicas de Controle<\/td>\n<td width=\"104\">80<\/td>\n<td width=\"0\">&nbsp;<\/td>\n<\/tr>\n<tr>\n<td width=\"51\"><strong>13<\/strong><\/td>\n<td width=\"333\">Orienta\u00e7\u00e3o TCC<\/td>\n<td width=\"104\">40<\/td>\n<td width=\"0\">&nbsp;<\/td>\n<\/tr>\n<tr>\n<td colspan=\"3\" width=\"508\"><strong>Total<\/strong><\/td>\n<td width=\"104\"><strong>1.400<\/strong><\/td>\n<td width=\"0\">&nbsp;<\/td>\n<\/tr>\n<\/tbody>\n<\/table>\n<p><strong>&nbsp;<\/strong><\/p>\n<p><strong>Informa\u00e7\u00f5es:<\/strong><\/p>\n<p><strong>Escola SENAI&nbsp; Ant\u00f4nio Sim\u00f5es<\/strong><\/p>\n<p><strong>\u00c1reas<\/strong>: Eletroeletr\u00f4nica, Automa\u00e7\u00e3o, Tecnologia da Informa\u00e7\u00e3o, Refrigera\u00e7\u00e3o e Climatiza\u00e7\u00e3o, Qualidade e Seguran\u00e7a Industrial, Gest\u00e3o, Metrologia, Meio Ambiente.<\/p>\n<p>Av. Rodrigo Ot\u00e1vio, 2394 \u2013 Distrito Industrial.<\/p>\n<p>Fone: (0xx92) 3182-9975\/9976\/9977 &#8211; E-mail: <a href=\"mailto:corem.esas@am.senai.br\">corem.esas@am.senai.br<\/a><\/p>\n<p>Envie suas d\u00favidas, criticas e\/ou sugest\u00f5es para <a href=\"mailto:ead@am.senai.br\">ead@am.senai.br<\/a>.<\/p>\n<p>Hor\u00e1rio de funcionamento das 7h30 \u00e0s 11h30 e 13h30 \u00e0s 17h30 de segunda a sexta-feira.&nbsp;<\/p>\n","protected":false},"excerpt":{"rendered":"<p>T\u00e9cnico em Automa\u00e7\u00e3o Industrial Unidade Polo do SENAI\/AM Escola SENAI&nbsp; Ant\u00f4nio Sim\u00f5es Per\u00edodo de inscri\u00e7\u00e3o e Efetiva\u00e7\u00e3o da Matr\u00edcula 15\/11\/2016 a 28\/04\/2017 Garanta sua vaga! Clique aqui para efetuar sua pr\u00e9-inscri\u00e7\u00e3o Podendo ser efetuado direto na Central de Matr\u00edculas da Escola SENAI&nbsp; Ant\u00f4nio Sim\u00f5es. Av. Rodrigo Ot\u00e1vio, 2394 \u2013 Distrito Industrial. Fone: (92) 3182-9975\/9976\/9977 &#8211; [&hellip;]<\/p>\n","protected":false},"author":1,"featured_media":0,"parent":0,"menu_order":0,"comment_status":"closed","ping_status":"closed","template":"","meta":{"footnotes":""},"class_list":["post-6543","page","type-page","status-publish","hentry"],"yoast_head":"<!-- This site is optimized with the Yoast SEO plugin v26.8 - https:\/\/yoast.com\/product\/yoast-seo-wordpress\/ -->\n<title>T\u00e9cnico em Automa\u00e7\u00e3o Industrial - SENAI<\/title>\n<meta name=\"robots\" content=\"index, follow, max-snippet:-1, max-image-preview:large, max-video-preview:-1\" \/>\n<link rel=\"canonical\" href=\"https:\/\/fieam.org.br\/senai\/tecnico-em-automacao-industrial\/\" \/>\n<meta property=\"og:locale\" content=\"pt_BR\" \/>\n<meta property=\"og:type\" content=\"article\" \/>\n<meta property=\"og:title\" content=\"T\u00e9cnico em Automa\u00e7\u00e3o Industrial - SENAI\" \/>\n<meta property=\"og:description\" content=\"T\u00e9cnico em Automa\u00e7\u00e3o Industrial Unidade Polo do SENAI\/AM Escola SENAI&nbsp; Ant\u00f4nio Sim\u00f5es Per\u00edodo de inscri\u00e7\u00e3o e Efetiva\u00e7\u00e3o da Matr\u00edcula 15\/11\/2016 a 28\/04\/2017 Garanta sua vaga! Clique aqui para efetuar sua pr\u00e9-inscri\u00e7\u00e3o Podendo ser efetuado direto na Central de Matr\u00edculas da Escola SENAI&nbsp; Ant\u00f4nio Sim\u00f5es. Av. Rodrigo Ot\u00e1vio, 2394 \u2013 Distrito Industrial. Fone: (92) 3182-9975\/9976\/9977 &#8211; [&hellip;]\" \/>\n<meta property=\"og:url\" content=\"https:\/\/fieam.org.br\/senai\/tecnico-em-automacao-industrial\/\" \/>\n<meta property=\"og:site_name\" content=\"SENAI\" \/>\n<meta name=\"twitter:card\" content=\"summary_large_image\" \/>\n<meta name=\"twitter:label1\" content=\"Est. tempo de leitura\" \/>\n\t<meta name=\"twitter:data1\" content=\"5 minutos\" \/>\n<script type=\"application\/ld+json\" class=\"yoast-schema-graph\">{\"@context\":\"https:\/\/schema.org\",\"@graph\":[{\"@type\":\"WebPage\",\"@id\":\"https:\/\/fieam.org.br\/senai\/tecnico-em-automacao-industrial\/\",\"url\":\"https:\/\/fieam.org.br\/senai\/tecnico-em-automacao-industrial\/\",\"name\":\"T\u00e9cnico em Automa\u00e7\u00e3o Industrial - SENAI\",\"isPartOf\":{\"@id\":\"https:\/\/fieam.org.br\/senai\/#website\"},\"datePublished\":\"2016-08-01T15:41:19+00:00\",\"breadcrumb\":{\"@id\":\"https:\/\/fieam.org.br\/senai\/tecnico-em-automacao-industrial\/#breadcrumb\"},\"inLanguage\":\"pt-BR\",\"potentialAction\":[{\"@type\":\"ReadAction\",\"target\":[\"https:\/\/fieam.org.br\/senai\/tecnico-em-automacao-industrial\/\"]}]},{\"@type\":\"BreadcrumbList\",\"@id\":\"https:\/\/fieam.org.br\/senai\/tecnico-em-automacao-industrial\/#breadcrumb\",\"itemListElement\":[{\"@type\":\"ListItem\",\"position\":1,\"name\":\"In\u00edcio\",\"item\":\"https:\/\/fieam.org.br\/senai\/\"},{\"@type\":\"ListItem\",\"position\":2,\"name\":\"T\u00e9cnico em Automa\u00e7\u00e3o Industrial\"}]},{\"@type\":\"WebSite\",\"@id\":\"https:\/\/fieam.org.br\/senai\/#website\",\"url\":\"https:\/\/fieam.org.br\/senai\/\",\"name\":\"SENAI\",\"description\":\"Site Oficial!\",\"publisher\":{\"@id\":\"https:\/\/fieam.org.br\/senai\/#organization\"},\"potentialAction\":[{\"@type\":\"SearchAction\",\"target\":{\"@type\":\"EntryPoint\",\"urlTemplate\":\"https:\/\/fieam.org.br\/senai\/?s={search_term_string}\"},\"query-input\":{\"@type\":\"PropertyValueSpecification\",\"valueRequired\":true,\"valueName\":\"search_term_string\"}}],\"inLanguage\":\"pt-BR\"},{\"@type\":\"Organization\",\"@id\":\"https:\/\/fieam.org.br\/senai\/#organization\",\"name\":\"SENAI\",\"url\":\"https:\/\/fieam.org.br\/senai\/\",\"logo\":{\"@type\":\"ImageObject\",\"inLanguage\":\"pt-BR\",\"@id\":\"https:\/\/fieam.org.br\/senai\/#\/schema\/logo\/image\/\",\"url\":\"https:\/\/fieam.org.br\/senai\/wp-content\/uploads\/sites\/16\/2024\/03\/cropped-fav.png\",\"contentUrl\":\"https:\/\/fieam.org.br\/senai\/wp-content\/uploads\/sites\/16\/2024\/03\/cropped-fav.png\",\"width\":592,\"height\":577,\"caption\":\"SENAI\"},\"image\":{\"@id\":\"https:\/\/fieam.org.br\/senai\/#\/schema\/logo\/image\/\"}}]}<\/script>\n<!-- \/ Yoast SEO plugin. -->","yoast_head_json":{"title":"T\u00e9cnico em Automa\u00e7\u00e3o Industrial - SENAI","robots":{"index":"index","follow":"follow","max-snippet":"max-snippet:-1","max-image-preview":"max-image-preview:large","max-video-preview":"max-video-preview:-1"},"canonical":"https:\/\/fieam.org.br\/senai\/tecnico-em-automacao-industrial\/","og_locale":"pt_BR","og_type":"article","og_title":"T\u00e9cnico em Automa\u00e7\u00e3o Industrial - SENAI","og_description":"T\u00e9cnico em Automa\u00e7\u00e3o Industrial Unidade Polo do SENAI\/AM Escola SENAI&nbsp; Ant\u00f4nio Sim\u00f5es Per\u00edodo de inscri\u00e7\u00e3o e Efetiva\u00e7\u00e3o da Matr\u00edcula 15\/11\/2016 a 28\/04\/2017 Garanta sua vaga! Clique aqui para efetuar sua pr\u00e9-inscri\u00e7\u00e3o Podendo ser efetuado direto na Central de Matr\u00edculas da Escola SENAI&nbsp; Ant\u00f4nio Sim\u00f5es. Av. Rodrigo Ot\u00e1vio, 2394 \u2013 Distrito Industrial. Fone: (92) 3182-9975\/9976\/9977 &#8211; [&hellip;]","og_url":"https:\/\/fieam.org.br\/senai\/tecnico-em-automacao-industrial\/","og_site_name":"SENAI","twitter_card":"summary_large_image","twitter_misc":{"Est. tempo de leitura":"5 minutos"},"schema":{"@context":"https:\/\/schema.org","@graph":[{"@type":"WebPage","@id":"https:\/\/fieam.org.br\/senai\/tecnico-em-automacao-industrial\/","url":"https:\/\/fieam.org.br\/senai\/tecnico-em-automacao-industrial\/","name":"T\u00e9cnico em Automa\u00e7\u00e3o Industrial - SENAI","isPartOf":{"@id":"https:\/\/fieam.org.br\/senai\/#website"},"datePublished":"2016-08-01T15:41:19+00:00","breadcrumb":{"@id":"https:\/\/fieam.org.br\/senai\/tecnico-em-automacao-industrial\/#breadcrumb"},"inLanguage":"pt-BR","potentialAction":[{"@type":"ReadAction","target":["https:\/\/fieam.org.br\/senai\/tecnico-em-automacao-industrial\/"]}]},{"@type":"BreadcrumbList","@id":"https:\/\/fieam.org.br\/senai\/tecnico-em-automacao-industrial\/#breadcrumb","itemListElement":[{"@type":"ListItem","position":1,"name":"In\u00edcio","item":"https:\/\/fieam.org.br\/senai\/"},{"@type":"ListItem","position":2,"name":"T\u00e9cnico em Automa\u00e7\u00e3o Industrial"}]},{"@type":"WebSite","@id":"https:\/\/fieam.org.br\/senai\/#website","url":"https:\/\/fieam.org.br\/senai\/","name":"SENAI","description":"Site Oficial!","publisher":{"@id":"https:\/\/fieam.org.br\/senai\/#organization"},"potentialAction":[{"@type":"SearchAction","target":{"@type":"EntryPoint","urlTemplate":"https:\/\/fieam.org.br\/senai\/?s={search_term_string}"},"query-input":{"@type":"PropertyValueSpecification","valueRequired":true,"valueName":"search_term_string"}}],"inLanguage":"pt-BR"},{"@type":"Organization","@id":"https:\/\/fieam.org.br\/senai\/#organization","name":"SENAI","url":"https:\/\/fieam.org.br\/senai\/","logo":{"@type":"ImageObject","inLanguage":"pt-BR","@id":"https:\/\/fieam.org.br\/senai\/#\/schema\/logo\/image\/","url":"https:\/\/fieam.org.br\/senai\/wp-content\/uploads\/sites\/16\/2024\/03\/cropped-fav.png","contentUrl":"https:\/\/fieam.org.br\/senai\/wp-content\/uploads\/sites\/16\/2024\/03\/cropped-fav.png","width":592,"height":577,"caption":"SENAI"},"image":{"@id":"https:\/\/fieam.org.br\/senai\/#\/schema\/logo\/image\/"}}]}},"_links":{"self":[{"href":"https:\/\/fieam.org.br\/senai\/wp-json\/wp\/v2\/pages\/6543","targetHints":{"allow":["GET"]}}],"collection":[{"href":"https:\/\/fieam.org.br\/senai\/wp-json\/wp\/v2\/pages"}],"about":[{"href":"https:\/\/fieam.org.br\/senai\/wp-json\/wp\/v2\/types\/page"}],"author":[{"embeddable":true,"href":"https:\/\/fieam.org.br\/senai\/wp-json\/wp\/v2\/users\/1"}],"replies":[{"embeddable":true,"href":"https:\/\/fieam.org.br\/senai\/wp-json\/wp\/v2\/comments?post=6543"}],"version-history":[{"count":0,"href":"https:\/\/fieam.org.br\/senai\/wp-json\/wp\/v2\/pages\/6543\/revisions"}],"wp:attachment":[{"href":"https:\/\/fieam.org.br\/senai\/wp-json\/wp\/v2\/media?parent=6543"}],"curies":[{"name":"wp","href":"https:\/\/api.w.org\/{rel}","templated":true}]}}