{"id":4788,"date":"2024-02-28T23:37:09","date_gmt":"2024-02-28T23:37:09","guid":{"rendered":"https:\/\/marketingmassivo.com.br\/senai\/?page_id=4788"},"modified":"2025-10-02T17:54:57","modified_gmt":"2025-10-02T17:54:57","slug":"trabalhe-conosco","status":"publish","type":"page","link":"https:\/\/fieam.org.br\/senai\/trabalhe-conosco\/","title":{"rendered":"Trabalhe Conosco"},"content":{"rendered":"\t\t<div data-elementor-type=\"wp-page\" data-elementor-id=\"4788\" class=\"elementor elementor-4788\" data-elementor-post-type=\"page\">\n\t\t\t\t\t\t<section class=\"elementor-section elementor-top-section elementor-element elementor-element-2ddae612 elementor-section-boxed elementor-section-height-default elementor-section-height-default\" data-id=\"2ddae612\" data-element_type=\"section\" data-e-type=\"section\" data-settings=\"{&quot;background_background&quot;:&quot;classic&quot;,&quot;ekit_has_onepagescroll_dot&quot;:&quot;yes&quot;}\">\n\t\t\t\t\t\t\t<div class=\"elementor-background-overlay\"><\/div>\n\t\t\t\t\t\t\t<div class=\"elementor-container elementor-column-gap-default\">\n\t\t\t\t\t<div class=\"elementor-column elementor-col-100 elementor-top-column elementor-element elementor-element-5a270926\" data-id=\"5a270926\" data-element_type=\"column\" data-e-type=\"column\">\n\t\t\t<div class=\"elementor-widget-wrap elementor-element-populated\">\n\t\t\t\t\t\t<div class=\"elementor-element elementor-element-41d3045c elementor-widget__width-auto elementor-invisible elementor-widget elementor-widget-image\" data-id=\"41d3045c\" data-element_type=\"widget\" data-e-type=\"widget\" data-settings=\"{&quot;_animation&quot;:&quot;rotateIn&quot;,&quot;_animation_delay&quot;:&quot;720&quot;,&quot;ekit_we_effect_on&quot;:&quot;none&quot;}\" data-widget_type=\"image.default\">\n\t\t\t\t<div class=\"elementor-widget-container\">\n\t\t\t\t\t\t\t\t\t\t\t\t\t\t\t<img decoding=\"async\" width=\"45\" height=\"38\" src=\"https:\/\/fieam.org.br\/senai\/wp-content\/uploads\/sites\/16\/2024\/02\/setas.png\" class=\"attachment-full size-full wp-image-4668\" alt=\"\" \/>\t\t\t\t\t\t\t\t\t\t\t\t\t\t\t<\/div>\n\t\t\t\t<\/div>\n\t\t\t\t<div class=\"elementor-element elementor-element-47779439 elementor-invisible elementor-widget elementor-widget-heading\" data-id=\"47779439\" data-element_type=\"widget\" data-e-type=\"widget\" data-settings=\"{&quot;_animation&quot;:&quot;fadeInDown&quot;,&quot;ekit_we_effect_on&quot;:&quot;none&quot;}\" data-widget_type=\"heading.default\">\n\t\t\t\t<div class=\"elementor-widget-container\">\n\t\t\t\t\t<h2 class=\"elementor-heading-title elementor-size-default\">Trabalhe Conosco<\/h2>\t\t\t\t<\/div>\n\t\t\t\t<\/div>\n\t\t\t\t<div class=\"elementor-element elementor-element-1e8b08d4 elementor-invisible elementor-widget elementor-widget-heading\" data-id=\"1e8b08d4\" data-element_type=\"widget\" data-e-type=\"widget\" data-settings=\"{&quot;_animation&quot;:&quot;fadeInUp&quot;,&quot;ekit_we_effect_on&quot;:&quot;none&quot;}\" data-widget_type=\"heading.default\">\n\t\t\t\t<div class=\"elementor-widget-container\">\n\t\t\t\t\t<div class=\"elementor-heading-title elementor-size-default\">Sistema Federa\u00e7\u00e3o das Ind\u00fastrias do Estado do Amazonas. <\/div>\t\t\t\t<\/div>\n\t\t\t\t<\/div>\n\t\t\t\t\t<\/div>\n\t\t<\/div>\n\t\t\t\t\t<\/div>\n\t\t<\/section>\n\t\t<div class=\"elementor-element elementor-element-480551d e-flex e-con-boxed e-con e-parent\" data-id=\"480551d\" data-element_type=\"container\" data-e-type=\"container\" data-settings=\"{&quot;ekit_has_onepagescroll_dot&quot;:&quot;yes&quot;}\">\n\t\t\t\t\t<div class=\"e-con-inner\">\n\t\t\t\t<div class=\"elementor-element elementor-element-6f25164 premium-blog-align-left elementor-widget elementor-widget-premium-addon-blog\" data-id=\"6f25164\" data-element_type=\"widget\" data-e-type=\"widget\" data-settings=\"{&quot;premium_blog_columns_number&quot;:&quot;25%&quot;,&quot;premium_blog_grid&quot;:&quot;yes&quot;,&quot;premium_blog_layout&quot;:&quot;even&quot;,&quot;premium_blog_columns_number_tablet&quot;:&quot;50%&quot;,&quot;premium_blog_columns_number_mobile&quot;:&quot;100%&quot;,&quot;scroll_to_offset&quot;:&quot;yes&quot;,&quot;ekit_we_effect_on&quot;:&quot;none&quot;}\" data-widget_type=\"premium-addon-blog.default\">\n\t\t\t\t<div class=\"elementor-widget-container\">\n\t\t\t\t\t\n\t\t\n\n\t\t\t\t<div class=\"premium-blog-wrap  premium-blog-even\" data-page=\"4788\" data-pagination=\"true\">\n\t\t\t\t\t\t\t\t\t<div class=\"premium-blog-post-outer-container\" data-total=\"23\">\n\t\t\t<div class=\"premium-blog-post-container premium-blog-skin-classic\">\n\t\t\t\t\t\t\t\t\t<div class=\"premium-blog-thumb-effect-wrapper\">\n\t\t\t\t\t\t<div class=\"premium-blog-thumbnail-container premium-blog-zoomin-effect\">\n\t\t\t\t\t\t\t<img fetchpriority=\"high\" decoding=\"async\" width=\"466\" height=\"466\" src=\"https:\/\/fieam.org.br\/senai\/wp-content\/uploads\/sites\/16\/2025\/01\/Imagem-do-WhatsApp-de-2025-01-15-as-16.20.59_87ece079.jpg\" class=\"attachment-full size-full wp-image-13535\" alt=\"\" srcset=\"https:\/\/fieam.org.br\/senai\/wp-content\/uploads\/sites\/16\/2025\/01\/Imagem-do-WhatsApp-de-2025-01-15-as-16.20.59_87ece079.jpg 466w, https:\/\/fieam.org.br\/senai\/wp-content\/uploads\/sites\/16\/2025\/01\/Imagem-do-WhatsApp-de-2025-01-15-as-16.20.59_87ece079-300x300.jpg 300w, https:\/\/fieam.org.br\/senai\/wp-content\/uploads\/sites\/16\/2025\/01\/Imagem-do-WhatsApp-de-2025-01-15-as-16.20.59_87ece079-150x150.jpg 150w\" sizes=\"(max-width: 466px) 100vw, 466px\" \/>\t\t\t\t\t\t<\/div>\n\t\t\t\t\t\t\t\t\t\t\t\t\t<div class=\"premium-blog-thumbnail-overlay\">\n\t\t\t\t\t\t\t\t<a class=\"elementor-icon\" href=\"https:\/\/fieam.org.br\/senai\/comunicado-processo-seletivo-externo-no-030-2026-cargo-pdi-pesquisador-e-desenvolvedor-industrial-iii-doutor-junior\/\" target=\"_blank\">\n\t\t\t\t\t\t\t\t\t<span class=\"elementor-screen-only\">COMUNICADO PROCESSO SELETIVO EXTERNO \u2013 N\u00ba 030-2026\/ CARGO: PDI \u2013 PESQUISADOR E DESENVOLVEDOR INDUSTRIAL III (DOUTOR \u2013 J\u00daNIOR)<\/span>\n\t\t\t\t\t\t\t\t<\/a>\n\t\t\t\t\t\t\t<\/div>\n\n\t\t\t\t\t\t\t\t\t\t\t\t\t\t\t\t\t\t<\/div>\n\t\t\t\t\t\t\t\t\t\t\t\t<div class=\"premium-blog-content-wrapper \">\n\n\t\t\t\t\t<div class=\"premium-blog-inner-container\">\n\n\t\t\t\t\t\t\t\t\t\t\t\t\t\t<h2 class=\"premium-blog-entry-title\">\n\t\t\t<a href=\"https:\/\/fieam.org.br\/senai\/comunicado-processo-seletivo-externo-no-030-2026-cargo-pdi-pesquisador-e-desenvolvedor-industrial-iii-doutor-junior\/\" target=\"_blank\">\n\t\t\t\tCOMUNICADO PROCESSO SELETIVO EXTERNO \u2013 N\u00ba 030-2026\/ CARGO: PDI \u2013 PESQUISADOR E DESENVOLVEDOR INDUSTRIAL III (DOUTOR \u2013 J\u00daNIOR)\t\t\t<\/a>\n\t\t<\/h2>\n\t\t\t\t<div class=\"premium-blog-entry-meta\">\n\t\t\t\t\t\t\t<div class=\"premium-blog-post-author premium-blog-meta-data\">\n\t\t\t\t\t<i class=\"fa fa-user fa-fw\" aria-hidden=\"true\"><\/i>\n\t\t\t\t\t<a href=\"https:\/\/fieam.org.br\/senai\/author\/ericafrazao\/\" rel=\"author\">ericafrazao<\/a>\t\t\t\t<\/div>\n\t\t\t\n\t\t\t\t\t\t\t<span class=\"premium-blog-meta-separator\">\u2022<\/span>\n\t\t\t\t<div class=\"premium-blog-post-time premium-blog-meta-data\">\n\t\t\t\t\t<i class=\"fa fa-calendar-alt\" aria-hidden=\"true\"><\/i>\n\t\t\t\t\t<span>06\/08\/2026<\/span>\n\t\t\t\t<\/div>\n\t\t\t\n\t\t\t\t\t\t\t<span class=\"premium-blog-meta-separator\">\u2022<\/span>\n\t\t\t\t<div class=\"premium-blog-post-categories premium-blog-meta-data\">\n\t\t\t\t\t<i class=\"fa fa-align-left fa-fw\" aria-hidden=\"true\"><\/i>\n\t\t\t\t\t<a href=\"https:\/\/fieam.org.br\/senai\/noticias\/geral\/\" rel=\"category tag\">Geral<\/a>, <a href=\"https:\/\/fieam.org.br\/senai\/noticias\/selecao\/\" rel=\"category tag\">selecao<\/a>\t\t\t\t<\/div>\n\t\t\t\n\t\t\t\t\t\t\t<span class=\"premium-blog-meta-separator\">\u2022<\/span>\n\t\t\t\t<div class=\"premium-blog-post-comments premium-blog-meta-data\">\n\t\t\t\t\t<i class=\"fa fa-comments-o fa-fw\" aria-hidden=\"true\"><\/i>\n\t\t\t\t\t<a href=\"https:\/\/fieam.org.br\/senai\/comunicado-processo-seletivo-externo-no-030-2026-cargo-pdi-pesquisador-e-desenvolvedor-industrial-iii-doutor-junior\/#respond\">No Comments<\/a>\t\t\t\t<\/div>\n\t\t\t\t\t<\/div>\n\t\t\n\t\t\t\t\t<\/div>\n\n\t\t\t\t\t\t\t<div class=\"premium-blog-content-inner-wrapper\">\n\t\t<p class=\"premium-blog-post-content\">COMUNICADO PROCESSO SELETIVO EXTERNO \u2013 N\u00ba 030-2026 CARGO: PDI \u2013 PESQUISADOR E DESENVOLVEDOR INDUSTRIAL III (DOUTOR \u2013 J\u00daNIOR) \u00c1REA DE ATUA\u00c7\u00c3O: ENGENHARIA \u2026<\/p>\t\t<\/div>\n\t\t\t\t\t\t\t\n\t\t\t\t<\/div>\n\t\t\t<\/div>\n\t\t<\/div>\n\n\t\t\t\t<div class=\"premium-blog-post-outer-container\" data-total=\"23\">\n\t\t\t<div class=\"premium-blog-post-container premium-blog-skin-classic\">\n\t\t\t\t\t\t\t\t\t<div class=\"premium-blog-thumb-effect-wrapper\">\n\t\t\t\t\t\t<div class=\"premium-blog-thumbnail-container premium-blog-zoomin-effect\">\n\t\t\t\t\t\t\t<img fetchpriority=\"high\" decoding=\"async\" width=\"466\" height=\"466\" src=\"https:\/\/fieam.org.br\/senai\/wp-content\/uploads\/sites\/16\/2025\/01\/Imagem-do-WhatsApp-de-2025-01-15-as-16.20.59_87ece079.jpg\" class=\"attachment-full size-full wp-image-13535\" alt=\"\" srcset=\"https:\/\/fieam.org.br\/senai\/wp-content\/uploads\/sites\/16\/2025\/01\/Imagem-do-WhatsApp-de-2025-01-15-as-16.20.59_87ece079.jpg 466w, https:\/\/fieam.org.br\/senai\/wp-content\/uploads\/sites\/16\/2025\/01\/Imagem-do-WhatsApp-de-2025-01-15-as-16.20.59_87ece079-300x300.jpg 300w, https:\/\/fieam.org.br\/senai\/wp-content\/uploads\/sites\/16\/2025\/01\/Imagem-do-WhatsApp-de-2025-01-15-as-16.20.59_87ece079-150x150.jpg 150w\" sizes=\"(max-width: 466px) 100vw, 466px\" \/>\t\t\t\t\t\t<\/div>\n\t\t\t\t\t\t\t\t\t\t\t\t\t<div class=\"premium-blog-thumbnail-overlay\">\n\t\t\t\t\t\t\t\t<a class=\"elementor-icon\" href=\"https:\/\/fieam.org.br\/senai\/comunicado-processo-seletivo-externo-no-027-2026-cargo-pdi-pesquisador-e-desenvolvedor-industrial\/\" target=\"_blank\">\n\t\t\t\t\t\t\t\t\t<span class=\"elementor-screen-only\">COMUNICADO PROCESSO SELETIVO EXTERNO \u2013 N\u00ba 027-2026 \/ CARGO: PDI \u2013 PESQUISADOR E DESENVOLVEDOR INDUSTRIAL<\/span>\n\t\t\t\t\t\t\t\t<\/a>\n\t\t\t\t\t\t\t<\/div>\n\n\t\t\t\t\t\t\t\t\t\t\t\t\t\t\t\t\t\t<\/div>\n\t\t\t\t\t\t\t\t\t\t\t\t<div class=\"premium-blog-content-wrapper \">\n\n\t\t\t\t\t<div class=\"premium-blog-inner-container\">\n\n\t\t\t\t\t\t\t\t\t\t\t\t\t\t<h2 class=\"premium-blog-entry-title\">\n\t\t\t<a href=\"https:\/\/fieam.org.br\/senai\/comunicado-processo-seletivo-externo-no-027-2026-cargo-pdi-pesquisador-e-desenvolvedor-industrial\/\" target=\"_blank\">\n\t\t\t\tCOMUNICADO PROCESSO SELETIVO EXTERNO \u2013 N\u00ba 027-2026 \/ CARGO: PDI \u2013 PESQUISADOR E DESENVOLVEDOR INDUSTRIAL\t\t\t<\/a>\n\t\t<\/h2>\n\t\t\t\t<div class=\"premium-blog-entry-meta\">\n\t\t\t\t\t\t\t<div class=\"premium-blog-post-author premium-blog-meta-data\">\n\t\t\t\t\t<i class=\"fa fa-user fa-fw\" aria-hidden=\"true\"><\/i>\n\t\t\t\t\t<a href=\"https:\/\/fieam.org.br\/senai\/author\/ericafrazao\/\" rel=\"author\">ericafrazao<\/a>\t\t\t\t<\/div>\n\t\t\t\n\t\t\t\t\t\t\t<span class=\"premium-blog-meta-separator\">\u2022<\/span>\n\t\t\t\t<div class=\"premium-blog-post-time premium-blog-meta-data\">\n\t\t\t\t\t<i class=\"fa fa-calendar-alt\" aria-hidden=\"true\"><\/i>\n\t\t\t\t\t<span>06\/08\/2026<\/span>\n\t\t\t\t<\/div>\n\t\t\t\n\t\t\t\t\t\t\t<span class=\"premium-blog-meta-separator\">\u2022<\/span>\n\t\t\t\t<div class=\"premium-blog-post-categories premium-blog-meta-data\">\n\t\t\t\t\t<i class=\"fa fa-align-left fa-fw\" aria-hidden=\"true\"><\/i>\n\t\t\t\t\t<a href=\"https:\/\/fieam.org.br\/senai\/noticias\/geral\/\" rel=\"category tag\">Geral<\/a>, <a href=\"https:\/\/fieam.org.br\/senai\/noticias\/selecao\/\" rel=\"category tag\">selecao<\/a>\t\t\t\t<\/div>\n\t\t\t\n\t\t\t\t\t\t\t<span class=\"premium-blog-meta-separator\">\u2022<\/span>\n\t\t\t\t<div class=\"premium-blog-post-comments premium-blog-meta-data\">\n\t\t\t\t\t<i class=\"fa fa-comments-o fa-fw\" aria-hidden=\"true\"><\/i>\n\t\t\t\t\t<a href=\"https:\/\/fieam.org.br\/senai\/comunicado-processo-seletivo-externo-no-027-2026-cargo-pdi-pesquisador-e-desenvolvedor-industrial\/#respond\">No Comments<\/a>\t\t\t\t<\/div>\n\t\t\t\t\t<\/div>\n\t\t\n\t\t\t\t\t<\/div>\n\n\t\t\t\t\t\t\t<div class=\"premium-blog-content-inner-wrapper\">\n\t\t<p class=\"premium-blog-post-content\">COMUNICADO PROCESSO SELETIVO EXTERNO \u2013 N\u00ba 027-2026 CARGO: PDI \u2013 PESQUISADOR E DESENVOLVEDOR INDUSTRIAL OCUPA\u00c7\u00c3O: ASSISTENTE I (GRADUADO \u2013 J\u00daNIOR) \u00c1REA DE \u2026<\/p>\t\t<\/div>\n\t\t\t\t\t\t\t\n\t\t\t\t<\/div>\n\t\t\t<\/div>\n\t\t<\/div>\n\n\t\t\t\t<div class=\"premium-blog-post-outer-container\" data-total=\"23\">\n\t\t\t<div class=\"premium-blog-post-container premium-blog-skin-classic\">\n\t\t\t\t\t\t\t\t\t<div class=\"premium-blog-thumb-effect-wrapper\">\n\t\t\t\t\t\t<div class=\"premium-blog-thumbnail-container premium-blog-zoomin-effect\">\n\t\t\t\t\t\t\t<img fetchpriority=\"high\" decoding=\"async\" width=\"466\" height=\"466\" src=\"https:\/\/fieam.org.br\/senai\/wp-content\/uploads\/sites\/16\/2025\/01\/Imagem-do-WhatsApp-de-2025-01-15-as-16.20.59_87ece079.jpg\" class=\"attachment-full size-full wp-image-13535\" alt=\"\" srcset=\"https:\/\/fieam.org.br\/senai\/wp-content\/uploads\/sites\/16\/2025\/01\/Imagem-do-WhatsApp-de-2025-01-15-as-16.20.59_87ece079.jpg 466w, https:\/\/fieam.org.br\/senai\/wp-content\/uploads\/sites\/16\/2025\/01\/Imagem-do-WhatsApp-de-2025-01-15-as-16.20.59_87ece079-300x300.jpg 300w, https:\/\/fieam.org.br\/senai\/wp-content\/uploads\/sites\/16\/2025\/01\/Imagem-do-WhatsApp-de-2025-01-15-as-16.20.59_87ece079-150x150.jpg 150w\" sizes=\"(max-width: 466px) 100vw, 466px\" \/>\t\t\t\t\t\t<\/div>\n\t\t\t\t\t\t\t\t\t\t\t\t\t<div class=\"premium-blog-thumbnail-overlay\">\n\t\t\t\t\t\t\t\t<a class=\"elementor-icon\" href=\"https:\/\/fieam.org.br\/senai\/comunicado-processo-seletivo-externo-no-029-2026-cargo-pdi-pesquisador-e-desenvolvedor-industrial\/\" target=\"_blank\">\n\t\t\t\t\t\t\t\t\t<span class=\"elementor-screen-only\">COMUNICADO PROCESSO SELETIVO EXTERNO \u2013 N\u00ba 029-2026 \/ CARGO: PDI \u2013 PESQUISADOR E DESENVOLVEDOR INDUSTRIAL<\/span>\n\t\t\t\t\t\t\t\t<\/a>\n\t\t\t\t\t\t\t<\/div>\n\n\t\t\t\t\t\t\t\t\t\t\t\t\t\t\t\t\t\t<\/div>\n\t\t\t\t\t\t\t\t\t\t\t\t<div class=\"premium-blog-content-wrapper \">\n\n\t\t\t\t\t<div class=\"premium-blog-inner-container\">\n\n\t\t\t\t\t\t\t\t\t\t\t\t\t\t<h2 class=\"premium-blog-entry-title\">\n\t\t\t<a href=\"https:\/\/fieam.org.br\/senai\/comunicado-processo-seletivo-externo-no-029-2026-cargo-pdi-pesquisador-e-desenvolvedor-industrial\/\" target=\"_blank\">\n\t\t\t\tCOMUNICADO PROCESSO SELETIVO EXTERNO \u2013 N\u00ba 029-2026 \/ CARGO: PDI \u2013 PESQUISADOR E DESENVOLVEDOR INDUSTRIAL\t\t\t<\/a>\n\t\t<\/h2>\n\t\t\t\t<div class=\"premium-blog-entry-meta\">\n\t\t\t\t\t\t\t<div class=\"premium-blog-post-author premium-blog-meta-data\">\n\t\t\t\t\t<i class=\"fa fa-user fa-fw\" aria-hidden=\"true\"><\/i>\n\t\t\t\t\t<a href=\"https:\/\/fieam.org.br\/senai\/author\/ericafrazao\/\" rel=\"author\">ericafrazao<\/a>\t\t\t\t<\/div>\n\t\t\t\n\t\t\t\t\t\t\t<span class=\"premium-blog-meta-separator\">\u2022<\/span>\n\t\t\t\t<div class=\"premium-blog-post-time premium-blog-meta-data\">\n\t\t\t\t\t<i class=\"fa fa-calendar-alt\" aria-hidden=\"true\"><\/i>\n\t\t\t\t\t<span>06\/08\/2026<\/span>\n\t\t\t\t<\/div>\n\t\t\t\n\t\t\t\t\t\t\t<span class=\"premium-blog-meta-separator\">\u2022<\/span>\n\t\t\t\t<div class=\"premium-blog-post-categories premium-blog-meta-data\">\n\t\t\t\t\t<i class=\"fa fa-align-left fa-fw\" aria-hidden=\"true\"><\/i>\n\t\t\t\t\t<a href=\"https:\/\/fieam.org.br\/senai\/noticias\/geral\/\" rel=\"category tag\">Geral<\/a>, <a href=\"https:\/\/fieam.org.br\/senai\/noticias\/selecao\/\" rel=\"category tag\">selecao<\/a>\t\t\t\t<\/div>\n\t\t\t\n\t\t\t\t\t\t\t<span class=\"premium-blog-meta-separator\">\u2022<\/span>\n\t\t\t\t<div class=\"premium-blog-post-comments premium-blog-meta-data\">\n\t\t\t\t\t<i class=\"fa fa-comments-o fa-fw\" aria-hidden=\"true\"><\/i>\n\t\t\t\t\t<a href=\"https:\/\/fieam.org.br\/senai\/comunicado-processo-seletivo-externo-no-029-2026-cargo-pdi-pesquisador-e-desenvolvedor-industrial\/#respond\">No Comments<\/a>\t\t\t\t<\/div>\n\t\t\t\t\t<\/div>\n\t\t\n\t\t\t\t\t<\/div>\n\n\t\t\t\t\t\t\t<div class=\"premium-blog-content-inner-wrapper\">\n\t\t<p class=\"premium-blog-post-content\">COMUNICADO PROCESSO SELETIVO EXTERNO \u2013 N\u00ba 029-2026 CARGO: PDI \u2013 PESQUISADOR E DESENVOLVEDOR INDUSTRIAL OCUPA\u00c7\u00c3O: ASSISTENTE I (GRADUADO \u2013 J\u00daNIOR) \u00c1REA DE \u2026<\/p>\t\t<\/div>\n\t\t\t\t\t\t\t\n\t\t\t\t<\/div>\n\t\t\t<\/div>\n\t\t<\/div>\n\n\t\t\t\t<div class=\"premium-blog-post-outer-container\" data-total=\"23\">\n\t\t\t<div class=\"premium-blog-post-container premium-blog-skin-classic\">\n\t\t\t\t\t\t\t\t\t<div class=\"premium-blog-thumb-effect-wrapper\">\n\t\t\t\t\t\t<div class=\"premium-blog-thumbnail-container premium-blog-zoomin-effect\">\n\t\t\t\t\t\t\t<img fetchpriority=\"high\" decoding=\"async\" width=\"466\" height=\"466\" src=\"https:\/\/fieam.org.br\/senai\/wp-content\/uploads\/sites\/16\/2025\/01\/Imagem-do-WhatsApp-de-2025-01-15-as-16.20.59_87ece079.jpg\" class=\"attachment-full size-full wp-image-13535\" alt=\"\" srcset=\"https:\/\/fieam.org.br\/senai\/wp-content\/uploads\/sites\/16\/2025\/01\/Imagem-do-WhatsApp-de-2025-01-15-as-16.20.59_87ece079.jpg 466w, https:\/\/fieam.org.br\/senai\/wp-content\/uploads\/sites\/16\/2025\/01\/Imagem-do-WhatsApp-de-2025-01-15-as-16.20.59_87ece079-300x300.jpg 300w, https:\/\/fieam.org.br\/senai\/wp-content\/uploads\/sites\/16\/2025\/01\/Imagem-do-WhatsApp-de-2025-01-15-as-16.20.59_87ece079-150x150.jpg 150w\" sizes=\"(max-width: 466px) 100vw, 466px\" \/>\t\t\t\t\t\t<\/div>\n\t\t\t\t\t\t\t\t\t\t\t\t\t<div class=\"premium-blog-thumbnail-overlay\">\n\t\t\t\t\t\t\t\t<a class=\"elementor-icon\" href=\"https:\/\/fieam.org.br\/senai\/comunicado-processo-seletivo-externo-no-028-2026-cargo-pns-profissional-de-nivel-superior\/\" target=\"_blank\">\n\t\t\t\t\t\t\t\t\t<span class=\"elementor-screen-only\">COMUNICADO PROCESSO SELETIVO EXTERNO \u2013 N\u00ba 028-2026 \/ CARGO: PNS \u2013 PROFISSIONAL DE N\u00cdVEL SUPERIOR<\/span>\n\t\t\t\t\t\t\t\t<\/a>\n\t\t\t\t\t\t\t<\/div>\n\n\t\t\t\t\t\t\t\t\t\t\t\t\t\t\t\t\t\t<\/div>\n\t\t\t\t\t\t\t\t\t\t\t\t<div class=\"premium-blog-content-wrapper \">\n\n\t\t\t\t\t<div class=\"premium-blog-inner-container\">\n\n\t\t\t\t\t\t\t\t\t\t\t\t\t\t<h2 class=\"premium-blog-entry-title\">\n\t\t\t<a href=\"https:\/\/fieam.org.br\/senai\/comunicado-processo-seletivo-externo-no-028-2026-cargo-pns-profissional-de-nivel-superior\/\" target=\"_blank\">\n\t\t\t\tCOMUNICADO PROCESSO SELETIVO EXTERNO \u2013 N\u00ba 028-2026 \/ CARGO: PNS \u2013 PROFISSIONAL DE N\u00cdVEL SUPERIOR\t\t\t<\/a>\n\t\t<\/h2>\n\t\t\t\t<div class=\"premium-blog-entry-meta\">\n\t\t\t\t\t\t\t<div class=\"premium-blog-post-author premium-blog-meta-data\">\n\t\t\t\t\t<i class=\"fa fa-user fa-fw\" aria-hidden=\"true\"><\/i>\n\t\t\t\t\t<a href=\"https:\/\/fieam.org.br\/senai\/author\/ericafrazao\/\" rel=\"author\">ericafrazao<\/a>\t\t\t\t<\/div>\n\t\t\t\n\t\t\t\t\t\t\t<span class=\"premium-blog-meta-separator\">\u2022<\/span>\n\t\t\t\t<div class=\"premium-blog-post-time premium-blog-meta-data\">\n\t\t\t\t\t<i class=\"fa fa-calendar-alt\" aria-hidden=\"true\"><\/i>\n\t\t\t\t\t<span>06\/08\/2026<\/span>\n\t\t\t\t<\/div>\n\t\t\t\n\t\t\t\t\t\t\t<span class=\"premium-blog-meta-separator\">\u2022<\/span>\n\t\t\t\t<div class=\"premium-blog-post-categories premium-blog-meta-data\">\n\t\t\t\t\t<i class=\"fa fa-align-left fa-fw\" aria-hidden=\"true\"><\/i>\n\t\t\t\t\t<a href=\"https:\/\/fieam.org.br\/senai\/noticias\/geral\/\" rel=\"category tag\">Geral<\/a>, <a href=\"https:\/\/fieam.org.br\/senai\/noticias\/selecao\/\" rel=\"category tag\">selecao<\/a>\t\t\t\t<\/div>\n\t\t\t\n\t\t\t\t\t\t\t<span class=\"premium-blog-meta-separator\">\u2022<\/span>\n\t\t\t\t<div class=\"premium-blog-post-comments premium-blog-meta-data\">\n\t\t\t\t\t<i class=\"fa fa-comments-o fa-fw\" aria-hidden=\"true\"><\/i>\n\t\t\t\t\t<a href=\"https:\/\/fieam.org.br\/senai\/comunicado-processo-seletivo-externo-no-028-2026-cargo-pns-profissional-de-nivel-superior\/#respond\">No Comments<\/a>\t\t\t\t<\/div>\n\t\t\t\t\t<\/div>\n\t\t\n\t\t\t\t\t<\/div>\n\n\t\t\t\t\t\t\t<div class=\"premium-blog-content-inner-wrapper\">\n\t\t<p class=\"premium-blog-post-content\">COMUNICADO PROCESSO SELETIVO EXTERNO \u2013 N\u00ba 028-2026 CARGO: PNS \u2013 PROFISSIONAL DE N\u00cdVEL SUPERIOR OCUPA\u00c7\u00c3O: CONSULTOR DE NEG\u00d3CIOS CARGA HOR\u00c1RIA MENSAL: 220 \u2026<\/p>\t\t<\/div>\n\t\t\t\t\t\t\t\n\t\t\t\t<\/div>\n\t\t\t<\/div>\n\t\t<\/div>\n\n\t\t\t\t<div class=\"premium-blog-post-outer-container\" data-total=\"23\">\n\t\t\t<div class=\"premium-blog-post-container premium-blog-skin-classic\">\n\t\t\t\t\t\t\t\t\t<div class=\"premium-blog-thumb-effect-wrapper\">\n\t\t\t\t\t\t<div class=\"premium-blog-thumbnail-container premium-blog-zoomin-effect\">\n\t\t\t\t\t\t\t<img fetchpriority=\"high\" decoding=\"async\" width=\"466\" height=\"466\" src=\"https:\/\/fieam.org.br\/senai\/wp-content\/uploads\/sites\/16\/2025\/01\/Imagem-do-WhatsApp-de-2025-01-15-as-16.20.59_87ece079.jpg\" class=\"attachment-full size-full wp-image-13535\" alt=\"\" srcset=\"https:\/\/fieam.org.br\/senai\/wp-content\/uploads\/sites\/16\/2025\/01\/Imagem-do-WhatsApp-de-2025-01-15-as-16.20.59_87ece079.jpg 466w, https:\/\/fieam.org.br\/senai\/wp-content\/uploads\/sites\/16\/2025\/01\/Imagem-do-WhatsApp-de-2025-01-15-as-16.20.59_87ece079-300x300.jpg 300w, https:\/\/fieam.org.br\/senai\/wp-content\/uploads\/sites\/16\/2025\/01\/Imagem-do-WhatsApp-de-2025-01-15-as-16.20.59_87ece079-150x150.jpg 150w\" sizes=\"(max-width: 466px) 100vw, 466px\" \/>\t\t\t\t\t\t<\/div>\n\t\t\t\t\t\t\t\t\t\t\t\t\t<div class=\"premium-blog-thumbnail-overlay\">\n\t\t\t\t\t\t\t\t<a class=\"elementor-icon\" href=\"https:\/\/fieam.org.br\/senai\/comunicado-processo-seletivo-externo-no-021-2026-cargo-inm-instrutor-de-nivel-medio\/\" target=\"_blank\">\n\t\t\t\t\t\t\t\t\t<span class=\"elementor-screen-only\">COMUNICADO PROCESSO SELETIVO EXTERNO \u2013 N\u00ba 021-2026 \/ CARGO: INM \u2013 INSTRUTOR DE N\u00cdVEL M\u00c9DIO<\/span>\n\t\t\t\t\t\t\t\t<\/a>\n\t\t\t\t\t\t\t<\/div>\n\n\t\t\t\t\t\t\t\t\t\t\t\t\t\t\t\t\t\t<\/div>\n\t\t\t\t\t\t\t\t\t\t\t\t<div class=\"premium-blog-content-wrapper \">\n\n\t\t\t\t\t<div class=\"premium-blog-inner-container\">\n\n\t\t\t\t\t\t\t\t\t\t\t\t\t\t<h2 class=\"premium-blog-entry-title\">\n\t\t\t<a href=\"https:\/\/fieam.org.br\/senai\/comunicado-processo-seletivo-externo-no-021-2026-cargo-inm-instrutor-de-nivel-medio\/\" target=\"_blank\">\n\t\t\t\tCOMUNICADO PROCESSO SELETIVO EXTERNO \u2013 N\u00ba 021-2026 \/ CARGO: INM \u2013 INSTRUTOR DE N\u00cdVEL M\u00c9DIO\t\t\t<\/a>\n\t\t<\/h2>\n\t\t\t\t<div class=\"premium-blog-entry-meta\">\n\t\t\t\t\t\t\t<div class=\"premium-blog-post-author premium-blog-meta-data\">\n\t\t\t\t\t<i class=\"fa fa-user fa-fw\" aria-hidden=\"true\"><\/i>\n\t\t\t\t\t<a href=\"https:\/\/fieam.org.br\/senai\/author\/ericafrazao\/\" rel=\"author\">ericafrazao<\/a>\t\t\t\t<\/div>\n\t\t\t\n\t\t\t\t\t\t\t<span class=\"premium-blog-meta-separator\">\u2022<\/span>\n\t\t\t\t<div class=\"premium-blog-post-time premium-blog-meta-data\">\n\t\t\t\t\t<i class=\"fa fa-calendar-alt\" aria-hidden=\"true\"><\/i>\n\t\t\t\t\t<span>01\/06\/2026<\/span>\n\t\t\t\t<\/div>\n\t\t\t\n\t\t\t\t\t\t\t<span class=\"premium-blog-meta-separator\">\u2022<\/span>\n\t\t\t\t<div class=\"premium-blog-post-categories premium-blog-meta-data\">\n\t\t\t\t\t<i class=\"fa fa-align-left fa-fw\" aria-hidden=\"true\"><\/i>\n\t\t\t\t\t<a href=\"https:\/\/fieam.org.br\/senai\/noticias\/geral\/\" rel=\"category tag\">Geral<\/a>, <a href=\"https:\/\/fieam.org.br\/senai\/noticias\/selecao\/\" rel=\"category tag\">selecao<\/a>\t\t\t\t<\/div>\n\t\t\t\n\t\t\t\t\t\t\t<span class=\"premium-blog-meta-separator\">\u2022<\/span>\n\t\t\t\t<div class=\"premium-blog-post-comments premium-blog-meta-data\">\n\t\t\t\t\t<i class=\"fa fa-comments-o fa-fw\" aria-hidden=\"true\"><\/i>\n\t\t\t\t\t<a href=\"https:\/\/fieam.org.br\/senai\/comunicado-processo-seletivo-externo-no-021-2026-cargo-inm-instrutor-de-nivel-medio\/#respond\">No Comments<\/a>\t\t\t\t<\/div>\n\t\t\t\t\t<\/div>\n\t\t\n\t\t\t\t\t<\/div>\n\n\t\t\t\t\t\t\t<div class=\"premium-blog-content-inner-wrapper\">\n\t\t<p class=\"premium-blog-post-content\">COMUNICADO PROCESSO SELETIVO EXTERNO \u2013 N\u00ba 021-2026 CARGO: INM \u2013 INSTRUTOR DE N\u00cdVEL M\u00c9DIO OCUPA\u00c7\u00c3O: INICIA\u00c7\u00c3O \/ APRENDIZAGEM \/ QUALIFICA\u00c7\u00c3O \/ APERFEI\u00c7OAMENTO \u2026<\/p>\t\t<\/div>\n\t\t\t\t\t\t\t\n\t\t\t\t<\/div>\n\t\t\t<\/div>\n\t\t<\/div>\n\n\t\t\t\t<div class=\"premium-blog-post-outer-container\" data-total=\"23\">\n\t\t\t<div class=\"premium-blog-post-container premium-blog-skin-classic\">\n\t\t\t\t\t\t\t\t\t<div class=\"premium-blog-thumb-effect-wrapper\">\n\t\t\t\t\t\t<div class=\"premium-blog-thumbnail-container premium-blog-zoomin-effect\">\n\t\t\t\t\t\t\t<img fetchpriority=\"high\" decoding=\"async\" width=\"466\" height=\"466\" src=\"https:\/\/fieam.org.br\/senai\/wp-content\/uploads\/sites\/16\/2025\/01\/Imagem-do-WhatsApp-de-2025-01-15-as-16.20.59_87ece079.jpg\" class=\"attachment-full size-full wp-image-13535\" alt=\"\" srcset=\"https:\/\/fieam.org.br\/senai\/wp-content\/uploads\/sites\/16\/2025\/01\/Imagem-do-WhatsApp-de-2025-01-15-as-16.20.59_87ece079.jpg 466w, https:\/\/fieam.org.br\/senai\/wp-content\/uploads\/sites\/16\/2025\/01\/Imagem-do-WhatsApp-de-2025-01-15-as-16.20.59_87ece079-300x300.jpg 300w, https:\/\/fieam.org.br\/senai\/wp-content\/uploads\/sites\/16\/2025\/01\/Imagem-do-WhatsApp-de-2025-01-15-as-16.20.59_87ece079-150x150.jpg 150w\" sizes=\"(max-width: 466px) 100vw, 466px\" \/>\t\t\t\t\t\t<\/div>\n\t\t\t\t\t\t\t\t\t\t\t\t\t<div class=\"premium-blog-thumbnail-overlay\">\n\t\t\t\t\t\t\t\t<a class=\"elementor-icon\" href=\"https:\/\/fieam.org.br\/senai\/comunicado-processo-seletivo-externo-no-019-2026-cargo-pns-profissional-nivel-superior\/\" target=\"_blank\">\n\t\t\t\t\t\t\t\t\t<span class=\"elementor-screen-only\">COMUNICADO PROCESSO SELETIVO EXTERNO &#8211; N\u00ba 019-2026 \/ CARGO: PNS \u2013 PROFISSIONAL N\u00cdVEL SUPERIOR<\/span>\n\t\t\t\t\t\t\t\t<\/a>\n\t\t\t\t\t\t\t<\/div>\n\n\t\t\t\t\t\t\t\t\t\t\t\t\t\t\t\t\t\t<\/div>\n\t\t\t\t\t\t\t\t\t\t\t\t<div class=\"premium-blog-content-wrapper \">\n\n\t\t\t\t\t<div class=\"premium-blog-inner-container\">\n\n\t\t\t\t\t\t\t\t\t\t\t\t\t\t<h2 class=\"premium-blog-entry-title\">\n\t\t\t<a href=\"https:\/\/fieam.org.br\/senai\/comunicado-processo-seletivo-externo-no-019-2026-cargo-pns-profissional-nivel-superior\/\" target=\"_blank\">\n\t\t\t\tCOMUNICADO PROCESSO SELETIVO EXTERNO &#8211; N\u00ba 019-2026 \/ CARGO: PNS \u2013 PROFISSIONAL N\u00cdVEL SUPERIOR\t\t\t<\/a>\n\t\t<\/h2>\n\t\t\t\t<div class=\"premium-blog-entry-meta\">\n\t\t\t\t\t\t\t<div class=\"premium-blog-post-author premium-blog-meta-data\">\n\t\t\t\t\t<i class=\"fa fa-user fa-fw\" aria-hidden=\"true\"><\/i>\n\t\t\t\t\t<a href=\"https:\/\/fieam.org.br\/senai\/author\/ericafrazao\/\" rel=\"author\">ericafrazao<\/a>\t\t\t\t<\/div>\n\t\t\t\n\t\t\t\t\t\t\t<span class=\"premium-blog-meta-separator\">\u2022<\/span>\n\t\t\t\t<div class=\"premium-blog-post-time premium-blog-meta-data\">\n\t\t\t\t\t<i class=\"fa fa-calendar-alt\" aria-hidden=\"true\"><\/i>\n\t\t\t\t\t<span>24\/04\/2026<\/span>\n\t\t\t\t<\/div>\n\t\t\t\n\t\t\t\t\t\t\t<span class=\"premium-blog-meta-separator\">\u2022<\/span>\n\t\t\t\t<div class=\"premium-blog-post-categories premium-blog-meta-data\">\n\t\t\t\t\t<i class=\"fa fa-align-left fa-fw\" aria-hidden=\"true\"><\/i>\n\t\t\t\t\t<a href=\"https:\/\/fieam.org.br\/senai\/noticias\/geral\/\" rel=\"category tag\">Geral<\/a>, <a href=\"https:\/\/fieam.org.br\/senai\/noticias\/selecao\/\" rel=\"category tag\">selecao<\/a>\t\t\t\t<\/div>\n\t\t\t\n\t\t\t\t\t\t\t<span class=\"premium-blog-meta-separator\">\u2022<\/span>\n\t\t\t\t<div class=\"premium-blog-post-comments premium-blog-meta-data\">\n\t\t\t\t\t<i class=\"fa fa-comments-o fa-fw\" aria-hidden=\"true\"><\/i>\n\t\t\t\t\t<a href=\"https:\/\/fieam.org.br\/senai\/comunicado-processo-seletivo-externo-no-019-2026-cargo-pns-profissional-nivel-superior\/#respond\">No Comments<\/a>\t\t\t\t<\/div>\n\t\t\t\t\t<\/div>\n\t\t\n\t\t\t\t\t<\/div>\n\n\t\t\t\t\t\t\t<div class=\"premium-blog-content-inner-wrapper\">\n\t\t<p class=\"premium-blog-post-content\">COMUNICADO PROCESSO SELETIVO EXTERNO &#8211; N\u00ba 019-2026 CARGO: PNS \u2013 PROFISSIONAL N\u00cdVEL SUPERIOR OCUPA\u00c7\u00c3O: ANALISTA CARGA HOR\u00c1RIA MENSAL: 220 HORAS O Servi\u00e7o \u2026<\/p>\t\t<\/div>\n\t\t\t\t\t\t\t\n\t\t\t\t<\/div>\n\t\t\t<\/div>\n\t\t<\/div>\n\n\t\t\t\t<div class=\"premium-blog-post-outer-container\" data-total=\"23\">\n\t\t\t<div class=\"premium-blog-post-container premium-blog-skin-classic\">\n\t\t\t\t\t\t\t\t\t<div class=\"premium-blog-thumb-effect-wrapper\">\n\t\t\t\t\t\t<div class=\"premium-blog-thumbnail-container premium-blog-zoomin-effect\">\n\t\t\t\t\t\t\t<img fetchpriority=\"high\" decoding=\"async\" width=\"466\" height=\"466\" src=\"https:\/\/fieam.org.br\/senai\/wp-content\/uploads\/sites\/16\/2025\/01\/Imagem-do-WhatsApp-de-2025-01-15-as-16.20.59_87ece079.jpg\" class=\"attachment-full size-full wp-image-13535\" alt=\"\" srcset=\"https:\/\/fieam.org.br\/senai\/wp-content\/uploads\/sites\/16\/2025\/01\/Imagem-do-WhatsApp-de-2025-01-15-as-16.20.59_87ece079.jpg 466w, https:\/\/fieam.org.br\/senai\/wp-content\/uploads\/sites\/16\/2025\/01\/Imagem-do-WhatsApp-de-2025-01-15-as-16.20.59_87ece079-300x300.jpg 300w, https:\/\/fieam.org.br\/senai\/wp-content\/uploads\/sites\/16\/2025\/01\/Imagem-do-WhatsApp-de-2025-01-15-as-16.20.59_87ece079-150x150.jpg 150w\" sizes=\"(max-width: 466px) 100vw, 466px\" \/>\t\t\t\t\t\t<\/div>\n\t\t\t\t\t\t\t\t\t\t\t\t\t<div class=\"premium-blog-thumbnail-overlay\">\n\t\t\t\t\t\t\t\t<a class=\"elementor-icon\" href=\"https:\/\/fieam.org.br\/senai\/comunicado-processo-seletivo-externo-no-018-2026-cargo-ins-instrutor-de-nivel-superior\/\" target=\"_blank\">\n\t\t\t\t\t\t\t\t\t<span class=\"elementor-screen-only\">COMUNICADO PROCESSO SELETIVO EXTERNO &#8211; N\u00ba 018-2026 \/ CARGO: INS \u2013 INSTRUTOR DE N\u00cdVEL SUPERIOR<\/span>\n\t\t\t\t\t\t\t\t<\/a>\n\t\t\t\t\t\t\t<\/div>\n\n\t\t\t\t\t\t\t\t\t\t\t\t\t\t\t\t\t\t<\/div>\n\t\t\t\t\t\t\t\t\t\t\t\t<div class=\"premium-blog-content-wrapper \">\n\n\t\t\t\t\t<div class=\"premium-blog-inner-container\">\n\n\t\t\t\t\t\t\t\t\t\t\t\t\t\t<h2 class=\"premium-blog-entry-title\">\n\t\t\t<a href=\"https:\/\/fieam.org.br\/senai\/comunicado-processo-seletivo-externo-no-018-2026-cargo-ins-instrutor-de-nivel-superior\/\" target=\"_blank\">\n\t\t\t\tCOMUNICADO PROCESSO SELETIVO EXTERNO &#8211; N\u00ba 018-2026 \/ CARGO: INS \u2013 INSTRUTOR DE N\u00cdVEL SUPERIOR\t\t\t<\/a>\n\t\t<\/h2>\n\t\t\t\t<div class=\"premium-blog-entry-meta\">\n\t\t\t\t\t\t\t<div class=\"premium-blog-post-author premium-blog-meta-data\">\n\t\t\t\t\t<i class=\"fa fa-user fa-fw\" aria-hidden=\"true\"><\/i>\n\t\t\t\t\t<a href=\"https:\/\/fieam.org.br\/senai\/author\/ericafrazao\/\" rel=\"author\">ericafrazao<\/a>\t\t\t\t<\/div>\n\t\t\t\n\t\t\t\t\t\t\t<span class=\"premium-blog-meta-separator\">\u2022<\/span>\n\t\t\t\t<div class=\"premium-blog-post-time premium-blog-meta-data\">\n\t\t\t\t\t<i class=\"fa fa-calendar-alt\" aria-hidden=\"true\"><\/i>\n\t\t\t\t\t<span>09\/04\/2026<\/span>\n\t\t\t\t<\/div>\n\t\t\t\n\t\t\t\t\t\t\t<span class=\"premium-blog-meta-separator\">\u2022<\/span>\n\t\t\t\t<div class=\"premium-blog-post-categories premium-blog-meta-data\">\n\t\t\t\t\t<i class=\"fa fa-align-left fa-fw\" aria-hidden=\"true\"><\/i>\n\t\t\t\t\t<a href=\"https:\/\/fieam.org.br\/senai\/noticias\/geral\/\" rel=\"category tag\">Geral<\/a>, <a href=\"https:\/\/fieam.org.br\/senai\/noticias\/selecao\/\" rel=\"category tag\">selecao<\/a>\t\t\t\t<\/div>\n\t\t\t\n\t\t\t\t\t\t\t<span class=\"premium-blog-meta-separator\">\u2022<\/span>\n\t\t\t\t<div class=\"premium-blog-post-comments premium-blog-meta-data\">\n\t\t\t\t\t<i class=\"fa fa-comments-o fa-fw\" aria-hidden=\"true\"><\/i>\n\t\t\t\t\t<a href=\"https:\/\/fieam.org.br\/senai\/comunicado-processo-seletivo-externo-no-018-2026-cargo-ins-instrutor-de-nivel-superior\/#respond\">No Comments<\/a>\t\t\t\t<\/div>\n\t\t\t\t\t<\/div>\n\t\t\n\t\t\t\t\t<\/div>\n\n\t\t\t\t\t\t\t<div class=\"premium-blog-content-inner-wrapper\">\n\t\t<p class=\"premium-blog-post-content\">COMUNICADO PROCESSO SELETIVO EXTERNO \u2013 N\u00ba 018-2026 CARGO: INS \u2013 INSTRUTOR DE N\u00cdVEL SUPERIOR OCUPA\u00c7\u00c3O: Inicia\u00e7\u00e3o \/ Aprendizagem \/ Qualifica\u00e7\u00e3o \/ Aperfei\u00e7oamento \u2026<\/p>\t\t<\/div>\n\t\t\t\t\t\t\t\n\t\t\t\t<\/div>\n\t\t\t<\/div>\n\t\t<\/div>\n\n\t\t\t\t<div class=\"premium-blog-post-outer-container\" data-total=\"23\">\n\t\t\t<div class=\"premium-blog-post-container premium-blog-skin-classic\">\n\t\t\t\t\t\t\t\t\t<div class=\"premium-blog-thumb-effect-wrapper\">\n\t\t\t\t\t\t<div class=\"premium-blog-thumbnail-container premium-blog-zoomin-effect\">\n\t\t\t\t\t\t\t<img fetchpriority=\"high\" decoding=\"async\" width=\"466\" height=\"466\" src=\"https:\/\/fieam.org.br\/senai\/wp-content\/uploads\/sites\/16\/2025\/01\/Imagem-do-WhatsApp-de-2025-01-15-as-16.20.59_87ece079.jpg\" class=\"attachment-full size-full wp-image-13535\" alt=\"\" srcset=\"https:\/\/fieam.org.br\/senai\/wp-content\/uploads\/sites\/16\/2025\/01\/Imagem-do-WhatsApp-de-2025-01-15-as-16.20.59_87ece079.jpg 466w, https:\/\/fieam.org.br\/senai\/wp-content\/uploads\/sites\/16\/2025\/01\/Imagem-do-WhatsApp-de-2025-01-15-as-16.20.59_87ece079-300x300.jpg 300w, https:\/\/fieam.org.br\/senai\/wp-content\/uploads\/sites\/16\/2025\/01\/Imagem-do-WhatsApp-de-2025-01-15-as-16.20.59_87ece079-150x150.jpg 150w\" sizes=\"(max-width: 466px) 100vw, 466px\" \/>\t\t\t\t\t\t<\/div>\n\t\t\t\t\t\t\t\t\t\t\t\t\t<div class=\"premium-blog-thumbnail-overlay\">\n\t\t\t\t\t\t\t\t<a class=\"elementor-icon\" href=\"https:\/\/fieam.org.br\/senai\/comunicado-processo-seletivo-externo-no-017-2026-cargo-inm-instrutor-de-nivel-medio\/\" target=\"_blank\">\n\t\t\t\t\t\t\t\t\t<span class=\"elementor-screen-only\">COMUNICADO PROCESSO SELETIVO EXTERNO  \u2013 N\u00ba 017-2026  \/ CARGO: INM \u2013 INSTRUTOR DE N\u00cdVEL M\u00c9DIO<\/span>\n\t\t\t\t\t\t\t\t<\/a>\n\t\t\t\t\t\t\t<\/div>\n\n\t\t\t\t\t\t\t\t\t\t\t\t\t\t\t\t\t\t<\/div>\n\t\t\t\t\t\t\t\t\t\t\t\t<div class=\"premium-blog-content-wrapper \">\n\n\t\t\t\t\t<div class=\"premium-blog-inner-container\">\n\n\t\t\t\t\t\t\t\t\t\t\t\t\t\t<h2 class=\"premium-blog-entry-title\">\n\t\t\t<a href=\"https:\/\/fieam.org.br\/senai\/comunicado-processo-seletivo-externo-no-017-2026-cargo-inm-instrutor-de-nivel-medio\/\" target=\"_blank\">\n\t\t\t\tCOMUNICADO PROCESSO SELETIVO EXTERNO  \u2013 N\u00ba 017-2026  \/ CARGO: INM \u2013 INSTRUTOR DE N\u00cdVEL M\u00c9DIO\t\t\t<\/a>\n\t\t<\/h2>\n\t\t\t\t<div class=\"premium-blog-entry-meta\">\n\t\t\t\t\t\t\t<div class=\"premium-blog-post-author premium-blog-meta-data\">\n\t\t\t\t\t<i class=\"fa fa-user fa-fw\" aria-hidden=\"true\"><\/i>\n\t\t\t\t\t<a href=\"https:\/\/fieam.org.br\/senai\/author\/ericafrazao\/\" rel=\"author\">ericafrazao<\/a>\t\t\t\t<\/div>\n\t\t\t\n\t\t\t\t\t\t\t<span class=\"premium-blog-meta-separator\">\u2022<\/span>\n\t\t\t\t<div class=\"premium-blog-post-time premium-blog-meta-data\">\n\t\t\t\t\t<i class=\"fa fa-calendar-alt\" aria-hidden=\"true\"><\/i>\n\t\t\t\t\t<span>09\/04\/2026<\/span>\n\t\t\t\t<\/div>\n\t\t\t\n\t\t\t\t\t\t\t<span class=\"premium-blog-meta-separator\">\u2022<\/span>\n\t\t\t\t<div class=\"premium-blog-post-categories premium-blog-meta-data\">\n\t\t\t\t\t<i class=\"fa fa-align-left fa-fw\" aria-hidden=\"true\"><\/i>\n\t\t\t\t\t<a href=\"https:\/\/fieam.org.br\/senai\/noticias\/geral\/\" rel=\"category tag\">Geral<\/a>, <a href=\"https:\/\/fieam.org.br\/senai\/noticias\/selecao\/\" rel=\"category tag\">selecao<\/a>\t\t\t\t<\/div>\n\t\t\t\n\t\t\t\t\t\t\t<span class=\"premium-blog-meta-separator\">\u2022<\/span>\n\t\t\t\t<div class=\"premium-blog-post-comments premium-blog-meta-data\">\n\t\t\t\t\t<i class=\"fa fa-comments-o fa-fw\" aria-hidden=\"true\"><\/i>\n\t\t\t\t\t<a href=\"https:\/\/fieam.org.br\/senai\/comunicado-processo-seletivo-externo-no-017-2026-cargo-inm-instrutor-de-nivel-medio\/#respond\">No Comments<\/a>\t\t\t\t<\/div>\n\t\t\t\t\t<\/div>\n\t\t\n\t\t\t\t\t<\/div>\n\n\t\t\t\t\t\t\t<div class=\"premium-blog-content-inner-wrapper\">\n\t\t<p class=\"premium-blog-post-content\">COMUNICADO PROCESSO SELETIVO EXTERNO \u2013 N\u00ba 017-2026 CARGO: INM \u2013 INSTRUTOR DE N\u00cdVEL M\u00c9DIO OCUPA\u00c7\u00c3O: Inicia\u00e7\u00e3o \/ Aprendizagem \/ Qualifica\u00e7\u00e3o \/ Aperfei\u00e7oamento \u2026<\/p>\t\t<\/div>\n\t\t\t\t\t\t\t\n\t\t\t\t<\/div>\n\t\t\t<\/div>\n\t\t<\/div>\n\n\t\t\t\t\t\t\t<\/div>\n\n\t\t\t\t\t<div class=\"premium-blog-footer\">\n\t\t\t\t\t\t\t<nav class=\"premium-blog-pagination-container\" role=\"navigation\" aria-label=\"Pagina\u00e7\u00e3o\">\n\t\t\t\t<span aria-current=\"page\" class=\"page-numbers current\">1<\/span>\n<a class=\"page-numbers\" href=\"https:\/\/fieam.org.br\/senai\/wp-json\/wp\/v2\/pages\/4788\/page\/2\/\">2<\/a>\n<a class=\"page-numbers\" href=\"https:\/\/fieam.org.br\/senai\/wp-json\/wp\/v2\/pages\/4788\/page\/3\/\">3<\/a>\n<span class=\"page-numbers dots\">&hellip;<\/span>\n<a class=\"page-numbers\" href=\"https:\/\/fieam.org.br\/senai\/wp-json\/wp\/v2\/pages\/4788\/page\/5\/\">5<\/a>\n<a class=\"next page-numbers\" href=\"https:\/\/fieam.org.br\/senai\/wp-json\/wp\/v2\/pages\/4788\/page\/2\/\">Pr\u00f3ximo \u00bb<\/a>\t\t\t<\/nav>\n\t\t\t\t\t\t<\/div>\n\t\t\n\t\t\n\t\t\t\t\t\t<\/div>\n\t\t\t\t<\/div>\n\t\t\t\t\t<\/div>\n\t\t\t\t<\/div>\n\t\t\t\t<section class=\"elementor-section elementor-top-section elementor-element elementor-element-523b81b elementor-section-boxed elementor-section-height-default elementor-section-height-default\" data-id=\"523b81b\" data-element_type=\"section\" data-e-type=\"section\" data-settings=\"{&quot;ekit_has_onepagescroll_dot&quot;:&quot;yes&quot;}\">\n\t\t\t\t\t\t<div class=\"elementor-container elementor-column-gap-default\">\n\t\t\t\t\t<div class=\"elementor-column elementor-col-100 elementor-top-column elementor-element elementor-element-1eebad5\" data-id=\"1eebad5\" data-element_type=\"column\" data-e-type=\"column\">\n\t\t\t<div class=\"elementor-widget-wrap\">\n\t\t\t\t\t\t\t<\/div>\n\t\t<\/div>\n\t\t\t\t\t<\/div>\n\t\t<\/section>\n\t\t\t\t<\/div>\n\t\t","protected":false},"excerpt":{"rendered":"<p>Trabalhe Conosco Sistema Federa\u00e7\u00e3o das Ind\u00fastrias do Estado do Amazonas. COMUNICADO PROCESSO SELETIVO EXTERNO \u2013 N\u00ba 009-2025 \/ CARGO: PAT \u2013 PROFISSIONAL DE APOIO T\u00c9CNICO Nayara Oliveira \u2022 02\/04\/2025 \u2022 Geral, selecao \u2022 No Comments COMUNICADO PROCESSO SELETIVO EXTERNO \u2013 N\u00ba 009-2025 \u00a0 CARGO: PAT \u2013 PROFISSIONAL DE APOIO T\u00c9CNICO OCUPA\u00c7\u00c3O: T\u00c9CNICOS ESPECIALIZADOS FUN\u00c7\u00c3O: OPERADOR [&hellip;]<\/p>\n","protected":false},"author":1,"featured_media":0,"parent":0,"menu_order":0,"comment_status":"closed","ping_status":"closed","template":"","meta":{"footnotes":""},"class_list":["post-4788","page","type-page","status-publish","hentry"],"yoast_head":"<!-- This site is optimized with the Yoast SEO plugin v28.2 - https:\/\/yoast.com\/product\/yoast-seo-wordpress\/ -->\n<title>Trabalhe Conosco - SENAI<\/title>\n<meta name=\"robots\" content=\"index, follow, max-snippet:-1, max-image-preview:large, max-video-preview:-1\" \/>\n<link rel=\"canonical\" href=\"https:\/\/fieam.org.br\/senai\/trabalhe-conosco\/\" \/>\n<meta property=\"og:locale\" content=\"pt_BR\" \/>\n<meta property=\"og:type\" content=\"article\" \/>\n<meta property=\"og:title\" content=\"Trabalhe Conosco - SENAI\" \/>\n<meta property=\"og:description\" content=\"Trabalhe Conosco Sistema Federa\u00e7\u00e3o das Ind\u00fastrias do Estado do Amazonas. COMUNICADO PROCESSO SELETIVO EXTERNO \u2013 N\u00ba 009-2025 \/ CARGO: PAT \u2013 PROFISSIONAL DE APOIO T\u00c9CNICO Nayara Oliveira \u2022 02\/04\/2025 \u2022 Geral, selecao \u2022 No Comments COMUNICADO PROCESSO SELETIVO EXTERNO \u2013 N\u00ba 009-2025 \u00a0 CARGO: PAT \u2013 PROFISSIONAL DE APOIO T\u00c9CNICO OCUPA\u00c7\u00c3O: T\u00c9CNICOS ESPECIALIZADOS FUN\u00c7\u00c3O: OPERADOR [&hellip;]\" \/>\n<meta property=\"og:url\" content=\"https:\/\/fieam.org.br\/senai\/trabalhe-conosco\/\" \/>\n<meta property=\"og:site_name\" content=\"SENAI\" \/>\n<meta property=\"article:modified_time\" content=\"2025-10-02T17:54:57+00:00\" \/>\n<meta property=\"og:image\" content=\"https:\/\/fieam.org.br\/senai\/wp-content\/uploads\/sites\/16\/2024\/02\/setas.png\" \/>\n\t<meta property=\"og:image:width\" content=\"45\" \/>\n\t<meta property=\"og:image:height\" content=\"38\" \/>\n\t<meta property=\"og:image:type\" content=\"image\/png\" \/>\n<meta name=\"twitter:card\" content=\"summary_large_image\" \/>\n<meta name=\"twitter:label1\" content=\"Est. tempo de leitura\" \/>\n\t<meta name=\"twitter:data1\" content=\"2 minutos\" \/>\n<script type=\"application\/ld+json\" class=\"yoast-schema-graph\">{\"@context\":\"https:\\\/\\\/schema.org\",\"@graph\":[{\"@type\":\"WebPage\",\"@id\":\"https:\\\/\\\/fieam.org.br\\\/senai\\\/trabalhe-conosco\\\/\",\"url\":\"https:\\\/\\\/fieam.org.br\\\/senai\\\/trabalhe-conosco\\\/\",\"name\":\"Trabalhe Conosco - SENAI\",\"isPartOf\":{\"@id\":\"https:\\\/\\\/fieam.org.br\\\/senai\\\/#website\"},\"primaryImageOfPage\":{\"@id\":\"https:\\\/\\\/fieam.org.br\\\/senai\\\/trabalhe-conosco\\\/#primaryimage\"},\"image\":{\"@id\":\"https:\\\/\\\/fieam.org.br\\\/senai\\\/trabalhe-conosco\\\/#primaryimage\"},\"thumbnailUrl\":\"https:\\\/\\\/fieam.org.br\\\/senai\\\/wp-content\\\/uploads\\\/sites\\\/16\\\/2024\\\/02\\\/setas.png\",\"datePublished\":\"2024-02-28T23:37:09+00:00\",\"dateModified\":\"2025-10-02T17:54:57+00:00\",\"breadcrumb\":{\"@id\":\"https:\\\/\\\/fieam.org.br\\\/senai\\\/trabalhe-conosco\\\/#breadcrumb\"},\"inLanguage\":\"pt-BR\",\"potentialAction\":[{\"@type\":\"ReadAction\",\"target\":[\"https:\\\/\\\/fieam.org.br\\\/senai\\\/trabalhe-conosco\\\/\"]}]},{\"@type\":\"ImageObject\",\"inLanguage\":\"pt-BR\",\"@id\":\"https:\\\/\\\/fieam.org.br\\\/senai\\\/trabalhe-conosco\\\/#primaryimage\",\"url\":\"https:\\\/\\\/fieam.org.br\\\/senai\\\/wp-content\\\/uploads\\\/sites\\\/16\\\/2024\\\/02\\\/setas.png\",\"contentUrl\":\"https:\\\/\\\/fieam.org.br\\\/senai\\\/wp-content\\\/uploads\\\/sites\\\/16\\\/2024\\\/02\\\/setas.png\",\"width\":45,\"height\":38},{\"@type\":\"BreadcrumbList\",\"@id\":\"https:\\\/\\\/fieam.org.br\\\/senai\\\/trabalhe-conosco\\\/#breadcrumb\",\"itemListElement\":[{\"@type\":\"ListItem\",\"position\":1,\"name\":\"In\u00edcio\",\"item\":\"https:\\\/\\\/fieam.org.br\\\/senai\\\/\"},{\"@type\":\"ListItem\",\"position\":2,\"name\":\"Trabalhe Conosco\"}]},{\"@type\":\"WebSite\",\"@id\":\"https:\\\/\\\/fieam.org.br\\\/senai\\\/#website\",\"url\":\"https:\\\/\\\/fieam.org.br\\\/senai\\\/\",\"name\":\"SENAI\",\"description\":\"Site Oficial!\",\"publisher\":{\"@id\":\"https:\\\/\\\/fieam.org.br\\\/senai\\\/#organization\"},\"potentialAction\":[{\"@type\":\"SearchAction\",\"target\":{\"@type\":\"EntryPoint\",\"urlTemplate\":\"https:\\\/\\\/fieam.org.br\\\/senai\\\/?s={search_term_string}\"},\"query-input\":{\"@type\":\"PropertyValueSpecification\",\"valueRequired\":true,\"valueName\":\"search_term_string\"}}],\"inLanguage\":\"pt-BR\"},{\"@type\":\"Organization\",\"@id\":\"https:\\\/\\\/fieam.org.br\\\/senai\\\/#organization\",\"name\":\"SENAI\",\"url\":\"https:\\\/\\\/fieam.org.br\\\/senai\\\/\",\"logo\":{\"@type\":\"ImageObject\",\"inLanguage\":\"pt-BR\",\"@id\":\"https:\\\/\\\/fieam.org.br\\\/senai\\\/#\\\/schema\\\/logo\\\/image\\\/\",\"url\":\"https:\\\/\\\/fieam.org.br\\\/senai\\\/wp-content\\\/uploads\\\/sites\\\/16\\\/2024\\\/03\\\/cropped-fav.png\",\"contentUrl\":\"https:\\\/\\\/fieam.org.br\\\/senai\\\/wp-content\\\/uploads\\\/sites\\\/16\\\/2024\\\/03\\\/cropped-fav.png\",\"width\":592,\"height\":577,\"caption\":\"SENAI\"},\"image\":{\"@id\":\"https:\\\/\\\/fieam.org.br\\\/senai\\\/#\\\/schema\\\/logo\\\/image\\\/\"}}]}<\/script>\n<!-- \/ Yoast SEO plugin. -->","yoast_head_json":{"title":"Trabalhe Conosco - SENAI","robots":{"index":"index","follow":"follow","max-snippet":"max-snippet:-1","max-image-preview":"max-image-preview:large","max-video-preview":"max-video-preview:-1"},"canonical":"https:\/\/fieam.org.br\/senai\/trabalhe-conosco\/","og_locale":"pt_BR","og_type":"article","og_title":"Trabalhe Conosco - SENAI","og_description":"Trabalhe Conosco Sistema Federa\u00e7\u00e3o das Ind\u00fastrias do Estado do Amazonas. COMUNICADO PROCESSO SELETIVO EXTERNO \u2013 N\u00ba 009-2025 \/ CARGO: PAT \u2013 PROFISSIONAL DE APOIO T\u00c9CNICO Nayara Oliveira \u2022 02\/04\/2025 \u2022 Geral, selecao \u2022 No Comments COMUNICADO PROCESSO SELETIVO EXTERNO \u2013 N\u00ba 009-2025 \u00a0 CARGO: PAT \u2013 PROFISSIONAL DE APOIO T\u00c9CNICO OCUPA\u00c7\u00c3O: T\u00c9CNICOS ESPECIALIZADOS FUN\u00c7\u00c3O: OPERADOR [&hellip;]","og_url":"https:\/\/fieam.org.br\/senai\/trabalhe-conosco\/","og_site_name":"SENAI","article_modified_time":"2025-10-02T17:54:57+00:00","og_image":[{"width":45,"height":38,"url":"https:\/\/fieam.org.br\/senai\/wp-content\/uploads\/sites\/16\/2024\/02\/setas.png","type":"image\/png"}],"twitter_card":"summary_large_image","twitter_misc":{"Est. tempo de leitura":"2 minutos"},"schema":{"@context":"https:\/\/schema.org","@graph":[{"@type":"WebPage","@id":"https:\/\/fieam.org.br\/senai\/trabalhe-conosco\/","url":"https:\/\/fieam.org.br\/senai\/trabalhe-conosco\/","name":"Trabalhe Conosco - SENAI","isPartOf":{"@id":"https:\/\/fieam.org.br\/senai\/#website"},"primaryImageOfPage":{"@id":"https:\/\/fieam.org.br\/senai\/trabalhe-conosco\/#primaryimage"},"image":{"@id":"https:\/\/fieam.org.br\/senai\/trabalhe-conosco\/#primaryimage"},"thumbnailUrl":"https:\/\/fieam.org.br\/senai\/wp-content\/uploads\/sites\/16\/2024\/02\/setas.png","datePublished":"2024-02-28T23:37:09+00:00","dateModified":"2025-10-02T17:54:57+00:00","breadcrumb":{"@id":"https:\/\/fieam.org.br\/senai\/trabalhe-conosco\/#breadcrumb"},"inLanguage":"pt-BR","potentialAction":[{"@type":"ReadAction","target":["https:\/\/fieam.org.br\/senai\/trabalhe-conosco\/"]}]},{"@type":"ImageObject","inLanguage":"pt-BR","@id":"https:\/\/fieam.org.br\/senai\/trabalhe-conosco\/#primaryimage","url":"https:\/\/fieam.org.br\/senai\/wp-content\/uploads\/sites\/16\/2024\/02\/setas.png","contentUrl":"https:\/\/fieam.org.br\/senai\/wp-content\/uploads\/sites\/16\/2024\/02\/setas.png","width":45,"height":38},{"@type":"BreadcrumbList","@id":"https:\/\/fieam.org.br\/senai\/trabalhe-conosco\/#breadcrumb","itemListElement":[{"@type":"ListItem","position":1,"name":"In\u00edcio","item":"https:\/\/fieam.org.br\/senai\/"},{"@type":"ListItem","position":2,"name":"Trabalhe Conosco"}]},{"@type":"WebSite","@id":"https:\/\/fieam.org.br\/senai\/#website","url":"https:\/\/fieam.org.br\/senai\/","name":"SENAI","description":"Site Oficial!","publisher":{"@id":"https:\/\/fieam.org.br\/senai\/#organization"},"potentialAction":[{"@type":"SearchAction","target":{"@type":"EntryPoint","urlTemplate":"https:\/\/fieam.org.br\/senai\/?s={search_term_string}"},"query-input":{"@type":"PropertyValueSpecification","valueRequired":true,"valueName":"search_term_string"}}],"inLanguage":"pt-BR"},{"@type":"Organization","@id":"https:\/\/fieam.org.br\/senai\/#organization","name":"SENAI","url":"https:\/\/fieam.org.br\/senai\/","logo":{"@type":"ImageObject","inLanguage":"pt-BR","@id":"https:\/\/fieam.org.br\/senai\/#\/schema\/logo\/image\/","url":"https:\/\/fieam.org.br\/senai\/wp-content\/uploads\/sites\/16\/2024\/03\/cropped-fav.png","contentUrl":"https:\/\/fieam.org.br\/senai\/wp-content\/uploads\/sites\/16\/2024\/03\/cropped-fav.png","width":592,"height":577,"caption":"SENAI"},"image":{"@id":"https:\/\/fieam.org.br\/senai\/#\/schema\/logo\/image\/"}}]}},"_links":{"self":[{"href":"https:\/\/fieam.org.br\/senai\/wp-json\/wp\/v2\/pages\/4788","targetHints":{"allow":["GET"]}}],"collection":[{"href":"https:\/\/fieam.org.br\/senai\/wp-json\/wp\/v2\/pages"}],"about":[{"href":"https:\/\/fieam.org.br\/senai\/wp-json\/wp\/v2\/types\/page"}],"author":[{"embeddable":true,"href":"https:\/\/fieam.org.br\/senai\/wp-json\/wp\/v2\/users\/1"}],"replies":[{"embeddable":true,"href":"https:\/\/fieam.org.br\/senai\/wp-json\/wp\/v2\/comments?post=4788"}],"version-history":[{"count":13,"href":"https:\/\/fieam.org.br\/senai\/wp-json\/wp\/v2\/pages\/4788\/revisions"}],"predecessor-version":[{"id":14070,"href":"https:\/\/fieam.org.br\/senai\/wp-json\/wp\/v2\/pages\/4788\/revisions\/14070"}],"wp:attachment":[{"href":"https:\/\/fieam.org.br\/senai\/wp-json\/wp\/v2\/media?parent=4788"}],"curies":[{"name":"wp","href":"https:\/\/api.w.org\/{rel}","templated":true}]}}