{"id":4511,"date":"2024-02-27T22:44:23","date_gmt":"2024-02-27T22:44:23","guid":{"rendered":"https:\/\/marketingmassivo.com.br\/senai\/?page_id=4511"},"modified":"2024-02-29T00:50:05","modified_gmt":"2024-02-29T00:50:05","slug":"politica-de-privacidade","status":"publish","type":"page","link":"https:\/\/fieam.org.br\/senai\/politica-de-privacidade\/","title":{"rendered":"Pol\u00edtica de Privacidade"},"content":{"rendered":"\t\t<div data-elementor-type=\"wp-page\" data-elementor-id=\"4511\" class=\"elementor elementor-4511\" data-elementor-post-type=\"page\">\n\t\t\t\t\t\t<section class=\"elementor-section elementor-top-section elementor-element elementor-element-d593e2c elementor-section-boxed elementor-section-height-default elementor-section-height-default\" data-id=\"d593e2c\" data-element_type=\"section\" data-settings=\"{&quot;background_background&quot;:&quot;classic&quot;,&quot;ekit_has_onepagescroll_dot&quot;:&quot;yes&quot;}\">\n\t\t\t\t\t\t\t<div class=\"elementor-background-overlay\"><\/div>\n\t\t\t\t\t\t\t<div class=\"elementor-container elementor-column-gap-default\">\n\t\t\t\t\t<div class=\"elementor-column elementor-col-100 elementor-top-column elementor-element elementor-element-9580710\" data-id=\"9580710\" data-element_type=\"column\">\n\t\t\t<div class=\"elementor-widget-wrap elementor-element-populated\">\n\t\t\t\t\t\t<div class=\"elementor-element elementor-element-dbc8453 elementor-align-left elementor-widget__width-auto elementor-widget elementor-widget-elementskit-button\" data-id=\"dbc8453\" data-element_type=\"widget\" data-settings=\"{&quot;ekit_we_effect_on&quot;:&quot;none&quot;}\" data-widget_type=\"elementskit-button.default\">\n\t\t\t\t<div class=\"elementor-widget-container\">\n\t\t\t\t\t<div class=\"ekit-wid-con\" >\t\t<div class=\"ekit-btn-wraper\">\n\t\t\t\t\t\t\t<a href=\"#\" class=\"elementskit-btn  whitespace--normal\" id=\"\">\n\t\t\t\t\tIn\u00edcio\t\t\t\t<\/a>\n\t\t\t\t\t<\/div>\n        <\/div>\t\t\t\t<\/div>\n\t\t\t\t<\/div>\n\t\t\t\t<div class=\"elementor-element elementor-element-903b51b elementor-widget__width-auto elementor-widget elementor-widget-heading\" data-id=\"903b51b\" data-element_type=\"widget\" data-settings=\"{&quot;ekit_we_effect_on&quot;:&quot;none&quot;}\" data-widget_type=\"heading.default\">\n\t\t\t\t<div class=\"elementor-widget-container\">\n\t\t\t\t\t<div class=\"elementor-heading-title elementor-size-default\">\/<\/div>\t\t\t\t<\/div>\n\t\t\t\t<\/div>\n\t\t\t\t<div class=\"elementor-element elementor-element-05d0ba9 elementor-widget__width-auto elementor-widget elementor-widget-heading\" data-id=\"05d0ba9\" data-element_type=\"widget\" data-settings=\"{&quot;ekit_we_effect_on&quot;:&quot;none&quot;}\" data-widget_type=\"heading.default\">\n\t\t\t\t<div class=\"elementor-widget-container\">\n\t\t\t\t\t<div class=\"elementor-heading-title elementor-size-default\">Pol\u00edtica de Privacidade<\/div>\t\t\t\t<\/div>\n\t\t\t\t<\/div>\n\t\t\t\t<div class=\"elementor-element elementor-element-fb034ad elementor-widget elementor-widget-heading\" data-id=\"fb034ad\" data-element_type=\"widget\" data-settings=\"{&quot;ekit_we_effect_on&quot;:&quot;none&quot;}\" data-widget_type=\"heading.default\">\n\t\t\t\t<div class=\"elementor-widget-container\">\n\t\t\t\t\t<h2 class=\"elementor-heading-title elementor-size-default\">Pol\u00edtica de Privacidade<\/h2>\t\t\t\t<\/div>\n\t\t\t\t<\/div>\n\t\t\t\t\t<\/div>\n\t\t<\/div>\n\t\t\t\t\t<\/div>\n\t\t<\/section>\n\t\t<div class=\"elementor-element elementor-element-5170cac e-flex e-con-boxed e-con e-parent\" data-id=\"5170cac\" data-element_type=\"container\" data-settings=\"{&quot;ekit_has_onepagescroll_dot&quot;:&quot;yes&quot;}\">\n\t\t\t\t\t<div class=\"e-con-inner\">\n\t\t\t\t<div class=\"elementor-element elementor-element-3e26c08 elementor-widget elementor-widget-text-editor\" data-id=\"3e26c08\" data-element_type=\"widget\" data-settings=\"{&quot;ekit_we_effect_on&quot;:&quot;none&quot;}\" data-widget_type=\"text-editor.default\">\n\t\t\t\t<div class=\"elementor-widget-container\">\n\t\t\t\t\t\t\t\t\t<header><h1><span style=\"font-size: 16px;\">OBJETIVO<\/span><\/h1><\/header><p>Estabelecer diretrizes e demonstrar o compromisso do Sistema FIEAM com a seguran\u00e7a e privacidade de dados coletados dos seus clientes, fornecedores, parceiros de neg\u00f3cio e empregados. Esta pol\u00edtica tem por objetivo descrever como e quais dados o Sistema FIEAM coleta, a forma que os utiliza, quais s\u00e3o os direitos do titular em rela\u00e7\u00e3o a estes dados, como s\u00e3o protegidos e os canais de comunica\u00e7\u00e3o que a institui\u00e7\u00e3o disponibiliza para tratar dos dados e informa\u00e7\u00f5es pessoais.<\/p><p>\u00a0<\/p><h4>ABRANG\u00caNCIA<strong>\u00a0<\/strong><\/h4><p>A presente pol\u00edtica se aplica para todas as pessoas f\u00edsicas ou jur\u00eddicas que possuam relacionamento com o Sistema FIEAM (composto pelas entidades FIEAM, SESI\/AM, SENAI\/AM e IEL\/AM), assim como seus sites, portais e outras plataformas digitais que coletam dados.<\/p><p>\u00a0<\/p><h4>CANAIS<strong>\u00a0<\/strong><\/h4><p>Em caso de d\u00favidas, solicita\u00e7\u00f5es ou comunica\u00e7\u00e3o de incidentes, entre em contato com nosso Encarregado pela Prote\u00e7\u00e3o de Dados Pessoais (DPO) por meio do endere\u00e7o de e-mail:\u00a0<a href=\"mailto:encarregado.dados@fieam.org.br\">encarregado.dados@fieam.org.br<\/a><\/p><p>\u00a0<\/p><p>\u00a0<\/p><h4>CONCEITOS<strong>\u00a0 \u00a0 \u00a0 \u00a0 \u00a0 \u00a0 \u00a0 \u00a0 \u00a0 \u00a0 \u00a0 \u00a0 \u00a0 \u00a0 \u00a0 \u00a0 \u00a0 \u00a0 \u00a0 \u00a0 \u00a0 \u00a0 \u00a0 \u00a0 \u00a0 \u00a0 \u00a0 \u00a0 \u00a0 \u00a0 \u00a0 \u00a0 \u00a0 \u00a0 \u00a0 \u00a0 \u00a0 \u00a0 \u00a0 \u00a0 \u00a0 \u00a0 \u00a0 \u00a0 \u00a0 \u00a0 \u00a0 \u00a0\u00a0<\/strong><\/h4><p>\u00a0<\/p><table><tbody><tr><td width=\"167\"><strong>TERMOS\u00a0<\/strong><\/td><td width=\"470\"><strong>DEFINI\u00c7\u00d5ES<\/strong><\/td><\/tr><tr><td width=\"167\"><p>Autoridade Nacional de Prote\u00e7\u00e3o de Dados (ANPD)<\/p><\/td><td width=\"470\">\u00d3rg\u00e3o p\u00fablico independente, com objetivo de orientar e fiscalizar empresas e cidad\u00e3os com rela\u00e7\u00e3o a LGPD.<\/td><\/tr><tr><td width=\"167\">Lei Geral de Prote\u00e7\u00e3o de Dados (LGPD)<\/td><td width=\"470\">Lei n\u00ba 13.709\/2018, Lei Geral de Prote\u00e7\u00e3o de Dados. A lei tem por objetivo garantir a privacidade e controle dos dados pessoais pelas empresas controladoras.<\/td><\/tr><\/tbody><\/table><p><strong>\u00a0<\/strong><\/p><table><tbody><tr><td width=\"169\">Canal de atendimento do Encarregado de Prote\u00e7\u00e3o de Dados (DPO)<\/td><td width=\"468\">Endere\u00e7o eletr\u00f4nico dispon\u00edvel internamente e externamente, atrav\u00e9s do e- mail\u00a0<a href=\"mailto:encarregado.dados@fieam.org.br\">encarregado.dados@fieam.org.br<\/a>, utilizado para registro e acompanhamento das demandas de tratamento de dados pessoais.<p>\u00a0<\/p><p>\u00a0<\/p><\/td><\/tr><tr><td width=\"169\">Encarregado de Prote\u00e7\u00e3o de Dados (DPO \u2013 Data Protection Officer)<\/td><td width=\"468\">\u00c9 o encarregado de dados da organiza\u00e7\u00e3o, indicado pelo controlador e operador para atuar como canal de comunica\u00e7\u00e3o entre o controlador, os titulares dos dados e a Autoridade Nacional de Prote\u00e7\u00e3o de Dados (ANPD).<\/td><\/tr><tr><td width=\"169\">\u00a0<p>\u00a0<\/p><p>\u00a0<\/p><p>Agentes de tratamento<\/p><\/td><td width=\"468\">\u00a0<p>\u00a0<\/p><p>A LGPD define dois tipos de agentes: o Controlador e o Operador. O Controlador \u00e9 a Pessoa natural ou jur\u00eddica, de direito p\u00fablico ou privado, a quem competem as decis\u00f5es referentes ao tratamento de dados pessoais. O Operador, da mesma forma, \u00e9 o que recebe os dados do controlador para tratamento e age em nome do controlador, conforme as suas diretrizes.<\/p><p>O Sistema FIEAM atua predominantemente como controlador.<\/p><\/td><\/tr><tr><td width=\"169\"><strong>\u00a0<\/strong><p>\u00a0<\/p><p>\u00a0<\/p><p>Cookies<\/p><\/td><td width=\"468\">\u00a0<p>\u00a0<\/p><p>Dados coletados durante a navega\u00e7\u00e3o online com a finalidade de identificar o dispositivo e obter dados de acesso, como p\u00e1ginas navegadas ou links clicados, permitindo desta forma personalizar a navega\u00e7\u00e3o dos usu\u00e1rios, de acordo com o seu perfil.<\/p><p>\u00a0<\/p><\/td><\/tr><tr><td width=\"169\">Dados pessoais<\/td><td width=\"468\">Informa\u00e7\u00e3o relacionada a pessoa natural identificada ou identific\u00e1vel.<p>\u00a0<\/p><p>\u00a0<\/p><\/td><\/tr><tr><td width=\"169\">Dados pessoais sens\u00edveis<\/td><td width=\"468\">Dado pessoal sobre origem racial ou \u00e9tnica, convic\u00e7\u00e3o religiosa, opini\u00e3o pol\u00edtica, filia\u00e7\u00e3o a sindicato ou a organiza\u00e7\u00e3o de car\u00e1ter religioso, filos\u00f3fico ou pol\u00edtico, dado referente a sa\u00fade ou a vida sexual, dado gen\u00e9tico ou biom\u00e9trico, quando vinculado a uma pessoa natural.<p>\u00a0<\/p><p>\u00a0<\/p><\/td><\/tr><tr><td width=\"169\">FIEAM<\/td><td width=\"468\">Federa\u00e7\u00e3o das Ind\u00fastrias do Estado do Amazonas<p>\u00a0<\/p><p>\u00a0<\/p><\/td><\/tr><tr><td width=\"169\">IEL\/AM<\/td><td width=\"468\">Instituto Euvaldo Lodi \u2013 N\u00facleo Regional do Amazonas<p>\u00a0<\/p><p>\u00a0<\/p><\/td><\/tr><tr><td width=\"169\">IP (Internet Protocol)<\/td><td width=\"468\">Conjunto de n\u00fameros que tem como objetivo identificar dispositivos de usu\u00e1rios na internet.<p>\u00a0<\/p><p>\u00a0<\/p><\/td><\/tr><tr><td width=\"169\">SENAI\/AM<\/td><td width=\"468\">Servi\u00e7o Nacional de Aprendizagem Industrial \u2013 Departamento Regional do Amazonas<p>\u00a0<\/p><p>\u00a0<\/p><\/td><\/tr><tr><td width=\"169\">SESI\/AM<\/td><td width=\"468\">Servi\u00e7o Social da Ind\u00fastria \u2013 Departamento Regional do Amazonas<p>\u00a0<\/p><p>\u00a0<\/p><\/td><\/tr><tr><td width=\"169\">Termo de Consentimento<\/td><td width=\"468\">Manifesta\u00e7\u00e3o livre, informada e inequ\u00edvoca pela qual o titular concorda com o tratamento de seus dados pessoais para uma finalidade determinada.<p>\u00a0<\/p><p>\u00a0<\/p><\/td><\/tr><tr><td width=\"169\">Titular de dados<\/td><td width=\"468\">Pessoa natural a quem se referem os dados pessoais que s\u00e3o objeto de tratamento.<\/td><\/tr><tr><td width=\"169\">\u00a0<p>\u00a0<\/p><p>Tratamento de dados<\/p><\/td><td width=\"468\">\u00a0<p>\u00a0<\/p><p>Toda opera\u00e7\u00e3o realizada com dados pessoais, como as que se referem a coleta, produ\u00e7\u00e3o, recep\u00e7\u00e3o, classifica\u00e7\u00e3o, utiliza\u00e7\u00e3o, acesso, reprodu\u00e7\u00e3o, transmiss\u00e3o, distribui\u00e7\u00e3o, processamento, arquivamento, armazenamento,\u00a0 elimina\u00e7\u00e3o, avalia\u00e7\u00e3o ou controle da informa\u00e7\u00e3o, modifica\u00e7\u00e3o, comunica\u00e7\u00e3o, transfer\u00eancia, difus\u00e3o ou extra\u00e7\u00e3o.<\/p><\/td><\/tr><\/tbody><\/table><p><strong>\u00a0<\/strong><\/p><table><tbody><tr><td width=\"165\">\u00a0<\/td><td width=\"472\">\u00a0<\/td><\/tr><tr><td width=\"165\">Natureza dos dados tratados<\/td><td width=\"472\">Dados pessoais fornecidos pelo Titular e\/ou coletados automaticamente, de natureza cadastral, financeira e sens\u00edvel (artigo 5, II da Lei 13.709\/2018).<\/td><\/tr><tr><td width=\"165\"><strong>\u00a0<\/strong><p>\u00a0<\/p><p>Principais finalidades do tratamento<\/p><\/td><td width=\"472\">\u00a0<p>\u00a0<\/p><p>O Sistema FIEAM poder\u00e1 utilizar dados pessoais para fornecer os seus produtos e servi\u00e7os, enviar informa\u00e7\u00f5es sobre os mesmos, incluindo propaganda e inova\u00e7\u00f5es.<\/p><\/td><\/tr><tr><td width=\"165\"><strong>\u00a0<\/strong><p>\u00a0<\/p><p><strong>\u00a0<\/strong><\/p><p>Compartilhamento<\/p><\/td><td width=\"472\">\u00a0<p>\u00a0<\/p><p>Fornecedores, Prestadores de Servi\u00e7os e Clientes, essenciais para nossas atividades; outras empresas do Grupo, sempre com o devido consentimento do Titular.<br \/>Autoridade Legal e\/ou \u00f3rg\u00e3os governamentais por decorr\u00eancia de obriga\u00e7\u00f5es legais ou regulat\u00f3rias.<\/p><\/td><\/tr><tr><td width=\"165\"><strong>\u00a0<\/strong><p>\u00a0<\/p><p>Prote\u00e7\u00e3o de Dados<\/p><\/td><td width=\"472\">\u00a0<p>\u00a0<\/p><p>Medidas de seguran\u00e7a, t\u00e9cnicas e administrativas baseadas nas melhores pr\u00e1ticas do mercado.<\/p><\/td><\/tr><tr><td width=\"165\"><strong>\u00a0<\/strong><p>\u00a0<\/p><p>Seus direitos<\/p><\/td><td width=\"472\">\u00a0<p>\u00a0<\/p><p>Confirma\u00e7\u00e3o da exist\u00eancia de tratamento, acesso, corre\u00e7\u00e3o, exclus\u00e3o, conforme Art. 9\u00ba da LGPD<\/p><\/td><\/tr><\/tbody><\/table><p><strong>\u00a0<\/strong><strong>\u00a0<\/strong><\/p><p><strong>\u00a0<\/strong><\/p><h4>POL\u00cdTICA DE COOKIES<strong>\u00a0<\/strong><\/h4><p>Cookies s\u00e3o arquivos ou informa\u00e7\u00f5es que podem ser armazenadas em seus dispositivos quando voc\u00ea visita o site ou utiliza os servi\u00e7os on-line nos diversos portais do Sistema FIEAM.<\/p><p>\u00a0<\/p><table><tbody><tr><td width=\"106\"><strong>TIPOS<\/strong><\/td><td width=\"531\"><strong>FUN\u00c7\u00c3O<\/strong><\/td><\/tr><tr><td width=\"106\">Necess\u00e1rios<\/td><td width=\"531\">Os cookies s\u00e3o essenciais para que os websites carreguem adequadamente e permitam que voc\u00ea navegue corretamente.<p>\u00a0<\/p><p>\u00a0<\/p><\/td><\/tr><tr><td width=\"106\">Desempenho<\/td><td width=\"531\">Os cookies nos ajudam a entender como os visitantes interagem com as p\u00e1ginas, fornecendo informa\u00e7\u00f5es sobre as \u00e1reas visitadas, o tempo de visita ao site e quaisquer problemas encontrados, como mensagens de erro.<p>\u00a0<\/p><p>\u00a0<\/p><\/td><\/tr><tr><td width=\"106\">Funcionais<\/td><td width=\"531\">Os cookies permitem que as p\u00e1ginas \u201cse lembrem\u201d de suas escolhas, para proporcionar uma experi\u00eancia personalizada.<p>\u00a0<\/p><p>\u00a0<\/p><\/td><\/tr><tr><td width=\"106\">Marketing<\/td><td width=\"531\">Os cookies s\u00e3o utilizados para fornecer mais conte\u00fado relevante a voc\u00ea. Podem ser utilizados para apresentar publicidade e tamb\u00e9m permitem a medi\u00e7\u00e3o da efic\u00e1cia de uma campanha publicit\u00e1ria lan\u00e7ada.<\/td><\/tr><\/tbody><\/table><p>\u00a0<\/p><p>\u00a0<\/p><p>Para otimiza\u00e7\u00e3o no relacionamento com nossos clientes, parceiros de neg\u00f3cio e empregados, o Sistema FIEAM utiliza cookies dos tipos Necess\u00e1rio, Desempenho, Funcionais e Marketing.<\/p><p>\u00a0<\/p><h4>COLETA E TRATAMENTO DE DADOS<\/h4><p>O Sistema FIEAM registra todas as atividades que o usu\u00e1rio efetua em nossos ambientes, por meio de logs, endere\u00e7o IP, informa\u00e7\u00f5es sobre o dispositivo utilizado e cookies. Al\u00e9m da coleta atrav\u00e9s de navega\u00e7\u00f5es e sistemas, a institui\u00e7\u00e3o coleta dados de maneira f\u00edsica, como formul\u00e1rios, fichas cadastrais, entre outros. Os prop\u00f3sitos da coleta, uso e armazenamento das informa\u00e7\u00f5es s\u00e3o:<\/p><ul><li>\u00a0 \u00a0-Atender requisi\u00e7\u00f5es ou colaborar com autoridades de controle\/judiciais.<\/li><li>\u00a0 \u00a0-Promover os servi\u00e7os\/produtos do Sistema FIEAM e de seus parceiros.<\/li><li>\u00a0 \u00a0-Informar novidades, conte\u00fados e demais informa\u00e7\u00f5es relevantes para a manuten\u00e7\u00e3o do relacionamento entre titular dos dados e a institui\u00e7\u00e3o.<\/li><li>\u00a0 \u00a0-Manter atualizados os cadastros de dados de contato como celular, telefone fixo, e-mail redes sociais ou por outros meios de comunica\u00e7\u00e3o existentes.<\/li><li>\u00a0 \u00a0-Efetuar an\u00e1lises estat\u00edsticas, estudos, pesquisas e levantamentos pertinentes \u00e0s atividades do Sistema FIEAM mediante o comportamento dos usu\u00e1rios.<\/li><li>\u00a0 \u00a0-Realizar campanhas e informa\u00e7\u00f5es de marketing.<\/li><li>\u00a0 \u00a0-Criar, fiscalizar, inativar e arquivar endere\u00e7os (e-mail) e mensagens eletr\u00f4nicas corporativas, efetuar o cadastro em sistemas computacionais diversos,\u00a0 \u00a0 \u00a0 \u00a0 \u00a0 \u00a0telefones corporativos, desde que, exclusivamente para a manuten\u00e7\u00e3o de comunica\u00e7\u00e3o eletr\u00f4nica e para uso interno em raz\u00e3o das atividades laborais\u00a0 \u00a0 \u00a0 \u00a0 \u00a0 \u00a0 \u00a0desenvolvidas.<\/li><li>\u00a0 \u00a0-Os dados pessoais coletados somente ser\u00e3o utilizados para cumprir com as finalidades acordadas.<\/li><li>\u00a0 \u00a0-\u00c9 expressamente vedada a comercializa\u00e7\u00e3o dos dados pessoais coletados em virtude da execu\u00e7\u00e3o \/ contrata\u00e7\u00e3o de produtos e servi\u00e7os.<\/li><\/ul><p>\u00a0<\/p><p>O tratamento de dados pessoais pelo Sistema FIEAM respeita os requisitos legais descritos nos artigos 7\u00ba, 11 e 14 da LGPD. Adicionalmente, ressaltamos que todo tratamento e armazenamento decorre de diretrizes organizacionais, pautadas pela confidencialidade e seguran\u00e7a de dados.<\/p><p>\u00a0<\/p><p>\u00a0<\/p><h4>COMPARTILHAMENTO<\/h4><p>Os dados pessoais disponibilizados ao Sistema FIEAM podem ser compartilhados com:<\/p><ul><li>\u00a0 -Parceiros de neg\u00f3cio, quando houver, mas essenciais na presta\u00e7\u00e3o de servi\u00e7os e produtos contratados.<\/li><li>\u00a0 -Em conv\u00eanios \/ contratos referentes aos servi\u00e7os contratados, quando houver, mas n\u00e3o se limitando a: planos de sa\u00fade, odontol\u00f3gico, aux\u00edlios,\u00a0 \u00a0 \u00a0 \u00a0 \u00a0<br \/>\u00a0 \u00a0previd\u00eancia privada;<\/li><li>\u00a0 -Poder p\u00fablico, se necess\u00e1rio, para cumprimento de obriga\u00e7\u00f5es judiciais, legais ou administrativas, inclusive do Tribunal de Contas da Uni\u00e3o (TCU).<\/li><li>\u00a0 -Empregados que necessitarem acessar informa\u00e7\u00f5es para execu\u00e7\u00e3o dos servi\u00e7os\/produtos contratados.<\/li><li>\u00a0 -Departamentos e Conselhos Nacionais do SESI e do SENAI, N\u00facleo Central do Instituto Euvaldo Lodi, Confedera\u00e7\u00e3o Nacional da Ind\u00fastria, para efeitos\u00a0 \u00a0 \u00a0 \u00a0 de\u00a0 recebimento de fomento, confer\u00eancia do cumprimento das metas anuais de gratuidade e elabora\u00e7\u00e3o de relat\u00f3rios que consolidam os trabalhos\u00a0 \u00a0 \u00a0 \u00a0 \u00a0 \u00a0<br \/>\u00a0 \u00a0 realizados pelas entidades em \u00e2mbito nacional.<\/li><\/ul><p>\u00a0<\/p><p>\u00a0<\/p><h4>DIREITOS DO TITULAR DE DADOS<strong>\u00a0<\/strong><\/h4><p>O titular dos dados possui uma s\u00e9rie de direitos garantidos por lei, os quais podem ser exercidos a qualquer momento, mediante requisi\u00e7\u00e3o formal direcionada ao Sistema FIEAM atrav\u00e9s do canal de atendimento do encarregado de dados no e-mail\u00a0<a href=\"mailto:encarregado.dados@fieam.org.br\">encarregado.dados@fieam.org.br<\/a>\u00a0. Os pedidos ser\u00e3o analisados e respondidos no prazo de 15 dias. Conforme previsto no Artigo 9\u00ba e 18\u00ba da LGPD, os direitos s\u00e3o:<\/p><ul><li>\u00a0 \u00a0-Confirma\u00e7\u00e3o da exist\u00eancia de tratamento.<\/li><li>\u00a0 \u00a0-Acesso aos dados tratados.<\/li><li>\u00a0 \u00a0-Corre\u00e7\u00e3o de dados incompletos, inexatos ou desatualizados.<\/li><li>\u00a0 \u00a0-Portabilidade dos dados a outro fornecedor.<\/li><li>\u00a0 \u00a0-Elimina\u00e7\u00e3o dos dados pessoais tratados com o consentimento, salvo nos casos em que exista outra base legal que determine sua manuten\u00e7\u00e3o.<\/li><li>\u00a0 \u00a0-Informa\u00e7\u00e3o das entidades p\u00fablicas e privadas com as quais o controlador realizou uso compartilhado de dados.<\/li><li>\u00a0 \u00a0-Informa\u00e7\u00e3o sobre a possibilidade de n\u00e3o fornecer consentimento e quais as consequ\u00eancias disto.<\/li><li>\u00a0 \u00a0-Revoga\u00e7\u00e3o do consentimento.<\/li><\/ul><p>\u00a0<\/p><p>Eventuais d\u00favidas ou identifica\u00e7\u00e3o de irregularidades com o tratamento de dados pessoais devem ser direcionadas ao Encarregado de Dados pelos canais acima mencionados.<\/p><p>\u00a0<\/p><h4>SEGURAN\u00c7A DE DADOS<\/h4><p>Qualquer dado pessoal em posse do Sistema FIEAM ser\u00e1 armazenado em conformidade com as melhores pr\u00e1ticas de seguran\u00e7a da informa\u00e7\u00e3o do mercado, o que inclui a ado\u00e7\u00e3o de medidas como:<\/p><ul><li>-Prote\u00e7\u00e3o contra acesso n\u00e3o autorizado a seus sistemas.<\/li><li>-Acesso restrito de pessoas espec\u00edficas ao local onde s\u00e3o armazenadas as informa\u00e7\u00f5es pessoais; e<\/li><li>-Garantia para que as pessoas que realizarem o tratamento de dados pessoais dever\u00e3o se comprometer a manter o sigilo absoluto das informa\u00e7\u00f5es,\u00a0<br \/>\u00a0 adotando as melhores pr\u00e1ticas para manuseio destes dados, conforme determinado nas pol\u00edticas e procedimentos corporativos.<\/li><\/ul><p>\u00a0<\/p><p>Al\u00e9m dos esfor\u00e7os t\u00e9cnicos, o Sistema FIEAM tamb\u00e9m adota medidas institucionais visando a prote\u00e7\u00e3o de dados pessoais, de modo que mant\u00e9m programa de governan\u00e7a em privacidade aplicado \u00e0s suas atividades e estrutura de governan\u00e7a, constantemente atualizado e gerido pelo Encarregado pela Prote\u00e7\u00e3o de Dados Pessoais (DPO).<\/p><p>\u00a0<\/p><p>Embora o Sistema FIEAM adote os melhores esfor\u00e7os no sentido de preservar a privacidade e proteger os dados pessoais dos titulares, nenhuma transmiss\u00e3o de informa\u00e7\u00f5es \u00e9 totalmente segura, estando sempre suscet\u00edveis a ocorr\u00eancia de falhas t\u00e9cnicas, v\u00edrus ou a\u00e7\u00f5es similares.<\/p><p>\u00a0<\/p><p>De qualquer forma, na remota hip\u00f3tese de incid\u00eancia de epis\u00f3dios desta natureza, o Sistema FIEAM garante o pleno esfor\u00e7o para remediar as consequ\u00eancias do evento, sempre garantindo a devida transpar\u00eancia.<\/p><p>\u00a0<\/p><h4>CONSIDERA\u00c7\u00d5ES GERAIS<\/h4><p>Seguindo as diretrizes do C\u00f3digo de Conduta \u00c9tica e pilares do Programa de Integridade da institui\u00e7\u00e3o, a privacidade de dados \u00e9 extensivamente comunicada, treinada e exercitada por todos os empregados do Sistema FIEAM.<\/p><p>\u00a0<\/p><p>O Sistema FIEAM possui diversidade na oferta de produtos e presta\u00e7\u00f5es de servi\u00e7o para atendimento da ind\u00fastria amazonense. Por isso, diferentes \u00e1reas da organiza\u00e7\u00e3o captam e tratam dados que competem a sua miss\u00e3o e objetivo. Cabe aos Gestores de cada uma dessas \u00e1reas a responsabilidade de respaldar que todo o tratamento de dados deve ser feito em harmonia com a Cultura de Privacidade e diretrizes planejadas pelo Encarregado de Dados (DPO).<\/p><p>\u00a0<\/p><p>O Sistema FIEAM se compromete a n\u00e3o comercializar as informa\u00e7\u00f5es pessoais coletadas de seus clientes e empregados.<\/p><p>\u00a0<\/p><p>\u00a0<\/p><h4>ATRIBUI\u00c7\u00d5ES E RESPONSABILIDADES<\/h4><p>\u00a0<\/p><p><strong>Usu\u00e1rio \u2013 Titular dos Dados<\/strong><\/p><ul><li>-Ler a Pol\u00edtica de Privacidade e Prote\u00e7\u00e3o de Dados do Sistema FIEAM.<\/li><li>-Aceitar o termo de coleta automatizada de dados (cookies) nos sites do Sistema FIEAM mediante a ci\u00eancia e consentimento livre, informado e<br \/>\u00a0inequ\u00edvoco do documento avaliado.<\/li><li>-Contatar Encarregado de Dados do Sistema FIEAM em caso de d\u00favidas ou identifica\u00e7\u00e3o de irregularidades com a Pol\u00edtica de Privacidade e Prote\u00e7\u00e3o de\u00a0 \u00a0 \u00a0 \u00a0<br \/>\u00a0Dados.<\/li><\/ul><p>\u00a0<\/p><h4>Encarregado de Dados do Sistema FIEAM<\/h4><ul><li>-Atender d\u00favidas ou demandas enviadas pelos titulares dos dados.<\/li><li>-Atualizar a pol\u00edtica de privacidade sempre que necess\u00e1rio.<\/li><li>-Disseminar as diretrizes do documento para empregados e parceiros de neg\u00f3cio do Sistema FIEAM.<\/li><li>-Atuar de forma consultiva junto as \u00e1reas corporativa e de neg\u00f3cio quanto a mitiga\u00e7\u00e3o de riscos relacionados a n\u00e3o conformidade com a LGPD.<\/li><li>-Monitorar demandas de privacidade.<\/li><li>-Atuar como \u201cguardi\u00e3o\u201d da Cultura de Privacidade do Sistema FIEAM.<\/li><\/ul><p>\u00a0<\/p><h4>Gestores do Sistema FIEAM<\/h4><ul><li>-Atuar como respons\u00e1vel pelo tratamento de dados pessoais na sua \u00e1rea de atua\u00e7\u00e3o, respeitando as diretrizes estabelecidas por leis e documentos normativos do\u00a0 Sistema FIEAM.<\/li><li>-Zelar e disseminar a Cultura de Privacidade do Sistema FIEAM.<\/li><\/ul><p>\u00a0<\/p><h4>Empregados e Parceiros de Neg\u00f3cios do Sistema FIEAM<\/h4><ul><li>-Realizar tratamento de dados pessoais respeitando as diretrizes estabelecidas por leis e documentos normativos do Sistema FIEAM.<\/li><li>-Realizar treinamento obrigat\u00f3rio (empregados) da Governan\u00e7a de Dados Pessoais do Sistema FIEAM, dispon\u00edveis no canal de treinamento interno da\u00a0 \u00a0 \u00a0institui\u00e7\u00e3o.<\/li><li>-Zelar pela Cultura de Privacidade do Sistema FIEAM.<\/li><\/ul><p>\u00a0<\/p><h4>LEGISLA\u00c7\u00c3O APLIC\u00c1VEL E ALTERA\u00c7\u00d5ES<strong>\u00a0<\/strong><\/h4><ul><li>-Este documento foi elaborado com base na Lei Federal n\u00ba 709\/2018 \u2013 Lei Geral de Prote\u00e7\u00e3o de Dados (LGPD).<\/li><li>-Este documento foi publicado no portal do Sistema FIEAM, no endere\u00e7o\u00a0<a href=\"http:\/\/www.fieam.org.br\/\">http:\/\/www.fieam.org.br<\/a><\/li><li>-Este Documento poder\u00e1 ser atualizado, a qualquer tempo, pelo Sistema FIEAM, mediante aviso interno e divulga\u00e7\u00e3o no site corporativo e nos canais oficiais.<\/li><\/ul><p>\u00a0<\/p><p><a href=\"http:\/\/www.fieam.org.br\/wp-content\/uploads\/2022\/10\/Politica-de-Privacidade-e-Protecao-de-Dados-1.pdf\">Clique aqui para baixar o arquivo em PDF<\/a><\/p>\t\t\t\t\t\t\t\t<\/div>\n\t\t\t\t<\/div>\n\t\t\t\t\t<\/div>\n\t\t\t\t<\/div>\n\t\t\t\t<\/div>\n\t\t","protected":false},"excerpt":{"rendered":"<p>In\u00edcio \/ Pol\u00edtica de Privacidade Pol\u00edtica de Privacidade OBJETIVO Estabelecer diretrizes e demonstrar o compromisso do Sistema FIEAM com a seguran\u00e7a e privacidade de dados coletados dos seus clientes, fornecedores, parceiros de neg\u00f3cio e empregados. Esta pol\u00edtica tem por objetivo descrever como e quais dados o Sistema FIEAM coleta, a forma que os utiliza, quais [&hellip;]<\/p>\n","protected":false},"author":1,"featured_media":0,"parent":0,"menu_order":0,"comment_status":"closed","ping_status":"closed","template":"","meta":{"footnotes":""},"class_list":["post-4511","page","type-page","status-publish","hentry"],"yoast_head":"<!-- This site is optimized with the Yoast SEO plugin v26.8 - https:\/\/yoast.com\/product\/yoast-seo-wordpress\/ -->\n<title>Pol\u00edtica de Privacidade - SENAI<\/title>\n<meta name=\"robots\" content=\"index, follow, max-snippet:-1, max-image-preview:large, max-video-preview:-1\" \/>\n<link rel=\"canonical\" href=\"https:\/\/fieam.org.br\/senai\/politica-de-privacidade\/\" \/>\n<meta property=\"og:locale\" content=\"pt_BR\" \/>\n<meta property=\"og:type\" content=\"article\" \/>\n<meta property=\"og:title\" content=\"Pol\u00edtica de Privacidade - SENAI\" \/>\n<meta property=\"og:description\" content=\"In\u00edcio \/ Pol\u00edtica de Privacidade Pol\u00edtica de Privacidade OBJETIVO Estabelecer diretrizes e demonstrar o compromisso do Sistema FIEAM com a seguran\u00e7a e privacidade de dados coletados dos seus clientes, fornecedores, parceiros de neg\u00f3cio e empregados. Esta pol\u00edtica tem por objetivo descrever como e quais dados o Sistema FIEAM coleta, a forma que os utiliza, quais [&hellip;]\" \/>\n<meta property=\"og:url\" content=\"https:\/\/fieam.org.br\/senai\/politica-de-privacidade\/\" \/>\n<meta property=\"og:site_name\" content=\"SENAI\" \/>\n<meta property=\"article:modified_time\" content=\"2024-02-29T00:50:05+00:00\" \/>\n<meta name=\"twitter:card\" content=\"summary_large_image\" \/>\n<meta name=\"twitter:label1\" content=\"Est. tempo de leitura\" \/>\n\t<meta name=\"twitter:data1\" content=\"11 minutos\" \/>\n<script type=\"application\/ld+json\" class=\"yoast-schema-graph\">{\"@context\":\"https:\/\/schema.org\",\"@graph\":[{\"@type\":\"WebPage\",\"@id\":\"https:\/\/fieam.org.br\/senai\/politica-de-privacidade\/\",\"url\":\"https:\/\/fieam.org.br\/senai\/politica-de-privacidade\/\",\"name\":\"Pol\u00edtica de Privacidade - SENAI\",\"isPartOf\":{\"@id\":\"https:\/\/fieam.org.br\/senai\/#website\"},\"datePublished\":\"2024-02-27T22:44:23+00:00\",\"dateModified\":\"2024-02-29T00:50:05+00:00\",\"breadcrumb\":{\"@id\":\"https:\/\/fieam.org.br\/senai\/politica-de-privacidade\/#breadcrumb\"},\"inLanguage\":\"pt-BR\",\"potentialAction\":[{\"@type\":\"ReadAction\",\"target\":[\"https:\/\/fieam.org.br\/senai\/politica-de-privacidade\/\"]}]},{\"@type\":\"BreadcrumbList\",\"@id\":\"https:\/\/fieam.org.br\/senai\/politica-de-privacidade\/#breadcrumb\",\"itemListElement\":[{\"@type\":\"ListItem\",\"position\":1,\"name\":\"In\u00edcio\",\"item\":\"https:\/\/fieam.org.br\/senai\/\"},{\"@type\":\"ListItem\",\"position\":2,\"name\":\"Pol\u00edtica de Privacidade\"}]},{\"@type\":\"WebSite\",\"@id\":\"https:\/\/fieam.org.br\/senai\/#website\",\"url\":\"https:\/\/fieam.org.br\/senai\/\",\"name\":\"SENAI\",\"description\":\"Site Oficial!\",\"publisher\":{\"@id\":\"https:\/\/fieam.org.br\/senai\/#organization\"},\"potentialAction\":[{\"@type\":\"SearchAction\",\"target\":{\"@type\":\"EntryPoint\",\"urlTemplate\":\"https:\/\/fieam.org.br\/senai\/?s={search_term_string}\"},\"query-input\":{\"@type\":\"PropertyValueSpecification\",\"valueRequired\":true,\"valueName\":\"search_term_string\"}}],\"inLanguage\":\"pt-BR\"},{\"@type\":\"Organization\",\"@id\":\"https:\/\/fieam.org.br\/senai\/#organization\",\"name\":\"SENAI\",\"url\":\"https:\/\/fieam.org.br\/senai\/\",\"logo\":{\"@type\":\"ImageObject\",\"inLanguage\":\"pt-BR\",\"@id\":\"https:\/\/fieam.org.br\/senai\/#\/schema\/logo\/image\/\",\"url\":\"https:\/\/fieam.org.br\/senai\/wp-content\/uploads\/sites\/16\/2024\/03\/cropped-fav.png\",\"contentUrl\":\"https:\/\/fieam.org.br\/senai\/wp-content\/uploads\/sites\/16\/2024\/03\/cropped-fav.png\",\"width\":592,\"height\":577,\"caption\":\"SENAI\"},\"image\":{\"@id\":\"https:\/\/fieam.org.br\/senai\/#\/schema\/logo\/image\/\"}}]}<\/script>\n<!-- \/ Yoast SEO plugin. -->","yoast_head_json":{"title":"Pol\u00edtica de Privacidade - SENAI","robots":{"index":"index","follow":"follow","max-snippet":"max-snippet:-1","max-image-preview":"max-image-preview:large","max-video-preview":"max-video-preview:-1"},"canonical":"https:\/\/fieam.org.br\/senai\/politica-de-privacidade\/","og_locale":"pt_BR","og_type":"article","og_title":"Pol\u00edtica de Privacidade - SENAI","og_description":"In\u00edcio \/ Pol\u00edtica de Privacidade Pol\u00edtica de Privacidade OBJETIVO Estabelecer diretrizes e demonstrar o compromisso do Sistema FIEAM com a seguran\u00e7a e privacidade de dados coletados dos seus clientes, fornecedores, parceiros de neg\u00f3cio e empregados. Esta pol\u00edtica tem por objetivo descrever como e quais dados o Sistema FIEAM coleta, a forma que os utiliza, quais [&hellip;]","og_url":"https:\/\/fieam.org.br\/senai\/politica-de-privacidade\/","og_site_name":"SENAI","article_modified_time":"2024-02-29T00:50:05+00:00","twitter_card":"summary_large_image","twitter_misc":{"Est. tempo de leitura":"11 minutos"},"schema":{"@context":"https:\/\/schema.org","@graph":[{"@type":"WebPage","@id":"https:\/\/fieam.org.br\/senai\/politica-de-privacidade\/","url":"https:\/\/fieam.org.br\/senai\/politica-de-privacidade\/","name":"Pol\u00edtica de Privacidade - SENAI","isPartOf":{"@id":"https:\/\/fieam.org.br\/senai\/#website"},"datePublished":"2024-02-27T22:44:23+00:00","dateModified":"2024-02-29T00:50:05+00:00","breadcrumb":{"@id":"https:\/\/fieam.org.br\/senai\/politica-de-privacidade\/#breadcrumb"},"inLanguage":"pt-BR","potentialAction":[{"@type":"ReadAction","target":["https:\/\/fieam.org.br\/senai\/politica-de-privacidade\/"]}]},{"@type":"BreadcrumbList","@id":"https:\/\/fieam.org.br\/senai\/politica-de-privacidade\/#breadcrumb","itemListElement":[{"@type":"ListItem","position":1,"name":"In\u00edcio","item":"https:\/\/fieam.org.br\/senai\/"},{"@type":"ListItem","position":2,"name":"Pol\u00edtica de Privacidade"}]},{"@type":"WebSite","@id":"https:\/\/fieam.org.br\/senai\/#website","url":"https:\/\/fieam.org.br\/senai\/","name":"SENAI","description":"Site Oficial!","publisher":{"@id":"https:\/\/fieam.org.br\/senai\/#organization"},"potentialAction":[{"@type":"SearchAction","target":{"@type":"EntryPoint","urlTemplate":"https:\/\/fieam.org.br\/senai\/?s={search_term_string}"},"query-input":{"@type":"PropertyValueSpecification","valueRequired":true,"valueName":"search_term_string"}}],"inLanguage":"pt-BR"},{"@type":"Organization","@id":"https:\/\/fieam.org.br\/senai\/#organization","name":"SENAI","url":"https:\/\/fieam.org.br\/senai\/","logo":{"@type":"ImageObject","inLanguage":"pt-BR","@id":"https:\/\/fieam.org.br\/senai\/#\/schema\/logo\/image\/","url":"https:\/\/fieam.org.br\/senai\/wp-content\/uploads\/sites\/16\/2024\/03\/cropped-fav.png","contentUrl":"https:\/\/fieam.org.br\/senai\/wp-content\/uploads\/sites\/16\/2024\/03\/cropped-fav.png","width":592,"height":577,"caption":"SENAI"},"image":{"@id":"https:\/\/fieam.org.br\/senai\/#\/schema\/logo\/image\/"}}]}},"_links":{"self":[{"href":"https:\/\/fieam.org.br\/senai\/wp-json\/wp\/v2\/pages\/4511","targetHints":{"allow":["GET"]}}],"collection":[{"href":"https:\/\/fieam.org.br\/senai\/wp-json\/wp\/v2\/pages"}],"about":[{"href":"https:\/\/fieam.org.br\/senai\/wp-json\/wp\/v2\/types\/page"}],"author":[{"embeddable":true,"href":"https:\/\/fieam.org.br\/senai\/wp-json\/wp\/v2\/users\/1"}],"replies":[{"embeddable":true,"href":"https:\/\/fieam.org.br\/senai\/wp-json\/wp\/v2\/comments?post=4511"}],"version-history":[{"count":10,"href":"https:\/\/fieam.org.br\/senai\/wp-json\/wp\/v2\/pages\/4511\/revisions"}],"predecessor-version":[{"id":4850,"href":"https:\/\/fieam.org.br\/senai\/wp-json\/wp\/v2\/pages\/4511\/revisions\/4850"}],"wp:attachment":[{"href":"https:\/\/fieam.org.br\/senai\/wp-json\/wp\/v2\/media?parent=4511"}],"curies":[{"name":"wp","href":"https:\/\/api.w.org\/{rel}","templated":true}]}}