{"id":12200,"date":"2010-11-13T08:10:51","date_gmt":"2010-11-13T08:10:51","guid":{"rendered":"http:\/\/www.fieam.org.br\/site\/senai\/"},"modified":"2010-11-13T08:10:51","modified_gmt":"2010-11-13T08:10:51","slug":"escola-senai-antonio-simoes-iniciacao","status":"publish","type":"page","link":"https:\/\/fieam.org.br\/senai\/escola-senai-antonio-simoes-iniciacao\/","title":{"rendered":"Escola SENAI Antonio Sim\u00f5es"},"content":{"rendered":"<h2>Educa\u00e7\u00e3o Profissional e Tecnologia<\/h2>\n<div class=\"col-md-12 col-xs-12\">\n<article id=\"post-9246\" class=\"post-9246 page type-page status-publish hentry\">\n<header><\/header>\n<p><strong>Escola SENAI\u00a0 Ant\u00f4nio Sim\u00f5es \u2013 ESAS<\/strong><\/p>\n<p><strong>\u00c1reas:<\/strong>\u00a0Eletroeletr\u00f4nica, Automa\u00e7\u00e3o, Tecnologia da Informa\u00e7\u00e3o, Refrigera\u00e7\u00e3o e Climatiza\u00e7\u00e3o, Qualidade e Seguran\u00e7a Industrial, Gest\u00e3o, Metrologia, Meio Ambiente e Telecomunica\u00e7\u00f5es.<\/p>\n<p>&nbsp;<\/p>\n<p><strong>Os cursos disponibilizados na \u00e1rea de Educa\u00e7\u00e3o Profissional e Tecnologia s\u00e3o:<\/strong><\/p>\n<ul>\n<li>Assistente Administrativo<\/li>\n<li>Ciber Seguran\u00e7a<\/li>\n<li>Conectando a Ind\u00fastria Avan\u00e7ada 4.0<\/li>\n<li>Controlador L\u00f3gico Program\u00e1vel \u2013 Avan\u00e7ado<\/li>\n<li>Controlador L\u00f3gico Program\u00e1vel \u2013 B\u00e1sico<\/li>\n<li>Desenhista de Produtos Gr\u00e1ficos Web<\/li>\n<li>Desenhista de Produtos Gr\u00e1ficos Web \u2013 EAD<\/li>\n<li>Eletricidade B\u00e1sica<\/li>\n<li>Eletricidade de Manuten\u00e7\u00e3o Eletroeletr\u00f4nica<\/li>\n<li>Eletricista Industrial<\/li>\n<li>ESD Descargas Eletrost\u00e1ticas<\/li>\n<li>Explorando o Big Data<\/li>\n<li>Inform\u00e1tica Avan\u00e7ada<\/li>\n<li>Inform\u00e1tica B\u00e1sica<\/li>\n<li>Inform\u00e1tica para Revolu\u00e7\u00e3o Industrial 4.0<\/li>\n<li>Inspetor da Qualidade<\/li>\n<li>Instrumenta\u00e7\u00e3o Industrial B\u00e1sica<\/li>\n<li>Intelig\u00eancia Artificial<\/li>\n<li>Leitura de Componentes Eletr\u00f4nicos<\/li>\n<li>Libra Instrumental<\/li>\n<li>Mec\u00e2nico de Refrigera\u00e7\u00e3o<\/li>\n<li>Mec\u00e2nico de Refrigera\u00e7\u00e3o e Climatiza\u00e7\u00e3o Comercial<\/li>\n<li>Mec\u00e2nico de Refrigera\u00e7\u00e3o e Climatiza\u00e7\u00e3o Residencial<\/li>\n<li>Metrologia B\u00e1sica<\/li>\n<li>NR \u2013 13 Seguran\u00e7a em Caldeira e Vaso de Press\u00e3o<\/li>\n<li>NR10 \u2013 Seguran\u00e7a em Instala\u00e7\u00e3o e Servi\u00e7os com Eletricidade<\/li>\n<li>NR10 (Reciclagem) \u2013 Seg. em Inst. e Serv com Eletricidade<\/li>\n<li>NR10\/SEP \u2013 Sistema El\u00e9trico de Pot\u00eancia (Reciclagem)<\/li>\n<li>Operador de Computador \u2013 EAD Comandos El\u00e9tricos<\/li>\n<li>Operador de Linha de Montagem (aparelhos Eletr\u00f4nicos)<\/li>\n<li>Operador de Linha de Montagem da Ind\u00fastria Eletroeletr\u00f4nica<\/li>\n<li>Operador de Suporte T\u00e9cnico em Redes<\/li>\n<li>Programa\u00e7\u00e3o M\u00f3vel para IoT<\/li>\n<li>Realidade Virtual Aumentada<\/li>\n<li>Sistema El\u00e9trico de Pot\u00eancia<\/li>\n<li>Sistema Embarcado Arduino<\/li>\n<li>Soldador Oxig\u00e1s<\/li>\n<li>T\u00e9cnico de Eletrot\u00e9cnica (Presencial\/Semi Presencial EAD)<\/li>\n<li>T\u00e9cnico em Administra\u00e7\u00e3o (Presencial\/Semi Presencial EAD)<\/li>\n<li>T\u00e9cnico em Automa\u00e7\u00e3o Industrial (Presencial\/Semi Presencial EAD)<\/li>\n<li>T\u00e9cnico em Desenvolvimento de Sistemas (Presencial\/Semi Presencial EAD)<\/li>\n<li>T\u00e9cnico em Eletroeletr\u00f4nica (Presencial\/Semi Presencial EAD)<\/li>\n<li>T\u00e9cnico em Eletr\u00f4nica (Presencial\/Semi Presencial EAD)<\/li>\n<li>T\u00e9cnico em Inform\u00e1tica (Presencial\/Semi Presencial EAD)<\/li>\n<li>T\u00e9cnico em Mecatr\u00f4nica (Presencial\/Semi Presencial EAD)<\/li>\n<li>T\u00e9cnico em Redes de Computadores (Presencial\/Semi Presencial EAD)<\/li>\n<li>T\u00e9cnico em Refrigera\u00e7\u00e3o (Presencial\/Semi Presencial EAD)<\/li>\n<\/ul>\n<p>&nbsp;<\/p>\n<p>Av. Rodrigo Ot\u00e1vio, 2394 \u2013 Distrito Industrial<\/p>\n<p>Fone: (92) 3182-9975<br \/>\nWhatsApp: (92) 3182-9925<br \/>\nE-mail:\u00a0<strong><a href=\"http:\/\/www.fieam.org.br\/senai\/educacao-profissional-e-tecnologia-6\/contactcenter@fieam.org.br\">contactcenter@fieam.org.br<\/a><\/strong><\/p>\n<p>&nbsp;<\/p>\n<\/article>\n<\/div>\n","protected":false},"excerpt":{"rendered":"<p>Educa\u00e7\u00e3o Profissional e Tecnologia Escola SENAI\u00a0 Ant\u00f4nio Sim\u00f5es \u2013 ESAS \u00c1reas:\u00a0Eletroeletr\u00f4nica, Automa\u00e7\u00e3o, Tecnologia da Informa\u00e7\u00e3o, Refrigera\u00e7\u00e3o e Climatiza\u00e7\u00e3o, Qualidade e Seguran\u00e7a Industrial, Gest\u00e3o, Metrologia, Meio Ambiente e Telecomunica\u00e7\u00f5es. &nbsp; Os cursos disponibilizados na \u00e1rea de Educa\u00e7\u00e3o Profissional e Tecnologia s\u00e3o: Assistente Administrativo Ciber Seguran\u00e7a Conectando a Ind\u00fastria Avan\u00e7ada 4.0 Controlador L\u00f3gico Program\u00e1vel \u2013 Avan\u00e7ado Controlador [&hellip;]<\/p>\n","protected":false},"author":1,"featured_media":0,"parent":0,"menu_order":0,"comment_status":"closed","ping_status":"closed","template":"","meta":{"footnotes":""},"class_list":["post-12200","page","type-page","status-publish","hentry"],"yoast_head":"<!-- This site is optimized with the Yoast SEO plugin v26.8 - https:\/\/yoast.com\/product\/yoast-seo-wordpress\/ -->\n<title>Escola SENAI Antonio Sim\u00f5es - SENAI<\/title>\n<meta name=\"robots\" content=\"index, follow, max-snippet:-1, max-image-preview:large, max-video-preview:-1\" \/>\n<link rel=\"canonical\" href=\"https:\/\/fieam.org.br\/senai\/escola-senai-antonio-simoes-iniciacao\/\" \/>\n<meta property=\"og:locale\" content=\"pt_BR\" \/>\n<meta property=\"og:type\" content=\"article\" \/>\n<meta property=\"og:title\" content=\"Escola SENAI Antonio Sim\u00f5es - SENAI\" \/>\n<meta property=\"og:description\" content=\"Educa\u00e7\u00e3o Profissional e Tecnologia Escola SENAI\u00a0 Ant\u00f4nio Sim\u00f5es \u2013 ESAS \u00c1reas:\u00a0Eletroeletr\u00f4nica, Automa\u00e7\u00e3o, Tecnologia da Informa\u00e7\u00e3o, Refrigera\u00e7\u00e3o e Climatiza\u00e7\u00e3o, Qualidade e Seguran\u00e7a Industrial, Gest\u00e3o, Metrologia, Meio Ambiente e Telecomunica\u00e7\u00f5es. &nbsp; Os cursos disponibilizados na \u00e1rea de Educa\u00e7\u00e3o Profissional e Tecnologia s\u00e3o: Assistente Administrativo Ciber Seguran\u00e7a Conectando a Ind\u00fastria Avan\u00e7ada 4.0 Controlador L\u00f3gico Program\u00e1vel \u2013 Avan\u00e7ado Controlador [&hellip;]\" \/>\n<meta property=\"og:url\" content=\"https:\/\/fieam.org.br\/senai\/escola-senai-antonio-simoes-iniciacao\/\" \/>\n<meta property=\"og:site_name\" content=\"SENAI\" \/>\n<meta name=\"twitter:card\" content=\"summary_large_image\" \/>\n<meta name=\"twitter:label1\" content=\"Est. tempo de leitura\" \/>\n\t<meta name=\"twitter:data1\" content=\"2 minutos\" \/>\n<script type=\"application\/ld+json\" class=\"yoast-schema-graph\">{\"@context\":\"https:\/\/schema.org\",\"@graph\":[{\"@type\":\"WebPage\",\"@id\":\"https:\/\/fieam.org.br\/senai\/escola-senai-antonio-simoes-iniciacao\/\",\"url\":\"https:\/\/fieam.org.br\/senai\/escola-senai-antonio-simoes-iniciacao\/\",\"name\":\"Escola SENAI Antonio Sim\u00f5es - SENAI\",\"isPartOf\":{\"@id\":\"https:\/\/fieam.org.br\/senai\/#website\"},\"datePublished\":\"2010-11-13T08:10:51+00:00\",\"breadcrumb\":{\"@id\":\"https:\/\/fieam.org.br\/senai\/escola-senai-antonio-simoes-iniciacao\/#breadcrumb\"},\"inLanguage\":\"pt-BR\",\"potentialAction\":[{\"@type\":\"ReadAction\",\"target\":[\"https:\/\/fieam.org.br\/senai\/escola-senai-antonio-simoes-iniciacao\/\"]}]},{\"@type\":\"BreadcrumbList\",\"@id\":\"https:\/\/fieam.org.br\/senai\/escola-senai-antonio-simoes-iniciacao\/#breadcrumb\",\"itemListElement\":[{\"@type\":\"ListItem\",\"position\":1,\"name\":\"In\u00edcio\",\"item\":\"https:\/\/fieam.org.br\/senai\/\"},{\"@type\":\"ListItem\",\"position\":2,\"name\":\"Escola SENAI Antonio Sim\u00f5es\"}]},{\"@type\":\"WebSite\",\"@id\":\"https:\/\/fieam.org.br\/senai\/#website\",\"url\":\"https:\/\/fieam.org.br\/senai\/\",\"name\":\"SENAI\",\"description\":\"Site Oficial!\",\"publisher\":{\"@id\":\"https:\/\/fieam.org.br\/senai\/#organization\"},\"potentialAction\":[{\"@type\":\"SearchAction\",\"target\":{\"@type\":\"EntryPoint\",\"urlTemplate\":\"https:\/\/fieam.org.br\/senai\/?s={search_term_string}\"},\"query-input\":{\"@type\":\"PropertyValueSpecification\",\"valueRequired\":true,\"valueName\":\"search_term_string\"}}],\"inLanguage\":\"pt-BR\"},{\"@type\":\"Organization\",\"@id\":\"https:\/\/fieam.org.br\/senai\/#organization\",\"name\":\"SENAI\",\"url\":\"https:\/\/fieam.org.br\/senai\/\",\"logo\":{\"@type\":\"ImageObject\",\"inLanguage\":\"pt-BR\",\"@id\":\"https:\/\/fieam.org.br\/senai\/#\/schema\/logo\/image\/\",\"url\":\"https:\/\/fieam.org.br\/senai\/wp-content\/uploads\/sites\/16\/2024\/03\/cropped-fav.png\",\"contentUrl\":\"https:\/\/fieam.org.br\/senai\/wp-content\/uploads\/sites\/16\/2024\/03\/cropped-fav.png\",\"width\":592,\"height\":577,\"caption\":\"SENAI\"},\"image\":{\"@id\":\"https:\/\/fieam.org.br\/senai\/#\/schema\/logo\/image\/\"}}]}<\/script>\n<!-- \/ Yoast SEO plugin. -->","yoast_head_json":{"title":"Escola SENAI Antonio Sim\u00f5es - SENAI","robots":{"index":"index","follow":"follow","max-snippet":"max-snippet:-1","max-image-preview":"max-image-preview:large","max-video-preview":"max-video-preview:-1"},"canonical":"https:\/\/fieam.org.br\/senai\/escola-senai-antonio-simoes-iniciacao\/","og_locale":"pt_BR","og_type":"article","og_title":"Escola SENAI Antonio Sim\u00f5es - SENAI","og_description":"Educa\u00e7\u00e3o Profissional e Tecnologia Escola SENAI\u00a0 Ant\u00f4nio Sim\u00f5es \u2013 ESAS \u00c1reas:\u00a0Eletroeletr\u00f4nica, Automa\u00e7\u00e3o, Tecnologia da Informa\u00e7\u00e3o, Refrigera\u00e7\u00e3o e Climatiza\u00e7\u00e3o, Qualidade e Seguran\u00e7a Industrial, Gest\u00e3o, Metrologia, Meio Ambiente e Telecomunica\u00e7\u00f5es. &nbsp; Os cursos disponibilizados na \u00e1rea de Educa\u00e7\u00e3o Profissional e Tecnologia s\u00e3o: Assistente Administrativo Ciber Seguran\u00e7a Conectando a Ind\u00fastria Avan\u00e7ada 4.0 Controlador L\u00f3gico Program\u00e1vel \u2013 Avan\u00e7ado Controlador [&hellip;]","og_url":"https:\/\/fieam.org.br\/senai\/escola-senai-antonio-simoes-iniciacao\/","og_site_name":"SENAI","twitter_card":"summary_large_image","twitter_misc":{"Est. tempo de leitura":"2 minutos"},"schema":{"@context":"https:\/\/schema.org","@graph":[{"@type":"WebPage","@id":"https:\/\/fieam.org.br\/senai\/escola-senai-antonio-simoes-iniciacao\/","url":"https:\/\/fieam.org.br\/senai\/escola-senai-antonio-simoes-iniciacao\/","name":"Escola SENAI Antonio Sim\u00f5es - SENAI","isPartOf":{"@id":"https:\/\/fieam.org.br\/senai\/#website"},"datePublished":"2010-11-13T08:10:51+00:00","breadcrumb":{"@id":"https:\/\/fieam.org.br\/senai\/escola-senai-antonio-simoes-iniciacao\/#breadcrumb"},"inLanguage":"pt-BR","potentialAction":[{"@type":"ReadAction","target":["https:\/\/fieam.org.br\/senai\/escola-senai-antonio-simoes-iniciacao\/"]}]},{"@type":"BreadcrumbList","@id":"https:\/\/fieam.org.br\/senai\/escola-senai-antonio-simoes-iniciacao\/#breadcrumb","itemListElement":[{"@type":"ListItem","position":1,"name":"In\u00edcio","item":"https:\/\/fieam.org.br\/senai\/"},{"@type":"ListItem","position":2,"name":"Escola SENAI Antonio Sim\u00f5es"}]},{"@type":"WebSite","@id":"https:\/\/fieam.org.br\/senai\/#website","url":"https:\/\/fieam.org.br\/senai\/","name":"SENAI","description":"Site Oficial!","publisher":{"@id":"https:\/\/fieam.org.br\/senai\/#organization"},"potentialAction":[{"@type":"SearchAction","target":{"@type":"EntryPoint","urlTemplate":"https:\/\/fieam.org.br\/senai\/?s={search_term_string}"},"query-input":{"@type":"PropertyValueSpecification","valueRequired":true,"valueName":"search_term_string"}}],"inLanguage":"pt-BR"},{"@type":"Organization","@id":"https:\/\/fieam.org.br\/senai\/#organization","name":"SENAI","url":"https:\/\/fieam.org.br\/senai\/","logo":{"@type":"ImageObject","inLanguage":"pt-BR","@id":"https:\/\/fieam.org.br\/senai\/#\/schema\/logo\/image\/","url":"https:\/\/fieam.org.br\/senai\/wp-content\/uploads\/sites\/16\/2024\/03\/cropped-fav.png","contentUrl":"https:\/\/fieam.org.br\/senai\/wp-content\/uploads\/sites\/16\/2024\/03\/cropped-fav.png","width":592,"height":577,"caption":"SENAI"},"image":{"@id":"https:\/\/fieam.org.br\/senai\/#\/schema\/logo\/image\/"}}]}},"_links":{"self":[{"href":"https:\/\/fieam.org.br\/senai\/wp-json\/wp\/v2\/pages\/12200","targetHints":{"allow":["GET"]}}],"collection":[{"href":"https:\/\/fieam.org.br\/senai\/wp-json\/wp\/v2\/pages"}],"about":[{"href":"https:\/\/fieam.org.br\/senai\/wp-json\/wp\/v2\/types\/page"}],"author":[{"embeddable":true,"href":"https:\/\/fieam.org.br\/senai\/wp-json\/wp\/v2\/users\/1"}],"replies":[{"embeddable":true,"href":"https:\/\/fieam.org.br\/senai\/wp-json\/wp\/v2\/comments?post=12200"}],"version-history":[{"count":0,"href":"https:\/\/fieam.org.br\/senai\/wp-json\/wp\/v2\/pages\/12200\/revisions"}],"wp:attachment":[{"href":"https:\/\/fieam.org.br\/senai\/wp-json\/wp\/v2\/media?parent=12200"}],"curies":[{"name":"wp","href":"https:\/\/api.w.org\/{rel}","templated":true}]}}