{"id":16,"date":"2010-10-13T13:44:42","date_gmt":"2010-10-13T13:44:42","guid":{"rendered":"http:\/\/www.fieam.org.br\/site\/fieam\/"},"modified":"2025-10-23T17:40:28","modified_gmt":"2025-10-23T17:40:28","slug":"institucional","status":"publish","type":"page","link":"https:\/\/fieam.org.br\/fieam\/institucional\/","title":{"rendered":"Institucional"},"content":{"rendered":"\t\t<div data-elementor-type=\"wp-page\" data-elementor-id=\"16\" class=\"elementor elementor-16\" data-elementor-post-type=\"page\">\n\t\t\t\t\t\t<section class=\"elementor-section elementor-top-section elementor-element elementor-element-2b2ba39 elementor-section-boxed elementor-section-height-default elementor-section-height-default\" data-id=\"2b2ba39\" data-element_type=\"section\" data-settings=\"{&quot;background_background&quot;:&quot;classic&quot;,&quot;ekit_has_onepagescroll_dot&quot;:&quot;yes&quot;}\">\n\t\t\t\t\t\t\t<div class=\"elementor-background-overlay\"><\/div>\n\t\t\t\t\t\t\t<div class=\"elementor-container elementor-column-gap-default\">\n\t\t\t\t\t<div class=\"elementor-column elementor-col-100 elementor-top-column elementor-element elementor-element-a299fc4\" data-id=\"a299fc4\" data-element_type=\"column\">\n\t\t\t<div class=\"elementor-widget-wrap elementor-element-populated\">\n\t\t\t\t\t\t<div class=\"elementor-element elementor-element-f19ae4f elementor-widget__width-auto elementor-invisible elementor-widget elementor-widget-image\" data-id=\"f19ae4f\" data-element_type=\"widget\" data-settings=\"{&quot;_animation&quot;:&quot;rotateIn&quot;,&quot;_animation_delay&quot;:&quot;720&quot;,&quot;ekit_we_effect_on&quot;:&quot;none&quot;}\" data-widget_type=\"image.default\">\n\t\t\t\t<div class=\"elementor-widget-container\">\n\t\t\t\t\t\t\t\t\t\t\t\t\t\t\t<img decoding=\"async\" width=\"45\" height=\"38\" src=\"https:\/\/fieam.org.br\/fieam\/wp-content\/uploads\/sites\/9\/2024\/02\/setas.png\" class=\"attachment-full size-full wp-image-4668\" alt=\"\" \/>\t\t\t\t\t\t\t\t\t\t\t\t\t\t\t<\/div>\n\t\t\t\t<\/div>\n\t\t\t\t<div class=\"elementor-element elementor-element-e35c856 elementor-invisible elementor-widget elementor-widget-heading\" data-id=\"e35c856\" data-element_type=\"widget\" data-settings=\"{&quot;_animation&quot;:&quot;fadeInDown&quot;,&quot;ekit_we_effect_on&quot;:&quot;none&quot;}\" data-widget_type=\"heading.default\">\n\t\t\t\t<div class=\"elementor-widget-container\">\n\t\t\t\t\t<h2 class=\"elementor-heading-title elementor-size-default\">Institucional<\/h2>\t\t\t\t<\/div>\n\t\t\t\t<\/div>\n\t\t\t\t<div class=\"elementor-element elementor-element-9e25011 elementor-invisible elementor-widget elementor-widget-heading\" data-id=\"9e25011\" data-element_type=\"widget\" data-settings=\"{&quot;_animation&quot;:&quot;fadeInUp&quot;,&quot;ekit_we_effect_on&quot;:&quot;none&quot;}\" data-widget_type=\"heading.default\">\n\t\t\t\t<div class=\"elementor-widget-container\">\n\t\t\t\t\t<div class=\"elementor-heading-title elementor-size-default\">A Federa\u00e7\u00e3o das Ind\u00fastrias do Estado do Amazonas (FIEAM)<\/div>\t\t\t\t<\/div>\n\t\t\t\t<\/div>\n\t\t\t\t\t<\/div>\n\t\t<\/div>\n\t\t\t\t\t<\/div>\n\t\t<\/section>\n\t\t<div class=\"elementor-element elementor-element-260f83ea e-flex e-con-boxed e-con e-parent\" data-id=\"260f83ea\" data-element_type=\"container\" data-settings=\"{&quot;ekit_has_onepagescroll_dot&quot;:&quot;yes&quot;}\">\n\t\t\t\t\t<div class=\"e-con-inner\">\n\t\t\t\t<div class=\"elementor-element elementor-element-7d9f39aa elementor-widget elementor-widget-text-editor\" data-id=\"7d9f39aa\" data-element_type=\"widget\" data-settings=\"{&quot;ekit_we_effect_on&quot;:&quot;none&quot;}\" data-widget_type=\"text-editor.default\">\n\t\t\t\t<div class=\"elementor-widget-container\">\n\t\t\t\t\t\t\t\t\t<p>A Federa\u00e7\u00e3o das Ind\u00fastrias do Estado do Amazonas (FIEAM) \u00e9 entidade integrante do Sistema Confedera\u00e7\u00e3o Nacional da Ind\u00fastria (CNI) que h\u00e1 65 anos, desde a sua funda\u00e7\u00e3o em 3 de agosto de 1960, luta pelo fortalecimento da ind\u00fastria no Amazonas.<\/p>\n<p>Em busca de adensamento da cadeia produtiva da ind\u00fastria, em qualidade e recursos tecnol\u00f3gicos e significativa agrega\u00e7\u00e3o de valores, a FIEAM consolida-se como leg\u00edtimo canal de reivindica\u00e7\u00f5es dos interesses coletivos regionais, estimulando o crescimento do segmento, contribuindo significativamente para o desenvolvimento do Estado.<\/p>\n<p>A FIEAM fortalece o princ\u00edpio de uni\u00e3o e integra\u00e7\u00e3o entre os Sindicatos Patronais Filiados, colaborando com os poderes p\u00fablicos e estimulando a educa\u00e7\u00e3o, a capacita\u00e7\u00e3o e o bem-estar dos trabalhadores da ind\u00fastria.<\/p>\n<p><strong>Miss\u00e3o<\/strong><\/p>\n<p><strong>Defender<\/strong> a livre iniciativa, sobretudo os interesses do segmento empresarial industrial do Estado do Amazonas, contribuindo para o seu desenvolvimento, em condi\u00e7\u00f5es sustent\u00e1veis, sob os aspectos econ\u00f4micos, sociais, pol\u00edticos, culturais e ambientais.<\/p>\n<p><strong>Fortalecer<\/strong> o princ\u00edpio de uni\u00e3o e integra\u00e7\u00e3o entre todos os seus Sindicatos Filiados, estimulando o companheirismo e a colabora\u00e7\u00e3o rec\u00edproca.<\/p>\n<p><strong>Colaborar<\/strong> com os poderes p\u00fablicos, como \u00f3rg\u00e3o consultivo do governo do Estado do Amazonas, no estudo e solu\u00e7\u00e3o de todos os assuntos que direta ou indiretamente possam afetar as empresas e o fortalecimento da economia.<\/p>\n<p><strong>Propugnar<\/strong> pelo tratamento humanit\u00e1rio aos trabalhadores, estimulando a educa\u00e7\u00e3o profissional e o bem-estar social, buscando mant\u00ea-los em constante processo de adapta\u00e7\u00e3o \u00e0s transforma\u00e7\u00f5es sociais e econ\u00f4micas.<\/p>\n<p style=\"text-align: center\">\n<\/p>\t\t\t\t\t\t\t\t<\/div>\n\t\t\t\t<\/div>\n\t\t\t\t\t<\/div>\n\t\t\t\t<\/div>\n\t\t\t\t<\/div>\n\t\t","protected":false},"excerpt":{"rendered":"<p>Institucional A Federa\u00e7\u00e3o das Ind\u00fastrias do Estado do Amazonas (FIEAM) A Federa\u00e7\u00e3o das Ind\u00fastrias do Estado do Amazonas (FIEAM) \u00e9 entidade integrante do Sistema Confedera\u00e7\u00e3o Nacional da Ind\u00fastria (CNI) que h\u00e1 65 anos, desde a sua funda\u00e7\u00e3o em 3 de agosto de 1960, luta pelo fortalecimento da ind\u00fastria no Amazonas. Em busca de adensamento da [&hellip;]<\/p>\n","protected":false},"author":1,"featured_media":0,"parent":0,"menu_order":0,"comment_status":"closed","ping_status":"open","template":"","meta":{"footnotes":""},"class_list":["post-16","page","type-page","status-publish","hentry"],"yoast_head":"<!-- This site is optimized with the Yoast SEO plugin v26.8 - https:\/\/yoast.com\/product\/yoast-seo-wordpress\/ -->\n<title>Institucional - FIEAM<\/title>\n<meta name=\"robots\" content=\"index, follow, max-snippet:-1, max-image-preview:large, max-video-preview:-1\" \/>\n<link rel=\"canonical\" href=\"https:\/\/fieam.org.br\/fieam\/institucional\/\" \/>\n<meta property=\"og:locale\" content=\"pt_BR\" \/>\n<meta property=\"og:type\" content=\"article\" \/>\n<meta property=\"og:title\" content=\"Institucional - FIEAM\" \/>\n<meta property=\"og:description\" content=\"Institucional A Federa\u00e7\u00e3o das Ind\u00fastrias do Estado do Amazonas (FIEAM) A Federa\u00e7\u00e3o das Ind\u00fastrias do Estado do Amazonas (FIEAM) \u00e9 entidade integrante do Sistema Confedera\u00e7\u00e3o Nacional da Ind\u00fastria (CNI) que h\u00e1 65 anos, desde a sua funda\u00e7\u00e3o em 3 de agosto de 1960, luta pelo fortalecimento da ind\u00fastria no Amazonas. Em busca de adensamento da [&hellip;]\" \/>\n<meta property=\"og:url\" content=\"https:\/\/fieam.org.br\/fieam\/institucional\/\" \/>\n<meta property=\"og:site_name\" content=\"FIEAM\" \/>\n<meta property=\"article:modified_time\" content=\"2025-10-23T17:40:28+00:00\" \/>\n<meta property=\"og:image\" content=\"https:\/\/fieam.org.br\/fieam\/wp-content\/uploads\/sites\/9\/2024\/02\/setas.png\" \/>\n\t<meta property=\"og:image:width\" content=\"45\" \/>\n\t<meta property=\"og:image:height\" content=\"38\" \/>\n\t<meta property=\"og:image:type\" content=\"image\/png\" \/>\n<meta name=\"twitter:card\" content=\"summary_large_image\" \/>\n<meta name=\"twitter:label1\" content=\"Est. tempo de leitura\" \/>\n\t<meta name=\"twitter:data1\" content=\"1 minuto\" \/>\n<script type=\"application\/ld+json\" class=\"yoast-schema-graph\">{\"@context\":\"https:\/\/schema.org\",\"@graph\":[{\"@type\":\"WebPage\",\"@id\":\"https:\/\/fieam.org.br\/fieam\/institucional\/\",\"url\":\"https:\/\/fieam.org.br\/fieam\/institucional\/\",\"name\":\"Institucional - FIEAM\",\"isPartOf\":{\"@id\":\"https:\/\/fieam.org.br\/fieam\/#website\"},\"primaryImageOfPage\":{\"@id\":\"https:\/\/fieam.org.br\/fieam\/institucional\/#primaryimage\"},\"image\":{\"@id\":\"https:\/\/fieam.org.br\/fieam\/institucional\/#primaryimage\"},\"thumbnailUrl\":\"https:\/\/fieam.org.br\/fieam\/wp-content\/uploads\/sites\/9\/2024\/02\/setas.png\",\"datePublished\":\"2010-10-13T13:44:42+00:00\",\"dateModified\":\"2025-10-23T17:40:28+00:00\",\"breadcrumb\":{\"@id\":\"https:\/\/fieam.org.br\/fieam\/institucional\/#breadcrumb\"},\"inLanguage\":\"pt-BR\",\"potentialAction\":[{\"@type\":\"ReadAction\",\"target\":[\"https:\/\/fieam.org.br\/fieam\/institucional\/\"]}]},{\"@type\":\"ImageObject\",\"inLanguage\":\"pt-BR\",\"@id\":\"https:\/\/fieam.org.br\/fieam\/institucional\/#primaryimage\",\"url\":\"https:\/\/fieam.org.br\/fieam\/wp-content\/uploads\/sites\/9\/2024\/02\/setas.png\",\"contentUrl\":\"https:\/\/fieam.org.br\/fieam\/wp-content\/uploads\/sites\/9\/2024\/02\/setas.png\",\"width\":45,\"height\":38},{\"@type\":\"BreadcrumbList\",\"@id\":\"https:\/\/fieam.org.br\/fieam\/institucional\/#breadcrumb\",\"itemListElement\":[{\"@type\":\"ListItem\",\"position\":1,\"name\":\"In\u00edcio\",\"item\":\"https:\/\/fieam.org.br\/fieam\/\"},{\"@type\":\"ListItem\",\"position\":2,\"name\":\"Institucional\"}]},{\"@type\":\"WebSite\",\"@id\":\"https:\/\/fieam.org.br\/fieam\/#website\",\"url\":\"https:\/\/fieam.org.br\/fieam\/\",\"name\":\"FIEAM\",\"description\":\"Site Oficial!\",\"publisher\":{\"@id\":\"https:\/\/fieam.org.br\/fieam\/#organization\"},\"potentialAction\":[{\"@type\":\"SearchAction\",\"target\":{\"@type\":\"EntryPoint\",\"urlTemplate\":\"https:\/\/fieam.org.br\/fieam\/?s={search_term_string}\"},\"query-input\":{\"@type\":\"PropertyValueSpecification\",\"valueRequired\":true,\"valueName\":\"search_term_string\"}}],\"inLanguage\":\"pt-BR\"},{\"@type\":\"Organization\",\"@id\":\"https:\/\/fieam.org.br\/fieam\/#organization\",\"name\":\"FIEAM\",\"url\":\"https:\/\/fieam.org.br\/fieam\/\",\"logo\":{\"@type\":\"ImageObject\",\"inLanguage\":\"pt-BR\",\"@id\":\"https:\/\/fieam.org.br\/fieam\/#\/schema\/logo\/image\/\",\"url\":\"https:\/\/fieam.org.br\/fieam\/wp-content\/uploads\/sites\/9\/2024\/03\/cropped-fav.png\",\"contentUrl\":\"https:\/\/fieam.org.br\/fieam\/wp-content\/uploads\/sites\/9\/2024\/03\/cropped-fav.png\",\"width\":597,\"height\":598,\"caption\":\"FIEAM\"},\"image\":{\"@id\":\"https:\/\/fieam.org.br\/fieam\/#\/schema\/logo\/image\/\"}}]}<\/script>\n<!-- \/ Yoast SEO plugin. -->","yoast_head_json":{"title":"Institucional - FIEAM","robots":{"index":"index","follow":"follow","max-snippet":"max-snippet:-1","max-image-preview":"max-image-preview:large","max-video-preview":"max-video-preview:-1"},"canonical":"https:\/\/fieam.org.br\/fieam\/institucional\/","og_locale":"pt_BR","og_type":"article","og_title":"Institucional - FIEAM","og_description":"Institucional A Federa\u00e7\u00e3o das Ind\u00fastrias do Estado do Amazonas (FIEAM) A Federa\u00e7\u00e3o das Ind\u00fastrias do Estado do Amazonas (FIEAM) \u00e9 entidade integrante do Sistema Confedera\u00e7\u00e3o Nacional da Ind\u00fastria (CNI) que h\u00e1 65 anos, desde a sua funda\u00e7\u00e3o em 3 de agosto de 1960, luta pelo fortalecimento da ind\u00fastria no Amazonas. Em busca de adensamento da [&hellip;]","og_url":"https:\/\/fieam.org.br\/fieam\/institucional\/","og_site_name":"FIEAM","article_modified_time":"2025-10-23T17:40:28+00:00","og_image":[{"width":45,"height":38,"url":"https:\/\/fieam.org.br\/fieam\/wp-content\/uploads\/sites\/9\/2024\/02\/setas.png","type":"image\/png"}],"twitter_card":"summary_large_image","twitter_misc":{"Est. tempo de leitura":"1 minuto"},"schema":{"@context":"https:\/\/schema.org","@graph":[{"@type":"WebPage","@id":"https:\/\/fieam.org.br\/fieam\/institucional\/","url":"https:\/\/fieam.org.br\/fieam\/institucional\/","name":"Institucional - FIEAM","isPartOf":{"@id":"https:\/\/fieam.org.br\/fieam\/#website"},"primaryImageOfPage":{"@id":"https:\/\/fieam.org.br\/fieam\/institucional\/#primaryimage"},"image":{"@id":"https:\/\/fieam.org.br\/fieam\/institucional\/#primaryimage"},"thumbnailUrl":"https:\/\/fieam.org.br\/fieam\/wp-content\/uploads\/sites\/9\/2024\/02\/setas.png","datePublished":"2010-10-13T13:44:42+00:00","dateModified":"2025-10-23T17:40:28+00:00","breadcrumb":{"@id":"https:\/\/fieam.org.br\/fieam\/institucional\/#breadcrumb"},"inLanguage":"pt-BR","potentialAction":[{"@type":"ReadAction","target":["https:\/\/fieam.org.br\/fieam\/institucional\/"]}]},{"@type":"ImageObject","inLanguage":"pt-BR","@id":"https:\/\/fieam.org.br\/fieam\/institucional\/#primaryimage","url":"https:\/\/fieam.org.br\/fieam\/wp-content\/uploads\/sites\/9\/2024\/02\/setas.png","contentUrl":"https:\/\/fieam.org.br\/fieam\/wp-content\/uploads\/sites\/9\/2024\/02\/setas.png","width":45,"height":38},{"@type":"BreadcrumbList","@id":"https:\/\/fieam.org.br\/fieam\/institucional\/#breadcrumb","itemListElement":[{"@type":"ListItem","position":1,"name":"In\u00edcio","item":"https:\/\/fieam.org.br\/fieam\/"},{"@type":"ListItem","position":2,"name":"Institucional"}]},{"@type":"WebSite","@id":"https:\/\/fieam.org.br\/fieam\/#website","url":"https:\/\/fieam.org.br\/fieam\/","name":"FIEAM","description":"Site Oficial!","publisher":{"@id":"https:\/\/fieam.org.br\/fieam\/#organization"},"potentialAction":[{"@type":"SearchAction","target":{"@type":"EntryPoint","urlTemplate":"https:\/\/fieam.org.br\/fieam\/?s={search_term_string}"},"query-input":{"@type":"PropertyValueSpecification","valueRequired":true,"valueName":"search_term_string"}}],"inLanguage":"pt-BR"},{"@type":"Organization","@id":"https:\/\/fieam.org.br\/fieam\/#organization","name":"FIEAM","url":"https:\/\/fieam.org.br\/fieam\/","logo":{"@type":"ImageObject","inLanguage":"pt-BR","@id":"https:\/\/fieam.org.br\/fieam\/#\/schema\/logo\/image\/","url":"https:\/\/fieam.org.br\/fieam\/wp-content\/uploads\/sites\/9\/2024\/03\/cropped-fav.png","contentUrl":"https:\/\/fieam.org.br\/fieam\/wp-content\/uploads\/sites\/9\/2024\/03\/cropped-fav.png","width":597,"height":598,"caption":"FIEAM"},"image":{"@id":"https:\/\/fieam.org.br\/fieam\/#\/schema\/logo\/image\/"}}]}},"_links":{"self":[{"href":"https:\/\/fieam.org.br\/fieam\/wp-json\/wp\/v2\/pages\/16","targetHints":{"allow":["GET"]}}],"collection":[{"href":"https:\/\/fieam.org.br\/fieam\/wp-json\/wp\/v2\/pages"}],"about":[{"href":"https:\/\/fieam.org.br\/fieam\/wp-json\/wp\/v2\/types\/page"}],"author":[{"embeddable":true,"href":"https:\/\/fieam.org.br\/fieam\/wp-json\/wp\/v2\/users\/1"}],"replies":[{"embeddable":true,"href":"https:\/\/fieam.org.br\/fieam\/wp-json\/wp\/v2\/comments?post=16"}],"version-history":[{"count":15,"href":"https:\/\/fieam.org.br\/fieam\/wp-json\/wp\/v2\/pages\/16\/revisions"}],"predecessor-version":[{"id":17501,"href":"https:\/\/fieam.org.br\/fieam\/wp-json\/wp\/v2\/pages\/16\/revisions\/17501"}],"wp:attachment":[{"href":"https:\/\/fieam.org.br\/fieam\/wp-json\/wp\/v2\/media?parent=16"}],"curies":[{"name":"wp","href":"https:\/\/api.w.org\/{rel}","templated":true}]}}