{"id":14981,"date":"2010-11-17T21:35:19","date_gmt":"2010-11-17T21:35:19","guid":{"rendered":"http:\/\/www.fieam.org.br\/site\/fieam\/"},"modified":"2024-03-07T04:29:09","modified_gmt":"2024-03-07T04:29:09","slug":"federacoes","status":"publish","type":"page","link":"https:\/\/fieam.org.br\/fieam\/federacoes\/","title":{"rendered":"Federa\u00e7\u00f5es"},"content":{"rendered":"\t\t<div data-elementor-type=\"wp-page\" data-elementor-id=\"14981\" class=\"elementor elementor-14981\" data-elementor-post-type=\"page\">\n\t\t\t\t\t\t<section class=\"elementor-section elementor-top-section elementor-element elementor-element-5d5f779 elementor-section-boxed elementor-section-height-default elementor-section-height-default\" data-id=\"5d5f779\" data-element_type=\"section\" data-settings=\"{&quot;background_background&quot;:&quot;classic&quot;,&quot;ekit_has_onepagescroll_dot&quot;:&quot;yes&quot;}\">\n\t\t\t\t\t\t\t<div class=\"elementor-background-overlay\"><\/div>\n\t\t\t\t\t\t\t<div class=\"elementor-container elementor-column-gap-default\">\n\t\t\t\t\t<div class=\"elementor-column elementor-col-100 elementor-top-column elementor-element elementor-element-2a4d94b\" data-id=\"2a4d94b\" data-element_type=\"column\">\n\t\t\t<div class=\"elementor-widget-wrap elementor-element-populated\">\n\t\t\t\t\t\t<div class=\"elementor-element elementor-element-d422a34 elementor-widget__width-auto elementor-invisible elementor-widget elementor-widget-image\" data-id=\"d422a34\" data-element_type=\"widget\" data-settings=\"{&quot;_animation&quot;:&quot;rotateIn&quot;,&quot;_animation_delay&quot;:720,&quot;ekit_we_effect_on&quot;:&quot;none&quot;}\" data-widget_type=\"image.default\">\n\t\t\t\t<div class=\"elementor-widget-container\">\n\t\t\t\t\t\t\t\t\t\t\t\t\t\t\t<img decoding=\"async\" width=\"45\" height=\"38\" src=\"https:\/\/fieam.org.br\/fieam\/wp-content\/uploads\/sites\/9\/2024\/02\/setas.png\" class=\"attachment-full size-full wp-image-4668\" alt=\"\" \/>\t\t\t\t\t\t\t\t\t\t\t\t\t\t\t<\/div>\n\t\t\t\t<\/div>\n\t\t\t\t<div class=\"elementor-element elementor-element-d017f85 elementor-invisible elementor-widget elementor-widget-heading\" data-id=\"d017f85\" data-element_type=\"widget\" data-settings=\"{&quot;_animation&quot;:&quot;fadeInDown&quot;,&quot;ekit_we_effect_on&quot;:&quot;none&quot;}\" data-widget_type=\"heading.default\">\n\t\t\t\t<div class=\"elementor-widget-container\">\n\t\t\t\t\t<h2 class=\"elementor-heading-title elementor-size-default\">Federa\u00e7\u00f5es<\/h2>\t\t\t\t<\/div>\n\t\t\t\t<\/div>\n\t\t\t\t<div class=\"elementor-element elementor-element-3d71a07 elementor-invisible elementor-widget elementor-widget-heading\" data-id=\"3d71a07\" data-element_type=\"widget\" data-settings=\"{&quot;_animation&quot;:&quot;fadeInUp&quot;,&quot;ekit_we_effect_on&quot;:&quot;none&quot;}\" data-widget_type=\"heading.default\">\n\t\t\t\t<div class=\"elementor-widget-container\">\n\t\t\t\t\t<div class=\"elementor-heading-title elementor-size-default\">Sistema Federa\u00e7\u00e3o das Ind\u00fastrias do Estado do Amazonas. <\/div>\t\t\t\t<\/div>\n\t\t\t\t<\/div>\n\t\t\t\t\t<\/div>\n\t\t<\/div>\n\t\t\t\t\t<\/div>\n\t\t<\/section>\n\t\t<div class=\"elementor-element elementor-element-22815097 e-flex e-con-boxed e-con e-parent\" data-id=\"22815097\" data-element_type=\"container\" data-settings=\"{&quot;ekit_has_onepagescroll_dot&quot;:&quot;yes&quot;}\">\n\t\t\t\t\t<div class=\"e-con-inner\">\n\t\t\t\t<div class=\"elementor-element elementor-element-b0a9f70 elementor-widget elementor-widget-text-editor\" data-id=\"b0a9f70\" data-element_type=\"widget\" data-settings=\"{&quot;ekit_we_effect_on&quot;:&quot;none&quot;}\" data-widget_type=\"text-editor.default\">\n\t\t\t\t<div class=\"elementor-widget-container\">\n\t\t\t\t\t\t\t\t\t[su_accordion]&nbsp;\n[su_spoiler title=&#8221;<strong>FEDERA\u00c7\u00c3O DAS IND\u00daSTRIAS DO ESTADO DO ACRE<\/strong>&#8220;]\nPRESIDENTE&nbsp;JOS\u00c9 ADRIANO RIBEIRO DA SILVA\nENDERE\u00c7O: AV. CEAR\u00c1, 3727 &#8211; BAIRRO: DA FLORESTA CEP: 69.918-108\nTELEFONE:(68) 3212-4200\/ 4201\/ 4202 FAX:(68) 3212-4203\nSITE: WWW.FIEAC.ORG.BR EMAIL: <a href=\"https:\/\/www.fieac.org.br\/\">fieac@fieac.org.br<\/a>\n\n[\/su_spoiler]\n[su_spoiler title=&#8221;<strong>FEDERA\u00c7\u00c3O DAS IND\u00daSTRIAS DO ESTADO DE ALAGOAS<\/strong>&#8220;]\nPRESIDENTE JOS\u00c9 CARLOS LYRA DE ANDRADE\nENDERE\u00c7O: AV. FERNANDES LIMA, 385 &#8211; 5\u00baAND &#8211; ED. CASA DA IND., &#8211; BAIRRO: FAROL CEP: 57055902\nTELEFONE:(82) 2121-3000 \/ 3003\/3002 FAX:(82) 2121-3022\/3083\nSITE: WWW.FIEA.ORG.BR EMAIL: <a href=\"https:\/\/www.fiea.com.br\/\">faleconosco@fiea.org.br <\/a>\/ jclyra@fiea.org.br\n\n[\/su_spoiler]\n[su_spoiler title=&#8221;<strong>FEDERA\u00c7\u00c3O DAS IND\u00daSTRIAS DO ESTADO DO AMAP\u00c1<\/strong>&#8220;]\nPRESIDENTE&nbsp;CARLOS ALBERTO RODRIGUES DO CARMO\nENDERE\u00c7O: AV. PADRE J\u00daLIO MARIA LOMBARDI, 2000 &#8211; BAIRRO: SANTA RITA CEP: 68900040\nTELEFONE:(96) 3084-8900\/ 8906 FAX:(96) 3084-8918\nSITE: WWW.FIEAP.ORG.BR EMAIL: gabisesi@bno.com.br \/ fieap1@hotmail.com\n\n[\/su_spoiler]\n[su_spoiler title=&#8221;<strong>FEDERA\u00c7\u00c3O DAS IND\u00daSTRIAS DO ESTADO DO AMAZONAS<\/strong>&#8220;]\nPRESIDENTE ANTONIO CARLOS DA SILVA\nENDERE\u00c7O: AV. JOAQUIM NABUCO, 1919 &#8211; BAIRRO: CENTRO CEP: 69020031\nTELEFONE:(92) 3186-6500\/6506 FAX:(92) 3232-9949\/3233-2091\nSITE: WWW.FIEAM.ORG.BR EMAIL: <a href=\"http:\/\/www.fieam.org.br\/\">presidencia@fieam.org.br<\/a>\/secretaria@fieam.org.br\n\n[\/su_spoiler]\n[su_spoiler title=&#8221;<strong>FEDERA\u00c7\u00c3O DAS IND\u00daSTRIAS DO ESTADO DA BAHIA<\/strong>&#8220;]\nPRESIDENTE&nbsp;ANTONIO RICARDO ALVAREZ ALBAN\nENDERE\u00c7O: RUA EDISTIO POND\u00c9, 342 &#8211; EDIF. SEN. ALBANO FRANCO, &#8211; BAIRRO: STIEP CEP: 41770395\nTELEFONE:(71) 3343-1200\/3343-1201 FAX:(71) 3879-1613\nSITE: WWW.FIEB.ORG.BR EMAIL: <a href=\"https:\/\/www.fieb.org.br\/\">presidencia@fieb.org.br<\/a> &#8211; SITE: www.fieb.org.br\n\n[\/su_spoiler]\n[su_spoiler title=&#8221;<strong>FEDERA\u00c7\u00c3O DAS IND\u00daSTRIAS DO ESTADO DO CEAR\u00c1<\/strong>&#8220;]\nPRESIDENTE JORGE ALBERTO VIEIRA STUDART GOMES\nENDERE\u00c7O: AV. BAR\u00c3O STUDART, 1980 &#8211; 5\u00ba AND &#8211; CASA DA IND., &#8211; BAIRRO: ALDEOTA CEP: 60120001\nTELEFONE:(85) 3466-5400\/3466-5400\/ 5402\/ 5404\/ 5405 FAX:(85) 3261-5677\nSITE: WWW.SFIEC.ORG.BR EMAIL: <a href=\"https:\/\/www1.sfiec.org.br\/\">presidencia@sfiec.org.br<\/a>\n\n[\/su_spoiler]\n[su_spoiler title=&#8221;<strong>FEDERA\u00c7\u00c3O DAS IND\u00daSTRIAS DO DISTRITO FEDERAL<\/strong>&#8220;]\nPRESIDENTE&nbsp;JAMAL JORGE BITTAR\nENDERE\u00c7O: SIA &#8211; TRECHO 3 &#8211; LOTE 225 &#8211; 2\u00ba AND &#8211; EDIF. FIBRA, &#8211; BAIRRO: GUAR\u00c1 CEP: 71200030\nTELEFONE:(61) 3362-6020\/6046 FAX:(61) 3362-6020\/6046\/3879\/ 3362-3879\nSITE: WWW.SISTEMAFIBRA.ORG.BR EMAIL: <a href=\"https:\/\/www.sistemafibra.org.br\/fibra\/\">presidencia@sistemafibra.org.br<\/a>\n\n[\/su_spoiler]\n[su_spoiler title=&#8221;<strong>FEDERA\u00c7\u00c3O DAS IND\u00daSTRIAS DO ESTADO DO ESP\u00cdRITO SANTO<\/strong>&#8220;]\nPRESIDENTE&nbsp;&nbsp;LEONARDO SOUZA ROG\u00c9RIO DE CASTRO\nENDERE\u00c7O: AV. N. SRA. DA PENHA &#8211; 8\u00ba ANDAR &#8211; ED. FINDES, 2.053 &#8211; BAIRRO: SANTA LUC\u00cdA CEP: 29056913\nTELEFONE:(27) 3334-5600\/5603\/5606\/5607 FAX:(27)3329-2975\/3334-5602\nSITE: WWW.SISTEMAFINDES.ORG.BR EMAIL: <a href=\"https:\/\/findes.com.br\/\">presidencia@findes.org.br<\/a>\n\n[\/su_spoiler]\n[su_spoiler title=&#8221;<strong>FEDERA\u00c7\u00c3O DAS IND\u00daSTRIAS DO ESTADO DE GOI\u00c1S<\/strong>&#8220;]\nPRESIDENTE PEDRO ALVES DE OLIVEIRA\nENDERE\u00c7O: AV. ARAGUAIA, 1544 &#8211; EDIF. ALBANO FRANCO &#8211; CID. DA, IND. &#8211; BAIRRO: VILA NOVA CEP: 74645070\nTELEFONE:(62) 3219-1366\/ 1368 FAX:(62) 3229-2975\nSITE: WWW.FIEG.ORG.BR EMAIL: gilvania@sistemafieg.org.br\/ <a href=\"https:\/\/fieg.com.br\/home\">fieg@fieg.org.br<\/a>\/ presidencia@sistemafieg.org.br\n[\/su_spoiler]\n[su_spoiler title=&#8221;<strong>FEDERA\u00c7\u00c3O DAS IND\u00daSTRIAS DO ESTADO DO MATO GROSSO<\/strong>&#8220;]\nPRESIDENTE JANDIR JOS\u00c9 MILAN\nENDERE\u00c7O: AV. HIST. RUBENS DE MENDON\u00c7A &#8211; EDIF. CASA DA IND., 4193 &#8211; BAIRRO: BOSQUE DA SA\u00daDE CEP: 78055500\nTELEFONE:(65) 3611-1555\/1503 FAX:(65) 3644-1175\/ 1023\/ 1557\nSITE: WWW.FIEMT.COM.BR EMAIL: <a href=\"https:\/\/www.fiemt.ind.br\/\">presidencia@fiemt.com.br<\/a>\n[\/su_spoiler]\n[su_spoiler title=&#8221;<strong>FEDERA\u00c7\u00c3O DAS IND\u00daSTRIAS DO ESTADO DE MATO GROSSO DO SUL<\/strong>&#8220;]\nPRESIDENTE S\u00c9RGIO MARCOLINO LONGEN\nENDERE\u00c7O: AV. AFONSO PENA, 1206 &#8211; 5\u00ba AND &#8211; ED. CASA DA IND., &#8211; BAIRRO: CENTRO CEP: 79005901\nTELEFONE:(67) 3389-9000\/ 9001\/ 9002\/ 9003\/ 3724-8693\/ 8695 FAX:(67) 3324-8686\/8696\nSITE: WWW.FIEMS.ORG.BR EMAIL: sergio@fiems.org.br\/ <a href=\"https:\/\/www.fiems.com.br\/\">gabinete@fiems.org.br<\/a>\n\n[\/su_spoiler]\n[su_spoiler title=&#8221;<strong>FEDERA\u00c7\u00c3O DAS IND\u00daSTRIAS DO ESTADO DO MARANH\u00c3O<\/strong>&#8220;]\nPRESIDENTE EDILSON BALDEZ DAS NEVES\nENDERE\u00c7O: AV. JER\u00d4NIMO DE ALBUQUERQUE &#8211; EDIF CASA DA IND., S\/N\u00ba &#8211; BAIRRO: CEP: 69076001\nTELEFONE:(98) 3212-1800\/ 1818 FAX:(98) 3212-1804\nSITE: WWW.FIEMA.ORG.BR EMAIL: <a href=\"https:\/\/www.fiema.org.br\/\">fiema@fiema.org.br<\/a>\/ presidencia@fiema.org.br\n\n[\/su_spoiler]\n[su_spoiler title=&#8221;<strong>FEDERA\u00c7\u00c3O DAS IND\u00daSTRIAS DO ESTADO DE MINAS GERAIS<\/strong>&#8220;]\nPRESIDENTE&nbsp;FL\u00c1VIO RISCOE NOGUEIRA\nENDERE\u00c7O: AV. DO CONTORNO &#8211; EDIF. ROBSON BRAGA DE ANDRADE, 4456 &#8211; BAIRRO: FUNCION\u00c1RIOS CEP: 30110916\nTELEFONE:(31) 3263-4451\/4452\/4453\/4482\/4200\/4200 FAX:(31) 3225-6201\nSITE: WWW.FIEMG.COM.BR EMAIL: <a href=\"https:\/\/www7.fiemg.com.br\/fiemg\">presidencia@fiemg.com.br<\/a>\/ gabinete@fiemg.com.br\n\n[\/su_spoiler]\n[su_spoiler title=&#8221;<strong>FEDERA\u00c7\u00c3O DAS IND\u00daSTRIAS DO ESTADO DO PAR\u00c1<\/strong>&#8220;]\nPRESIDENTE JOS\u00c9 CONRADO AZEVEDO DOS SANTOS\nENDERE\u00c7O: TRAV. QUINTINO BOCAI\u00daVA, 1588 &#8211; 8\u00ba AND., &#8211; BAIRRO: NAZAR\u00c9 CEP: 66035190\nTELEFONE:(91) 4009-4806\/ 4807\/ 4808\/ 4810 FAX:(91) 3224-7415\/ 4412\nSITE: WWW.FIEPA.ORG.BR EMAIL: <a href=\"https:\/\/www.fiepa.org.br\/\">secretaria@fiepa.org.br<\/a>\n\n[\/su_spoiler]\n[su_spoiler title=&#8221;<strong>FEDERA\u00c7\u00c3O DAS IND\u00daSTRIAS DO ESTADO DA PARA\u00cdBA<\/strong>&#8220;]\nPRESIDENTE FRANCISCO DE ASSIS BENEVIDES GADELHA\nENDERE\u00c7O: RUA MANOEL GUIMAR\u00c3ES, 195 &#8211; BAIRRO: JOS\u00c9 PINHEIRO CEP: 58100440\nTELEFONE:(83) 3310-5300\/ 5323\/ 2101-5326 FAX:(83) 3321-8773\/ 6141\nSITE: WWW.FIEPB.COM.BR EMAIL: fiepb@fiepb.org.br\n\n[\/su_spoiler]\n[su_spoiler title=&#8221;<strong>FEDERA\u00c7\u00c3O DAS IND\u00daSTRIAS DO ESTADO DO PARAN\u00c1<\/strong>&#8220;]\nPRESIDENTE EDSON LUIZ CAMPAGNOLO\nENDERE\u00c7O: AV. C\u00c2NDIDO DE ABREU, 200, 6\u00ba AND &#8211; BAIRRO: CENTRO CIVICO CEP: 80530902\nTELEFONE:(41) 3271-9016\/ FAX:(41) 3271-9020\nSITE: WWW.FIEPR.ORG.BR EMAIL: gabinete@fiepr.com.br\/ <a href=\"https:\/\/fiepb.com.br\/\">www.fiepr.com<\/a>\n\n[\/su_spoiler]\n[su_spoiler title=&#8221;<strong>FEDERA\u00c7\u00c3O DAS IND\u00daSTRIAS DO ESTADO DE PERNAMBUCO<\/strong>&#8220;]\nPRESIDENTE&nbsp;RICARDO ESSINGER\nENDERE\u00c7O: AV. CRUZ CABUG\u00c1, 767 &#8211; 6\u00ba AND &#8211; ED. CASA DA IND. J, ALIMONDA &#8211; BAIRRO: SANTO AMARO CEP: 50040000\nTELEFONE:(81) 3412-8300 FAX:(81) 3231-6302\/3412-8405\nSITE: WWW.FIEPE.ORG.BR EMAIL: presi@fiepe.org.br\/ <a href=\"http:\/\/fiepe.org.br\/\">presi@fiepe.org.br<\/a>\n\n[\/su_spoiler]\n[su_spoiler title=&#8221;<strong>FEDERA\u00c7\u00c3O DAS IND\u00daSTRIAS DO ESTADO DO PIAU\u00cd<\/strong>&#8220;]\nPRESIDENTE ANT\u00d4NIO JOS\u00c9 DE MORAES SOUZA FILHO\nENDERE\u00c7O: RUA RIACHUELO, 455 &#8211; BAIRRO: CENTRO CEP: 64200280\nTELEFONE:(86) 3322-2303\/ 2323\/ 3321-2594 FAX:(86) 3322-2531\nSITE: WWW.FIEPI.COM.BR EMAIL: <a href=\"https:\/\/fiepi.com.br\/\">fiepi@parnet.org.br<\/a>\n\n[\/su_spoiler]\n[su_spoiler title=&#8221;<strong>FEDERA\u00c7\u00c3O DAS IND\u00daSTRIAS DO ESTADO DO RIO DE JANEIRO<\/strong>&#8220;]\nPRESIDENTE EDUARDO EUG\u00caNIO GOUV\u00caA VIEIRA\nENDERE\u00c7O: AV. GRA\u00c7A ARANHA, 12\u00ba AND &#8211; COND. JO\u00c3O DONATO, 1 &#8211; BAIRRO: CENTRO CEP: 20030002\nTELEFONE:(21) 2563-4455\/ 4120 FAX:(21) 2262-8780\/ 6705\nSITE: WWW.FIRJAN.ORG.BR EMAIL: <a href=\"https:\/\/firjan.com.br\/pagina-inicial.htm\">eegv@firjan.org.br<\/a> \/ presidencia@firjan.org.br\n\n[\/su_spoiler]\n[su_spoiler title=&#8221;<strong>FEDERA\u00c7\u00c3O DAS IND\u00daSTRIAS DO ESTADO DO RIO GRANDE DO NORTE<\/strong>&#8220;]\nPRESIDENTE AMARO SALES DE ARA\u00daJO\nENDERE\u00c7O: AV. SENADOR SALGADO FILHO, 8\u00ba ANDAR, 2860 &#8211; BAIRRO: LAGOA NOVA CEP: 59075900\nTELEFONE:(84) 3204-6262\/ 6291\/6265 FAX:(84) 3204-6278\nSITE: WWW.FIERN.ORG.BR EMAIL: <a href=\"https:\/\/www.fiern.org.br\/\">presidencia@fiern.org.br<\/a> \/ diretoria@fiern.org.br\n[\/su_spoiler]\n[su_spoiler title=&#8221;<strong>FEDERA\u00c7\u00c3O DAS IND\u00daSTRIAS DO ESTADO DO RIO GRANDE DO SUL<\/strong>&#8220;]\nPRESIDENTE&nbsp;GILBERTO PORCELLO PETRY\nENDERE\u00c7O: AV. ASSIS BRASIL &#8211; 8\u00ba ANDAR, 8787 &#8211; BAIRRO: SARANDI CEP: 91140001\nTELEFONE:(51) 3347-8711\/8712 FAX:(51)3347-8789\/ 8787\nSITE: WWW.FIERGS.ORG.BR EMAIL: <a href=\"https:\/\/www.fiergs.org.br\/\">presidente@fierg.com<\/a>\/ presidente@poa.fierg.org.br\n\n[\/su_spoiler]\n[su_spoiler title=&#8221;<strong>FEDERA\u00c7\u00c3O DAS IND\u00daSTRIAS DO ESTADO DE ROND\u00d4NIA<\/strong>&#8220;]\nPRESIDENTE&nbsp;MARCELO THOM\u00c9 DA SILVA DE ALMEIDA\nENDERE\u00c7O: RUA RUI BARBOSA, 1112 &#8211; BAIRRO: ARIGOL\u00c2NDIA CEP: 76801186\nTELEFONE:(69) 3216-3457\/ 3216\/ 3414 FAX:(69) 3216-3424\/ 3414\nSITE: WWW.FIERO.ORG.BR EMAIL: presidencia@fiero.org.br\n\n[\/su_spoiler]\n[su_spoiler title=&#8221;<strong>FEDERA\u00c7\u00c3O DAS IND\u00daSTRIAS DO ESTADO DE RORAIMA<\/strong>&#8220;]\nPRESIDENTE RIVALDO FERNANDES NEVES\nENDERE\u00c7O: AVE. BENJAMIN CONSTANT, 876 &#8211; BAIRRO: CENTRO CEP:&nbsp;69301-020\nTELEFONE:(95)&nbsp;4009-5353 \/ 5367 FAX:(95)&nbsp;3224-1557\nSITE: WWW.FIER.ORG.BR EMAIL: <a href=\"https:\/\/portal.fiero.org.br\/\">gab.fierr@sesi.org.br<\/a>\n\n[\/su_spoiler]\n[su_spoiler title=&#8221;<strong>FEDERA\u00c7\u00c3O DAS IND\u00daSTRIAS DO ESTADO DE SANTA CATARINA<\/strong>&#8220;]\nPRESIDENTE&nbsp;M\u00c1RIO CEZAR DE AGUIAR\nENDERE\u00c7O: RODOVIA ADMAR GONZAGA, 2765 &#8211; BAIRRO: ITACORUBI CEP: 88010970\nTELEFONE:(48) 3231-4100\/ 4116\/ 4114\/ 4118\/ 4200 FAX:(48) 3224-1557\nSITE: WWW.FIESCNET.COM.BR EMAIL: fiesc@fiescnet.com.br\/ <a href=\"https:\/\/fiesc.com.br\/\">alcantaro@fiescnet.com.br<\/a>\n\n[\/su_spoiler]\n[su_spoiler title=&#8221;<strong>FEDERA\u00c7\u00c3O DAS IND\u00daSTRIAS DO ESTADO DE S\u00c3O PAULO<\/strong>&#8220;]\nPRESIDENTE PAULO ANTONIO SKAF\nENDERE\u00c7O: AV. PAULISTA, 1313, 14\u00ba AND &#8211; BAIRRO: BELA VISTA CEP: 01311923\nTELEFONE:(11) 3549-4304\/4613\/4399 FAX:(11) 3549-4537\nSITE: WWW.FIESP.ORG.BR EMAIL: <a href=\"https:\/\/www.fiesp.com.br\/\">presidencia@fiesp.org.br<\/a>\n[\/su_spoiler]\n[su_spoiler title=&#8221;<strong>FEDERA\u00c7\u00c3O DAS IND\u00daSTRIAS DO ESTADO DE SERGIPE<\/strong>&#8220;]\nPRESIDENTE EDUARDO PRADO DE OLIVEIRA\nENDERE\u00c7O: AV. DR. CARLOS ROD. DA CRUZ &#8211; C. A. AUGUSTO, ED. ALB. &#8211; BAIRRO: CAPUCHO CEP: 49080190\nTELEFONE:(79) 3226-7472\/ 7476\/ 7477\/ 7490 FAX:(79) 3226-7493\nSITE: WWW.FIES.ORG.BR EMAIL: <a href=\"https:\/\/www.fies.org.br\/\">fies@se.senai.br<\/a>\n[\/su_spoiler]\n[su_spoiler title=&#8221;<strong>FEDERA\u00c7\u00c3O DAS IND\u00daSTRIAS DO ESTADO DO TOCANTINS<\/strong>&#8220;]\nPRESIDENTE ROBERTO PIRES (ROBERTO MAGNO MARTINS)\nENDERE\u00c7O: 104 SUL &#8211; RUA SE 03 &#8211; EDIF. ARMANDO MONTEIRO NETO, LOTE 29 &#8211; BAIRRO: PLANO DIRETOR NORTE CEP: 77020016\nTELEFONE:(63) 3228-8860\/8869\/8870 FAX:(63) 32288871\nSITE: WWW.FIETO.ORG.BR EMAIL: <a href=\"http:\/\/www.fieto.com.br\/\">gabin@fieto.com.br<\/a>\n\n[\/su_spoiler]\n[su_spoiler title=&#8221;<strong>CONFEDERA\u00c7\u00c3O NACIONAL DA IND\u00daSTRIA &#8211; CNI\/BRASILIA<\/strong>&#8220;]\nPRESIDENTE ROBSON BRAGA DE ANDRADE\nENDERE\u00c7O: SBN &#8211; QD. 01 &#8211; BL. C, 17\u00ba AND. &#8211; BAIRRO: EDIF. ROBERTO SIMONSEN CEP: 70040903\nTELEFONE:(61) 3317-9000\/9060\/9501\/9502 FAX:(61) 3317-9500\nSITE: <a href=\"https:\/\/www.portaldaindustria.com.br\/cni\/\">WWW.CNI.ORG.BR<\/a>\n\n[\/su_accordion]\t\t\t\t\t\t\t\t<\/div>\n\t\t\t\t<\/div>\n\t\t\t\t\t<\/div>\n\t\t\t\t<\/div>\n\t\t\t\t<\/div>\n\t\t","protected":false},"excerpt":{"rendered":"<p>Federa\u00e7\u00f5es Sistema Federa\u00e7\u00e3o das Ind\u00fastrias do Estado do Amazonas. [su_accordion]&nbsp; [su_spoiler title=&#8221;FEDERA\u00c7\u00c3O DAS IND\u00daSTRIAS DO ESTADO DO ACRE&#8220;] PRESIDENTE&nbsp;JOS\u00c9 ADRIANO RIBEIRO DA SILVA ENDERE\u00c7O: AV. CEAR\u00c1, 3727 &#8211; BAIRRO: DA FLORESTA CEP: 69.918-108 TELEFONE:(68) 3212-4200\/ 4201\/ 4202 FAX:(68) 3212-4203 SITE: WWW.FIEAC.ORG.BR EMAIL: fieac@fieac.org.br [\/su_spoiler] [su_spoiler title=&#8221;FEDERA\u00c7\u00c3O DAS IND\u00daSTRIAS DO ESTADO DE ALAGOAS&#8220;] PRESIDENTE JOS\u00c9 CARLOS [&hellip;]<\/p>\n","protected":false},"author":1,"featured_media":0,"parent":0,"menu_order":0,"comment_status":"closed","ping_status":"closed","template":"","meta":{"footnotes":""},"class_list":["post-14981","page","type-page","status-publish","hentry"],"yoast_head":"<!-- This site is optimized with the Yoast SEO plugin v26.8 - https:\/\/yoast.com\/product\/yoast-seo-wordpress\/ -->\n<title>Federa\u00e7\u00f5es - FIEAM<\/title>\n<meta name=\"robots\" content=\"index, follow, max-snippet:-1, max-image-preview:large, max-video-preview:-1\" \/>\n<link rel=\"canonical\" href=\"https:\/\/fieam.org.br\/fieam\/federacoes\/\" \/>\n<meta property=\"og:locale\" content=\"pt_BR\" \/>\n<meta property=\"og:type\" content=\"article\" \/>\n<meta property=\"og:title\" content=\"Federa\u00e7\u00f5es - FIEAM\" \/>\n<meta property=\"og:description\" content=\"Federa\u00e7\u00f5es Sistema Federa\u00e7\u00e3o das Ind\u00fastrias do Estado do Amazonas. [su_accordion]&nbsp; [su_spoiler title=&#8221;FEDERA\u00c7\u00c3O DAS IND\u00daSTRIAS DO ESTADO DO ACRE&#8220;] PRESIDENTE&nbsp;JOS\u00c9 ADRIANO RIBEIRO DA SILVA ENDERE\u00c7O: AV. CEAR\u00c1, 3727 &#8211; BAIRRO: DA FLORESTA CEP: 69.918-108 TELEFONE:(68) 3212-4200\/ 4201\/ 4202 FAX:(68) 3212-4203 SITE: WWW.FIEAC.ORG.BR EMAIL: fieac@fieac.org.br [\/su_spoiler] [su_spoiler title=&#8221;FEDERA\u00c7\u00c3O DAS IND\u00daSTRIAS DO ESTADO DE ALAGOAS&#8220;] PRESIDENTE JOS\u00c9 CARLOS [&hellip;]\" \/>\n<meta property=\"og:url\" content=\"https:\/\/fieam.org.br\/fieam\/federacoes\/\" \/>\n<meta property=\"og:site_name\" content=\"FIEAM\" \/>\n<meta property=\"article:modified_time\" content=\"2024-03-07T04:29:09+00:00\" \/>\n<meta property=\"og:image\" content=\"https:\/\/fieam.org.br\/fieam\/wp-content\/uploads\/sites\/9\/2024\/02\/setas.png\" \/>\n\t<meta property=\"og:image:width\" content=\"45\" \/>\n\t<meta property=\"og:image:height\" content=\"38\" \/>\n\t<meta property=\"og:image:type\" content=\"image\/png\" \/>\n<meta name=\"twitter:card\" content=\"summary_large_image\" \/>\n<meta name=\"twitter:label1\" content=\"Est. tempo de leitura\" \/>\n\t<meta name=\"twitter:data1\" content=\"7 minutos\" \/>\n<script type=\"application\/ld+json\" class=\"yoast-schema-graph\">{\"@context\":\"https:\/\/schema.org\",\"@graph\":[{\"@type\":\"WebPage\",\"@id\":\"https:\/\/fieam.org.br\/fieam\/federacoes\/\",\"url\":\"https:\/\/fieam.org.br\/fieam\/federacoes\/\",\"name\":\"Federa\u00e7\u00f5es - FIEAM\",\"isPartOf\":{\"@id\":\"https:\/\/fieam.org.br\/fieam\/#website\"},\"primaryImageOfPage\":{\"@id\":\"https:\/\/fieam.org.br\/fieam\/federacoes\/#primaryimage\"},\"image\":{\"@id\":\"https:\/\/fieam.org.br\/fieam\/federacoes\/#primaryimage\"},\"thumbnailUrl\":\"https:\/\/fieam.org.br\/fieam\/wp-content\/uploads\/sites\/9\/2024\/02\/setas.png\",\"datePublished\":\"2010-11-17T21:35:19+00:00\",\"dateModified\":\"2024-03-07T04:29:09+00:00\",\"breadcrumb\":{\"@id\":\"https:\/\/fieam.org.br\/fieam\/federacoes\/#breadcrumb\"},\"inLanguage\":\"pt-BR\",\"potentialAction\":[{\"@type\":\"ReadAction\",\"target\":[\"https:\/\/fieam.org.br\/fieam\/federacoes\/\"]}]},{\"@type\":\"ImageObject\",\"inLanguage\":\"pt-BR\",\"@id\":\"https:\/\/fieam.org.br\/fieam\/federacoes\/#primaryimage\",\"url\":\"https:\/\/fieam.org.br\/fieam\/wp-content\/uploads\/sites\/9\/2024\/02\/setas.png\",\"contentUrl\":\"https:\/\/fieam.org.br\/fieam\/wp-content\/uploads\/sites\/9\/2024\/02\/setas.png\",\"width\":45,\"height\":38},{\"@type\":\"BreadcrumbList\",\"@id\":\"https:\/\/fieam.org.br\/fieam\/federacoes\/#breadcrumb\",\"itemListElement\":[{\"@type\":\"ListItem\",\"position\":1,\"name\":\"In\u00edcio\",\"item\":\"https:\/\/fieam.org.br\/fieam\/\"},{\"@type\":\"ListItem\",\"position\":2,\"name\":\"Federa\u00e7\u00f5es\"}]},{\"@type\":\"WebSite\",\"@id\":\"https:\/\/fieam.org.br\/fieam\/#website\",\"url\":\"https:\/\/fieam.org.br\/fieam\/\",\"name\":\"FIEAM\",\"description\":\"Site Oficial!\",\"publisher\":{\"@id\":\"https:\/\/fieam.org.br\/fieam\/#organization\"},\"potentialAction\":[{\"@type\":\"SearchAction\",\"target\":{\"@type\":\"EntryPoint\",\"urlTemplate\":\"https:\/\/fieam.org.br\/fieam\/?s={search_term_string}\"},\"query-input\":{\"@type\":\"PropertyValueSpecification\",\"valueRequired\":true,\"valueName\":\"search_term_string\"}}],\"inLanguage\":\"pt-BR\"},{\"@type\":\"Organization\",\"@id\":\"https:\/\/fieam.org.br\/fieam\/#organization\",\"name\":\"FIEAM\",\"url\":\"https:\/\/fieam.org.br\/fieam\/\",\"logo\":{\"@type\":\"ImageObject\",\"inLanguage\":\"pt-BR\",\"@id\":\"https:\/\/fieam.org.br\/fieam\/#\/schema\/logo\/image\/\",\"url\":\"https:\/\/fieam.org.br\/fieam\/wp-content\/uploads\/sites\/9\/2024\/03\/cropped-fav.png\",\"contentUrl\":\"https:\/\/fieam.org.br\/fieam\/wp-content\/uploads\/sites\/9\/2024\/03\/cropped-fav.png\",\"width\":597,\"height\":598,\"caption\":\"FIEAM\"},\"image\":{\"@id\":\"https:\/\/fieam.org.br\/fieam\/#\/schema\/logo\/image\/\"}}]}<\/script>\n<!-- \/ Yoast SEO plugin. -->","yoast_head_json":{"title":"Federa\u00e7\u00f5es - FIEAM","robots":{"index":"index","follow":"follow","max-snippet":"max-snippet:-1","max-image-preview":"max-image-preview:large","max-video-preview":"max-video-preview:-1"},"canonical":"https:\/\/fieam.org.br\/fieam\/federacoes\/","og_locale":"pt_BR","og_type":"article","og_title":"Federa\u00e7\u00f5es - FIEAM","og_description":"Federa\u00e7\u00f5es Sistema Federa\u00e7\u00e3o das Ind\u00fastrias do Estado do Amazonas. [su_accordion]&nbsp; [su_spoiler title=&#8221;FEDERA\u00c7\u00c3O DAS IND\u00daSTRIAS DO ESTADO DO ACRE&#8220;] PRESIDENTE&nbsp;JOS\u00c9 ADRIANO RIBEIRO DA SILVA ENDERE\u00c7O: AV. CEAR\u00c1, 3727 &#8211; BAIRRO: DA FLORESTA CEP: 69.918-108 TELEFONE:(68) 3212-4200\/ 4201\/ 4202 FAX:(68) 3212-4203 SITE: WWW.FIEAC.ORG.BR EMAIL: fieac@fieac.org.br [\/su_spoiler] [su_spoiler title=&#8221;FEDERA\u00c7\u00c3O DAS IND\u00daSTRIAS DO ESTADO DE ALAGOAS&#8220;] PRESIDENTE JOS\u00c9 CARLOS [&hellip;]","og_url":"https:\/\/fieam.org.br\/fieam\/federacoes\/","og_site_name":"FIEAM","article_modified_time":"2024-03-07T04:29:09+00:00","og_image":[{"width":45,"height":38,"url":"https:\/\/fieam.org.br\/fieam\/wp-content\/uploads\/sites\/9\/2024\/02\/setas.png","type":"image\/png"}],"twitter_card":"summary_large_image","twitter_misc":{"Est. tempo de leitura":"7 minutos"},"schema":{"@context":"https:\/\/schema.org","@graph":[{"@type":"WebPage","@id":"https:\/\/fieam.org.br\/fieam\/federacoes\/","url":"https:\/\/fieam.org.br\/fieam\/federacoes\/","name":"Federa\u00e7\u00f5es - FIEAM","isPartOf":{"@id":"https:\/\/fieam.org.br\/fieam\/#website"},"primaryImageOfPage":{"@id":"https:\/\/fieam.org.br\/fieam\/federacoes\/#primaryimage"},"image":{"@id":"https:\/\/fieam.org.br\/fieam\/federacoes\/#primaryimage"},"thumbnailUrl":"https:\/\/fieam.org.br\/fieam\/wp-content\/uploads\/sites\/9\/2024\/02\/setas.png","datePublished":"2010-11-17T21:35:19+00:00","dateModified":"2024-03-07T04:29:09+00:00","breadcrumb":{"@id":"https:\/\/fieam.org.br\/fieam\/federacoes\/#breadcrumb"},"inLanguage":"pt-BR","potentialAction":[{"@type":"ReadAction","target":["https:\/\/fieam.org.br\/fieam\/federacoes\/"]}]},{"@type":"ImageObject","inLanguage":"pt-BR","@id":"https:\/\/fieam.org.br\/fieam\/federacoes\/#primaryimage","url":"https:\/\/fieam.org.br\/fieam\/wp-content\/uploads\/sites\/9\/2024\/02\/setas.png","contentUrl":"https:\/\/fieam.org.br\/fieam\/wp-content\/uploads\/sites\/9\/2024\/02\/setas.png","width":45,"height":38},{"@type":"BreadcrumbList","@id":"https:\/\/fieam.org.br\/fieam\/federacoes\/#breadcrumb","itemListElement":[{"@type":"ListItem","position":1,"name":"In\u00edcio","item":"https:\/\/fieam.org.br\/fieam\/"},{"@type":"ListItem","position":2,"name":"Federa\u00e7\u00f5es"}]},{"@type":"WebSite","@id":"https:\/\/fieam.org.br\/fieam\/#website","url":"https:\/\/fieam.org.br\/fieam\/","name":"FIEAM","description":"Site Oficial!","publisher":{"@id":"https:\/\/fieam.org.br\/fieam\/#organization"},"potentialAction":[{"@type":"SearchAction","target":{"@type":"EntryPoint","urlTemplate":"https:\/\/fieam.org.br\/fieam\/?s={search_term_string}"},"query-input":{"@type":"PropertyValueSpecification","valueRequired":true,"valueName":"search_term_string"}}],"inLanguage":"pt-BR"},{"@type":"Organization","@id":"https:\/\/fieam.org.br\/fieam\/#organization","name":"FIEAM","url":"https:\/\/fieam.org.br\/fieam\/","logo":{"@type":"ImageObject","inLanguage":"pt-BR","@id":"https:\/\/fieam.org.br\/fieam\/#\/schema\/logo\/image\/","url":"https:\/\/fieam.org.br\/fieam\/wp-content\/uploads\/sites\/9\/2024\/03\/cropped-fav.png","contentUrl":"https:\/\/fieam.org.br\/fieam\/wp-content\/uploads\/sites\/9\/2024\/03\/cropped-fav.png","width":597,"height":598,"caption":"FIEAM"},"image":{"@id":"https:\/\/fieam.org.br\/fieam\/#\/schema\/logo\/image\/"}}]}},"_links":{"self":[{"href":"https:\/\/fieam.org.br\/fieam\/wp-json\/wp\/v2\/pages\/14981","targetHints":{"allow":["GET"]}}],"collection":[{"href":"https:\/\/fieam.org.br\/fieam\/wp-json\/wp\/v2\/pages"}],"about":[{"href":"https:\/\/fieam.org.br\/fieam\/wp-json\/wp\/v2\/types\/page"}],"author":[{"embeddable":true,"href":"https:\/\/fieam.org.br\/fieam\/wp-json\/wp\/v2\/users\/1"}],"replies":[{"embeddable":true,"href":"https:\/\/fieam.org.br\/fieam\/wp-json\/wp\/v2\/comments?post=14981"}],"version-history":[{"count":3,"href":"https:\/\/fieam.org.br\/fieam\/wp-json\/wp\/v2\/pages\/14981\/revisions"}],"predecessor-version":[{"id":16528,"href":"https:\/\/fieam.org.br\/fieam\/wp-json\/wp\/v2\/pages\/14981\/revisions\/16528"}],"wp:attachment":[{"href":"https:\/\/fieam.org.br\/fieam\/wp-json\/wp\/v2\/media?parent=14981"}],"curies":[{"name":"wp","href":"https:\/\/api.w.org\/{rel}","templated":true}]}}