{"id":14965,"date":"2010-10-20T15:07:12","date_gmt":"2010-10-20T15:07:12","guid":{"rendered":"http:\/\/www.fieam.org.br\/site\/fieam\/"},"modified":"2024-03-07T16:51:53","modified_gmt":"2024-03-07T16:51:53","slug":"cin-produtores-regionais","status":"publish","type":"page","link":"https:\/\/fieam.org.br\/fieam\/cin-produtores-regionais\/","title":{"rendered":"CIN &#8211; Produtores Regionais"},"content":{"rendered":"\t\t<div data-elementor-type=\"wp-page\" data-elementor-id=\"14965\" class=\"elementor elementor-14965\" data-elementor-post-type=\"page\">\n\t\t\t\t\t\t<section class=\"elementor-section elementor-top-section elementor-element elementor-element-8a93631 elementor-section-boxed elementor-section-height-default elementor-section-height-default\" data-id=\"8a93631\" data-element_type=\"section\" data-settings=\"{&quot;background_background&quot;:&quot;classic&quot;,&quot;ekit_has_onepagescroll_dot&quot;:&quot;yes&quot;}\">\n\t\t\t\t\t\t\t<div class=\"elementor-background-overlay\"><\/div>\n\t\t\t\t\t\t\t<div class=\"elementor-container elementor-column-gap-default\">\n\t\t\t\t\t<div class=\"elementor-column elementor-col-100 elementor-top-column elementor-element elementor-element-b7dcb0d\" data-id=\"b7dcb0d\" data-element_type=\"column\">\n\t\t\t<div class=\"elementor-widget-wrap elementor-element-populated\">\n\t\t\t\t\t\t<div class=\"elementor-element elementor-element-636e26b elementor-widget__width-auto elementor-invisible elementor-widget elementor-widget-image\" data-id=\"636e26b\" data-element_type=\"widget\" data-settings=\"{&quot;_animation&quot;:&quot;rotateIn&quot;,&quot;_animation_delay&quot;:720,&quot;ekit_we_effect_on&quot;:&quot;none&quot;}\" data-widget_type=\"image.default\">\n\t\t\t\t<div class=\"elementor-widget-container\">\n\t\t\t\t\t\t\t\t\t\t\t\t\t\t\t<img decoding=\"async\" width=\"45\" height=\"38\" src=\"https:\/\/fieam.org.br\/fieam\/wp-content\/uploads\/sites\/9\/2024\/02\/setas.png\" class=\"attachment-full size-full wp-image-4668\" alt=\"\" \/>\t\t\t\t\t\t\t\t\t\t\t\t\t\t\t<\/div>\n\t\t\t\t<\/div>\n\t\t\t\t<div class=\"elementor-element elementor-element-5f80f71 elementor-invisible elementor-widget elementor-widget-heading\" data-id=\"5f80f71\" data-element_type=\"widget\" data-settings=\"{&quot;_animation&quot;:&quot;fadeInDown&quot;,&quot;ekit_we_effect_on&quot;:&quot;none&quot;}\" data-widget_type=\"heading.default\">\n\t\t\t\t<div class=\"elementor-widget-container\">\n\t\t\t\t\t<h2 class=\"elementor-heading-title elementor-size-default\">CIN - Produtores Regionais<\/h2>\t\t\t\t<\/div>\n\t\t\t\t<\/div>\n\t\t\t\t<div class=\"elementor-element elementor-element-9dc8c34 elementor-invisible elementor-widget elementor-widget-heading\" data-id=\"9dc8c34\" data-element_type=\"widget\" data-settings=\"{&quot;_animation&quot;:&quot;fadeInUp&quot;,&quot;ekit_we_effect_on&quot;:&quot;none&quot;}\" data-widget_type=\"heading.default\">\n\t\t\t\t<div class=\"elementor-widget-container\">\n\t\t\t\t\t<div class=\"elementor-heading-title elementor-size-default\">Sistema Federa\u00e7\u00e3o das Ind\u00fastrias do Estado do Amazonas. <\/div>\t\t\t\t<\/div>\n\t\t\t\t<\/div>\n\t\t\t\t\t<\/div>\n\t\t<\/div>\n\t\t\t\t\t<\/div>\n\t\t<\/section>\n\t\t<div class=\"elementor-element elementor-element-36ce4017 e-flex e-con-boxed e-con e-parent\" data-id=\"36ce4017\" data-element_type=\"container\" data-settings=\"{&quot;ekit_has_onepagescroll_dot&quot;:&quot;yes&quot;}\">\n\t\t\t\t\t<div class=\"e-con-inner\">\n\t\t\t\t<div class=\"elementor-element elementor-element-53cef595 elementor-widget elementor-widget-text-editor\" data-id=\"53cef595\" data-element_type=\"widget\" data-settings=\"{&quot;ekit_we_effect_on&quot;:&quot;none&quot;}\" data-widget_type=\"text-editor.default\">\n\t\t\t\t<div class=\"elementor-widget-container\">\n\t\t\t\t\t\t\t\t\t<strong>MICRO E PEQUENAS EMPRESAS PRODUTORAS REGIONAIS<\/strong>\n<strong>P.R.B. \u2013 PRODUTOS REGIONAIS DO BRASIL LTDA<\/strong>\n<strong>Contato:<\/strong> Ant\u00f4nio Carlos Tinoco\n<strong>Endere\u00e7o:<\/strong> Rua Itacoatiara, 184, Cachoeirinha, CEP: 69065-090 \u2013 Manaus\/AM\n<strong>Tel.:<\/strong> +55 92 3637-6911 \/ 3637-7011\n<strong>Fax:<\/strong> +55 92 3637-6364\n<strong>E-mail:<\/strong> <a href=\"mailto:prbltda@hotmail.com\"> prbltda@hotmail.com <\/a>\n<strong>Produto:<\/strong> \u00f3leos essenciais, pimenta do reino e concentrados de plantas medicinais.\n\n<strong>FAZENDA SANTA MARIA<\/strong>\n<strong>Contato:<\/strong> Jo\u00e3o Pazini Filho\n<strong>Endere\u00e7o:<\/strong> Rua Boa Esperan\u00e7a, 31, Crespo, CEP: 69075-710 &#8211; Manaus\/AM\n<strong>Tel.:<\/strong> +55 92 3631-3403\n<strong>Fax:<\/strong> +55 92 3237-8687\n<strong>E-mail:<\/strong> <a href=\"mailto:jpazini@uol.com.br\">jpazini@uol.com.br<\/a>\n<strong>Produto:<\/strong> guaran\u00e1 em p\u00f3 e xarope, e concentrados de polpas de frutas da Amaz\u00f4nia.\n\n<strong>AMAZ\u00d4NIA POLPAS<\/strong>\n<strong>Contato:<\/strong> Adalberto Gon\u00e7alves\n<strong>Endere\u00e7o:<\/strong> Rua Ponta Grossa, 33 A, Col\u00f4nia Oliveira Machado, CEP: 69074-190 &#8211; Manaus\/AM\n<strong>Tel.:<\/strong> +55 92 3624-2347 \/4621\n<strong>Fax:<\/strong> +55 92 3629-2333\n<strong>E-mail:<\/strong> <a href=\"mailto:polpas@uol.com.br\">polpas@uol.com.br<\/a>\n<strong>Produto:<\/strong> polpas congeladas de tapereb\u00e1, a\u00e7a\u00ed, cupua\u00e7u, jenipapo e acerola.\n\n<strong>PRONATUS DO AMAZONAS LTDA<\/strong>\n<strong>Contato:<\/strong> Evandro de Ara\u00fajo Silva\n<strong>Endere\u00e7o:<\/strong> Rua Visconde de Porto Alegre, 440, Pra\u00e7a 14, CEP: 69020-000 &#8211; Manaus\/AM\n<strong>Tel.:<\/strong> +55 92 3633-6929 \/4049\n<strong>Fax:<\/strong> +55 92 3633-4049\n<strong>E-mail:<\/strong> <a href=\"mailto:pronatus@internext.com.br\">pronatus@internext.com.br<\/a>\n<strong>Produto:<\/strong> f\u00e1rmacos a base de guaran\u00e1 em p\u00f3, mel de abelha e copa\u00edba.\n\n<strong>RITA PROSSI<\/strong>\n<strong>Contato:<\/strong>\u00a0Rita Prossi\n<strong>Endere\u00e7o:<\/strong>\u00a0Rua Recife, 1999, loja 15,\u00a0Central de Artesanato Branco e Silva, Parque 10, \u00a0CEP, 69.057-002\u00a0\u2013 Manaus\/AM\n<strong>Tel.:<\/strong>\u00a0+55 92\u00a03632-1859\n<strong>Fax:<\/strong>\u00a0+55 92\u00a03184-9445\n<strong>E-mail:<\/strong>\u00a0ritaprossi@hotmail.com\n<strong>Site:\u00a0www.ritaprossi.com<\/strong>\n<strong>Produto:<\/strong>\u00a0Cria\u00e7\u00e3o de cole\u00e7\u00f5es para outras empresas (desenhos e projetos), biojoias , acess\u00f3rios de moda e artesanatos em geral,\u00a0brindes para empresas, sand\u00e1lias artesanais de solado de pneu com tiras em camur\u00e7a e couro de peixe.\n\n<strong>CUPUAMA \u2013 CUPUA\u00c7U DO AMAZONAS IND. COM. EXP. LTDA<\/strong>\n<strong>Contato:<\/strong> Francisca F\u00e1tima Barreto Sales\n<strong>Endere\u00e7o:<\/strong> Rua 20, 42, conjunto Vila Rei, Parque Dez de Novembro, CEP: 69054-360 \u2013 Manaus\/AM\n<strong>Tel.:<\/strong> +55 92 3642-3443\n<strong>Fax:<\/strong> +55 92 3642-3443\n<strong>E-mail:\u00a0<\/strong>atendimento@cupuama.com.br\n<strong>Produto:<\/strong> polpas congeladas de a\u00e7a\u00ed, ara\u00e7\u00e1-boi, camu-camu, cupua\u00e7u e tapereb\u00e1.\n\n<strong>VITAL IND. DE ALIMENTOS IMP. E EXP. LTDA \u2013 FRIGOR\u00cdFICO JUMA<\/strong>\n<strong>Contato:<\/strong> Glair Maria dos Santos Vital\n<strong>Endere\u00e7o:<\/strong>\u00a0Alameda Libia, 211 &#8211; Residencial Itaporanga &#8211; Ponta Negra\n<strong>Tel.:<\/strong> +55 92 3658-6223 \/3226 \/ 3651-1977\n<strong>Fax:<\/strong> +55 92 3658-6223\n<strong>E-mail:\u00a0<\/strong>glairvital@gmail.com\n<strong>Produto:<\/strong> polpas de frutas regionais de a\u00e7a\u00ed, tapereb\u00e1 e jenipapo.\n\n<strong>BOMBONS FINOS DA AMAZ\u00d4NIA<\/strong>\n<strong>Contato:<\/strong> Jorge Alberto Coelho da Silva\n<strong>Endere\u00e7o:<\/strong> Rua Para\u00edba, 14 QD\/ C, Conjunto Ab\u00edlio Nery, Adrian\u00f3polis, CEP: 69057-630 &#8211; Manaus\/AM\n<strong>Tel.:<\/strong> +55 92 3236-2610\n<strong>Fax:<\/strong> +55 92 3646-1901\n<strong>E-mail:<\/strong> <a href=\"mailto:bombonsfinos@bombonsfinos.com.br\">bombonsfinos@bombonsfinos.com.br<\/a>\n<strong>Produto:<\/strong> bombons e doces recheados com frutas regionais.\n\n<strong>AGROFRUT \u2013 COOPERATIVA AGROFRUT\u00cdFERA DOS PRODUTORES DE URUCAR\u00c1<\/strong>\n<strong>Contato:<\/strong> Manoel Pedro Braga Paes\n<strong>Endere\u00e7o:<\/strong> Estrada UR-1 km 2 Urucar\u00e1 &#8211; AM\n<strong>Tel.:<\/strong> +55 92 3571-1819 \/1110\n<strong>Fax:<\/strong> +55 92 3571-1269\n<strong>E-mail:<\/strong> <a href=\"mailto:agrofrut@argo.com.br\">agrofrut@argo.com.br<\/a>\n<strong>Produto:<\/strong> guaran\u00e1 em p\u00f3 (frasco)\n\n<strong>AMAZON ERVAS \u2013 HOMEOPATIA DA AMAZ\u00d4NIA FARM\u00c1CIA E LABORAT\u00d3RIO<\/strong>\n<strong>Contato:<\/strong> Jo\u00e3o de Paula\n<strong>Endere\u00e7o:<\/strong> Av. Buriti, 17, Distrito Industrial, CEP: 69075-000 &#8211; Manaus\/AM\n<strong>Tel.:<\/strong> +55 92 3615-3155 \/ 3615-7790\n<strong>Fax:<\/strong> +55 92 3615-3240\n<strong>E-mail:<\/strong> <a href=\"mailto:amazonervas@amazonervas.com.br\">amazonervas@amazonervas.com.br<\/a>\n<strong>Produto:<\/strong> f\u00e1rmacos que utilizam pr\u00f3polis com mel de abelha, xarope de mel de abelhas com azeite de copa\u00edba e pr\u00f3polis.\n\n<strong>REAL BEBIDAS DA AMAZ\u00d4NIA LTDA<\/strong>\n<strong>Endere\u00e7o:<\/strong> Rua Macei\u00f3, 500, Adrian\u00f3polis, CEP: 69057-010 \u2013 Manaus\/AM\n<strong>Tel\/Fax:<\/strong> + 55 92 2101-8218\n<strong>Produto:<\/strong> guaran\u00e1 engarrafado, concentrado de guaran\u00e1 e \u00e1gua mineral.\n\n<strong>J CRUZ IND. E COM. &#8211; MAGISTRAL<\/strong>\n<strong>Contato:<\/strong> Maria Augusta Costa\n<strong>Endere\u00e7o:<\/strong> Rua Recife, 1098 \u2013 Adrian\u00f3polis, CEP: 69057-001 \u2013 Manaus &#8211; AM\n<strong>Tel.:<\/strong> +55 92 3622-4748\n<strong> Fax:<\/strong> +55 92 3622-6961\n<strong>E-mail:<\/strong> <a href=\"mailto:mcosta@netium.com.br\">mcosta@netium.com.br<\/a>\n<strong>Produto:<\/strong> guaran\u00e1 engarrafado\n\n<strong>OIRAM CHOCOLATES LTDA.<\/strong>\n<strong>Contato:<\/strong> M\u00e1rio Oiram Foga\u00e7a\n<strong>Endere\u00e7o:<\/strong> Rua Rio Juta\u00ed, 580, Vieiralves, CEP: 69053-020 &#8211; Manaus\/AM\n<strong>Tel.:<\/strong> +55 92 3584-6525\n<strong>Fax:<\/strong> +55 92 3642-7835\n<strong>E-mail:<\/strong> <a href=\"mailto:oiram@argo.com.br\">oiram@argo.com.br<\/a>\n<strong>Produto:<\/strong> bombons de chocolate recheados com frutas regionais.\n\n<strong>ASSOCIA\u00c7\u00c3O DAS MICRO E PEQUENAS EMPRESAS DE MANAQUIRI<\/strong>\n<strong>Contato:<\/strong> Maria Lucia Nunes de Matos\n<strong>Endere\u00e7o:<\/strong> Rua Beira mar, 87, Centro, CEP: 69435-000 \u2013 Manaquiri &#8211; AM\n<strong>Tel.\/Fax:<\/strong> +55 92 3363-1209\n<strong>Produto:<\/strong> polpa de a\u00e7a\u00ed, cupua\u00e7u e pupunha\n\n<strong>AGRORISA \u2013 PRODUTOS ALIMENT\u00cdCIOS NATURAIS LTDA<\/strong>\n<strong>Contato:<\/strong> Rivaldo Gon\u00e7alves de Ara\u00fajo\n<strong>Endere\u00e7o:<\/strong> Rua 20, 429 Conj. 31 de mar\u00e7o \u2013 Japiim I, CEP: 69077-210 &#8211; Manaus\/AM\n<strong>Tel.\/fax:<\/strong> +55 92 3237-1823\n<strong>E-mail:<\/strong> <a href=\"mailto:agrorisa@uol.com.br\">agrorisa@uol.com.br<\/a>\n<strong>Produto:<\/strong> guaran\u00e1 em p\u00f3, pastilhas, xarope, extrato de guaran\u00e1 e plantas medicinais beneficiadas.\n\n<strong>DOCE MANAUS ALIMENTOS<\/strong>\n<strong>Endere\u00e7o:<\/strong> Rua 7, 255, Conj. Castelo Branco \u2013 Parque Dez, CEP: 69077-080 &#8211; Manaus\/AM\n<strong>Tel.\/Fax:<\/strong> +55 92 3648-6349\n<strong>Produto:<\/strong> bombons de chocolate com cupua\u00e7u e castanha-do-par\u00e1; biscoitos de castanha, cupua\u00e7u, a\u00e7a\u00ed e licores de cupua\u00e7u e jenipapo.\n\n<strong>S\/A PHAMACOS E COSM\u00c9TICOS LTDA<\/strong>\n<strong>Contato:<\/strong> Schubert Pinto\n<strong>Endere\u00e7o:<\/strong> Av. Rodrigo Ot\u00e1vio, 1866 \u2013 Distrito Industrial, CEP: 69077-000 &#8211; Manaus\/AM\n<strong>Tel.:<\/strong> +55 92 3613-6563 \/ 3237-3525\n<strong>Fax:<\/strong> +55 92 3613-3120\n<strong>E-mail:<\/strong> <a href=\"mailto:schubert@argo.com.br\">schubert@argo.com.br<\/a>\n<strong>Produto:<\/strong> fitoter\u00e1picos e fitocosm\u00e9ticos\n\n<strong>IND\u00daSTRIA DE CAF\u00c9 MANAUS LTDA<\/strong>\n<strong>Contato:<\/strong> L\u00edvio Assayag\n<strong>Endere\u00e7o:<\/strong> Av. Presidente Castelo Branco, 164 &#8211; Cachoeirinha\n<strong>Tel.:<\/strong> +55 92 3633-4333 \/ 4212\n<strong>Fax.:<\/strong> +55 92 3633-6333\n<strong>E-mail:<\/strong> <a href=\"mailto:livio@cafemanaus.com.br\">livio@cafemanaus.com.br<\/a>\n<strong>Produto:<\/strong> caf\u00e9 em p\u00f3\n\n<strong>HERMASA<\/strong>\n<strong>Contato: <\/strong>Osair F\u00e1bris\n<strong>Endere\u00e7o:<\/strong> Estrada da Ind\u00fastria, Km 7,5, CEP: 69100-000 \u2013 Itacoatiara &#8211; AM\n<strong>Tel.:<\/strong> 92 3521-8000\n<strong>Fax:<\/strong> 92 3521-8020\n<strong>E-mail:<\/strong> <a href=\"mailto:ozair@grupomaggi.com.br\">ozair@grupomaggi.com.br<\/a> e <a href=\"mailto:clorival@grupomaggi.com.br\">clorival@grupomaggi.com.br<\/a>\nProduto: soja\n\n<strong>MAGAMA INDUSTRIAL LTDA.<\/strong>\n<strong>Contato:<\/strong> Daniel Joel do Amaral\n<strong>Rua:<\/strong> Guiana Francesa, 75 &#8211; Aleixo\n<strong>Tel.:<\/strong> + 55 92 3618-5113\n<strong>E-mail:<\/strong> <a href=\"mailto:diretoria@magama.com.br\">diretoria@magama.com.br<\/a> e <a href=\"mailto:gestao_tin@magama.com.br\">gestao_tin@magama.com.br<\/a>\n<strong>Produto:<\/strong> extrato de a\u00e7a\u00ed, buriti, guaran\u00e1 e outros.\n\n<strong>IRANDUBA FRIGOR\u00cdFICO DE PESCADO LTDA.\nContato:<\/strong> S\u00e9rgio Moura\n<strong>Endere\u00e7o:<\/strong> Av. Beira Rio, s\/n\u00ba, Centro, CEP: 69405-000 \u2013 Iranduba &#8211; AM\n<strong>Tel.:<\/strong> 92 3367-1115\n<strong>Tel.\/Fax:<\/strong> 92 3367-1108\n<strong>E-mail:<\/strong> <a href=\"mailto:iranduba@uol.com.br\">iranduba@uol.com.br<\/a>\n<strong>Produto:<\/strong> Fil\u00e9 de peixe\n\n<strong>GREEN OBSESSION<\/strong>\n<strong>Endere\u00e7o:<\/strong> Rua Ipixuna, 746, Centro, CEP: 69400-000 &#8211; Manacapuru &#8211; AM\n<strong>Tel.:<\/strong> 92 3635-0845\n<strong>E-mail:\u00a0<\/strong>greenobsessinon@hotmail.com;\u00a0aidson.p@gmail.com\n<strong>Site:<\/strong> <a href=\"http:\/\/www.greenobsession.com.br\/\">www.greenobsession.com.br<\/a>\n<strong>Produto:<\/strong> sapatos, bolsas e acess\u00f3rios de couro de peixe e fibras.\n\n<strong>COURO D\u2019 \u00c1GUA DA AMAZ\u00d4NIA<\/strong>\n<strong>Tel.:<\/strong> 92 3648-6163\n<strong>E-mail:<\/strong> <a href=\"mailto:vendas@courodaguaamazonia.com.br\">vendas@courodaguaamazonia.com.br<\/a>\n<strong>Site:<\/strong> <a href=\"http:\/\/www.greenobsession.com.br\/\">www.greenobsession.com.br<\/a>\n<strong>Produtos:<\/strong> bolsas, pastas, chaveiros, cal\u00e7ados e acess\u00f3rios de couro de peixe.\n\n<strong>AMAZONGREEN<\/strong>\n<strong>Contato:<\/strong> Francisco Pontes de Aguiar\n<strong>Endere\u00e7o:<\/strong> Av.do Turismo S\/N, Bloco 2 \u2013 Galp\u00e3o 3. CEP: 69041-010, Manaus-Am.\n<strong>Tel.:<\/strong> +55 92 8175-6687\/9902-1600\n<strong>E-mail<\/strong>.: <a href=\"mailto:goncalo@amazongreen.com.br\">goncalo@amazongreen.com.br<\/a>\n<strong>Site:<\/strong> <a href=\"http:\/\/www.amazongreenstore.com.br\">www.amazongreenstore.com.br<\/a>\n<strong>Produto:<\/strong> Cosm\u00e9ticos Naturais da Amaz\u00f4nia\n\n<strong>ECONUT<\/strong>\n<strong>Contato:<\/strong> Ana Luiza Vergueiro\n<strong>Endere\u00e7o:<\/strong> Rua Jose de Carvalho, 191, CEP: 04714-020, S\u00e3o Paulo \u2013 SP.\n<strong>Tel.:<\/strong> 55 11 3023-0713\n<strong>E-mail.:<\/strong> <a href=\"mailto:econut@econut.com.br\">econut@econut.com.br<\/a>\n<strong>Site:<\/strong> <a href=\"http:\/\/www.econut.com.br\">www.econut.com.br<\/a>\n<strong>Produto: C<\/strong>astanha-do-Brasil(Castanha-do-Par\u00e1) cultivada pela Agropecu\u00e1ria Aruan\u00e3 S.A.\n\n<strong>LICORES DA AMAZ\u00d4NIA<\/strong>\n<strong>Contato:<\/strong> Rita Marise Queiroz\n<strong>Endere\u00e7o:<\/strong> Rua dos Japoneses, N\u00ba 500. Parque 10 de novembro, CEP: 69054-650, Manaus-Am.\n<strong>Tel.:<\/strong> +55 92 3236-8091\n<strong>E-mail<\/strong>.: <a href=\"mailto:contato@licoresdaamazonia.com.br\">contato@licoresdaamazonia.com.br<\/a>\n<strong>Site:<\/strong> <a href=\"http:\/\/www.licoresdaamazonia.com.br\">www.licoresdaamazonia.com.br<\/a>\n<strong>Produto:<\/strong> Os licores da Amaz\u00f4nia s\u00e3o fabricados com frutos t\u00edpicos da floresta Amaz\u00f4nica. Produze-se mais de 20 tipos de licores com sabores de diferentes frutas. A mat\u00e9ria &#8211; prima utilizada \u00e9 adquirida por meio de produtores da cidade de Manaus e adjac\u00eancias.\n\n<strong>GOTAS &amp; CHEIROS DA AMAZ\u00d4NIA LTDA<\/strong>\n<strong>Contato:<\/strong> Ricardo Ribeiro de Miranda\n<strong>Endere\u00e7o:<\/strong> Av. do Turismo, S\/N Km 7 Galp\u00e3o 2 \u2013 DIMPE CEP: 69.041-010, Manaus-Am.\n<strong>Tel.:<\/strong> + 55 92 3232-9954\/9617-8910\n<strong>E-mail.:<\/strong> <a href=\"mailto:gerencia@gotasdaamazonia.com.br\">gerencia@gotasdaamazonia.com.br<\/a>\n<strong>Site:<\/strong> <a href=\"http:\/\/www.gotasdaamazonia.com.br\">www.gotasdaamazonia.com.br<\/a>\n<strong>Produto<\/strong>: Cosm\u00e9ticos naturais com mat\u00e9ria- prima da Regi\u00e3o Amaz\u00f4nica e com aromas de cupua\u00e7u, buriti, a\u00e7ai, castanha do brasil, mulateiro, andiroba, entre outros.\n\n<strong>AMAZON FLAVORS<\/strong>\n<strong>Contato:<\/strong> Kenya Winter\n<strong>Endere\u00e7o:<\/strong> Av. Torquato Tapaj\u00f3s, 1695. Bairro da paz, CEP: 69048-000, Manaus-Am.\n<strong>Tel.:<\/strong> + 55 92 3654-1105\n<strong>E-mail.<\/strong>: <a href=\"mailto:kenya.winter@amazonflavors.com\">kenya.winter@amazonflavors.com<\/a>\n<strong>Site:<\/strong> <a href=\"http:\/\/www.amazonflavors.net\">www.amazonflavors.net<\/a>\n<strong>Produto:<\/strong> Guaran\u00e1 e a\u00e7a\u00ed\u00a0 elaborados com o extrato natural de sementes de guaran\u00e1 da Amaz\u00f4nia, aromas e corante caramelo. Desenvolve-se tamb\u00e9m\u00a0 o perfil ideal para cada fabricante.\n\nO a\u00e7a\u00ed por ter em sua composi\u00e7\u00e3o flavonoides (30 vezes mais que a pr\u00f3pria poupa da fruta) s\u00e3o produtos que tem apelo e sabores diferenciados.\t\t\t\t\t\t\t\t<\/div>\n\t\t\t\t<\/div>\n\t\t\t\t\t<\/div>\n\t\t\t\t<\/div>\n\t\t\t\t<\/div>\n\t\t","protected":false},"excerpt":{"rendered":"<p>CIN &#8211; Produtores Regionais Sistema Federa\u00e7\u00e3o das Ind\u00fastrias do Estado do Amazonas. MICRO E PEQUENAS EMPRESAS PRODUTORAS REGIONAIS P.R.B. \u2013 PRODUTOS REGIONAIS DO BRASIL LTDA Contato: Ant\u00f4nio Carlos Tinoco Endere\u00e7o: Rua Itacoatiara, 184, Cachoeirinha, CEP: 69065-090 \u2013 Manaus\/AM Tel.: +55 92 3637-6911 \/ 3637-7011 Fax: +55 92 3637-6364 E-mail: prbltda@hotmail.com Produto: \u00f3leos essenciais, pimenta do [&hellip;]<\/p>\n","protected":false},"author":1,"featured_media":0,"parent":0,"menu_order":0,"comment_status":"closed","ping_status":"closed","template":"","meta":{"footnotes":""},"class_list":["post-14965","page","type-page","status-publish","hentry"],"yoast_head":"<!-- This site is optimized with the Yoast SEO plugin v26.8 - https:\/\/yoast.com\/product\/yoast-seo-wordpress\/ -->\n<title>CIN - Produtores Regionais - FIEAM<\/title>\n<meta name=\"robots\" content=\"index, follow, max-snippet:-1, max-image-preview:large, max-video-preview:-1\" \/>\n<link rel=\"canonical\" href=\"https:\/\/fieam.org.br\/fieam\/cin-produtores-regionais\/\" \/>\n<meta property=\"og:locale\" content=\"pt_BR\" \/>\n<meta property=\"og:type\" content=\"article\" \/>\n<meta property=\"og:title\" content=\"CIN - Produtores Regionais - FIEAM\" \/>\n<meta property=\"og:description\" content=\"CIN &#8211; Produtores Regionais Sistema Federa\u00e7\u00e3o das Ind\u00fastrias do Estado do Amazonas. MICRO E PEQUENAS EMPRESAS PRODUTORAS REGIONAIS P.R.B. \u2013 PRODUTOS REGIONAIS DO BRASIL LTDA Contato: Ant\u00f4nio Carlos Tinoco Endere\u00e7o: Rua Itacoatiara, 184, Cachoeirinha, CEP: 69065-090 \u2013 Manaus\/AM Tel.: +55 92 3637-6911 \/ 3637-7011 Fax: +55 92 3637-6364 E-mail: prbltda@hotmail.com Produto: \u00f3leos essenciais, pimenta do [&hellip;]\" \/>\n<meta property=\"og:url\" content=\"https:\/\/fieam.org.br\/fieam\/cin-produtores-regionais\/\" \/>\n<meta property=\"og:site_name\" content=\"FIEAM\" \/>\n<meta property=\"article:modified_time\" content=\"2024-03-07T16:51:53+00:00\" \/>\n<meta property=\"og:image\" content=\"https:\/\/fieam.org.br\/fieam\/wp-content\/uploads\/sites\/9\/2024\/02\/setas.png\" \/>\n\t<meta property=\"og:image:width\" content=\"45\" \/>\n\t<meta property=\"og:image:height\" content=\"38\" \/>\n\t<meta property=\"og:image:type\" content=\"image\/png\" \/>\n<meta name=\"twitter:card\" content=\"summary_large_image\" \/>\n<meta name=\"twitter:label1\" content=\"Est. tempo de leitura\" \/>\n\t<meta name=\"twitter:data1\" content=\"6 minutos\" \/>\n<script type=\"application\/ld+json\" class=\"yoast-schema-graph\">{\"@context\":\"https:\/\/schema.org\",\"@graph\":[{\"@type\":\"WebPage\",\"@id\":\"https:\/\/fieam.org.br\/fieam\/cin-produtores-regionais\/\",\"url\":\"https:\/\/fieam.org.br\/fieam\/cin-produtores-regionais\/\",\"name\":\"CIN - Produtores Regionais - FIEAM\",\"isPartOf\":{\"@id\":\"https:\/\/fieam.org.br\/fieam\/#website\"},\"primaryImageOfPage\":{\"@id\":\"https:\/\/fieam.org.br\/fieam\/cin-produtores-regionais\/#primaryimage\"},\"image\":{\"@id\":\"https:\/\/fieam.org.br\/fieam\/cin-produtores-regionais\/#primaryimage\"},\"thumbnailUrl\":\"https:\/\/fieam.org.br\/fieam\/wp-content\/uploads\/sites\/9\/2024\/02\/setas.png\",\"datePublished\":\"2010-10-20T15:07:12+00:00\",\"dateModified\":\"2024-03-07T16:51:53+00:00\",\"breadcrumb\":{\"@id\":\"https:\/\/fieam.org.br\/fieam\/cin-produtores-regionais\/#breadcrumb\"},\"inLanguage\":\"pt-BR\",\"potentialAction\":[{\"@type\":\"ReadAction\",\"target\":[\"https:\/\/fieam.org.br\/fieam\/cin-produtores-regionais\/\"]}]},{\"@type\":\"ImageObject\",\"inLanguage\":\"pt-BR\",\"@id\":\"https:\/\/fieam.org.br\/fieam\/cin-produtores-regionais\/#primaryimage\",\"url\":\"https:\/\/fieam.org.br\/fieam\/wp-content\/uploads\/sites\/9\/2024\/02\/setas.png\",\"contentUrl\":\"https:\/\/fieam.org.br\/fieam\/wp-content\/uploads\/sites\/9\/2024\/02\/setas.png\",\"width\":45,\"height\":38},{\"@type\":\"BreadcrumbList\",\"@id\":\"https:\/\/fieam.org.br\/fieam\/cin-produtores-regionais\/#breadcrumb\",\"itemListElement\":[{\"@type\":\"ListItem\",\"position\":1,\"name\":\"In\u00edcio\",\"item\":\"https:\/\/fieam.org.br\/fieam\/\"},{\"@type\":\"ListItem\",\"position\":2,\"name\":\"CIN &#8211; Produtores Regionais\"}]},{\"@type\":\"WebSite\",\"@id\":\"https:\/\/fieam.org.br\/fieam\/#website\",\"url\":\"https:\/\/fieam.org.br\/fieam\/\",\"name\":\"FIEAM\",\"description\":\"Site Oficial!\",\"publisher\":{\"@id\":\"https:\/\/fieam.org.br\/fieam\/#organization\"},\"potentialAction\":[{\"@type\":\"SearchAction\",\"target\":{\"@type\":\"EntryPoint\",\"urlTemplate\":\"https:\/\/fieam.org.br\/fieam\/?s={search_term_string}\"},\"query-input\":{\"@type\":\"PropertyValueSpecification\",\"valueRequired\":true,\"valueName\":\"search_term_string\"}}],\"inLanguage\":\"pt-BR\"},{\"@type\":\"Organization\",\"@id\":\"https:\/\/fieam.org.br\/fieam\/#organization\",\"name\":\"FIEAM\",\"url\":\"https:\/\/fieam.org.br\/fieam\/\",\"logo\":{\"@type\":\"ImageObject\",\"inLanguage\":\"pt-BR\",\"@id\":\"https:\/\/fieam.org.br\/fieam\/#\/schema\/logo\/image\/\",\"url\":\"https:\/\/fieam.org.br\/fieam\/wp-content\/uploads\/sites\/9\/2024\/03\/cropped-fav.png\",\"contentUrl\":\"https:\/\/fieam.org.br\/fieam\/wp-content\/uploads\/sites\/9\/2024\/03\/cropped-fav.png\",\"width\":597,\"height\":598,\"caption\":\"FIEAM\"},\"image\":{\"@id\":\"https:\/\/fieam.org.br\/fieam\/#\/schema\/logo\/image\/\"}}]}<\/script>\n<!-- \/ Yoast SEO plugin. -->","yoast_head_json":{"title":"CIN - Produtores Regionais - FIEAM","robots":{"index":"index","follow":"follow","max-snippet":"max-snippet:-1","max-image-preview":"max-image-preview:large","max-video-preview":"max-video-preview:-1"},"canonical":"https:\/\/fieam.org.br\/fieam\/cin-produtores-regionais\/","og_locale":"pt_BR","og_type":"article","og_title":"CIN - Produtores Regionais - FIEAM","og_description":"CIN &#8211; Produtores Regionais Sistema Federa\u00e7\u00e3o das Ind\u00fastrias do Estado do Amazonas. MICRO E PEQUENAS EMPRESAS PRODUTORAS REGIONAIS P.R.B. \u2013 PRODUTOS REGIONAIS DO BRASIL LTDA Contato: Ant\u00f4nio Carlos Tinoco Endere\u00e7o: Rua Itacoatiara, 184, Cachoeirinha, CEP: 69065-090 \u2013 Manaus\/AM Tel.: +55 92 3637-6911 \/ 3637-7011 Fax: +55 92 3637-6364 E-mail: prbltda@hotmail.com Produto: \u00f3leos essenciais, pimenta do [&hellip;]","og_url":"https:\/\/fieam.org.br\/fieam\/cin-produtores-regionais\/","og_site_name":"FIEAM","article_modified_time":"2024-03-07T16:51:53+00:00","og_image":[{"width":45,"height":38,"url":"https:\/\/fieam.org.br\/fieam\/wp-content\/uploads\/sites\/9\/2024\/02\/setas.png","type":"image\/png"}],"twitter_card":"summary_large_image","twitter_misc":{"Est. tempo de leitura":"6 minutos"},"schema":{"@context":"https:\/\/schema.org","@graph":[{"@type":"WebPage","@id":"https:\/\/fieam.org.br\/fieam\/cin-produtores-regionais\/","url":"https:\/\/fieam.org.br\/fieam\/cin-produtores-regionais\/","name":"CIN - Produtores Regionais - FIEAM","isPartOf":{"@id":"https:\/\/fieam.org.br\/fieam\/#website"},"primaryImageOfPage":{"@id":"https:\/\/fieam.org.br\/fieam\/cin-produtores-regionais\/#primaryimage"},"image":{"@id":"https:\/\/fieam.org.br\/fieam\/cin-produtores-regionais\/#primaryimage"},"thumbnailUrl":"https:\/\/fieam.org.br\/fieam\/wp-content\/uploads\/sites\/9\/2024\/02\/setas.png","datePublished":"2010-10-20T15:07:12+00:00","dateModified":"2024-03-07T16:51:53+00:00","breadcrumb":{"@id":"https:\/\/fieam.org.br\/fieam\/cin-produtores-regionais\/#breadcrumb"},"inLanguage":"pt-BR","potentialAction":[{"@type":"ReadAction","target":["https:\/\/fieam.org.br\/fieam\/cin-produtores-regionais\/"]}]},{"@type":"ImageObject","inLanguage":"pt-BR","@id":"https:\/\/fieam.org.br\/fieam\/cin-produtores-regionais\/#primaryimage","url":"https:\/\/fieam.org.br\/fieam\/wp-content\/uploads\/sites\/9\/2024\/02\/setas.png","contentUrl":"https:\/\/fieam.org.br\/fieam\/wp-content\/uploads\/sites\/9\/2024\/02\/setas.png","width":45,"height":38},{"@type":"BreadcrumbList","@id":"https:\/\/fieam.org.br\/fieam\/cin-produtores-regionais\/#breadcrumb","itemListElement":[{"@type":"ListItem","position":1,"name":"In\u00edcio","item":"https:\/\/fieam.org.br\/fieam\/"},{"@type":"ListItem","position":2,"name":"CIN &#8211; Produtores Regionais"}]},{"@type":"WebSite","@id":"https:\/\/fieam.org.br\/fieam\/#website","url":"https:\/\/fieam.org.br\/fieam\/","name":"FIEAM","description":"Site Oficial!","publisher":{"@id":"https:\/\/fieam.org.br\/fieam\/#organization"},"potentialAction":[{"@type":"SearchAction","target":{"@type":"EntryPoint","urlTemplate":"https:\/\/fieam.org.br\/fieam\/?s={search_term_string}"},"query-input":{"@type":"PropertyValueSpecification","valueRequired":true,"valueName":"search_term_string"}}],"inLanguage":"pt-BR"},{"@type":"Organization","@id":"https:\/\/fieam.org.br\/fieam\/#organization","name":"FIEAM","url":"https:\/\/fieam.org.br\/fieam\/","logo":{"@type":"ImageObject","inLanguage":"pt-BR","@id":"https:\/\/fieam.org.br\/fieam\/#\/schema\/logo\/image\/","url":"https:\/\/fieam.org.br\/fieam\/wp-content\/uploads\/sites\/9\/2024\/03\/cropped-fav.png","contentUrl":"https:\/\/fieam.org.br\/fieam\/wp-content\/uploads\/sites\/9\/2024\/03\/cropped-fav.png","width":597,"height":598,"caption":"FIEAM"},"image":{"@id":"https:\/\/fieam.org.br\/fieam\/#\/schema\/logo\/image\/"}}]}},"_links":{"self":[{"href":"https:\/\/fieam.org.br\/fieam\/wp-json\/wp\/v2\/pages\/14965","targetHints":{"allow":["GET"]}}],"collection":[{"href":"https:\/\/fieam.org.br\/fieam\/wp-json\/wp\/v2\/pages"}],"about":[{"href":"https:\/\/fieam.org.br\/fieam\/wp-json\/wp\/v2\/types\/page"}],"author":[{"embeddable":true,"href":"https:\/\/fieam.org.br\/fieam\/wp-json\/wp\/v2\/users\/1"}],"replies":[{"embeddable":true,"href":"https:\/\/fieam.org.br\/fieam\/wp-json\/wp\/v2\/comments?post=14965"}],"version-history":[{"count":3,"href":"https:\/\/fieam.org.br\/fieam\/wp-json\/wp\/v2\/pages\/14965\/revisions"}],"predecessor-version":[{"id":16606,"href":"https:\/\/fieam.org.br\/fieam\/wp-json\/wp\/v2\/pages\/14965\/revisions\/16606"}],"wp:attachment":[{"href":"https:\/\/fieam.org.br\/fieam\/wp-json\/wp\/v2\/media?parent=14965"}],"curies":[{"name":"wp","href":"https:\/\/api.w.org\/{rel}","templated":true}]}}